{"id":1014,"date":"2014-06-11T11:06:19","date_gmt":"2014-06-11T11:06:19","guid":{"rendered":"http:\/\/www.allgeier.com\/en\/?page_id=1014"},"modified":"2025-02-05T18:36:52","modified_gmt":"2025-02-05T18:36:52","slug":"es-11062014","status":"publish","type":"page","link":"https:\/\/www.allgeier.com\/de\/pressroom\/press-releases\/es-11062014\/","title":{"rendered":"es-11062014"},"content":{"rendered":"<p><strong>Gemeinsam mit Allgeier Tochter Gemed entsteht Allgeier Medical IT<\/strong><\/p>\n<p><em>M\u00fcnchen, 11. Juni 2014 &#8211;<\/em> Allgeier SE (ISIN DE0005086300, WKN 508630) baut den Healthcare-Bereich weiter aus und erweitert das Portfolio rund um spezialisierte Branchensoftware und das Consulting f\u00fcr Krankenh\u00e4user und medizinische Bereiche. Seit Ende Mai ist die eHealthOpen Ltd. Teil der Gruppe. In diesem Zuge b\u00fcndelt Allgeier sein Healthcare-Gesch\u00e4ft k\u00fcnftig in der Tochter Gemed. Diese wird dazu umfirmiert und als Allgeier Medical IT GmbH weiter gef\u00fchrt.<\/p>\n<p>eHealthOpen wurde 2006 gegr\u00fcndet und konzentriert sich auf die Beratung von Unternehmen und Krankenh\u00e4usern und unterst\u00fctzt diese in der Planung von Fachl\u00f6sungen in Medizin und Pflege, Medizintechnik, Medizin-Informatik, Biometrie sowie Archivkonzepte und Signaturverfahren im Bereich der Patientenaufkl\u00e4rung. Desweiteren ist die eHealthOpen Gastgeber und Organisator der Schliersee Konferenz, die als richtungsweisende Veranstaltung der Healthcare-IT-Branche gilt. eHealthOpen-Gesch\u00e4ftsf\u00fchrer Heino Kuhlemann wird zusammen mit Wolfgang Schmezer neuer Gesch\u00e4ftsf\u00fchrer der Allgeier Medical IT. Heino Kuhlemann verf\u00fcgt \u00fcber umfassende Erfahrungen und ein leistungsstarkes Netzwerk aus gesch\u00e4ftsf\u00fchrenden Positionen im E-Health-Umfeld.<\/p>\n<p>Allgeier Medical IT ist auf moderne IT-L\u00f6sungen f\u00fcr Kliniken, Krankenh\u00e4user und weitere Teilnehmer des Healthcare-Marktes in Europa spezialisiert. Die Allgeier Medical IT-L\u00f6sungen k\u00f6nnen flexibel an unterschiedliche Prim\u00e4r- und Subsysteme angebunden werden und erm\u00f6glichen somit langfristige Planungs- und Kostenssicherheit. Allgeier Medical IT kombiniert und orchestriert unterschiedliche L\u00f6sungen mit eigenen Komponenten sowie dem umfassenden Leistungsportfolio der Allgeier Gruppe und ber\u00e4t Krankenh\u00e4user zur Gesamtstrategie. Mit der zus\u00e4tzlichen Beratungs- und Softwarekompetenz der eHealthOpen entsteht ein neuer unabh\u00e4ngiger IT-Dienstleister im Zukunftsmarkt Healthcare, der Kliniken und Krankenh\u00e4usern ein breitgef\u00e4chertes L\u00f6sungs- und Beratungsportfolio zur Verf\u00fcgung stellt. Mit dem Zugang der eHealthOpen betreut die neue Allgeier Medical IT \u00fcber 800 Kunden in der DACH-Region und weitere 200 Kunden in den Niederlanden.<br \/>\nErfahren Sie mehr: <a title=\"Allgeier Medical IT GmbH\" href=\"http:\/\/www.allgeier-medical-it.de\/\" target=\"_blank\">Allgeier Medical IT Homepage<\/a><\/p>\n","protected":false},"excerpt":{"rendered":"<p>Gemeinsam mit Allgeier Tochter Gemed entsteht Allgeier Medical IT M\u00fcnchen, 11. Juni 2014 &#8211; Allgeier SE (ISIN DE0005086300, WKN 508630) baut den Healthcare-Bereich weiter aus und erweitert das Portfolio rund um spezialisierte Branchensoftware und das Consulting f\u00fcr Krankenh\u00e4user und medizinische Bereiche. Seit Ende Mai ist die eHealthOpen Ltd. Teil der Gruppe. In diesem Zuge b\u00fcndelt &hellip; <\/p>\n","protected":false},"author":1,"featured_media":0,"parent":1169,"menu_order":0,"comment_status":"closed","ping_status":"closed","template":"","meta":{"_acf_changed":false,"footnotes":""},"categories":[7],"tags":[],"class_list":["post-1014","page","type-page","status-publish","hentry","category-pressemitteilungen"],"acf":[],"yoast_head":"<!-- This site is optimized with the Yoast SEO plugin v27.4 - https:\/\/yoast.com\/product\/yoast-seo-wordpress\/ -->\n<title>es-11062014 - Allgeier SE<\/title>\n<meta name=\"robots\" content=\"index, follow, max-snippet:-1, max-image-preview:large, max-video-preview:-1\" \/>\n<link rel=\"canonical\" href=\"https:\/\/www.allgeier.com\/de\/pressroom\/press-releases\/es-11062014\/\" \/>\n<meta property=\"og:locale\" content=\"de_DE\" \/>\n<meta property=\"og:type\" content=\"article\" \/>\n<meta property=\"og:title\" content=\"es-11062014 - Allgeier SE\" \/>\n<meta property=\"og:description\" content=\"Gemeinsam mit Allgeier Tochter Gemed entsteht Allgeier Medical IT M\u00fcnchen, 11. Juni 2014 &#8211; Allgeier SE (ISIN DE0005086300, WKN 508630) baut den Healthcare-Bereich weiter aus und erweitert das Portfolio rund um spezialisierte Branchensoftware und das Consulting f\u00fcr Krankenh\u00e4user und medizinische Bereiche. Seit Ende Mai ist die eHealthOpen Ltd. Teil der Gruppe. In diesem Zuge b\u00fcndelt &hellip;\" \/>\n<meta property=\"og:url\" content=\"https:\/\/www.allgeier.com\/de\/pressroom\/press-releases\/es-11062014\/\" \/>\n<meta property=\"og:site_name\" content=\"Allgeier SE\" \/>\n<meta property=\"article:modified_time\" content=\"2025-02-05T18:36:52+00:00\" \/>\n<meta name=\"twitter:card\" content=\"summary_large_image\" \/>\n<meta name=\"twitter:label1\" content=\"Gesch\u00e4tzte Lesezeit\" \/>\n\t<meta name=\"twitter:data1\" content=\"2\u00a0Minuten\" \/>\n<script type=\"application\/ld+json\" class=\"yoast-schema-graph\">{\"@context\":\"https:\\\/\\\/schema.org\",\"@graph\":[{\"@type\":\"WebPage\",\"@id\":\"https:\\\/\\\/www.allgeier.com\\\/de\\\/pressroom\\\/press-releases\\\/es-11062014\\\/\",\"url\":\"https:\\\/\\\/www.allgeier.com\\\/de\\\/pressroom\\\/press-releases\\\/es-11062014\\\/\",\"name\":\"es-11062014 - Allgeier SE\",\"isPartOf\":{\"@id\":\"https:\\\/\\\/www.allgeier.com\\\/de\\\/#website\"},\"datePublished\":\"2014-06-11T11:06:19+00:00\",\"dateModified\":\"2025-02-05T18:36:52+00:00\",\"breadcrumb\":{\"@id\":\"https:\\\/\\\/www.allgeier.com\\\/de\\\/pressroom\\\/press-releases\\\/es-11062014\\\/#breadcrumb\"},\"inLanguage\":\"de\",\"potentialAction\":[{\"@type\":\"ReadAction\",\"target\":[\"https:\\\/\\\/www.allgeier.com\\\/de\\\/pressroom\\\/press-releases\\\/es-11062014\\\/\"]}]},{\"@type\":\"BreadcrumbList\",\"@id\":\"https:\\\/\\\/www.allgeier.com\\\/de\\\/pressroom\\\/press-releases\\\/es-11062014\\\/#breadcrumb\",\"itemListElement\":[{\"@type\":\"ListItem\",\"position\":1,\"name\":\"Home\",\"item\":\"https:\\\/\\\/www.allgeier.com\\\/de\\\/\"},{\"@type\":\"ListItem\",\"position\":2,\"name\":\"Presse\",\"item\":\"https:\\\/\\\/www.allgeier.com\\\/de\\\/pressroom\\\/\"},{\"@type\":\"ListItem\",\"position\":3,\"name\":\"Pressemitteilungen\",\"item\":\"https:\\\/\\\/www.allgeier.com\\\/de\\\/pressroom\\\/press-releases\\\/\"},{\"@type\":\"ListItem\",\"position\":4,\"name\":\"es-11062014\"}]},{\"@type\":\"WebSite\",\"@id\":\"https:\\\/\\\/www.allgeier.com\\\/de\\\/#website\",\"url\":\"https:\\\/\\\/www.allgeier.com\\\/de\\\/\",\"name\":\"Allgeier SE\",\"description\":\"Software &amp; IT Services for digital transformation\",\"potentialAction\":[{\"@type\":\"SearchAction\",\"target\":{\"@type\":\"EntryPoint\",\"urlTemplate\":\"https:\\\/\\\/www.allgeier.com\\\/de\\\/?s={search_term_string}\"},\"query-input\":{\"@type\":\"PropertyValueSpecification\",\"valueRequired\":true,\"valueName\":\"search_term_string\"}}],\"inLanguage\":\"de\"}]}<\/script>\n<!-- \/ Yoast SEO plugin. -->","yoast_head_json":{"title":"es-11062014 - Allgeier SE","robots":{"index":"index","follow":"follow","max-snippet":"max-snippet:-1","max-image-preview":"max-image-preview:large","max-video-preview":"max-video-preview:-1"},"canonical":"https:\/\/www.allgeier.com\/de\/pressroom\/press-releases\/es-11062014\/","og_locale":"de_DE","og_type":"article","og_title":"es-11062014 - Allgeier SE","og_description":"Gemeinsam mit Allgeier Tochter Gemed entsteht Allgeier Medical IT M\u00fcnchen, 11. Juni 2014 &#8211; Allgeier SE (ISIN DE0005086300, WKN 508630) baut den Healthcare-Bereich weiter aus und erweitert das Portfolio rund um spezialisierte Branchensoftware und das Consulting f\u00fcr Krankenh\u00e4user und medizinische Bereiche. Seit Ende Mai ist die eHealthOpen Ltd. Teil der Gruppe. In diesem Zuge b\u00fcndelt &hellip;","og_url":"https:\/\/www.allgeier.com\/de\/pressroom\/press-releases\/es-11062014\/","og_site_name":"Allgeier SE","article_modified_time":"2025-02-05T18:36:52+00:00","twitter_card":"summary_large_image","twitter_misc":{"Gesch\u00e4tzte Lesezeit":"2\u00a0Minuten"},"schema":{"@context":"https:\/\/schema.org","@graph":[{"@type":"WebPage","@id":"https:\/\/www.allgeier.com\/de\/pressroom\/press-releases\/es-11062014\/","url":"https:\/\/www.allgeier.com\/de\/pressroom\/press-releases\/es-11062014\/","name":"es-11062014 - Allgeier SE","isPartOf":{"@id":"https:\/\/www.allgeier.com\/de\/#website"},"datePublished":"2014-06-11T11:06:19+00:00","dateModified":"2025-02-05T18:36:52+00:00","breadcrumb":{"@id":"https:\/\/www.allgeier.com\/de\/pressroom\/press-releases\/es-11062014\/#breadcrumb"},"inLanguage":"de","potentialAction":[{"@type":"ReadAction","target":["https:\/\/www.allgeier.com\/de\/pressroom\/press-releases\/es-11062014\/"]}]},{"@type":"BreadcrumbList","@id":"https:\/\/www.allgeier.com\/de\/pressroom\/press-releases\/es-11062014\/#breadcrumb","itemListElement":[{"@type":"ListItem","position":1,"name":"Home","item":"https:\/\/www.allgeier.com\/de\/"},{"@type":"ListItem","position":2,"name":"Presse","item":"https:\/\/www.allgeier.com\/de\/pressroom\/"},{"@type":"ListItem","position":3,"name":"Pressemitteilungen","item":"https:\/\/www.allgeier.com\/de\/pressroom\/press-releases\/"},{"@type":"ListItem","position":4,"name":"es-11062014"}]},{"@type":"WebSite","@id":"https:\/\/www.allgeier.com\/de\/#website","url":"https:\/\/www.allgeier.com\/de\/","name":"Allgeier SE","description":"Software &amp; IT Services for digital transformation","potentialAction":[{"@type":"SearchAction","target":{"@type":"EntryPoint","urlTemplate":"https:\/\/www.allgeier.com\/de\/?s={search_term_string}"},"query-input":{"@type":"PropertyValueSpecification","valueRequired":true,"valueName":"search_term_string"}}],"inLanguage":"de"}]}},"_links":{"self":[{"href":"https:\/\/www.allgeier.com\/de\/wp-json\/wp\/v2\/pages\/1014","targetHints":{"allow":["GET"]}}],"collection":[{"href":"https:\/\/www.allgeier.com\/de\/wp-json\/wp\/v2\/pages"}],"about":[{"href":"https:\/\/www.allgeier.com\/de\/wp-json\/wp\/v2\/types\/page"}],"author":[{"embeddable":true,"href":"https:\/\/www.allgeier.com\/de\/wp-json\/wp\/v2\/users\/1"}],"replies":[{"embeddable":true,"href":"https:\/\/www.allgeier.com\/de\/wp-json\/wp\/v2\/comments?post=1014"}],"version-history":[{"count":2,"href":"https:\/\/www.allgeier.com\/de\/wp-json\/wp\/v2\/pages\/1014\/revisions"}],"predecessor-version":[{"id":6169,"href":"https:\/\/www.allgeier.com\/de\/wp-json\/wp\/v2\/pages\/1014\/revisions\/6169"}],"up":[{"embeddable":true,"href":"https:\/\/www.allgeier.com\/de\/wp-json\/wp\/v2\/pages\/1169"}],"wp:attachment":[{"href":"https:\/\/www.allgeier.com\/de\/wp-json\/wp\/v2\/media?parent=1014"}],"wp:term":[{"taxonomy":"category","embeddable":true,"href":"https:\/\/www.allgeier.com\/de\/wp-json\/wp\/v2\/categories?post=1014"},{"taxonomy":"post_tag","embeddable":true,"href":"https:\/\/www.allgeier.com\/de\/wp-json\/wp\/v2\/tags?post=1014"}],"curies":[{"name":"wp","href":"https:\/\/api.w.org\/{rel}","templated":true}]}}