{"id":1268,"date":"2014-11-03T09:29:29","date_gmt":"2014-11-03T09:29:29","guid":{"rendered":"http:\/\/www.allgeier.com\/de\/?page_id=1268"},"modified":"2025-02-05T18:20:46","modified_gmt":"2025-02-05T18:20:46","slug":"03112014-2","status":"publish","type":"page","link":"https:\/\/www.allgeier.com\/de\/pressroom\/press-releases\/03112014-2\/","title":{"rendered":"03112014"},"content":{"rendered":"<p><b>R\u00fcckblick auf die ECM-Fachtagung\u00a0<\/b><b><\/b><\/p>\n<p><em>Bei der diesj\u00e4hrigen ECM-Fachtagung haben sich scanview\u00ae-Anwender aus dem gesamten Bundesgebiet inmitten des Rhein-Main-Gebietes auf dem als eines der besten Tagungshotels in Deutschland ausgezeichneten Hotel Gut H\u00fchnerhof getroffen. In lockerer Atmosph\u00e4re diskutierten Kunden mit Allgeier-Beratern angeregt \u00fcber Dokumentenmanagement und angrenzende Themen und f\u00fchrten ihre Gespr\u00e4che auf dem Abendevent der Gutsschenke weiter.<\/em><\/p>\n<p><em>Bremen, den 03. November 2014 &#8211;<\/em>\u00a0An zwei Tagen wurde \u00fcber neue Funktionen und Verbindungen rund um die Software f\u00fcr Enterprise Content Management scanview\u00ae informiert. Dabei konnte man vor allem erfahren, wie die neuen Allgeier Gesellschaften innocate solutions und Metasonic GmbH mit ihren Produkten Sharepoint und der Business Process Management-Suite das bestehende Dokumentenmanagement-System scanview\u00ae optimal erweitern.<\/p>\n<p class=\"Default\">Die Mehrwerte liegen klar auf der Hand. Die Produkte erg\u00e4nzen sich hervorragend und die Schnittstellen von scanview\u00ae zu SharePoint sind bereits verf\u00fcgbar. So ist ein Scan aus scanview\u00ae CAPTURE m\u00f6glich, der dann direkt in SharePoint geladen wird, genauso wie das Archivieren von Dokumenten aus SharePoint in scanview\u00ae oder das Suchen von scanview\u00ae Inhalten aus SharePoint.<\/p>\n<p class=\"Default\">Die Produktsuite der Metasonic GmbH, einer Allgeier-Tochter mit dem Gartner Status \u201eCool Vendor\u201c, f\u00fcgt sich mit ihrem Workflow in scanview\u00ae ein und erm\u00f6glicht eine neue Dimension des Business Process Managements. Metasonic pr\u00e4sentierte dem Publikum auch die einzigartige Vorgehensweise, mit einem interaktiven Multi-Touch-Modellierungstisch Gesch\u00e4ftsprozesse zu modellieren. Das Besondere dabei ist, dass der Endbenutzer und nicht der IT- oder Prozess-Spezialist den Gesch\u00e4ftsprozess in der Modellierungsumgebung auf einem Tisch mit Touchscreen beschreibt.<\/p>\n<p><b>scanview 6.2 Roadmap und Ausblick<\/b><\/p>\n<p>Jean-Pierre Schober, Entwicklungsleiter der Allgeier IT Solutions GmbH stellte die neuen Funktionalit\u00e4ten der ECM-Software scanview\u00ae vor und beschrieb neben dem Redesign des Clients auch die Verbesserungen der Usability, die optimierte Sicht auf Dokumente, neue API und unz\u00e4hlige Detailanpassungen. scanview\u00ae 6.2 ist seit Anfang September diesen Jahres verf\u00fcgbar. Weiter wurde ein Ausblick auf kommende Produkte gegeben, unter anderem den scanview\u00ae Search Server, der eine hochperformante Suche \u00fcber ein scanview\u00ae Archiv erm\u00f6glicht und eine semantische Analyse der Daten bieten wird.<\/p>\n<p><b>Smart.CAPTURE \u2013 wie funktioniert OCR und Handschrifterkennung<\/b><\/p>\n<p>Gro\u00dfes Interesse zeigten die Besucher der Fachtagung auch beim Thema Inputmanagement. Ob\u00a0<a title=\"Rechnungseingangspr\u00fcfung\" href=\"http:\/\/www.allgeier-it.de\/inputmanagement\/funktionen\/invoicemanagement\" target=\"_self\">automatisiertes Rechnungsauslesen<\/a>,\u00a0<a title=\"Postverteilung\" href=\"http:\/\/www.allgeier-it.de\/inputmanagement\/funktionen\/eingangspost-verteilung\" target=\"_self\">elektronische Postverteilung<\/a>\u00a0oder auch das Erkennen von\u00a0<a title=\"ICR\" href=\"http:\/\/www.allgeier-it.de\/inputmanagement\/funktionen\/arbeitsschein-erkennung\" target=\"_self\">handschriftlichen Arbeitsscheinen<\/a>, smart.CAPTURE l\u00e4sst sich schnell f\u00fcr die jeweiligen Anforderungen anpassen und mit scanview\u00ae verbinden.<\/p>\n<p><b>ScanFactory \u2013 vom Papier zur digitalen Datei<\/b><\/p>\n<p>Abgerundet wurde das Programm von einem Vortrag zum Serviceangebot f\u00fcr umfassende Dokumenten-Scandienste. Allgeier IT Solutions bietet als Full-Service-Dienstleister einen ganzheitlichen Ansatz: von der ersten Beratung, \u00fcber die gesamte Logistikkette, Transport, Verarbeitung nach Datenschutzrichtlinien, rechtskonforme Digitalisierung, Qualit\u00e4tskontrolle und gesch\u00fctzte Lagerung bis hin zur Vernichtung der Akten. Seit Jahren betreut die Allgeier IT Solutions zahlreiche Kunden aus den Bereichen Gesundheitswesen, Industrie, \u00f6ffentliche Verwaltung, Versicherungen und Banken.<\/p>\n<p>Herr Bernhard Beslmeisl, Gesch\u00e4ftsf\u00fchrer der Allgeier IT Solutions GmbH, dankte zum Abschluss den Kunden f\u00fcr ihr zahlreiches Erscheinen und die rege Beteiligung an den interessanten Gespr\u00e4chen.<\/p>\n<p class=\"KeinLeerraum1\"><b><br \/>\n\u00dcber Allgeier IT Solutions:<\/b><\/p>\n<p>Die Allgeier IT Solutions GmbH mit Sitz in Bremen wurde 1977 als Allgeier Computer GmbH gegr\u00fcndet. Das Unternehmen ist Teil der b\u00f6rsennotierten Allgeier SE und hat sich auf die Entwicklung, Vermarktung und Umsetzung ganzheitlicher L\u00f6sungen und Services in den Bereichen Cloud Solutions, Enterprise Content Management, Business Solutions, Compliance &amp; Security und Business Services spezialisiert. Das umfassende Leistungsspektrum von vollst\u00e4ndig integrierten IT Solutions und IT Services aus einer Hand macht Allgeier mit neun deutschlandweiten Standorten und einer Dependance in Wien, \u00d6sterreich, zu einem kompetenten und zuverl\u00e4ssigen IT Partner f\u00fcr mittelst\u00e4ndische und gro\u00dfe Unternehmen. Das fl\u00e4chendeckende Vertriebs- und Servicenetz wird erg\u00e4nzt durch ein europaweites Partnernetzwerk.<\/p>\n<p>&nbsp;<\/p>\n<p><a title=\"Allgeier IT Solutions\" href=\"http:\/\/www.allgeier-it.de\" target=\"_blank\"><em><img loading=\"lazy\" decoding=\"async\" src=\"https:\/\/www.allgeier.com\/de\/wp-content\/uploads\/sites\/3\/2015\/03\/13-01-AITS-Logo.png\" alt=\"\" width=\"268\" height=\"67\" \/><\/em><\/a><\/p>\n","protected":false},"excerpt":{"rendered":"<p>R\u00fcckblick auf die ECM-Fachtagung\u00a0 Bei der diesj\u00e4hrigen ECM-Fachtagung haben sich scanview\u00ae-Anwender aus dem gesamten Bundesgebiet inmitten des Rhein-Main-Gebietes auf dem als eines der besten Tagungshotels in Deutschland ausgezeichneten Hotel Gut H\u00fchnerhof getroffen. In lockerer Atmosph\u00e4re diskutierten Kunden mit Allgeier-Beratern angeregt \u00fcber Dokumentenmanagement und angrenzende Themen und f\u00fchrten ihre Gespr\u00e4che auf dem Abendevent der Gutsschenke weiter. &hellip; <\/p>\n","protected":false},"author":1,"featured_media":0,"parent":1169,"menu_order":0,"comment_status":"open","ping_status":"open","template":"","meta":{"_acf_changed":false,"footnotes":""},"categories":[7],"tags":[],"class_list":["post-1268","page","type-page","status-publish","hentry","category-pressemitteilungen"],"acf":[],"yoast_head":"<!-- This site is optimized with the Yoast SEO plugin v27.4 - https:\/\/yoast.com\/product\/yoast-seo-wordpress\/ -->\n<title>03112014 - Allgeier SE<\/title>\n<meta name=\"robots\" content=\"index, follow, max-snippet:-1, max-image-preview:large, max-video-preview:-1\" \/>\n<link rel=\"canonical\" href=\"https:\/\/www.allgeier.com\/de\/pressroom\/press-releases\/03112014-2\/\" \/>\n<meta property=\"og:locale\" content=\"de_DE\" \/>\n<meta property=\"og:type\" content=\"article\" \/>\n<meta property=\"og:title\" content=\"03112014 - Allgeier SE\" \/>\n<meta property=\"og:description\" content=\"R\u00fcckblick auf die ECM-Fachtagung\u00a0 Bei der diesj\u00e4hrigen ECM-Fachtagung haben sich scanview\u00ae-Anwender aus dem gesamten Bundesgebiet inmitten des Rhein-Main-Gebietes auf dem als eines der besten Tagungshotels in Deutschland ausgezeichneten Hotel Gut H\u00fchnerhof getroffen. In lockerer Atmosph\u00e4re diskutierten Kunden mit Allgeier-Beratern angeregt \u00fcber Dokumentenmanagement und angrenzende Themen und f\u00fchrten ihre Gespr\u00e4che auf dem Abendevent der Gutsschenke weiter. &hellip;\" \/>\n<meta property=\"og:url\" content=\"https:\/\/www.allgeier.com\/de\/pressroom\/press-releases\/03112014-2\/\" \/>\n<meta property=\"og:site_name\" content=\"Allgeier SE\" \/>\n<meta property=\"article:modified_time\" content=\"2025-02-05T18:20:46+00:00\" \/>\n<meta property=\"og:image\" content=\"https:\/\/www.allgeier.com\/de\/wp-content\/uploads\/sites\/3\/2015\/03\/13-01-AITS-Logo.png\" \/>\n<meta name=\"twitter:card\" content=\"summary_large_image\" \/>\n<meta name=\"twitter:label1\" content=\"Gesch\u00e4tzte Lesezeit\" \/>\n\t<meta name=\"twitter:data1\" content=\"4\u00a0Minuten\" \/>\n<script type=\"application\/ld+json\" class=\"yoast-schema-graph\">{\"@context\":\"https:\\\/\\\/schema.org\",\"@graph\":[{\"@type\":\"WebPage\",\"@id\":\"https:\\\/\\\/www.allgeier.com\\\/de\\\/pressroom\\\/press-releases\\\/03112014-2\\\/\",\"url\":\"https:\\\/\\\/www.allgeier.com\\\/de\\\/pressroom\\\/press-releases\\\/03112014-2\\\/\",\"name\":\"03112014 - Allgeier SE\",\"isPartOf\":{\"@id\":\"https:\\\/\\\/www.allgeier.com\\\/de\\\/#website\"},\"primaryImageOfPage\":{\"@id\":\"https:\\\/\\\/www.allgeier.com\\\/de\\\/pressroom\\\/press-releases\\\/03112014-2\\\/#primaryimage\"},\"image\":{\"@id\":\"https:\\\/\\\/www.allgeier.com\\\/de\\\/pressroom\\\/press-releases\\\/03112014-2\\\/#primaryimage\"},\"thumbnailUrl\":\"https:\\\/\\\/www.allgeier.com\\\/de\\\/wp-content\\\/uploads\\\/sites\\\/3\\\/2015\\\/03\\\/13-01-AITS-Logo.png\",\"datePublished\":\"2014-11-03T09:29:29+00:00\",\"dateModified\":\"2025-02-05T18:20:46+00:00\",\"breadcrumb\":{\"@id\":\"https:\\\/\\\/www.allgeier.com\\\/de\\\/pressroom\\\/press-releases\\\/03112014-2\\\/#breadcrumb\"},\"inLanguage\":\"de\",\"potentialAction\":[{\"@type\":\"ReadAction\",\"target\":[\"https:\\\/\\\/www.allgeier.com\\\/de\\\/pressroom\\\/press-releases\\\/03112014-2\\\/\"]}]},{\"@type\":\"ImageObject\",\"inLanguage\":\"de\",\"@id\":\"https:\\\/\\\/www.allgeier.com\\\/de\\\/pressroom\\\/press-releases\\\/03112014-2\\\/#primaryimage\",\"url\":\"https:\\\/\\\/www.allgeier.com\\\/de\\\/wp-content\\\/uploads\\\/sites\\\/3\\\/2015\\\/03\\\/13-01-AITS-Logo.png\",\"contentUrl\":\"https:\\\/\\\/www.allgeier.com\\\/de\\\/wp-content\\\/uploads\\\/sites\\\/3\\\/2015\\\/03\\\/13-01-AITS-Logo.png\",\"width\":1330,\"height\":334},{\"@type\":\"BreadcrumbList\",\"@id\":\"https:\\\/\\\/www.allgeier.com\\\/de\\\/pressroom\\\/press-releases\\\/03112014-2\\\/#breadcrumb\",\"itemListElement\":[{\"@type\":\"ListItem\",\"position\":1,\"name\":\"Home\",\"item\":\"https:\\\/\\\/www.allgeier.com\\\/de\\\/\"},{\"@type\":\"ListItem\",\"position\":2,\"name\":\"Presse\",\"item\":\"https:\\\/\\\/www.allgeier.com\\\/de\\\/pressroom\\\/\"},{\"@type\":\"ListItem\",\"position\":3,\"name\":\"Pressemitteilungen\",\"item\":\"https:\\\/\\\/www.allgeier.com\\\/de\\\/pressroom\\\/press-releases\\\/\"},{\"@type\":\"ListItem\",\"position\":4,\"name\":\"03112014\"}]},{\"@type\":\"WebSite\",\"@id\":\"https:\\\/\\\/www.allgeier.com\\\/de\\\/#website\",\"url\":\"https:\\\/\\\/www.allgeier.com\\\/de\\\/\",\"name\":\"Allgeier SE\",\"description\":\"Software &amp; IT Services for digital transformation\",\"potentialAction\":[{\"@type\":\"SearchAction\",\"target\":{\"@type\":\"EntryPoint\",\"urlTemplate\":\"https:\\\/\\\/www.allgeier.com\\\/de\\\/?s={search_term_string}\"},\"query-input\":{\"@type\":\"PropertyValueSpecification\",\"valueRequired\":true,\"valueName\":\"search_term_string\"}}],\"inLanguage\":\"de\"}]}<\/script>\n<!-- \/ Yoast SEO plugin. -->","yoast_head_json":{"title":"03112014 - Allgeier SE","robots":{"index":"index","follow":"follow","max-snippet":"max-snippet:-1","max-image-preview":"max-image-preview:large","max-video-preview":"max-video-preview:-1"},"canonical":"https:\/\/www.allgeier.com\/de\/pressroom\/press-releases\/03112014-2\/","og_locale":"de_DE","og_type":"article","og_title":"03112014 - Allgeier SE","og_description":"R\u00fcckblick auf die ECM-Fachtagung\u00a0 Bei der diesj\u00e4hrigen ECM-Fachtagung haben sich scanview\u00ae-Anwender aus dem gesamten Bundesgebiet inmitten des Rhein-Main-Gebietes auf dem als eines der besten Tagungshotels in Deutschland ausgezeichneten Hotel Gut H\u00fchnerhof getroffen. In lockerer Atmosph\u00e4re diskutierten Kunden mit Allgeier-Beratern angeregt \u00fcber Dokumentenmanagement und angrenzende Themen und f\u00fchrten ihre Gespr\u00e4che auf dem Abendevent der Gutsschenke weiter. &hellip;","og_url":"https:\/\/www.allgeier.com\/de\/pressroom\/press-releases\/03112014-2\/","og_site_name":"Allgeier SE","article_modified_time":"2025-02-05T18:20:46+00:00","og_image":[{"url":"https:\/\/www.allgeier.com\/de\/wp-content\/uploads\/sites\/3\/2015\/03\/13-01-AITS-Logo.png","type":"","width":"","height":""}],"twitter_card":"summary_large_image","twitter_misc":{"Gesch\u00e4tzte Lesezeit":"4\u00a0Minuten"},"schema":{"@context":"https:\/\/schema.org","@graph":[{"@type":"WebPage","@id":"https:\/\/www.allgeier.com\/de\/pressroom\/press-releases\/03112014-2\/","url":"https:\/\/www.allgeier.com\/de\/pressroom\/press-releases\/03112014-2\/","name":"03112014 - Allgeier SE","isPartOf":{"@id":"https:\/\/www.allgeier.com\/de\/#website"},"primaryImageOfPage":{"@id":"https:\/\/www.allgeier.com\/de\/pressroom\/press-releases\/03112014-2\/#primaryimage"},"image":{"@id":"https:\/\/www.allgeier.com\/de\/pressroom\/press-releases\/03112014-2\/#primaryimage"},"thumbnailUrl":"https:\/\/www.allgeier.com\/de\/wp-content\/uploads\/sites\/3\/2015\/03\/13-01-AITS-Logo.png","datePublished":"2014-11-03T09:29:29+00:00","dateModified":"2025-02-05T18:20:46+00:00","breadcrumb":{"@id":"https:\/\/www.allgeier.com\/de\/pressroom\/press-releases\/03112014-2\/#breadcrumb"},"inLanguage":"de","potentialAction":[{"@type":"ReadAction","target":["https:\/\/www.allgeier.com\/de\/pressroom\/press-releases\/03112014-2\/"]}]},{"@type":"ImageObject","inLanguage":"de","@id":"https:\/\/www.allgeier.com\/de\/pressroom\/press-releases\/03112014-2\/#primaryimage","url":"https:\/\/www.allgeier.com\/de\/wp-content\/uploads\/sites\/3\/2015\/03\/13-01-AITS-Logo.png","contentUrl":"https:\/\/www.allgeier.com\/de\/wp-content\/uploads\/sites\/3\/2015\/03\/13-01-AITS-Logo.png","width":1330,"height":334},{"@type":"BreadcrumbList","@id":"https:\/\/www.allgeier.com\/de\/pressroom\/press-releases\/03112014-2\/#breadcrumb","itemListElement":[{"@type":"ListItem","position":1,"name":"Home","item":"https:\/\/www.allgeier.com\/de\/"},{"@type":"ListItem","position":2,"name":"Presse","item":"https:\/\/www.allgeier.com\/de\/pressroom\/"},{"@type":"ListItem","position":3,"name":"Pressemitteilungen","item":"https:\/\/www.allgeier.com\/de\/pressroom\/press-releases\/"},{"@type":"ListItem","position":4,"name":"03112014"}]},{"@type":"WebSite","@id":"https:\/\/www.allgeier.com\/de\/#website","url":"https:\/\/www.allgeier.com\/de\/","name":"Allgeier SE","description":"Software &amp; IT Services for digital transformation","potentialAction":[{"@type":"SearchAction","target":{"@type":"EntryPoint","urlTemplate":"https:\/\/www.allgeier.com\/de\/?s={search_term_string}"},"query-input":{"@type":"PropertyValueSpecification","valueRequired":true,"valueName":"search_term_string"}}],"inLanguage":"de"}]}},"_links":{"self":[{"href":"https:\/\/www.allgeier.com\/de\/wp-json\/wp\/v2\/pages\/1268","targetHints":{"allow":["GET"]}}],"collection":[{"href":"https:\/\/www.allgeier.com\/de\/wp-json\/wp\/v2\/pages"}],"about":[{"href":"https:\/\/www.allgeier.com\/de\/wp-json\/wp\/v2\/types\/page"}],"author":[{"embeddable":true,"href":"https:\/\/www.allgeier.com\/de\/wp-json\/wp\/v2\/users\/1"}],"replies":[{"embeddable":true,"href":"https:\/\/www.allgeier.com\/de\/wp-json\/wp\/v2\/comments?post=1268"}],"version-history":[{"count":1,"href":"https:\/\/www.allgeier.com\/de\/wp-json\/wp\/v2\/pages\/1268\/revisions"}],"predecessor-version":[{"id":1269,"href":"https:\/\/www.allgeier.com\/de\/wp-json\/wp\/v2\/pages\/1268\/revisions\/1269"}],"up":[{"embeddable":true,"href":"https:\/\/www.allgeier.com\/de\/wp-json\/wp\/v2\/pages\/1169"}],"wp:attachment":[{"href":"https:\/\/www.allgeier.com\/de\/wp-json\/wp\/v2\/media?parent=1268"}],"wp:term":[{"taxonomy":"category","embeddable":true,"href":"https:\/\/www.allgeier.com\/de\/wp-json\/wp\/v2\/categories?post=1268"},{"taxonomy":"post_tag","embeddable":true,"href":"https:\/\/www.allgeier.com\/de\/wp-json\/wp\/v2\/tags?post=1268"}],"curies":[{"name":"wp","href":"https:\/\/api.w.org\/{rel}","templated":true}]}}