{"id":1294,"date":"2013-11-07T10:15:20","date_gmt":"2013-11-07T10:15:20","guid":{"rendered":"http:\/\/www.allgeier.com\/de\/?page_id=1294"},"modified":"2015-03-13T10:16:27","modified_gmt":"2015-03-13T10:16:27","slug":"es-08112013","status":"publish","type":"page","link":"https:\/\/www.allgeier.com\/de\/investor-relations\/adhoc-archives\/2013-2\/es-08112013\/","title":{"rendered":"es-08112013"},"content":{"rendered":"<p><em>M\u00fcnchen, 07.11.2013 &#8211;<\/em> Allgeier SE (ISIN DE0005086300, WKN 508630) steigerte gem\u00e4\u00df vorl\u00e4ufiger Zahlen in den ersten neun Monaten des Gesch\u00e4ftsjahres 2013 (01.01.2013 &#8211; 30.09.2013) den Umsatz sowie das Ergebnis. Allgeier setzt damit das Wachstum fort und kann die Stellung im Wettbewerb weiter festigen.<\/p>\n<p>Der Umsatz stieg in den ersten neun Monaten 2013 gegen\u00fcber dem Vergleichszeitraum 2012 um 17 Prozent auf 349,5 Mio. Euro (Vorjahr: 297,8 Mio. Euro). Die Umsatzsteigerung wird dabei durch einen Umsatzbeitrag aus den in den Berichtsjahren erfolgten Unternehmensakquisitionen sowie operatives Wachstum getragen.<\/p>\n<p>Das EBITDA stieg gegen\u00fcber dem Vergleichszeitraum 2012 um 33 Prozent auf 21,4 Mio. Euro (Vorjahr: 16,1 Mio. Euro). Das EBIT stieg im Berichtszeitraum aufgrund r\u00fcckl\u00e4ufiger Abschreibungen aus der Kaufpreis-Allokation um 96 Prozent auf 12,4 Mio. Euro (Vorjahr: 6,3 Mio. Euro). Gleichwohl ist die Ergebnisgr\u00f6\u00dfe EBIT weiterhin durch die Regelabschreibungen auf Kaufpreis-Allokationen gem\u00e4\u00df IFRS (Abschreibung der Auftragsbest\u00e4nde, Kundenst\u00e4mme, Produkte) belastet, die den Gro\u00dfteil der Abschreibungen in H\u00f6he von insgesamt 9,0 Mio. Euro (Vorjahr: 9,8 Mio. Euro) ausmachen.<\/p>\n<p>Die Zinsaufwendungen blieben mit 3,9 Mio. Euro auf dem Niveau des Vergleichszeitraums des Vorjahres. Ein wesentlicher Teil sind dabei die Zinsaufwendungen auf das im M\u00e4rz 2012 aufgenommene Schuldscheindarlehen sowie Aufzinsungen von Earn-Out-Verbindlichkeiten. Nach Zinsen erzielte Allgeier in den ersten neun Monaten 2013 ein um 215 Prozent gestiegenes EBT von 8,8 Mio. Euro (Vorjahr: 2,8 Mio. Euro). Nach Abzug eines Steueraufwands von 3,3 Mio. Euro (Vorjahr: 1,2 Mio. Euro) und einer Position im Zusammenhang mit der Ver\u00e4u\u00dferung der Allgeier DL in H\u00f6he von 0,2 Mio. Euro (Vorjahr: 0,0 Mio. Euro) erreichte Allgeier so im ersten Dreivierteljahr 2013 ein Periodenergebnis von 5,3 Mio. Euro (Vorjahr: 1,6 Mio. Euro). F\u00fcr die im Jahr 2008 erfolgte Ver\u00e4u\u00dferung der Allgeier DL fand im dritten Quartal die finale Einigung und Schlussabrechnung statt, nachdem die vorl\u00e4ufige Bilanzierung bereits zum 31. Dezember 2012 stattgefunden hat.<\/p>\n<p>Das unverw\u00e4sserte Ergebnis je Aktie, gerechnet auf das um die Ergebnisanteile der nicht kontrollierenden Gesellschafter verminderte Neun-Monats-Ergebnis, stieg in den ersten neun Monaten 2013 auf 0,60 Euro (Vorjahr: 0,15 Euro). Der Cash Flow aus der betrieblichen T\u00e4tigkeit und vor Working Capital-Ver\u00e4nderungen stieg im Berichtszeitraum um 21 Prozent auf 15,3 Mio. Euro (Vorjahr: 12,6 Mio. Euro).<\/p>\n<p>Im dritten Quartal 2013 (01.07.2013 &#8211; 30.09.2013) setzte der Konzern die Steigerung von Umsatz und Ergebnis fort. Der Umsatz erh\u00f6hte sich gegen\u00fcber dem Vorjahreszeitraum um 13 Prozent auf 122,2 Mio. Euro (Q3 2012: 107,7 Mio. Euro). Das EBITDA stieg um 48 Prozent auf 9,1 Mio. Euro (Q3 2012: 6,1 Mio. Euro). Das EBIT stieg gegen\u00fcber dem Vergleichszeitraum des Jahres 2012 um 106 Prozent auf 6,1 Mio. Euro (Q3 2012: 3,0 Mio. Euro).<\/p>\n<p>Der Allgeier Konzern verf\u00fcgt zum Bilanzstichtag \u00fcber eine solide Finanz- und Verm\u00f6genslage. Die Bilanzsumme fiel von 289,6 Mio. Euro am 31. Dezember 2012 um 12,7 Mio. Euro auf 276,9 Mio. Euro am 30. September 2013. Ma\u00dfgeblich hierf\u00fcr sind sowohl der R\u00fcckgang des langfristigen Verm\u00f6gens aufgrund der Abschreibungen von immateriellen Verm\u00f6genswerten aus der Kaufpreis-Allokation, denen in den ersten neun Monaten 2013 keine wesentlichen Zug\u00e4nge gegen\u00fcberstanden, sowie der R\u00fcckgang des kurzfristigen Verm\u00f6gens aufgrund Zahlungsausg\u00e4ngen im Rahmen von Akquisitionst\u00e4tigkeiten und Dividenden. Dar\u00fcber hinaus trug die Umrechnung der Nettoverm\u00f6genswerte der in Fremdw\u00e4hrung bilanzierenden Konzerngesellschaften zur Bilanzverk\u00fcrzung bei.<\/p>\n<p>Das Eigenkapital bel\u00e4uft sich zum Stichtag 30. September 2013 auf 87,8 Mio. Euro (31. Dezember 2012: 93,4 Mio. Euro). Der R\u00fcckgang ist auf die Aussch\u00fcttung der Dividende an die Aktion\u00e4re der Allgeier SE, den Erwerb von Anteilen nicht kontrollierender Gesellschafter, erfolgsneutrale Eigenkapitaleffekte und den Zugang eigener Aktien zur\u00fcckzuf\u00fchren. Gegenl\u00e4ufig ist das Periodenergebnis aus dem ersten Dreivierteljahr 2013.<\/p>\n<p>Alle genannten IFRS-Zahlen sind vorl\u00e4ufig. Die Zwischenmitteilung zum 3. Quartal 2013 der Allgeier SE wird am 14. November 2013 ver\u00f6ffentlicht und ist dann unter www.allgeier.com einzusehen.<\/p>\n","protected":false},"excerpt":{"rendered":"<p>M\u00fcnchen, 07.11.2013 &#8211; Allgeier SE (ISIN DE0005086300, WKN 508630) steigerte gem\u00e4\u00df vorl\u00e4ufiger Zahlen in den ersten neun Monaten des Gesch\u00e4ftsjahres 2013 (01.01.2013 &#8211; 30.09.2013) den Umsatz sowie das Ergebnis. Allgeier setzt damit das Wachstum fort und kann die Stellung im Wettbewerb weiter festigen. Der Umsatz stieg in den ersten neun Monaten 2013 gegen\u00fcber dem Vergleichszeitraum &hellip; <\/p>\n","protected":false},"author":1,"featured_media":0,"parent":558,"menu_order":0,"comment_status":"open","ping_status":"open","template":"","meta":{"_acf_changed":false,"footnotes":""},"categories":[],"tags":[],"class_list":["post-1294","page","type-page","status-publish","hentry"],"acf":[],"yoast_head":"<!-- This site is optimized with the Yoast SEO plugin v27.4 - https:\/\/yoast.com\/product\/yoast-seo-wordpress\/ -->\n<title>es-08112013 - Allgeier SE<\/title>\n<meta name=\"robots\" content=\"index, follow, max-snippet:-1, max-image-preview:large, max-video-preview:-1\" \/>\n<link rel=\"canonical\" href=\"https:\/\/www.allgeier.com\/de\/investor-relations\/adhoc-archives\/2013-2\/es-08112013\/\" \/>\n<meta property=\"og:locale\" content=\"de_DE\" \/>\n<meta property=\"og:type\" content=\"article\" \/>\n<meta property=\"og:title\" content=\"es-08112013 - Allgeier SE\" \/>\n<meta property=\"og:description\" content=\"M\u00fcnchen, 07.11.2013 &#8211; Allgeier SE (ISIN DE0005086300, WKN 508630) steigerte gem\u00e4\u00df vorl\u00e4ufiger Zahlen in den ersten neun Monaten des Gesch\u00e4ftsjahres 2013 (01.01.2013 &#8211; 30.09.2013) den Umsatz sowie das Ergebnis. Allgeier setzt damit das Wachstum fort und kann die Stellung im Wettbewerb weiter festigen. Der Umsatz stieg in den ersten neun Monaten 2013 gegen\u00fcber dem Vergleichszeitraum &hellip;\" \/>\n<meta property=\"og:url\" content=\"https:\/\/www.allgeier.com\/de\/investor-relations\/adhoc-archives\/2013-2\/es-08112013\/\" \/>\n<meta property=\"og:site_name\" content=\"Allgeier SE\" \/>\n<meta property=\"article:modified_time\" content=\"2015-03-13T10:16:27+00:00\" \/>\n<meta name=\"twitter:card\" content=\"summary_large_image\" \/>\n<meta name=\"twitter:label1\" content=\"Gesch\u00e4tzte Lesezeit\" \/>\n\t<meta name=\"twitter:data1\" content=\"3\u00a0Minuten\" \/>\n<script type=\"application\/ld+json\" class=\"yoast-schema-graph\">{\"@context\":\"https:\\\/\\\/schema.org\",\"@graph\":[{\"@type\":\"WebPage\",\"@id\":\"https:\\\/\\\/www.allgeier.com\\\/de\\\/investor-relations\\\/adhoc-archives\\\/2013-2\\\/es-08112013\\\/\",\"url\":\"https:\\\/\\\/www.allgeier.com\\\/de\\\/investor-relations\\\/adhoc-archives\\\/2013-2\\\/es-08112013\\\/\",\"name\":\"es-08112013 - Allgeier SE\",\"isPartOf\":{\"@id\":\"https:\\\/\\\/www.allgeier.com\\\/de\\\/#website\"},\"datePublished\":\"2013-11-07T10:15:20+00:00\",\"dateModified\":\"2015-03-13T10:16:27+00:00\",\"breadcrumb\":{\"@id\":\"https:\\\/\\\/www.allgeier.com\\\/de\\\/investor-relations\\\/adhoc-archives\\\/2013-2\\\/es-08112013\\\/#breadcrumb\"},\"inLanguage\":\"de\",\"potentialAction\":[{\"@type\":\"ReadAction\",\"target\":[\"https:\\\/\\\/www.allgeier.com\\\/de\\\/investor-relations\\\/adhoc-archives\\\/2013-2\\\/es-08112013\\\/\"]}]},{\"@type\":\"BreadcrumbList\",\"@id\":\"https:\\\/\\\/www.allgeier.com\\\/de\\\/investor-relations\\\/adhoc-archives\\\/2013-2\\\/es-08112013\\\/#breadcrumb\",\"itemListElement\":[{\"@type\":\"ListItem\",\"position\":1,\"name\":\"Home\",\"item\":\"https:\\\/\\\/www.allgeier.com\\\/de\\\/\"},{\"@type\":\"ListItem\",\"position\":2,\"name\":\"Investor Relations\",\"item\":\"https:\\\/\\\/www.allgeier.com\\\/de\\\/investor-relations\\\/\"},{\"@type\":\"ListItem\",\"position\":3,\"name\":\"Ad hoc-Archiv\",\"item\":\"https:\\\/\\\/www.allgeier.com\\\/de\\\/investor-relations\\\/adhoc-archives\\\/\"},{\"@type\":\"ListItem\",\"position\":4,\"name\":\"2013\",\"item\":\"https:\\\/\\\/www.allgeier.com\\\/de\\\/investor-relations\\\/adhoc-archives\\\/2013-2\\\/\"},{\"@type\":\"ListItem\",\"position\":5,\"name\":\"es-08112013\"}]},{\"@type\":\"WebSite\",\"@id\":\"https:\\\/\\\/www.allgeier.com\\\/de\\\/#website\",\"url\":\"https:\\\/\\\/www.allgeier.com\\\/de\\\/\",\"name\":\"Allgeier SE\",\"description\":\"Software &amp; IT Services for digital transformation\",\"potentialAction\":[{\"@type\":\"SearchAction\",\"target\":{\"@type\":\"EntryPoint\",\"urlTemplate\":\"https:\\\/\\\/www.allgeier.com\\\/de\\\/?s={search_term_string}\"},\"query-input\":{\"@type\":\"PropertyValueSpecification\",\"valueRequired\":true,\"valueName\":\"search_term_string\"}}],\"inLanguage\":\"de\"}]}<\/script>\n<!-- \/ Yoast SEO plugin. -->","yoast_head_json":{"title":"es-08112013 - Allgeier SE","robots":{"index":"index","follow":"follow","max-snippet":"max-snippet:-1","max-image-preview":"max-image-preview:large","max-video-preview":"max-video-preview:-1"},"canonical":"https:\/\/www.allgeier.com\/de\/investor-relations\/adhoc-archives\/2013-2\/es-08112013\/","og_locale":"de_DE","og_type":"article","og_title":"es-08112013 - Allgeier SE","og_description":"M\u00fcnchen, 07.11.2013 &#8211; Allgeier SE (ISIN DE0005086300, WKN 508630) steigerte gem\u00e4\u00df vorl\u00e4ufiger Zahlen in den ersten neun Monaten des Gesch\u00e4ftsjahres 2013 (01.01.2013 &#8211; 30.09.2013) den Umsatz sowie das Ergebnis. Allgeier setzt damit das Wachstum fort und kann die Stellung im Wettbewerb weiter festigen. Der Umsatz stieg in den ersten neun Monaten 2013 gegen\u00fcber dem Vergleichszeitraum &hellip;","og_url":"https:\/\/www.allgeier.com\/de\/investor-relations\/adhoc-archives\/2013-2\/es-08112013\/","og_site_name":"Allgeier SE","article_modified_time":"2015-03-13T10:16:27+00:00","twitter_card":"summary_large_image","twitter_misc":{"Gesch\u00e4tzte Lesezeit":"3\u00a0Minuten"},"schema":{"@context":"https:\/\/schema.org","@graph":[{"@type":"WebPage","@id":"https:\/\/www.allgeier.com\/de\/investor-relations\/adhoc-archives\/2013-2\/es-08112013\/","url":"https:\/\/www.allgeier.com\/de\/investor-relations\/adhoc-archives\/2013-2\/es-08112013\/","name":"es-08112013 - Allgeier SE","isPartOf":{"@id":"https:\/\/www.allgeier.com\/de\/#website"},"datePublished":"2013-11-07T10:15:20+00:00","dateModified":"2015-03-13T10:16:27+00:00","breadcrumb":{"@id":"https:\/\/www.allgeier.com\/de\/investor-relations\/adhoc-archives\/2013-2\/es-08112013\/#breadcrumb"},"inLanguage":"de","potentialAction":[{"@type":"ReadAction","target":["https:\/\/www.allgeier.com\/de\/investor-relations\/adhoc-archives\/2013-2\/es-08112013\/"]}]},{"@type":"BreadcrumbList","@id":"https:\/\/www.allgeier.com\/de\/investor-relations\/adhoc-archives\/2013-2\/es-08112013\/#breadcrumb","itemListElement":[{"@type":"ListItem","position":1,"name":"Home","item":"https:\/\/www.allgeier.com\/de\/"},{"@type":"ListItem","position":2,"name":"Investor Relations","item":"https:\/\/www.allgeier.com\/de\/investor-relations\/"},{"@type":"ListItem","position":3,"name":"Ad hoc-Archiv","item":"https:\/\/www.allgeier.com\/de\/investor-relations\/adhoc-archives\/"},{"@type":"ListItem","position":4,"name":"2013","item":"https:\/\/www.allgeier.com\/de\/investor-relations\/adhoc-archives\/2013-2\/"},{"@type":"ListItem","position":5,"name":"es-08112013"}]},{"@type":"WebSite","@id":"https:\/\/www.allgeier.com\/de\/#website","url":"https:\/\/www.allgeier.com\/de\/","name":"Allgeier SE","description":"Software &amp; IT Services for digital transformation","potentialAction":[{"@type":"SearchAction","target":{"@type":"EntryPoint","urlTemplate":"https:\/\/www.allgeier.com\/de\/?s={search_term_string}"},"query-input":{"@type":"PropertyValueSpecification","valueRequired":true,"valueName":"search_term_string"}}],"inLanguage":"de"}]}},"_links":{"self":[{"href":"https:\/\/www.allgeier.com\/de\/wp-json\/wp\/v2\/pages\/1294","targetHints":{"allow":["GET"]}}],"collection":[{"href":"https:\/\/www.allgeier.com\/de\/wp-json\/wp\/v2\/pages"}],"about":[{"href":"https:\/\/www.allgeier.com\/de\/wp-json\/wp\/v2\/types\/page"}],"author":[{"embeddable":true,"href":"https:\/\/www.allgeier.com\/de\/wp-json\/wp\/v2\/users\/1"}],"replies":[{"embeddable":true,"href":"https:\/\/www.allgeier.com\/de\/wp-json\/wp\/v2\/comments?post=1294"}],"version-history":[{"count":0,"href":"https:\/\/www.allgeier.com\/de\/wp-json\/wp\/v2\/pages\/1294\/revisions"}],"up":[{"embeddable":true,"href":"https:\/\/www.allgeier.com\/de\/wp-json\/wp\/v2\/pages\/558"}],"wp:attachment":[{"href":"https:\/\/www.allgeier.com\/de\/wp-json\/wp\/v2\/media?parent=1294"}],"wp:term":[{"taxonomy":"category","embeddable":true,"href":"https:\/\/www.allgeier.com\/de\/wp-json\/wp\/v2\/categories?post=1294"},{"taxonomy":"post_tag","embeddable":true,"href":"https:\/\/www.allgeier.com\/de\/wp-json\/wp\/v2\/tags?post=1294"}],"curies":[{"name":"wp","href":"https:\/\/api.w.org\/{rel}","templated":true}]}}