{"id":1300,"date":"2013-06-16T10:20:10","date_gmt":"2013-06-16T10:20:10","guid":{"rendered":"http:\/\/www.allgeier.com\/de\/?page_id=1300"},"modified":"2015-03-13T10:21:03","modified_gmt":"2015-03-13T10:21:03","slug":"es-18062013","status":"publish","type":"page","link":"https:\/\/www.allgeier.com\/de\/investor-relations\/adhoc-archives\/2013-2\/es-18062013\/","title":{"rendered":"es-18062013"},"content":{"rendered":"<p><em>M\u00fcnchen, 18.06.2013 &#8211;<\/em> Allgeier SE (ISIN DE0005086300, WKN 508630) setzt ihr Aktienr\u00fcckkaufprogramm fort. Dies hat der Vorstand der Gesellschaft in seiner heutigen Sitzung beschlossen. Das Programm l\u00e4uft zun\u00e4chst bis zum 31. Dezember 2013. Dem Beschluss liegt die von der Hauptversammlung am 17. Juni 2010 beschlossene Erm\u00e4chtigung zum Erwerb eigener Aktien gem\u00e4\u00df \u00a7 71 Abs. 1 Ziff. 8 AktG zugrunde.<\/p>\n<p>Mit der bisherigen Durchf\u00fchrung des Aktienr\u00fcckkaufprogramms bis zum 31. Dezember 2012 halten die Allgeier SE und eine Tochtergesellschaft am heutigen Tag insgesamt 704.076 eigene Aktien. Dies entspricht 7,76% des Grundkapitals.<\/p>\n<p>Die erworbenen eigenen Aktien sollen insbesondere dem Zweck dienen, dass die Gesellschaft diese als Gegenleistung beim Erwerb von Unternehmen oder Beteiligungen an Unternehmen einsetzen kann.<\/p>\n<p>Das Aktienr\u00fcckkaufprogramm hat folgende Eckpunkte:<\/p>\n<p>&#8211; Volumen von bis zu 200.000 St\u00fcckaktien (2,24% des Grundkapitals)<\/p>\n<p>&#8211; Erwerb \u00fcber die B\u00f6rse &#8211; Durchf\u00fchrung durch eine Bank, die die Erwerbe selbst\u00e4ndig und unabh\u00e4ngig unter Vorgabe eines maximalen Kaufkurses t\u00e4tigt<\/p>\n<p>&#8211; Beachtung der Vorschriften des Aktiengesetzes und des Wertpapierhandelsgesetzes (insbesondere \u00a7 20a WpHG und der Verordnung (EG) Nr. 2273\/2003)<\/p>\n<p>&#8211; Ende des Programms am 31. Dezember 2013<\/p>\n","protected":false},"excerpt":{"rendered":"<p>M\u00fcnchen, 18.06.2013 &#8211; Allgeier SE (ISIN DE0005086300, WKN 508630) setzt ihr Aktienr\u00fcckkaufprogramm fort. Dies hat der Vorstand der Gesellschaft in seiner heutigen Sitzung beschlossen. Das Programm l\u00e4uft zun\u00e4chst bis zum 31. Dezember 2013. Dem Beschluss liegt die von der Hauptversammlung am 17. Juni 2010 beschlossene Erm\u00e4chtigung zum Erwerb eigener Aktien gem\u00e4\u00df \u00a7 71 Abs. 1 &hellip; <\/p>\n","protected":false},"author":1,"featured_media":0,"parent":558,"menu_order":0,"comment_status":"open","ping_status":"open","template":"","meta":{"_acf_changed":false,"footnotes":""},"categories":[],"tags":[],"class_list":["post-1300","page","type-page","status-publish","hentry"],"acf":[],"yoast_head":"<!-- This site is optimized with the Yoast SEO plugin v27.4 - https:\/\/yoast.com\/product\/yoast-seo-wordpress\/ -->\n<title>es-18062013 - Allgeier SE<\/title>\n<meta name=\"robots\" content=\"index, follow, max-snippet:-1, max-image-preview:large, max-video-preview:-1\" \/>\n<link rel=\"canonical\" href=\"https:\/\/www.allgeier.com\/de\/investor-relations\/adhoc-archives\/2013-2\/es-18062013\/\" \/>\n<meta property=\"og:locale\" content=\"de_DE\" \/>\n<meta property=\"og:type\" content=\"article\" \/>\n<meta property=\"og:title\" content=\"es-18062013 - Allgeier SE\" \/>\n<meta property=\"og:description\" content=\"M\u00fcnchen, 18.06.2013 &#8211; Allgeier SE (ISIN DE0005086300, WKN 508630) setzt ihr Aktienr\u00fcckkaufprogramm fort. Dies hat der Vorstand der Gesellschaft in seiner heutigen Sitzung beschlossen. Das Programm l\u00e4uft zun\u00e4chst bis zum 31. Dezember 2013. Dem Beschluss liegt die von der Hauptversammlung am 17. Juni 2010 beschlossene Erm\u00e4chtigung zum Erwerb eigener Aktien gem\u00e4\u00df \u00a7 71 Abs. 1 &hellip;\" \/>\n<meta property=\"og:url\" content=\"https:\/\/www.allgeier.com\/de\/investor-relations\/adhoc-archives\/2013-2\/es-18062013\/\" \/>\n<meta property=\"og:site_name\" content=\"Allgeier SE\" \/>\n<meta property=\"article:modified_time\" content=\"2015-03-13T10:21:03+00:00\" \/>\n<meta name=\"twitter:card\" content=\"summary_large_image\" \/>\n<meta name=\"twitter:label1\" content=\"Gesch\u00e4tzte Lesezeit\" \/>\n\t<meta name=\"twitter:data1\" content=\"1\u00a0Minute\" \/>\n<script type=\"application\/ld+json\" class=\"yoast-schema-graph\">{\"@context\":\"https:\\\/\\\/schema.org\",\"@graph\":[{\"@type\":\"WebPage\",\"@id\":\"https:\\\/\\\/www.allgeier.com\\\/de\\\/investor-relations\\\/adhoc-archives\\\/2013-2\\\/es-18062013\\\/\",\"url\":\"https:\\\/\\\/www.allgeier.com\\\/de\\\/investor-relations\\\/adhoc-archives\\\/2013-2\\\/es-18062013\\\/\",\"name\":\"es-18062013 - Allgeier SE\",\"isPartOf\":{\"@id\":\"https:\\\/\\\/www.allgeier.com\\\/de\\\/#website\"},\"datePublished\":\"2013-06-16T10:20:10+00:00\",\"dateModified\":\"2015-03-13T10:21:03+00:00\",\"breadcrumb\":{\"@id\":\"https:\\\/\\\/www.allgeier.com\\\/de\\\/investor-relations\\\/adhoc-archives\\\/2013-2\\\/es-18062013\\\/#breadcrumb\"},\"inLanguage\":\"de\",\"potentialAction\":[{\"@type\":\"ReadAction\",\"target\":[\"https:\\\/\\\/www.allgeier.com\\\/de\\\/investor-relations\\\/adhoc-archives\\\/2013-2\\\/es-18062013\\\/\"]}]},{\"@type\":\"BreadcrumbList\",\"@id\":\"https:\\\/\\\/www.allgeier.com\\\/de\\\/investor-relations\\\/adhoc-archives\\\/2013-2\\\/es-18062013\\\/#breadcrumb\",\"itemListElement\":[{\"@type\":\"ListItem\",\"position\":1,\"name\":\"Home\",\"item\":\"https:\\\/\\\/www.allgeier.com\\\/de\\\/\"},{\"@type\":\"ListItem\",\"position\":2,\"name\":\"Investor Relations\",\"item\":\"https:\\\/\\\/www.allgeier.com\\\/de\\\/investor-relations\\\/\"},{\"@type\":\"ListItem\",\"position\":3,\"name\":\"Ad hoc-Archiv\",\"item\":\"https:\\\/\\\/www.allgeier.com\\\/de\\\/investor-relations\\\/adhoc-archives\\\/\"},{\"@type\":\"ListItem\",\"position\":4,\"name\":\"2013\",\"item\":\"https:\\\/\\\/www.allgeier.com\\\/de\\\/investor-relations\\\/adhoc-archives\\\/2013-2\\\/\"},{\"@type\":\"ListItem\",\"position\":5,\"name\":\"es-18062013\"}]},{\"@type\":\"WebSite\",\"@id\":\"https:\\\/\\\/www.allgeier.com\\\/de\\\/#website\",\"url\":\"https:\\\/\\\/www.allgeier.com\\\/de\\\/\",\"name\":\"Allgeier SE\",\"description\":\"Software &amp; IT Services for digital transformation\",\"potentialAction\":[{\"@type\":\"SearchAction\",\"target\":{\"@type\":\"EntryPoint\",\"urlTemplate\":\"https:\\\/\\\/www.allgeier.com\\\/de\\\/?s={search_term_string}\"},\"query-input\":{\"@type\":\"PropertyValueSpecification\",\"valueRequired\":true,\"valueName\":\"search_term_string\"}}],\"inLanguage\":\"de\"}]}<\/script>\n<!-- \/ Yoast SEO plugin. -->","yoast_head_json":{"title":"es-18062013 - Allgeier SE","robots":{"index":"index","follow":"follow","max-snippet":"max-snippet:-1","max-image-preview":"max-image-preview:large","max-video-preview":"max-video-preview:-1"},"canonical":"https:\/\/www.allgeier.com\/de\/investor-relations\/adhoc-archives\/2013-2\/es-18062013\/","og_locale":"de_DE","og_type":"article","og_title":"es-18062013 - Allgeier SE","og_description":"M\u00fcnchen, 18.06.2013 &#8211; Allgeier SE (ISIN DE0005086300, WKN 508630) setzt ihr Aktienr\u00fcckkaufprogramm fort. Dies hat der Vorstand der Gesellschaft in seiner heutigen Sitzung beschlossen. Das Programm l\u00e4uft zun\u00e4chst bis zum 31. Dezember 2013. Dem Beschluss liegt die von der Hauptversammlung am 17. Juni 2010 beschlossene Erm\u00e4chtigung zum Erwerb eigener Aktien gem\u00e4\u00df \u00a7 71 Abs. 1 &hellip;","og_url":"https:\/\/www.allgeier.com\/de\/investor-relations\/adhoc-archives\/2013-2\/es-18062013\/","og_site_name":"Allgeier SE","article_modified_time":"2015-03-13T10:21:03+00:00","twitter_card":"summary_large_image","twitter_misc":{"Gesch\u00e4tzte Lesezeit":"1\u00a0Minute"},"schema":{"@context":"https:\/\/schema.org","@graph":[{"@type":"WebPage","@id":"https:\/\/www.allgeier.com\/de\/investor-relations\/adhoc-archives\/2013-2\/es-18062013\/","url":"https:\/\/www.allgeier.com\/de\/investor-relations\/adhoc-archives\/2013-2\/es-18062013\/","name":"es-18062013 - Allgeier SE","isPartOf":{"@id":"https:\/\/www.allgeier.com\/de\/#website"},"datePublished":"2013-06-16T10:20:10+00:00","dateModified":"2015-03-13T10:21:03+00:00","breadcrumb":{"@id":"https:\/\/www.allgeier.com\/de\/investor-relations\/adhoc-archives\/2013-2\/es-18062013\/#breadcrumb"},"inLanguage":"de","potentialAction":[{"@type":"ReadAction","target":["https:\/\/www.allgeier.com\/de\/investor-relations\/adhoc-archives\/2013-2\/es-18062013\/"]}]},{"@type":"BreadcrumbList","@id":"https:\/\/www.allgeier.com\/de\/investor-relations\/adhoc-archives\/2013-2\/es-18062013\/#breadcrumb","itemListElement":[{"@type":"ListItem","position":1,"name":"Home","item":"https:\/\/www.allgeier.com\/de\/"},{"@type":"ListItem","position":2,"name":"Investor Relations","item":"https:\/\/www.allgeier.com\/de\/investor-relations\/"},{"@type":"ListItem","position":3,"name":"Ad hoc-Archiv","item":"https:\/\/www.allgeier.com\/de\/investor-relations\/adhoc-archives\/"},{"@type":"ListItem","position":4,"name":"2013","item":"https:\/\/www.allgeier.com\/de\/investor-relations\/adhoc-archives\/2013-2\/"},{"@type":"ListItem","position":5,"name":"es-18062013"}]},{"@type":"WebSite","@id":"https:\/\/www.allgeier.com\/de\/#website","url":"https:\/\/www.allgeier.com\/de\/","name":"Allgeier SE","description":"Software &amp; IT Services for digital transformation","potentialAction":[{"@type":"SearchAction","target":{"@type":"EntryPoint","urlTemplate":"https:\/\/www.allgeier.com\/de\/?s={search_term_string}"},"query-input":{"@type":"PropertyValueSpecification","valueRequired":true,"valueName":"search_term_string"}}],"inLanguage":"de"}]}},"_links":{"self":[{"href":"https:\/\/www.allgeier.com\/de\/wp-json\/wp\/v2\/pages\/1300","targetHints":{"allow":["GET"]}}],"collection":[{"href":"https:\/\/www.allgeier.com\/de\/wp-json\/wp\/v2\/pages"}],"about":[{"href":"https:\/\/www.allgeier.com\/de\/wp-json\/wp\/v2\/types\/page"}],"author":[{"embeddable":true,"href":"https:\/\/www.allgeier.com\/de\/wp-json\/wp\/v2\/users\/1"}],"replies":[{"embeddable":true,"href":"https:\/\/www.allgeier.com\/de\/wp-json\/wp\/v2\/comments?post=1300"}],"version-history":[{"count":0,"href":"https:\/\/www.allgeier.com\/de\/wp-json\/wp\/v2\/pages\/1300\/revisions"}],"up":[{"embeddable":true,"href":"https:\/\/www.allgeier.com\/de\/wp-json\/wp\/v2\/pages\/558"}],"wp:attachment":[{"href":"https:\/\/www.allgeier.com\/de\/wp-json\/wp\/v2\/media?parent=1300"}],"wp:term":[{"taxonomy":"category","embeddable":true,"href":"https:\/\/www.allgeier.com\/de\/wp-json\/wp\/v2\/categories?post=1300"},{"taxonomy":"post_tag","embeddable":true,"href":"https:\/\/www.allgeier.com\/de\/wp-json\/wp\/v2\/tags?post=1300"}],"curies":[{"name":"wp","href":"https:\/\/api.w.org\/{rel}","templated":true}]}}