{"id":1364,"date":"2014-07-01T11:08:43","date_gmt":"2014-07-01T11:08:43","guid":{"rendered":"http:\/\/www.allgeier.com\/de\/?page_id=1364"},"modified":"2025-02-05T18:19:44","modified_gmt":"2025-02-05T18:19:44","slug":"01072014-2","status":"publish","type":"page","link":"https:\/\/www.allgeier.com\/de\/pressroom\/press-releases\/01072014-2\/","title":{"rendered":"01072014"},"content":{"rendered":"<p><em>Innsbruck, 01. Juli 2014 &#8211;\u00a0<\/em><b>Der Softwarespezialist terna stattet den Bereich Kranvermietung &amp; Disposition der Felbermayr Gruppe mit einer neuen Unternehmenssoftware auf Basis von Infor M3 aus. Die ERP Branchenl\u00f6sung f\u00fcr serviceorientierte Unternehmen und Maschinenvermieter wird vorerst in \u00d6sterreich, Deutschland und Liechtenstein eingef\u00fchrt und in weiterer Folge auf die Niederlassungen in Osteuropa ausgerollt<\/b><\/p>\n<p>Die Felbermayr Unternehmensgruppe mit rund 2.800 Mitarbeitern und 26 operativen Tochtergesellschaften in Europa konzentriert sich auf die Gesch\u00e4ftsfelder Transport- und Hebetechnik sowie Hoch- und Tiefbau. Im Bereich Kranvermietung und Disposition arbeitet Felbermayr derzeit noch mit einer auf AS\/400 basierenden Speziall\u00f6sung, die \u00fcber manuelle Schnittstellen angebunden ist. Nachteile dieser Insell\u00f6sung sind der sehr hohe Programmieraufwand und die unzureichende Transparenz der Gesch\u00e4ftsprozesse.<\/p>\n<p>Mit Infor M3 entschied sich Felbermayr nun f\u00fcr die Einf\u00fchrung eines vollst\u00e4ndig integrierten ERP Systems f\u00fcr serviceorientierte Unternehmen und Maschinenvermieter. \u201eWir haben sehr schnell erkannt, dass nur wenige ERP L\u00f6sungen unsere komplexen Prozesse im Mietgesch\u00e4ft entsprechend abbilden k\u00f6nnen\u201c, schildert Mag. Alfred Feldbauer, Gesch\u00e4ftsf\u00fchrer der Felbermayr Holding GmbH, den Beginn des Auswahlverfahrens. \u201eAn Infor M3 hat uns die grafische Plantafel f\u00fcr die Disposition von Personal und Equipment besonders \u00fcberzeugt. Das gilt auch f\u00fcr die Flexibilit\u00e4t der Oberfl\u00e4che, die so weit reicht, dass sich jeder Mitarbeiter seine individuelle Bildschirmansicht selbst gestalten kann, was wiederum die Bearbeitungsgeschwindigkeit und die Freude am Arbeiten wesentlich steigert\u201c, so Feldbauer weiter.<\/p>\n<p>Die namhaften Referenzen haben die finale Entscheidung von Felbermayr f\u00fcr Infor M3 ma\u00dfgeblich beeinflusst. Infor M3 hat sich im Mietgesch\u00e4ft sehr gut etabliert: So setzen beispielsweise Hertz Equipment Rental &#8211; der gr\u00f6\u00dfte Maschinenvermieter der Welt, mehrere namhafte Caterpillar-H\u00e4ndler und der terna Kunde Eder GmbH Infor M3 bereits erfolgreich ein.<\/p>\n<p>Mit Infor M3, einer der weltweit f\u00fchrenden ERP L\u00f6sungen, setzt Felbermayr auf eine zukunftsf\u00e4hige Unternehmenssoftware, mit der alle Gesellschaften und Gesch\u00e4ftsfelder innerhalb der Gruppe unter dem Dach eines ERP Systems abgebildet werden k\u00f6nnen. Durch die Mehrstandort- und Mehrmandantenf\u00e4higkeit sowie die Mehrsprachigkeit eignet sich Infor M3 besonders f\u00fcr den internationalen Einsatz. Auch was die Wahl des Softwarepartners anbelangt, gibt sich Feldbauer zuversichtlich: \u201eMit terna haben wir uns f\u00fcr einen Partner entschieden, der versteht, wie unser Business funktioniert und auch die Kapazit\u00e4ten hat, ein ERP Projekt in unserer Gr\u00f6\u00dfenordnung erfolgreich zu realisieren.\u201c<\/p>\n<p><b>Felbermayr Holding GmbH<\/b><\/p>\n<p>Die Felbermayr Holding GmbH ist die Dachorganisation f\u00fcr 26 operative Tochtergesellschaften, deren T\u00e4tigkeitsschwerpunkte sich im Wesentlichen auf Transport- und Hebetechnik sowie Tief- und Hochbau konzentrieren. Mit 78 Standorten in 18 L\u00e4ndern ist die Firmengruppe Felbermayr europaweit vertreten, das Produktangebot, speziell im Transportbereich, wird aber auch weltweit erfolgreich vertrieben. Die Realisierung von bis ins kleinste Detail durchkonzipierten Komplettl\u00f6sungen z\u00e4hlt zu den gro\u00dfen St\u00e4rken des Unternehmens. Im Transportbereich liegt die Basis daf\u00fcr in der Integration der drei Verkehrswege Stra\u00dfe, Schiene und Wasser. Zum umfassenden Dienstleistungsangebot z\u00e4hlen weiters die Verbringung von Gro\u00dfanlagen bis zur kompletten Fundamentstellung sowie der Hafenumschlag und die Lagerung von Schwerstg\u00fctern. Aktuell besch\u00e4ftigt die Unternehmensgruppe Felbermayr rund 2.800 Fachkr\u00e4fte. Mit Spezialisierungen auf die Bereiche Spezialtransport, Mobilkran- und Arbeitsb\u00fchnenvermietung, Heavylifthandling sowie Tief- und Hochbau erwirtschaftete die Felbermayr Holding 2013 einen konsolidierten Nettoumsatz von rund 500 Millionen Euro. Erg\u00e4nzt wird die Leistungspalette durch den lokalen Vertrieb von Kies sowie die Bereiche Bauschuttrecycling und Abfallwirtschaft.<\/p>\n<p><a title=\"Felbermayr Holding GmbH\" href=\"http:\/\/www.felbermayr.cc\" target=\"_blank\"><b>www.felbermayr.cc<\/b><\/a><\/p>\n<p><b><br \/>\nterna GmbH &#8211; Zentrum f\u00fcr Business Software<\/b><\/p>\n<p>terna bietet Full Service rund um die Themenbereiche Business Software und Gesch\u00e4ftsprozess-Management im gehobenen Mittelstand. Als Tochtergesellschaft der Allgeier SE z\u00e4hlt terna zu den wichtigsten Anbietern von Business-Softwarel\u00f6sungen im gesamten deutschsprachigen Raum. Das Unternehmen mit Hauptsitz in Innsbruck besch\u00e4ftigt rund 220 Mitarbeiter an neun Standorten in \u00d6sterreich, Deutschland und der Schweiz. Zu den Kernkompetenzen z\u00e4hlen die Analyse und Optimierung von Gesch\u00e4ftsprozessen, die optimale Auswahl und Anpassung von Business Software sowie die Implementierung von international f\u00fchrenden ERP-, BI- und CRM-L\u00f6sungen. Mit jahrzehntelanger Projekterfahrung, professionellem Projektmanagement und umfangreichem Branchen-Know-how bietet terna Softwarel\u00f6sungen an, die speziell auf die Anforderungen der einzelnen Branchen zugeschnitten sind. Die terna Gruppe betreut aktuell \u00fcber 260 mittelst\u00e4ndische, meist international agierende Produktions-, Dienstleistungs- und Handelsunternehmen.<\/p>\n<p><b><a href=\"http:\/\/www.terna.com\">www.terna.com<\/a><\/b><\/p>\n","protected":false},"excerpt":{"rendered":"<p>Innsbruck, 01. Juli 2014 &#8211;\u00a0Der Softwarespezialist terna stattet den Bereich Kranvermietung &amp; Disposition der Felbermayr Gruppe mit einer neuen Unternehmenssoftware auf Basis von Infor M3 aus. Die ERP Branchenl\u00f6sung f\u00fcr serviceorientierte Unternehmen und Maschinenvermieter wird vorerst in \u00d6sterreich, Deutschland und Liechtenstein eingef\u00fchrt und in weiterer Folge auf die Niederlassungen in Osteuropa ausgerollt Die Felbermayr Unternehmensgruppe &hellip; <\/p>\n","protected":false},"author":1,"featured_media":0,"parent":1169,"menu_order":0,"comment_status":"open","ping_status":"open","template":"","meta":{"_acf_changed":false,"footnotes":""},"categories":[7],"tags":[],"class_list":["post-1364","page","type-page","status-publish","hentry","category-pressemitteilungen"],"acf":[],"yoast_head":"<!-- This site is optimized with the Yoast SEO plugin v27.4 - https:\/\/yoast.com\/product\/yoast-seo-wordpress\/ -->\n<title>01072014 - Allgeier SE<\/title>\n<meta name=\"robots\" content=\"index, follow, max-snippet:-1, max-image-preview:large, max-video-preview:-1\" \/>\n<link rel=\"canonical\" href=\"https:\/\/www.allgeier.com\/de\/pressroom\/press-releases\/01072014-2\/\" \/>\n<meta property=\"og:locale\" content=\"de_DE\" \/>\n<meta property=\"og:type\" content=\"article\" \/>\n<meta property=\"og:title\" content=\"01072014 - Allgeier SE\" \/>\n<meta property=\"og:description\" content=\"Innsbruck, 01. Juli 2014 &#8211;\u00a0Der Softwarespezialist terna stattet den Bereich Kranvermietung &amp; Disposition der Felbermayr Gruppe mit einer neuen Unternehmenssoftware auf Basis von Infor M3 aus. Die ERP Branchenl\u00f6sung f\u00fcr serviceorientierte Unternehmen und Maschinenvermieter wird vorerst in \u00d6sterreich, Deutschland und Liechtenstein eingef\u00fchrt und in weiterer Folge auf die Niederlassungen in Osteuropa ausgerollt Die Felbermayr Unternehmensgruppe &hellip;\" \/>\n<meta property=\"og:url\" content=\"https:\/\/www.allgeier.com\/de\/pressroom\/press-releases\/01072014-2\/\" \/>\n<meta property=\"og:site_name\" content=\"Allgeier SE\" \/>\n<meta property=\"article:modified_time\" content=\"2025-02-05T18:19:44+00:00\" \/>\n<meta name=\"twitter:card\" content=\"summary_large_image\" \/>\n<meta name=\"twitter:label1\" content=\"Gesch\u00e4tzte Lesezeit\" \/>\n\t<meta name=\"twitter:data1\" content=\"4\u00a0Minuten\" \/>\n<script type=\"application\/ld+json\" class=\"yoast-schema-graph\">{\"@context\":\"https:\\\/\\\/schema.org\",\"@graph\":[{\"@type\":\"WebPage\",\"@id\":\"https:\\\/\\\/www.allgeier.com\\\/de\\\/pressroom\\\/press-releases\\\/01072014-2\\\/\",\"url\":\"https:\\\/\\\/www.allgeier.com\\\/de\\\/pressroom\\\/press-releases\\\/01072014-2\\\/\",\"name\":\"01072014 - Allgeier SE\",\"isPartOf\":{\"@id\":\"https:\\\/\\\/www.allgeier.com\\\/de\\\/#website\"},\"datePublished\":\"2014-07-01T11:08:43+00:00\",\"dateModified\":\"2025-02-05T18:19:44+00:00\",\"breadcrumb\":{\"@id\":\"https:\\\/\\\/www.allgeier.com\\\/de\\\/pressroom\\\/press-releases\\\/01072014-2\\\/#breadcrumb\"},\"inLanguage\":\"de\",\"potentialAction\":[{\"@type\":\"ReadAction\",\"target\":[\"https:\\\/\\\/www.allgeier.com\\\/de\\\/pressroom\\\/press-releases\\\/01072014-2\\\/\"]}]},{\"@type\":\"BreadcrumbList\",\"@id\":\"https:\\\/\\\/www.allgeier.com\\\/de\\\/pressroom\\\/press-releases\\\/01072014-2\\\/#breadcrumb\",\"itemListElement\":[{\"@type\":\"ListItem\",\"position\":1,\"name\":\"Home\",\"item\":\"https:\\\/\\\/www.allgeier.com\\\/de\\\/\"},{\"@type\":\"ListItem\",\"position\":2,\"name\":\"Presse\",\"item\":\"https:\\\/\\\/www.allgeier.com\\\/de\\\/pressroom\\\/\"},{\"@type\":\"ListItem\",\"position\":3,\"name\":\"Pressemitteilungen\",\"item\":\"https:\\\/\\\/www.allgeier.com\\\/de\\\/pressroom\\\/press-releases\\\/\"},{\"@type\":\"ListItem\",\"position\":4,\"name\":\"01072014\"}]},{\"@type\":\"WebSite\",\"@id\":\"https:\\\/\\\/www.allgeier.com\\\/de\\\/#website\",\"url\":\"https:\\\/\\\/www.allgeier.com\\\/de\\\/\",\"name\":\"Allgeier SE\",\"description\":\"Software &amp; IT Services for digital transformation\",\"potentialAction\":[{\"@type\":\"SearchAction\",\"target\":{\"@type\":\"EntryPoint\",\"urlTemplate\":\"https:\\\/\\\/www.allgeier.com\\\/de\\\/?s={search_term_string}\"},\"query-input\":{\"@type\":\"PropertyValueSpecification\",\"valueRequired\":true,\"valueName\":\"search_term_string\"}}],\"inLanguage\":\"de\"}]}<\/script>\n<!-- \/ Yoast SEO plugin. -->","yoast_head_json":{"title":"01072014 - Allgeier SE","robots":{"index":"index","follow":"follow","max-snippet":"max-snippet:-1","max-image-preview":"max-image-preview:large","max-video-preview":"max-video-preview:-1"},"canonical":"https:\/\/www.allgeier.com\/de\/pressroom\/press-releases\/01072014-2\/","og_locale":"de_DE","og_type":"article","og_title":"01072014 - Allgeier SE","og_description":"Innsbruck, 01. Juli 2014 &#8211;\u00a0Der Softwarespezialist terna stattet den Bereich Kranvermietung &amp; Disposition der Felbermayr Gruppe mit einer neuen Unternehmenssoftware auf Basis von Infor M3 aus. Die ERP Branchenl\u00f6sung f\u00fcr serviceorientierte Unternehmen und Maschinenvermieter wird vorerst in \u00d6sterreich, Deutschland und Liechtenstein eingef\u00fchrt und in weiterer Folge auf die Niederlassungen in Osteuropa ausgerollt Die Felbermayr Unternehmensgruppe &hellip;","og_url":"https:\/\/www.allgeier.com\/de\/pressroom\/press-releases\/01072014-2\/","og_site_name":"Allgeier SE","article_modified_time":"2025-02-05T18:19:44+00:00","twitter_card":"summary_large_image","twitter_misc":{"Gesch\u00e4tzte Lesezeit":"4\u00a0Minuten"},"schema":{"@context":"https:\/\/schema.org","@graph":[{"@type":"WebPage","@id":"https:\/\/www.allgeier.com\/de\/pressroom\/press-releases\/01072014-2\/","url":"https:\/\/www.allgeier.com\/de\/pressroom\/press-releases\/01072014-2\/","name":"01072014 - Allgeier SE","isPartOf":{"@id":"https:\/\/www.allgeier.com\/de\/#website"},"datePublished":"2014-07-01T11:08:43+00:00","dateModified":"2025-02-05T18:19:44+00:00","breadcrumb":{"@id":"https:\/\/www.allgeier.com\/de\/pressroom\/press-releases\/01072014-2\/#breadcrumb"},"inLanguage":"de","potentialAction":[{"@type":"ReadAction","target":["https:\/\/www.allgeier.com\/de\/pressroom\/press-releases\/01072014-2\/"]}]},{"@type":"BreadcrumbList","@id":"https:\/\/www.allgeier.com\/de\/pressroom\/press-releases\/01072014-2\/#breadcrumb","itemListElement":[{"@type":"ListItem","position":1,"name":"Home","item":"https:\/\/www.allgeier.com\/de\/"},{"@type":"ListItem","position":2,"name":"Presse","item":"https:\/\/www.allgeier.com\/de\/pressroom\/"},{"@type":"ListItem","position":3,"name":"Pressemitteilungen","item":"https:\/\/www.allgeier.com\/de\/pressroom\/press-releases\/"},{"@type":"ListItem","position":4,"name":"01072014"}]},{"@type":"WebSite","@id":"https:\/\/www.allgeier.com\/de\/#website","url":"https:\/\/www.allgeier.com\/de\/","name":"Allgeier SE","description":"Software &amp; IT Services for digital transformation","potentialAction":[{"@type":"SearchAction","target":{"@type":"EntryPoint","urlTemplate":"https:\/\/www.allgeier.com\/de\/?s={search_term_string}"},"query-input":{"@type":"PropertyValueSpecification","valueRequired":true,"valueName":"search_term_string"}}],"inLanguage":"de"}]}},"_links":{"self":[{"href":"https:\/\/www.allgeier.com\/de\/wp-json\/wp\/v2\/pages\/1364","targetHints":{"allow":["GET"]}}],"collection":[{"href":"https:\/\/www.allgeier.com\/de\/wp-json\/wp\/v2\/pages"}],"about":[{"href":"https:\/\/www.allgeier.com\/de\/wp-json\/wp\/v2\/types\/page"}],"author":[{"embeddable":true,"href":"https:\/\/www.allgeier.com\/de\/wp-json\/wp\/v2\/users\/1"}],"replies":[{"embeddable":true,"href":"https:\/\/www.allgeier.com\/de\/wp-json\/wp\/v2\/comments?post=1364"}],"version-history":[{"count":0,"href":"https:\/\/www.allgeier.com\/de\/wp-json\/wp\/v2\/pages\/1364\/revisions"}],"up":[{"embeddable":true,"href":"https:\/\/www.allgeier.com\/de\/wp-json\/wp\/v2\/pages\/1169"}],"wp:attachment":[{"href":"https:\/\/www.allgeier.com\/de\/wp-json\/wp\/v2\/media?parent=1364"}],"wp:term":[{"taxonomy":"category","embeddable":true,"href":"https:\/\/www.allgeier.com\/de\/wp-json\/wp\/v2\/categories?post=1364"},{"taxonomy":"post_tag","embeddable":true,"href":"https:\/\/www.allgeier.com\/de\/wp-json\/wp\/v2\/tags?post=1364"}],"curies":[{"name":"wp","href":"https:\/\/api.w.org\/{rel}","templated":true}]}}