{"id":1829,"date":"2015-04-22T05:49:32","date_gmt":"2015-04-22T05:49:32","guid":{"rendered":"http:\/\/www.allgeier.com\/de\/?page_id=1829"},"modified":"2025-02-05T18:36:53","modified_gmt":"2025-02-05T18:36:53","slug":"es-22042015","status":"publish","type":"page","link":"https:\/\/www.allgeier.com\/de\/pressroom\/press-releases\/es-22042015\/","title":{"rendered":"es-22042015"},"content":{"rendered":"<p>Weiterer Ausbau und verst\u00e4rkte Internationalisierung der Allgeier IT Solutions AG durch international versierten Manager<\/p>\n<p><b>Bremen, <\/b><b>22. April 2015<\/b><b> \u2013 <\/b>Die Allgeier Gruppe verst\u00e4rkt mit Dr. Jens Stief, 44, den Ausbau und die Internationalisierung der IT-L\u00f6sungskompetenz. Als zweites Mitglied im Vorstand der Allgeier-Tochter Allgeier IT Solutions AG wird Dr. Jens Stief die AG auf Vorstandsebene repr\u00e4sentieren \u2013 zusammen mit dem Vorstandsmitglied Hubert Rohrer. Sein Studium des Wirtschaftsingenieurwesens hat Dr. Stief an der Technischen Universit\u00e4t Kaiserslautern abgeschlossen. Anschlie\u00dfend promovierte er an der University of California Los Angeles (UCLA) und an der TU Kaiserslautern mit Schwerpunkt Technology Management und International Management. Dr. Stief bekleidet seit 1999 F\u00fchrungspositionen in der IT-Industrie und hat den Wandel eines f\u00fchrenden deutschen Fachverlags zum integrierten softwarebasierten Informationsdienstleister verantwortet. In den vergangenen f\u00fcnf Jahren hat Dr. Stief die dynamische Expansion eines f\u00fchrenden deutschen Branchen-Software-Anbieters in Asien und Afrika vom Standort Kuala Lumpur aus geleitet.<\/p>\n<p>Dr. Stief ist verheiratet und Vater zweier Kinder. Zu den Hobbies des promovierten Kaufmanns z\u00e4hlen Geschichte und staatsb\u00fcrgerliches Engagement, Langstreckenlaufen und Tauchen.<\/p>\n<p>Dr. Stief wird seine nationale und internationale Expertise nutzen, um das dynamische Wachstum der Allgeier IT Solutions AG in bestehenden und neuen M\u00e4rkten voranzutreiben sowie neue L\u00f6sungsfelder zu er\u00f6ffnen. Die Allgeier Solutions AG entwickelt und vermarktet ganzheitliche L\u00f6sungen und Services in folgenden Bereichen: Cloud Solutions, Enterprise Content Management (ECM), Business Solutions (ERP), Business Process Management, HealthCare-IT, Compliance &amp; Security und Business Services.<\/p>\n<p>Dr. Jens Stiefs langj\u00e4hrige Management- und F\u00fchrungserfahrung, seine Internationalit\u00e4t, sein Beziehungsnetz wie seine Vertriebs- und L\u00f6sungsexpertise bilden eine ideale Grundlage, diese Allgeier-L\u00f6sungen speziell im internationalen Umfeld zu platzieren. Diese Voraussetzungen pr\u00e4destinieren Dr. Stief dazu, neue Kundengruppen zu erschlie\u00dfen sowie das Portfolio an Konzernunternehmen zu erweitern.<\/p>\n<p>\u201eIch freue mich, meine Expertise und meine Energie bei Allgeier einbringen zu k\u00f6nnen, um sein internationales Gesch\u00e4ft auszubauen, neue L\u00f6sungsangebote zu gestalten sowie weitere Unternehmen zur Erg\u00e4nzung des Portfolios zu integrieren\u201c, erkl\u00e4rt Dr. Jens Stief.<\/p>\n<p>\u201eWir verstehen uns als ganzheitlicher Partner unserer Kunden und unterst\u00fctzen sie dabei, ihre Gesch\u00e4ftsstrategien zu realisieren und Effizienz-Potenziale zu heben. Mit Dr. Jens Stief haben wir eine profilierte F\u00fchrungspers\u00f6nlichkeit f\u00fcr den Vorstand gefunden, der dieses Gesch\u00e4ftsverst\u00e4ndnis par excellence mitbringt. Mit ihm werde ich die Gesch\u00e4ftsstrategie der Allgeier IT Solutions weiterentwickeln und unsere Akquisitionsstrategie konsequent umsetzen\u201c, so Hubert Rohrer, Vorstand der Allgeier Gruppe.<\/p>\n<p><b>\u00dcber Allgeier IT Solutions AG<\/b><\/p>\n<p>Die Allgeier IT Solutions AG hat sich auf die Entwicklung, Vermarktung und Umsetzung ganzheitlicher L\u00f6sungen und Services in folgenden Bereichen spezialisiert:<\/p>\n<ul>\n<li>Cloud Solutions<\/li>\n<li>Enterprise Content Management (ECM)<\/li>\n<li>Business Solutions (ERP)<\/li>\n<li>Business Process Management<\/li>\n<li>HealthCare-IT, Compliance &amp; Security, Business Services<\/li>\n<\/ul>\n<p>Die Allgeier IT Solutions AG mit Sitz in Bremen hat deutschlandweit eigene Standorte sowie Dependancen in \u00d6sterreich und Polen. Sie ist Teil der b\u00f6rsennotierten Allgeier SE. Das umfassende Leistungsspektrum von vollst\u00e4ndig integrierten IT L\u00f6sungen und IT Services aus einer Hand macht Allgeier IT Solutions zu einem kompetenten und zuverl\u00e4ssigen IT Partner f\u00fcr mittelst\u00e4ndische und gro\u00dfe Unternehmen. Zu den vollst\u00e4ndig integrierten IT L\u00f6sungen, die Allgeier IT Solutions anbietet, z\u00e4hlen beispielsweise:<\/p>\n<ul>\n<li>scanview (ECM)<\/li>\n<li>die Microsoft-L\u00f6sungen SharePoint, Lync, NAV und CRM<\/li>\n<li>Security L\u00f6sungen wie JULIA MailOffice (E-Mail-Security)<\/li>\n<\/ul>\n<p>Das fl\u00e4chendeckende Vertriebs- und Servicenetz wird erg\u00e4nzt durch ein europaweites Partnernetzwerk. Die Muttergesellschaft, die Allgeier SE, erwirtschaftete einen Umsatz von 478 Mio. EUR und verf\u00fcgt \u00fcber mehr als 100 Standorte in Europa, Asien und Amerika.<\/p>\n<p><img loading=\"lazy\" decoding=\"async\" class=\"newsImage\" title=\"Profilierte F\u00fchrungspers\u00f6nlichkeit: Dr. Jens Stief soll die Gesch\u00e4ftsstrategie der Allgeier IT Solutions weiterentwickeln und die Akquisitionsstrategie konsequent umsetzen.\" src=\"http:\/\/www.allgeier-it.de\/unternehmen\/presse\/pressemitteilungen\/allgeier-it-solutions-verstaerkt-vorstand-mit-dr-jens-stief\/image_mini\" alt=\"Allgeier IT Solutions verst\u00e4rkt Vorstand mit Dr. Jens Stief\" width=\"200\" height=\"162\" \/><\/p>\n","protected":false},"excerpt":{"rendered":"<p>Weiterer Ausbau und verst\u00e4rkte Internationalisierung der Allgeier IT Solutions AG durch international versierten Manager Bremen, 22. April 2015 \u2013 Die Allgeier Gruppe verst\u00e4rkt mit Dr. Jens Stief, 44, den Ausbau und die Internationalisierung der IT-L\u00f6sungskompetenz. Als zweites Mitglied im Vorstand der Allgeier-Tochter Allgeier IT Solutions AG wird Dr. Jens Stief die AG auf Vorstandsebene repr\u00e4sentieren &hellip; <\/p>\n","protected":false},"author":1,"featured_media":0,"parent":1169,"menu_order":0,"comment_status":"open","ping_status":"open","template":"","meta":{"_acf_changed":false,"footnotes":""},"categories":[7],"tags":[],"class_list":["post-1829","page","type-page","status-publish","hentry","category-pressemitteilungen"],"acf":[],"yoast_head":"<!-- This site is optimized with the Yoast SEO plugin v27.4 - https:\/\/yoast.com\/product\/yoast-seo-wordpress\/ -->\n<title>es-22042015 - Allgeier SE<\/title>\n<meta name=\"robots\" content=\"index, follow, max-snippet:-1, max-image-preview:large, max-video-preview:-1\" \/>\n<link rel=\"canonical\" href=\"https:\/\/www.allgeier.com\/de\/pressroom\/press-releases\/es-22042015\/\" \/>\n<meta property=\"og:locale\" content=\"de_DE\" \/>\n<meta property=\"og:type\" content=\"article\" \/>\n<meta property=\"og:title\" content=\"es-22042015 - Allgeier SE\" \/>\n<meta property=\"og:description\" content=\"Weiterer Ausbau und verst\u00e4rkte Internationalisierung der Allgeier IT Solutions AG durch international versierten Manager Bremen, 22. April 2015 \u2013 Die Allgeier Gruppe verst\u00e4rkt mit Dr. Jens Stief, 44, den Ausbau und die Internationalisierung der IT-L\u00f6sungskompetenz. Als zweites Mitglied im Vorstand der Allgeier-Tochter Allgeier IT Solutions AG wird Dr. Jens Stief die AG auf Vorstandsebene repr\u00e4sentieren &hellip;\" \/>\n<meta property=\"og:url\" content=\"https:\/\/www.allgeier.com\/de\/pressroom\/press-releases\/es-22042015\/\" \/>\n<meta property=\"og:site_name\" content=\"Allgeier SE\" \/>\n<meta property=\"article:modified_time\" content=\"2025-02-05T18:36:53+00:00\" \/>\n<meta property=\"og:image\" content=\"http:\/\/www.allgeier-it.de\/unternehmen\/presse\/pressemitteilungen\/allgeier-it-solutions-verstaerkt-vorstand-mit-dr-jens-stief\/image_mini\" \/>\n<meta name=\"twitter:card\" content=\"summary_large_image\" \/>\n<meta name=\"twitter:label1\" content=\"Gesch\u00e4tzte Lesezeit\" \/>\n\t<meta name=\"twitter:data1\" content=\"3\u00a0Minuten\" \/>\n<script type=\"application\/ld+json\" class=\"yoast-schema-graph\">{\"@context\":\"https:\\\/\\\/schema.org\",\"@graph\":[{\"@type\":\"WebPage\",\"@id\":\"https:\\\/\\\/www.allgeier.com\\\/de\\\/pressroom\\\/press-releases\\\/es-22042015\\\/\",\"url\":\"https:\\\/\\\/www.allgeier.com\\\/de\\\/pressroom\\\/press-releases\\\/es-22042015\\\/\",\"name\":\"es-22042015 - Allgeier SE\",\"isPartOf\":{\"@id\":\"https:\\\/\\\/www.allgeier.com\\\/de\\\/#website\"},\"primaryImageOfPage\":{\"@id\":\"https:\\\/\\\/www.allgeier.com\\\/de\\\/pressroom\\\/press-releases\\\/es-22042015\\\/#primaryimage\"},\"image\":{\"@id\":\"https:\\\/\\\/www.allgeier.com\\\/de\\\/pressroom\\\/press-releases\\\/es-22042015\\\/#primaryimage\"},\"thumbnailUrl\":\"http:\\\/\\\/www.allgeier-it.de\\\/unternehmen\\\/presse\\\/pressemitteilungen\\\/allgeier-it-solutions-verstaerkt-vorstand-mit-dr-jens-stief\\\/image_mini\",\"datePublished\":\"2015-04-22T05:49:32+00:00\",\"dateModified\":\"2025-02-05T18:36:53+00:00\",\"breadcrumb\":{\"@id\":\"https:\\\/\\\/www.allgeier.com\\\/de\\\/pressroom\\\/press-releases\\\/es-22042015\\\/#breadcrumb\"},\"inLanguage\":\"de\",\"potentialAction\":[{\"@type\":\"ReadAction\",\"target\":[\"https:\\\/\\\/www.allgeier.com\\\/de\\\/pressroom\\\/press-releases\\\/es-22042015\\\/\"]}]},{\"@type\":\"ImageObject\",\"inLanguage\":\"de\",\"@id\":\"https:\\\/\\\/www.allgeier.com\\\/de\\\/pressroom\\\/press-releases\\\/es-22042015\\\/#primaryimage\",\"url\":\"http:\\\/\\\/www.allgeier-it.de\\\/unternehmen\\\/presse\\\/pressemitteilungen\\\/allgeier-it-solutions-verstaerkt-vorstand-mit-dr-jens-stief\\\/image_mini\",\"contentUrl\":\"http:\\\/\\\/www.allgeier-it.de\\\/unternehmen\\\/presse\\\/pressemitteilungen\\\/allgeier-it-solutions-verstaerkt-vorstand-mit-dr-jens-stief\\\/image_mini\"},{\"@type\":\"BreadcrumbList\",\"@id\":\"https:\\\/\\\/www.allgeier.com\\\/de\\\/pressroom\\\/press-releases\\\/es-22042015\\\/#breadcrumb\",\"itemListElement\":[{\"@type\":\"ListItem\",\"position\":1,\"name\":\"Home\",\"item\":\"https:\\\/\\\/www.allgeier.com\\\/de\\\/\"},{\"@type\":\"ListItem\",\"position\":2,\"name\":\"Presse\",\"item\":\"https:\\\/\\\/www.allgeier.com\\\/de\\\/pressroom\\\/\"},{\"@type\":\"ListItem\",\"position\":3,\"name\":\"Pressemitteilungen\",\"item\":\"https:\\\/\\\/www.allgeier.com\\\/de\\\/pressroom\\\/press-releases\\\/\"},{\"@type\":\"ListItem\",\"position\":4,\"name\":\"es-22042015\"}]},{\"@type\":\"WebSite\",\"@id\":\"https:\\\/\\\/www.allgeier.com\\\/de\\\/#website\",\"url\":\"https:\\\/\\\/www.allgeier.com\\\/de\\\/\",\"name\":\"Allgeier SE\",\"description\":\"Software &amp; IT Services for digital transformation\",\"potentialAction\":[{\"@type\":\"SearchAction\",\"target\":{\"@type\":\"EntryPoint\",\"urlTemplate\":\"https:\\\/\\\/www.allgeier.com\\\/de\\\/?s={search_term_string}\"},\"query-input\":{\"@type\":\"PropertyValueSpecification\",\"valueRequired\":true,\"valueName\":\"search_term_string\"}}],\"inLanguage\":\"de\"}]}<\/script>\n<!-- \/ Yoast SEO plugin. -->","yoast_head_json":{"title":"es-22042015 - Allgeier SE","robots":{"index":"index","follow":"follow","max-snippet":"max-snippet:-1","max-image-preview":"max-image-preview:large","max-video-preview":"max-video-preview:-1"},"canonical":"https:\/\/www.allgeier.com\/de\/pressroom\/press-releases\/es-22042015\/","og_locale":"de_DE","og_type":"article","og_title":"es-22042015 - Allgeier SE","og_description":"Weiterer Ausbau und verst\u00e4rkte Internationalisierung der Allgeier IT Solutions AG durch international versierten Manager Bremen, 22. April 2015 \u2013 Die Allgeier Gruppe verst\u00e4rkt mit Dr. Jens Stief, 44, den Ausbau und die Internationalisierung der IT-L\u00f6sungskompetenz. Als zweites Mitglied im Vorstand der Allgeier-Tochter Allgeier IT Solutions AG wird Dr. Jens Stief die AG auf Vorstandsebene repr\u00e4sentieren &hellip;","og_url":"https:\/\/www.allgeier.com\/de\/pressroom\/press-releases\/es-22042015\/","og_site_name":"Allgeier SE","article_modified_time":"2025-02-05T18:36:53+00:00","og_image":[{"url":"http:\/\/www.allgeier-it.de\/unternehmen\/presse\/pressemitteilungen\/allgeier-it-solutions-verstaerkt-vorstand-mit-dr-jens-stief\/image_mini","type":"","width":"","height":""}],"twitter_card":"summary_large_image","twitter_misc":{"Gesch\u00e4tzte Lesezeit":"3\u00a0Minuten"},"schema":{"@context":"https:\/\/schema.org","@graph":[{"@type":"WebPage","@id":"https:\/\/www.allgeier.com\/de\/pressroom\/press-releases\/es-22042015\/","url":"https:\/\/www.allgeier.com\/de\/pressroom\/press-releases\/es-22042015\/","name":"es-22042015 - Allgeier SE","isPartOf":{"@id":"https:\/\/www.allgeier.com\/de\/#website"},"primaryImageOfPage":{"@id":"https:\/\/www.allgeier.com\/de\/pressroom\/press-releases\/es-22042015\/#primaryimage"},"image":{"@id":"https:\/\/www.allgeier.com\/de\/pressroom\/press-releases\/es-22042015\/#primaryimage"},"thumbnailUrl":"http:\/\/www.allgeier-it.de\/unternehmen\/presse\/pressemitteilungen\/allgeier-it-solutions-verstaerkt-vorstand-mit-dr-jens-stief\/image_mini","datePublished":"2015-04-22T05:49:32+00:00","dateModified":"2025-02-05T18:36:53+00:00","breadcrumb":{"@id":"https:\/\/www.allgeier.com\/de\/pressroom\/press-releases\/es-22042015\/#breadcrumb"},"inLanguage":"de","potentialAction":[{"@type":"ReadAction","target":["https:\/\/www.allgeier.com\/de\/pressroom\/press-releases\/es-22042015\/"]}]},{"@type":"ImageObject","inLanguage":"de","@id":"https:\/\/www.allgeier.com\/de\/pressroom\/press-releases\/es-22042015\/#primaryimage","url":"http:\/\/www.allgeier-it.de\/unternehmen\/presse\/pressemitteilungen\/allgeier-it-solutions-verstaerkt-vorstand-mit-dr-jens-stief\/image_mini","contentUrl":"http:\/\/www.allgeier-it.de\/unternehmen\/presse\/pressemitteilungen\/allgeier-it-solutions-verstaerkt-vorstand-mit-dr-jens-stief\/image_mini"},{"@type":"BreadcrumbList","@id":"https:\/\/www.allgeier.com\/de\/pressroom\/press-releases\/es-22042015\/#breadcrumb","itemListElement":[{"@type":"ListItem","position":1,"name":"Home","item":"https:\/\/www.allgeier.com\/de\/"},{"@type":"ListItem","position":2,"name":"Presse","item":"https:\/\/www.allgeier.com\/de\/pressroom\/"},{"@type":"ListItem","position":3,"name":"Pressemitteilungen","item":"https:\/\/www.allgeier.com\/de\/pressroom\/press-releases\/"},{"@type":"ListItem","position":4,"name":"es-22042015"}]},{"@type":"WebSite","@id":"https:\/\/www.allgeier.com\/de\/#website","url":"https:\/\/www.allgeier.com\/de\/","name":"Allgeier SE","description":"Software &amp; IT Services for digital transformation","potentialAction":[{"@type":"SearchAction","target":{"@type":"EntryPoint","urlTemplate":"https:\/\/www.allgeier.com\/de\/?s={search_term_string}"},"query-input":{"@type":"PropertyValueSpecification","valueRequired":true,"valueName":"search_term_string"}}],"inLanguage":"de"}]}},"_links":{"self":[{"href":"https:\/\/www.allgeier.com\/de\/wp-json\/wp\/v2\/pages\/1829","targetHints":{"allow":["GET"]}}],"collection":[{"href":"https:\/\/www.allgeier.com\/de\/wp-json\/wp\/v2\/pages"}],"about":[{"href":"https:\/\/www.allgeier.com\/de\/wp-json\/wp\/v2\/types\/page"}],"author":[{"embeddable":true,"href":"https:\/\/www.allgeier.com\/de\/wp-json\/wp\/v2\/users\/1"}],"replies":[{"embeddable":true,"href":"https:\/\/www.allgeier.com\/de\/wp-json\/wp\/v2\/comments?post=1829"}],"version-history":[{"count":1,"href":"https:\/\/www.allgeier.com\/de\/wp-json\/wp\/v2\/pages\/1829\/revisions"}],"predecessor-version":[{"id":6171,"href":"https:\/\/www.allgeier.com\/de\/wp-json\/wp\/v2\/pages\/1829\/revisions\/6171"}],"up":[{"embeddable":true,"href":"https:\/\/www.allgeier.com\/de\/wp-json\/wp\/v2\/pages\/1169"}],"wp:attachment":[{"href":"https:\/\/www.allgeier.com\/de\/wp-json\/wp\/v2\/media?parent=1829"}],"wp:term":[{"taxonomy":"category","embeddable":true,"href":"https:\/\/www.allgeier.com\/de\/wp-json\/wp\/v2\/categories?post=1829"},{"taxonomy":"post_tag","embeddable":true,"href":"https:\/\/www.allgeier.com\/de\/wp-json\/wp\/v2\/tags?post=1829"}],"curies":[{"name":"wp","href":"https:\/\/api.w.org\/{rel}","templated":true}]}}