{"id":1969,"date":"2015-07-15T11:46:07","date_gmt":"2015-07-15T11:46:07","guid":{"rendered":"http:\/\/www.allgeier.com\/de\/?page_id=1969"},"modified":"2025-02-05T18:36:53","modified_gmt":"2025-02-05T18:36:53","slug":"es-15072015","status":"publish","type":"page","link":"https:\/\/www.allgeier.com\/de\/pressroom\/press-releases\/es-15072015\/","title":{"rendered":"es-15072015"},"content":{"rendered":"<p><strong>Bremen, 15. Juli 2015<\/strong><em> &#8211; <\/em>Die Allgeier IT Solutions AG gibt mit dem heutigen Tag die Verst\u00e4rkung der Gesch\u00e4ftsf\u00fchrung der Enterprise Content Management (ECM) Sparte bekannt. Mit Stefan Schwane als weiteren Gesch\u00e4ftsf\u00fchrer der Allgeier IT Solutions GmbH baut Allgeier seine ECM-Vertriebs- und Projektkompetenz seit dem 1. Juli 2015 divisions\u00fcbergreifend weiter aus. Die Allgeier ECM-Suite beinhaltet L\u00f6sungen zum Scannen, zum OCR, zur Dokumenteneingangsverarbeitung sowie zum Indizieren, Kategorisieren, Archivieren und f\u00fcr das Management dieser Dokumente. Auch die Workflowinitiierung an weiterverarbeitende Systeme, wie etwa ERP, sind damit m\u00f6glich.<\/p>\n<p><img loading=\"lazy\" decoding=\"async\" class=\"newsImage alignleft\" title=\"\" src=\"http:\/\/www.allgeier-it.de\/unternehmen\/presse\/pressemitteilungen\/stefan-schwane-verstaerkt-geschaeftsfuehrung-der-ecm-sparte-der-allgeier-it-solutions\/image_mini\" alt=\"Stefan Schwane verst\u00e4rkt Gesch\u00e4ftsf\u00fchrung der ECM Sparte der Allgeier IT Solutions  \" width=\"200\" height=\"129\" \/><\/p>\n<p>Stefan Schwane blickt auf mehr als 15 Jahre Erfahrung in der ECM-Branche in den Bereichen Beratung, Vertriebsleitung, Business Development, Projektmanagement sowie Gesch\u00e4ftsleitung zur\u00fcck und wird die Wettbewerbsf\u00e4higkeit der Division in diesem Umfeld st\u00e4rken. Sein Fokus liegt auf der Ausarbeitung von ECM-Strategien und deren Umsetzung bei den Bestands- und Neukunden sowie auf der Unterst\u00fctzung der Partnerunternehmen in der DACH-Region.<\/p>\n<p>Allgeier IT Solutions gilt in der Branche seit langem als Vorreiter im Enterprise Content Management und bietet mit seinen eingef\u00fchrten L\u00f6sungen smart.CAPTURE und scanview ebenso einfache wie leistungsstarke Dokumenten-Management L\u00f6sungen. S\u00e4mtliche ein- und ausgehenden Unternehmensinformationen werden zu einer strukturierten Wissensquelle vereint\u2013 dies gilt sowohl f\u00fcr strukturierte Daten aus zentralen ERP-Systemen wie f\u00fcr unstrukturierte Dokumente der Kunden, Lieferanten, Partner und Mitarbeiter. Ein moderner Workflow, der von Schl\u00fcsselanwendern, ganz ohne IT-Beteiligung, definiert und ver\u00e4ndert werden kann, tr\u00e4gt sp\u00fcrbar zur Unterst\u00fctzung der\u00a0kaufm\u00e4nnischen Prozesse bei und sorgt f\u00fcr ein forciertes Weiterleiten zu den weiterverarbeitenden Systemen, wie beispielsweise ERP.<\/p>\n<p>&#8222;Allgeier bietet eine innovative und ganzheitliche ECM-Suite an, die L\u00f6sungen f\u00fcr das Dokumenten-Management und das Business Process Management beinhaltet\u201c erkl\u00e4rt Stefan Schwane. \u201cMit den Kollegen der Divisionsgesellschaften m\u00f6chte ich au\u00dferdem Software-L\u00f6sungen aufbauen, die besonders nahe an konkreten Aufgabenstellungen unserer Kunden liegen und daher besonders schnell zu Verbesserungseffekten mit geringen Projektaufw\u00e4nden f\u00fchren.&#8220;, erl\u00e4utert Herr Schwane seine Ziele.<\/p>\n<p><b>\u00dcber Allgeier IT Solutions AG<\/b><\/p>\n<p>Die Allgeier IT Solutions AG hat sich auf die Entwicklung, Vermarktung und Umsetzung ganzheitlicher L\u00f6sungen und Services in folgenden Bereichen spezialisiert:<\/p>\n<ul>\n<li>Cloud Solutions<\/li>\n<li>Enterprise Content Management (ECM)<\/li>\n<li>Business Solutions (ERP)<\/li>\n<li>Business Process Management<\/li>\n<li>HealthCare-IT, Compliance &amp; Security, Business Services<\/li>\n<\/ul>\n<p>Die Allgeier IT Solutions AG mit Sitz in Bremen hat deutschlandweit eigene Standorte sowie Dependancen in \u00d6sterreich und Polen. Sie ist Teil der b\u00f6rsennotierten Allgeier SE. Das umfassende Leistungsspektrum von vollst\u00e4ndig integrierten IT L\u00f6sungen und IT Services aus einer Hand macht Allgeier IT Solutions zu einem kompetenten und zuverl\u00e4ssigen IT-Partner f\u00fcr mittelst\u00e4ndische und gro\u00dfe Unternehmen. Zu den vollst\u00e4ndig integrierten IT L\u00f6sungen, die Allgeier IT Solutions anbietet, z\u00e4hlen beispielsweise:<\/p>\n<ul>\n<li>scanview (ECM)<\/li>\n<li>die Microsoft-L\u00f6sungen SharePoint, Lync, NAV und CRM<\/li>\n<li>Security L\u00f6sungen wie JULIA MailOffice (E-Mail-Security)<\/li>\n<\/ul>\n<p>Das fl\u00e4chendeckende Vertriebs- und Servicenetz wird erg\u00e4nzt durch ein europaweites Partnernetzwerk. Die Muttergesellschaft, die Allgeier SE, erwirtschaftete einen Umsatz von 428 Mio. EUR (fortgef\u00fchrtes Gesch\u00e4ft 2014) und verf\u00fcgt \u00fcber mehr als 100 Standorte in Europa, Asien und Amerika.<\/p>\n<p><a title=\"Allgeier IT Solutions\" href=\"http:\/\/www.allgeier-it.de\" target=\"_blank\"><img loading=\"lazy\" decoding=\"async\" class=\"alignnone  wp-image-1814\" src=\"https:\/\/www.allgeier.com\/de\/wp-content\/uploads\/sites\/3\/2015\/04\/Allgeier-solution-ag.png\" alt=\"Allgeier-solution-ag\" width=\"228\" height=\"62\" \/><\/a><\/p>\n","protected":false},"excerpt":{"rendered":"<p>Bremen, 15. Juli 2015 &#8211; Die Allgeier IT Solutions AG gibt mit dem heutigen Tag die Verst\u00e4rkung der Gesch\u00e4ftsf\u00fchrung der Enterprise Content Management (ECM) Sparte bekannt. Mit Stefan Schwane als weiteren Gesch\u00e4ftsf\u00fchrer der Allgeier IT Solutions GmbH baut Allgeier seine ECM-Vertriebs- und Projektkompetenz seit dem 1. Juli 2015 divisions\u00fcbergreifend weiter aus. Die Allgeier ECM-Suite beinhaltet &hellip; <\/p>\n","protected":false},"author":5,"featured_media":0,"parent":1169,"menu_order":0,"comment_status":"open","ping_status":"open","template":"","meta":{"_acf_changed":false,"footnotes":""},"categories":[7],"tags":[],"class_list":["post-1969","page","type-page","status-publish","hentry","category-pressemitteilungen"],"acf":[],"yoast_head":"<!-- This site is optimized with the Yoast SEO plugin v27.4 - https:\/\/yoast.com\/product\/yoast-seo-wordpress\/ -->\n<title>es-15072015 - Allgeier SE<\/title>\n<meta name=\"robots\" content=\"index, follow, max-snippet:-1, max-image-preview:large, max-video-preview:-1\" \/>\n<link rel=\"canonical\" href=\"https:\/\/www.allgeier.com\/de\/pressroom\/press-releases\/es-15072015\/\" \/>\n<meta property=\"og:locale\" content=\"de_DE\" \/>\n<meta property=\"og:type\" content=\"article\" \/>\n<meta property=\"og:title\" content=\"es-15072015 - Allgeier SE\" \/>\n<meta property=\"og:description\" content=\"Bremen, 15. Juli 2015 &#8211; Die Allgeier IT Solutions AG gibt mit dem heutigen Tag die Verst\u00e4rkung der Gesch\u00e4ftsf\u00fchrung der Enterprise Content Management (ECM) Sparte bekannt. Mit Stefan Schwane als weiteren Gesch\u00e4ftsf\u00fchrer der Allgeier IT Solutions GmbH baut Allgeier seine ECM-Vertriebs- und Projektkompetenz seit dem 1. Juli 2015 divisions\u00fcbergreifend weiter aus. Die Allgeier ECM-Suite beinhaltet &hellip;\" \/>\n<meta property=\"og:url\" content=\"https:\/\/www.allgeier.com\/de\/pressroom\/press-releases\/es-15072015\/\" \/>\n<meta property=\"og:site_name\" content=\"Allgeier SE\" \/>\n<meta property=\"article:modified_time\" content=\"2025-02-05T18:36:53+00:00\" \/>\n<meta property=\"og:image\" content=\"http:\/\/www.allgeier-it.de\/unternehmen\/presse\/pressemitteilungen\/stefan-schwane-verstaerkt-geschaeftsfuehrung-der-ecm-sparte-der-allgeier-it-solutions\/image_mini\" \/>\n<meta name=\"twitter:card\" content=\"summary_large_image\" \/>\n<meta name=\"twitter:label1\" content=\"Gesch\u00e4tzte Lesezeit\" \/>\n\t<meta name=\"twitter:data1\" content=\"3\u00a0Minuten\" \/>\n<script type=\"application\/ld+json\" class=\"yoast-schema-graph\">{\"@context\":\"https:\\\/\\\/schema.org\",\"@graph\":[{\"@type\":\"WebPage\",\"@id\":\"https:\\\/\\\/www.allgeier.com\\\/de\\\/pressroom\\\/press-releases\\\/es-15072015\\\/\",\"url\":\"https:\\\/\\\/www.allgeier.com\\\/de\\\/pressroom\\\/press-releases\\\/es-15072015\\\/\",\"name\":\"es-15072015 - Allgeier SE\",\"isPartOf\":{\"@id\":\"https:\\\/\\\/www.allgeier.com\\\/de\\\/#website\"},\"primaryImageOfPage\":{\"@id\":\"https:\\\/\\\/www.allgeier.com\\\/de\\\/pressroom\\\/press-releases\\\/es-15072015\\\/#primaryimage\"},\"image\":{\"@id\":\"https:\\\/\\\/www.allgeier.com\\\/de\\\/pressroom\\\/press-releases\\\/es-15072015\\\/#primaryimage\"},\"thumbnailUrl\":\"http:\\\/\\\/www.allgeier-it.de\\\/unternehmen\\\/presse\\\/pressemitteilungen\\\/stefan-schwane-verstaerkt-geschaeftsfuehrung-der-ecm-sparte-der-allgeier-it-solutions\\\/image_mini\",\"datePublished\":\"2015-07-15T11:46:07+00:00\",\"dateModified\":\"2025-02-05T18:36:53+00:00\",\"breadcrumb\":{\"@id\":\"https:\\\/\\\/www.allgeier.com\\\/de\\\/pressroom\\\/press-releases\\\/es-15072015\\\/#breadcrumb\"},\"inLanguage\":\"de\",\"potentialAction\":[{\"@type\":\"ReadAction\",\"target\":[\"https:\\\/\\\/www.allgeier.com\\\/de\\\/pressroom\\\/press-releases\\\/es-15072015\\\/\"]}]},{\"@type\":\"ImageObject\",\"inLanguage\":\"de\",\"@id\":\"https:\\\/\\\/www.allgeier.com\\\/de\\\/pressroom\\\/press-releases\\\/es-15072015\\\/#primaryimage\",\"url\":\"http:\\\/\\\/www.allgeier-it.de\\\/unternehmen\\\/presse\\\/pressemitteilungen\\\/stefan-schwane-verstaerkt-geschaeftsfuehrung-der-ecm-sparte-der-allgeier-it-solutions\\\/image_mini\",\"contentUrl\":\"http:\\\/\\\/www.allgeier-it.de\\\/unternehmen\\\/presse\\\/pressemitteilungen\\\/stefan-schwane-verstaerkt-geschaeftsfuehrung-der-ecm-sparte-der-allgeier-it-solutions\\\/image_mini\"},{\"@type\":\"BreadcrumbList\",\"@id\":\"https:\\\/\\\/www.allgeier.com\\\/de\\\/pressroom\\\/press-releases\\\/es-15072015\\\/#breadcrumb\",\"itemListElement\":[{\"@type\":\"ListItem\",\"position\":1,\"name\":\"Home\",\"item\":\"https:\\\/\\\/www.allgeier.com\\\/de\\\/\"},{\"@type\":\"ListItem\",\"position\":2,\"name\":\"Presse\",\"item\":\"https:\\\/\\\/www.allgeier.com\\\/de\\\/pressroom\\\/\"},{\"@type\":\"ListItem\",\"position\":3,\"name\":\"Pressemitteilungen\",\"item\":\"https:\\\/\\\/www.allgeier.com\\\/de\\\/pressroom\\\/press-releases\\\/\"},{\"@type\":\"ListItem\",\"position\":4,\"name\":\"es-15072015\"}]},{\"@type\":\"WebSite\",\"@id\":\"https:\\\/\\\/www.allgeier.com\\\/de\\\/#website\",\"url\":\"https:\\\/\\\/www.allgeier.com\\\/de\\\/\",\"name\":\"Allgeier SE\",\"description\":\"Software &amp; IT Services for digital transformation\",\"potentialAction\":[{\"@type\":\"SearchAction\",\"target\":{\"@type\":\"EntryPoint\",\"urlTemplate\":\"https:\\\/\\\/www.allgeier.com\\\/de\\\/?s={search_term_string}\"},\"query-input\":{\"@type\":\"PropertyValueSpecification\",\"valueRequired\":true,\"valueName\":\"search_term_string\"}}],\"inLanguage\":\"de\"}]}<\/script>\n<!-- \/ Yoast SEO plugin. -->","yoast_head_json":{"title":"es-15072015 - Allgeier SE","robots":{"index":"index","follow":"follow","max-snippet":"max-snippet:-1","max-image-preview":"max-image-preview:large","max-video-preview":"max-video-preview:-1"},"canonical":"https:\/\/www.allgeier.com\/de\/pressroom\/press-releases\/es-15072015\/","og_locale":"de_DE","og_type":"article","og_title":"es-15072015 - Allgeier SE","og_description":"Bremen, 15. Juli 2015 &#8211; Die Allgeier IT Solutions AG gibt mit dem heutigen Tag die Verst\u00e4rkung der Gesch\u00e4ftsf\u00fchrung der Enterprise Content Management (ECM) Sparte bekannt. Mit Stefan Schwane als weiteren Gesch\u00e4ftsf\u00fchrer der Allgeier IT Solutions GmbH baut Allgeier seine ECM-Vertriebs- und Projektkompetenz seit dem 1. Juli 2015 divisions\u00fcbergreifend weiter aus. Die Allgeier ECM-Suite beinhaltet &hellip;","og_url":"https:\/\/www.allgeier.com\/de\/pressroom\/press-releases\/es-15072015\/","og_site_name":"Allgeier SE","article_modified_time":"2025-02-05T18:36:53+00:00","og_image":[{"url":"http:\/\/www.allgeier-it.de\/unternehmen\/presse\/pressemitteilungen\/stefan-schwane-verstaerkt-geschaeftsfuehrung-der-ecm-sparte-der-allgeier-it-solutions\/image_mini","type":"","width":"","height":""}],"twitter_card":"summary_large_image","twitter_misc":{"Gesch\u00e4tzte Lesezeit":"3\u00a0Minuten"},"schema":{"@context":"https:\/\/schema.org","@graph":[{"@type":"WebPage","@id":"https:\/\/www.allgeier.com\/de\/pressroom\/press-releases\/es-15072015\/","url":"https:\/\/www.allgeier.com\/de\/pressroom\/press-releases\/es-15072015\/","name":"es-15072015 - Allgeier SE","isPartOf":{"@id":"https:\/\/www.allgeier.com\/de\/#website"},"primaryImageOfPage":{"@id":"https:\/\/www.allgeier.com\/de\/pressroom\/press-releases\/es-15072015\/#primaryimage"},"image":{"@id":"https:\/\/www.allgeier.com\/de\/pressroom\/press-releases\/es-15072015\/#primaryimage"},"thumbnailUrl":"http:\/\/www.allgeier-it.de\/unternehmen\/presse\/pressemitteilungen\/stefan-schwane-verstaerkt-geschaeftsfuehrung-der-ecm-sparte-der-allgeier-it-solutions\/image_mini","datePublished":"2015-07-15T11:46:07+00:00","dateModified":"2025-02-05T18:36:53+00:00","breadcrumb":{"@id":"https:\/\/www.allgeier.com\/de\/pressroom\/press-releases\/es-15072015\/#breadcrumb"},"inLanguage":"de","potentialAction":[{"@type":"ReadAction","target":["https:\/\/www.allgeier.com\/de\/pressroom\/press-releases\/es-15072015\/"]}]},{"@type":"ImageObject","inLanguage":"de","@id":"https:\/\/www.allgeier.com\/de\/pressroom\/press-releases\/es-15072015\/#primaryimage","url":"http:\/\/www.allgeier-it.de\/unternehmen\/presse\/pressemitteilungen\/stefan-schwane-verstaerkt-geschaeftsfuehrung-der-ecm-sparte-der-allgeier-it-solutions\/image_mini","contentUrl":"http:\/\/www.allgeier-it.de\/unternehmen\/presse\/pressemitteilungen\/stefan-schwane-verstaerkt-geschaeftsfuehrung-der-ecm-sparte-der-allgeier-it-solutions\/image_mini"},{"@type":"BreadcrumbList","@id":"https:\/\/www.allgeier.com\/de\/pressroom\/press-releases\/es-15072015\/#breadcrumb","itemListElement":[{"@type":"ListItem","position":1,"name":"Home","item":"https:\/\/www.allgeier.com\/de\/"},{"@type":"ListItem","position":2,"name":"Presse","item":"https:\/\/www.allgeier.com\/de\/pressroom\/"},{"@type":"ListItem","position":3,"name":"Pressemitteilungen","item":"https:\/\/www.allgeier.com\/de\/pressroom\/press-releases\/"},{"@type":"ListItem","position":4,"name":"es-15072015"}]},{"@type":"WebSite","@id":"https:\/\/www.allgeier.com\/de\/#website","url":"https:\/\/www.allgeier.com\/de\/","name":"Allgeier SE","description":"Software &amp; IT Services for digital transformation","potentialAction":[{"@type":"SearchAction","target":{"@type":"EntryPoint","urlTemplate":"https:\/\/www.allgeier.com\/de\/?s={search_term_string}"},"query-input":{"@type":"PropertyValueSpecification","valueRequired":true,"valueName":"search_term_string"}}],"inLanguage":"de"}]}},"_links":{"self":[{"href":"https:\/\/www.allgeier.com\/de\/wp-json\/wp\/v2\/pages\/1969","targetHints":{"allow":["GET"]}}],"collection":[{"href":"https:\/\/www.allgeier.com\/de\/wp-json\/wp\/v2\/pages"}],"about":[{"href":"https:\/\/www.allgeier.com\/de\/wp-json\/wp\/v2\/types\/page"}],"author":[{"embeddable":true,"href":"https:\/\/www.allgeier.com\/de\/wp-json\/wp\/v2\/users\/5"}],"replies":[{"embeddable":true,"href":"https:\/\/www.allgeier.com\/de\/wp-json\/wp\/v2\/comments?post=1969"}],"version-history":[{"count":2,"href":"https:\/\/www.allgeier.com\/de\/wp-json\/wp\/v2\/pages\/1969\/revisions"}],"predecessor-version":[{"id":6170,"href":"https:\/\/www.allgeier.com\/de\/wp-json\/wp\/v2\/pages\/1969\/revisions\/6170"}],"up":[{"embeddable":true,"href":"https:\/\/www.allgeier.com\/de\/wp-json\/wp\/v2\/pages\/1169"}],"wp:attachment":[{"href":"https:\/\/www.allgeier.com\/de\/wp-json\/wp\/v2\/media?parent=1969"}],"wp:term":[{"taxonomy":"category","embeddable":true,"href":"https:\/\/www.allgeier.com\/de\/wp-json\/wp\/v2\/categories?post=1969"},{"taxonomy":"post_tag","embeddable":true,"href":"https:\/\/www.allgeier.com\/de\/wp-json\/wp\/v2\/tags?post=1969"}],"curies":[{"name":"wp","href":"https:\/\/api.w.org\/{rel}","templated":true}]}}