{"id":1976,"date":"2015-07-17T17:12:44","date_gmt":"2015-07-17T17:12:44","guid":{"rendered":"http:\/\/www.allgeier.com\/de\/?page_id=1976"},"modified":"2025-02-05T18:24:04","modified_gmt":"2025-02-05T18:24:04","slug":"17072015-2","status":"publish","type":"page","link":"https:\/\/www.allgeier.com\/de\/pressroom\/press-releases\/17072015-2\/","title":{"rendered":"17072015"},"content":{"rendered":"<p><strong>Orlando (FL)\/Bremen, 17. Juli 2015<\/strong><em> &#8211; <\/em>Im Rahmen der diesj\u00e4hrigen Microsoft Worldwide Partner Conference in Orlando, Florida, haben die Allgeier IT Solutions und Microsoft Deutschland eine engere Zusammenarbeit zum Thema Cloud Computing vereinbart.<\/p>\n<p>\u201eAchieve More Together\u201c \u2013 das war das von Kevin Turner (COO, Microsoft Corp.) auf der Weltweiten Partnerkonferenz von Microsoft betonte Leitthema in der Zusammenarbeit. Und es war gleichzeitig auch das grundlegende Verst\u00e4ndnis in den Gespr\u00e4chen zwischen Allgeier IT Solutions und Microsoft Deutschland in Orlando. Im Mittelpunkt stand das gemeinsame Engagement zur Verbesserung der Leistungsf\u00e4higkeit von Unternehmen durch die Nutzung des Cloud Computing. Dabei geht es zum einen um Software-as-a-Service\u2013Angebote (SaaS, die Bereitstellung von fertigen Anwendungen \u00fcber das Internet) basierend auf den Produkten von Allgeier zu ERP, Enterprise Content Management und Dateiverschl\u00fcsselung auf Microsofts Cloud-Plattform Azure. Zum anderen um L\u00f6sungen und Services rund um Microsoft Office 365 und Dynamics CRM Online, den damit einhergehenden Migrations- und Transformationsleistungen sowie das anschlie\u00dfende Betreiben (Managed Services). Die Zielgruppe zu den verschiedenen Themen erstreckt sich von Kunden mit wenigen Mitarbeitern bis hin zu gro\u00dfen Unternehmen.<\/p>\n<div id=\"viewlet-above-content-body\">\n<div id=\"parent-fieldname-text\" class=\"plain\">\n<p>Christoph Heiming, (Direktor Partnergesch\u00e4ft und -entwicklung Deutschland, Microsoft Deutschland GmbH): \u201eDie Partnerschaft mit Allgeier IT Solutions zeigt, welche M\u00f6glichkeiten unsere Microsoft Cloud Plattform bietet und wie wir zusammen mit Partnern Mehrwerte f\u00fcr unsere Kunden schaffen.\u201c Mike Wagner (Mitglied der Gesch\u00e4ftsleitung, Allgeier IT Solutions AG) erg\u00e4nzt: \u201eDie Zusammenarbeit mit Microsoft erm\u00f6glicht es uns, unsere Kunden optimal auf dem Weg der digitalen Transformation zu begleiten und uns gleichzeitig auf die gesch\u00e4ftlichen Bed\u00fcrfnisse der Kunden zu fokussieren \u2013 so kann die Verbesserung der Business Performance immer im Vordergrund stehen.\u201c<\/p>\n<p>Nachdem die Allgeier IT Solutions im Rahmen des diesj\u00e4hrigen Cloud Vendor Benchmarks von der Experton Group bereits als \u201eCloud Leader 2015\u201c ausgezeichnet wurde, ist die Zusammenarbeit mit Microsoft ein weiterer, wichtiger Schritt auf dem Weg intelligente L\u00f6sungen noch einfacher zug\u00e4nglich zu machen, bedarfsgerechter in die Gesch\u00e4ftsmodelle und die IT-Landschaften der Kunden einzubinden sowie den Bed\u00fcrfnissen der Kunden flexibel anpassen zu k\u00f6nnen.<\/p>\n<\/div>\n<\/div>\n<p><b>\u00dcber Allgeier IT Solutions AG<\/b><\/p>\n<p>Die Allgeier IT Solutions AG hat sich auf die Entwicklung, Vermarktung und Umsetzung ganzheitlicher L\u00f6sungen und Services in folgenden Bereichen spezialisiert:<\/p>\n<ul>\n<li>Cloud Solutions<\/li>\n<li>Enterprise Content Management (ECM)<\/li>\n<li>Business Solutions (ERP)<\/li>\n<li>Business Process Management<\/li>\n<li>HealthCare-IT, Compliance &amp; Security, Business Services<\/li>\n<\/ul>\n<p>Die Allgeier IT Solutions AG mit Sitz in Bremen hat deutschlandweit eigene Standorte sowie Dependancen in \u00d6sterreich und Polen. Sie ist Teil der b\u00f6rsennotierten Allgeier SE. Das umfassende Leistungsspektrum von vollst\u00e4ndig integrierten IT L\u00f6sungen und IT Services aus einer Hand macht Allgeier IT Solutions zu einem kompetenten und zuverl\u00e4ssigen IT-Partner f\u00fcr mittelst\u00e4ndische und gro\u00dfe Unternehmen. Zu den vollst\u00e4ndig integrierten IT L\u00f6sungen, die Allgeier IT Solutions anbietet, z\u00e4hlen beispielsweise:<\/p>\n<ul>\n<li>scanview (ECM)<\/li>\n<li>die Microsoft-L\u00f6sungen SharePoint, Lync, NAV und CRM<\/li>\n<li>Security L\u00f6sungen wie JULIA MailOffice (E-Mail-Security)<\/li>\n<\/ul>\n<p>Das fl\u00e4chendeckende Vertriebs- und Servicenetz wird erg\u00e4nzt durch ein europaweites Partnernetzwerk. Die Muttergesellschaft, die Allgeier SE, erwirtschaftete einen Umsatz von 428 Mio. EUR (fortgef\u00fchrtes Gesch\u00e4ft 2014) und verf\u00fcgt \u00fcber mehr als 100 Standorte in Europa, Asien und Amerika.<\/p>\n<p><a title=\"Allgeier IT Solutions\" href=\"http:\/\/www.allgeier-it.de\" target=\"_blank\"><img loading=\"lazy\" decoding=\"async\" class=\"alignnone  wp-image-1814\" src=\"https:\/\/www.allgeier.com\/de\/wp-content\/uploads\/sites\/3\/2015\/04\/Allgeier-solution-ag.png\" alt=\"Allgeier-solution-ag\" width=\"228\" height=\"62\" \/><\/a><\/p>\n","protected":false},"excerpt":{"rendered":"<p>Orlando (FL)\/Bremen, 17. Juli 2015 &#8211; Im Rahmen der diesj\u00e4hrigen Microsoft Worldwide Partner Conference in Orlando, Florida, haben die Allgeier IT Solutions und Microsoft Deutschland eine engere Zusammenarbeit zum Thema Cloud Computing vereinbart. \u201eAchieve More Together\u201c \u2013 das war das von Kevin Turner (COO, Microsoft Corp.) auf der Weltweiten Partnerkonferenz von Microsoft betonte Leitthema in &hellip; <\/p>\n","protected":false},"author":4,"featured_media":0,"parent":1169,"menu_order":0,"comment_status":"open","ping_status":"open","template":"","meta":{"_acf_changed":false,"footnotes":""},"categories":[7],"tags":[],"class_list":["post-1976","page","type-page","status-publish","hentry","category-pressemitteilungen"],"acf":[],"yoast_head":"<!-- This site is optimized with the Yoast SEO plugin v27.4 - https:\/\/yoast.com\/product\/yoast-seo-wordpress\/ -->\n<title>17072015 - Allgeier SE<\/title>\n<meta name=\"robots\" content=\"index, follow, max-snippet:-1, max-image-preview:large, max-video-preview:-1\" \/>\n<link rel=\"canonical\" href=\"https:\/\/www.allgeier.com\/de\/pressroom\/press-releases\/17072015-2\/\" \/>\n<meta property=\"og:locale\" content=\"de_DE\" \/>\n<meta property=\"og:type\" content=\"article\" \/>\n<meta property=\"og:title\" content=\"17072015 - Allgeier SE\" \/>\n<meta property=\"og:description\" content=\"Orlando (FL)\/Bremen, 17. Juli 2015 &#8211; Im Rahmen der diesj\u00e4hrigen Microsoft Worldwide Partner Conference in Orlando, Florida, haben die Allgeier IT Solutions und Microsoft Deutschland eine engere Zusammenarbeit zum Thema Cloud Computing vereinbart. \u201eAchieve More Together\u201c \u2013 das war das von Kevin Turner (COO, Microsoft Corp.) auf der Weltweiten Partnerkonferenz von Microsoft betonte Leitthema in &hellip;\" \/>\n<meta property=\"og:url\" content=\"https:\/\/www.allgeier.com\/de\/pressroom\/press-releases\/17072015-2\/\" \/>\n<meta property=\"og:site_name\" content=\"Allgeier SE\" \/>\n<meta property=\"article:modified_time\" content=\"2025-02-05T18:24:04+00:00\" \/>\n<meta property=\"og:image\" content=\"https:\/\/www.allgeier.com\/de\/wp-content\/uploads\/sites\/3\/2015\/04\/Allgeier-solution-ag.png\" \/>\n\t<meta property=\"og:image:width\" content=\"232\" \/>\n\t<meta property=\"og:image:height\" content=\"63\" \/>\n\t<meta property=\"og:image:type\" content=\"image\/png\" \/>\n<meta name=\"twitter:card\" content=\"summary_large_image\" \/>\n<meta name=\"twitter:label1\" content=\"Gesch\u00e4tzte Lesezeit\" \/>\n\t<meta name=\"twitter:data1\" content=\"3\u00a0Minuten\" \/>\n<script type=\"application\/ld+json\" class=\"yoast-schema-graph\">{\"@context\":\"https:\\\/\\\/schema.org\",\"@graph\":[{\"@type\":\"WebPage\",\"@id\":\"https:\\\/\\\/www.allgeier.com\\\/de\\\/pressroom\\\/press-releases\\\/17072015-2\\\/\",\"url\":\"https:\\\/\\\/www.allgeier.com\\\/de\\\/pressroom\\\/press-releases\\\/17072015-2\\\/\",\"name\":\"17072015 - Allgeier SE\",\"isPartOf\":{\"@id\":\"https:\\\/\\\/www.allgeier.com\\\/de\\\/#website\"},\"primaryImageOfPage\":{\"@id\":\"https:\\\/\\\/www.allgeier.com\\\/de\\\/pressroom\\\/press-releases\\\/17072015-2\\\/#primaryimage\"},\"image\":{\"@id\":\"https:\\\/\\\/www.allgeier.com\\\/de\\\/pressroom\\\/press-releases\\\/17072015-2\\\/#primaryimage\"},\"thumbnailUrl\":\"https:\\\/\\\/www.allgeier.com\\\/de\\\/wp-content\\\/uploads\\\/sites\\\/3\\\/2015\\\/04\\\/Allgeier-solution-ag.png\",\"datePublished\":\"2015-07-17T17:12:44+00:00\",\"dateModified\":\"2025-02-05T18:24:04+00:00\",\"breadcrumb\":{\"@id\":\"https:\\\/\\\/www.allgeier.com\\\/de\\\/pressroom\\\/press-releases\\\/17072015-2\\\/#breadcrumb\"},\"inLanguage\":\"de\",\"potentialAction\":[{\"@type\":\"ReadAction\",\"target\":[\"https:\\\/\\\/www.allgeier.com\\\/de\\\/pressroom\\\/press-releases\\\/17072015-2\\\/\"]}]},{\"@type\":\"ImageObject\",\"inLanguage\":\"de\",\"@id\":\"https:\\\/\\\/www.allgeier.com\\\/de\\\/pressroom\\\/press-releases\\\/17072015-2\\\/#primaryimage\",\"url\":\"https:\\\/\\\/www.allgeier.com\\\/de\\\/wp-content\\\/uploads\\\/sites\\\/3\\\/2015\\\/04\\\/Allgeier-solution-ag.png\",\"contentUrl\":\"https:\\\/\\\/www.allgeier.com\\\/de\\\/wp-content\\\/uploads\\\/sites\\\/3\\\/2015\\\/04\\\/Allgeier-solution-ag.png\"},{\"@type\":\"BreadcrumbList\",\"@id\":\"https:\\\/\\\/www.allgeier.com\\\/de\\\/pressroom\\\/press-releases\\\/17072015-2\\\/#breadcrumb\",\"itemListElement\":[{\"@type\":\"ListItem\",\"position\":1,\"name\":\"Home\",\"item\":\"https:\\\/\\\/www.allgeier.com\\\/de\\\/\"},{\"@type\":\"ListItem\",\"position\":2,\"name\":\"Presse\",\"item\":\"https:\\\/\\\/www.allgeier.com\\\/de\\\/pressroom\\\/\"},{\"@type\":\"ListItem\",\"position\":3,\"name\":\"Pressemitteilungen\",\"item\":\"https:\\\/\\\/www.allgeier.com\\\/de\\\/pressroom\\\/press-releases\\\/\"},{\"@type\":\"ListItem\",\"position\":4,\"name\":\"17072015\"}]},{\"@type\":\"WebSite\",\"@id\":\"https:\\\/\\\/www.allgeier.com\\\/de\\\/#website\",\"url\":\"https:\\\/\\\/www.allgeier.com\\\/de\\\/\",\"name\":\"Allgeier SE\",\"description\":\"Software &amp; IT Services for digital transformation\",\"potentialAction\":[{\"@type\":\"SearchAction\",\"target\":{\"@type\":\"EntryPoint\",\"urlTemplate\":\"https:\\\/\\\/www.allgeier.com\\\/de\\\/?s={search_term_string}\"},\"query-input\":{\"@type\":\"PropertyValueSpecification\",\"valueRequired\":true,\"valueName\":\"search_term_string\"}}],\"inLanguage\":\"de\"}]}<\/script>\n<!-- \/ Yoast SEO plugin. -->","yoast_head_json":{"title":"17072015 - Allgeier SE","robots":{"index":"index","follow":"follow","max-snippet":"max-snippet:-1","max-image-preview":"max-image-preview:large","max-video-preview":"max-video-preview:-1"},"canonical":"https:\/\/www.allgeier.com\/de\/pressroom\/press-releases\/17072015-2\/","og_locale":"de_DE","og_type":"article","og_title":"17072015 - Allgeier SE","og_description":"Orlando (FL)\/Bremen, 17. Juli 2015 &#8211; Im Rahmen der diesj\u00e4hrigen Microsoft Worldwide Partner Conference in Orlando, Florida, haben die Allgeier IT Solutions und Microsoft Deutschland eine engere Zusammenarbeit zum Thema Cloud Computing vereinbart. \u201eAchieve More Together\u201c \u2013 das war das von Kevin Turner (COO, Microsoft Corp.) auf der Weltweiten Partnerkonferenz von Microsoft betonte Leitthema in &hellip;","og_url":"https:\/\/www.allgeier.com\/de\/pressroom\/press-releases\/17072015-2\/","og_site_name":"Allgeier SE","article_modified_time":"2025-02-05T18:24:04+00:00","og_image":[{"width":232,"height":63,"url":"https:\/\/www.allgeier.com\/de\/wp-content\/uploads\/sites\/3\/2015\/04\/Allgeier-solution-ag.png","type":"image\/png"}],"twitter_card":"summary_large_image","twitter_misc":{"Gesch\u00e4tzte Lesezeit":"3\u00a0Minuten"},"schema":{"@context":"https:\/\/schema.org","@graph":[{"@type":"WebPage","@id":"https:\/\/www.allgeier.com\/de\/pressroom\/press-releases\/17072015-2\/","url":"https:\/\/www.allgeier.com\/de\/pressroom\/press-releases\/17072015-2\/","name":"17072015 - Allgeier SE","isPartOf":{"@id":"https:\/\/www.allgeier.com\/de\/#website"},"primaryImageOfPage":{"@id":"https:\/\/www.allgeier.com\/de\/pressroom\/press-releases\/17072015-2\/#primaryimage"},"image":{"@id":"https:\/\/www.allgeier.com\/de\/pressroom\/press-releases\/17072015-2\/#primaryimage"},"thumbnailUrl":"https:\/\/www.allgeier.com\/de\/wp-content\/uploads\/sites\/3\/2015\/04\/Allgeier-solution-ag.png","datePublished":"2015-07-17T17:12:44+00:00","dateModified":"2025-02-05T18:24:04+00:00","breadcrumb":{"@id":"https:\/\/www.allgeier.com\/de\/pressroom\/press-releases\/17072015-2\/#breadcrumb"},"inLanguage":"de","potentialAction":[{"@type":"ReadAction","target":["https:\/\/www.allgeier.com\/de\/pressroom\/press-releases\/17072015-2\/"]}]},{"@type":"ImageObject","inLanguage":"de","@id":"https:\/\/www.allgeier.com\/de\/pressroom\/press-releases\/17072015-2\/#primaryimage","url":"https:\/\/www.allgeier.com\/de\/wp-content\/uploads\/sites\/3\/2015\/04\/Allgeier-solution-ag.png","contentUrl":"https:\/\/www.allgeier.com\/de\/wp-content\/uploads\/sites\/3\/2015\/04\/Allgeier-solution-ag.png"},{"@type":"BreadcrumbList","@id":"https:\/\/www.allgeier.com\/de\/pressroom\/press-releases\/17072015-2\/#breadcrumb","itemListElement":[{"@type":"ListItem","position":1,"name":"Home","item":"https:\/\/www.allgeier.com\/de\/"},{"@type":"ListItem","position":2,"name":"Presse","item":"https:\/\/www.allgeier.com\/de\/pressroom\/"},{"@type":"ListItem","position":3,"name":"Pressemitteilungen","item":"https:\/\/www.allgeier.com\/de\/pressroom\/press-releases\/"},{"@type":"ListItem","position":4,"name":"17072015"}]},{"@type":"WebSite","@id":"https:\/\/www.allgeier.com\/de\/#website","url":"https:\/\/www.allgeier.com\/de\/","name":"Allgeier SE","description":"Software &amp; IT Services for digital transformation","potentialAction":[{"@type":"SearchAction","target":{"@type":"EntryPoint","urlTemplate":"https:\/\/www.allgeier.com\/de\/?s={search_term_string}"},"query-input":{"@type":"PropertyValueSpecification","valueRequired":true,"valueName":"search_term_string"}}],"inLanguage":"de"}]}},"_links":{"self":[{"href":"https:\/\/www.allgeier.com\/de\/wp-json\/wp\/v2\/pages\/1976","targetHints":{"allow":["GET"]}}],"collection":[{"href":"https:\/\/www.allgeier.com\/de\/wp-json\/wp\/v2\/pages"}],"about":[{"href":"https:\/\/www.allgeier.com\/de\/wp-json\/wp\/v2\/types\/page"}],"author":[{"embeddable":true,"href":"https:\/\/www.allgeier.com\/de\/wp-json\/wp\/v2\/users\/4"}],"replies":[{"embeddable":true,"href":"https:\/\/www.allgeier.com\/de\/wp-json\/wp\/v2\/comments?post=1976"}],"version-history":[{"count":0,"href":"https:\/\/www.allgeier.com\/de\/wp-json\/wp\/v2\/pages\/1976\/revisions"}],"up":[{"embeddable":true,"href":"https:\/\/www.allgeier.com\/de\/wp-json\/wp\/v2\/pages\/1169"}],"wp:attachment":[{"href":"https:\/\/www.allgeier.com\/de\/wp-json\/wp\/v2\/media?parent=1976"}],"wp:term":[{"taxonomy":"category","embeddable":true,"href":"https:\/\/www.allgeier.com\/de\/wp-json\/wp\/v2\/categories?post=1976"},{"taxonomy":"post_tag","embeddable":true,"href":"https:\/\/www.allgeier.com\/de\/wp-json\/wp\/v2\/tags?post=1976"}],"curies":[{"name":"wp","href":"https:\/\/api.w.org\/{rel}","templated":true}]}}