{"id":1987,"date":"2015-08-03T08:15:24","date_gmt":"2015-08-03T08:15:24","guid":{"rendered":"http:\/\/www.allgeier.com\/de\/?page_id=1987"},"modified":"2025-02-05T18:20:29","modified_gmt":"2025-02-05T18:20:29","slug":"03082015-2","status":"publish","type":"page","link":"https:\/\/www.allgeier.com\/de\/pressroom\/press-releases\/03082015-2\/","title":{"rendered":"03082015"},"content":{"rendered":"<p><strong>Zusammenschluss der Allgeier T\u00f6chter erfolgt r\u00fcckwirkend zum 01.01.2015<\/strong><\/p>\n<p><em>Wiesbaden, 03. August 2015 &#8211;<\/em> Die Allgeier Tochterunternehmen Goetzfried AG und TOPjects GmbH haben den Zusammenschluss ihrer Gesch\u00e4ftsbereiche bekanntgegeben. Die Fusion der IT-Personaldienstleister wurde durch die Eintragung in das Handelsregister vollzogen und erfolgt r\u00fcckwirkend zum 01. Januar dieses Jahres.<\/p>\n<p>Beide Unternehmen sind spezialisiert auf die Rekrutierung, Vermittlung und das Management von IT-Experten und Ingenieuren. Die Personaldienstleistungsprofis besitzen auch beim Branchenfokus zahlreiche Schnittmengen: Sowohl die Goetzfried AG als auch die TOPjects GmbH verf\u00fcgen \u00fcber eine langj\u00e4hrige Markterfahrung und Gro\u00dfkunden in den Bereichen Banken, Versicherungen, Medien sowie Telekommunikation.<\/p>\n<p>\u201eWir freuen uns darauf, gemeinsam mit den Kollegen der TOPjects weiter zu wachsen\u201c, so Sven Herzberg, Vorstandssprecher der Goetzfried AG. \u201eDurch den Zusammenschluss st\u00e4rken wir unsere Pr\u00e4senz im Wirtschaftsraum M\u00fcnchen und damit auch unsere Position als einer der f\u00fchrenden IT-Personaldienstleister in Deutschland.\u201c<\/p>\n<p>Andreas Seinsche, Gesch\u00e4ftsf\u00fchrer der TOPjects GmbH, erg\u00e4nzt: \u201eWir sind \u00fcberzeugt, dass wir uns mit der Goetzfried AG gegenseitig hervorragend erg\u00e4nzen \u2013 fachlich, inhaltlich und auch geografisch. Mit einem Pool von \u00fcber 80.000 hochqualifizierten Experten werden wir unseren Kunden k\u00fcnftig noch umfangreichere Services bieten k\u00f6nnen.\u201c Die Mitarbeiter beider Unternehmen profitieren von attraktiven Projektzug\u00e4ngen bei \u00fcber 300 Kunden und noch besseren Entwicklungsperspektiven an den zehn Standorten in Deutschland und der Schweiz.<\/p>\n<p>Die Goetzfried AG tritt im Zuge der Fusion die Rechtsnachfolge der TOPjects GmbH an. Die beiden Allgeier Unternehmen werden k\u00fcnftig unter dem Namen Goetzfried AG firmieren.<\/p>\n<p><strong>Kurzprofil Goetzfried AG:<\/strong><\/p>\n<p>Die Goetzfried AG ist ein f\u00fchrender deutscher IT- und Personaldienstleister. Das Wiesbadener Unternehmen vermittelt IT-Experten und Ingenieure f\u00fcr den befristeten und unbefristeten Einsatz. Dar\u00fcber hinaus bietet die Goetzfried AG ein breites Spektrum an IT- sowie Ingenieursdienstleistungen an. Seit 2006 geh\u00f6rt die Goetzfried AG zu 100 Prozent zur b\u00f6rsennotierten IT-Dienstleistungsgruppe Allgeier SE. Die L\u00fcnendonk-Studie 2014 \u201eDer Markt f\u00fcr Rekrutierung, Vermittlung und Steuerung von IT-Freelancern in Deutschland\u201c listet die Goetzfried AG im Rahmen der Allgeier SE unter den Top 3 IT-Personaldienstleistern in Deutschland. Im Gesch\u00e4ftsjahr 2014 besch\u00e4ftigte die Goetzfried AG ca. 300 feste und 700 freie Mitarbeiter und erzielte einen Umsatz von 100 Mio. Euro. Weitere Informationen unter: <a href=\"http:\/\/www.goetzfried.com\/\"><span style=\"text-decoration: underline\">www.goetzfried.com<\/span><\/a><\/p>\n<p><strong>Kurzprofil TOPjects:<\/strong><\/p>\n<p>Die TOPjects GmbH ist ein IT-Personaldienstleister f\u00fcr alle Bereiche der Softwareentwicklung und des Services rund um Applikations- und Betriebsthemen sowie f\u00fcr das Third-Party-Management. Das M\u00fcnchener Unternehmen z\u00e4hlt namhafte Gro\u00dfunternehmen zu seinen langj\u00e4hrigen Kunden, die sie mit hochqualifizierten IT- und Business-Experten bei der erfolgreichen Realisierung von IT-Projekten unterst\u00fctzt. Die 1995 gegr\u00fcndete TOPjects GmbH geh\u00f6rt seit 2008 als einhundertprozentige Tochter der Allgeier SE an. Im Gesch\u00e4ftsjahr 2014 erzielte die TOPjects GmbH einen Umsatz von \u00fcber 25 Mio. Euro. Weitere Informationen unter: <a href=\"http:\/\/www.topjects.de\/\"><span style=\"text-decoration: underline\">www.TOPjects.de<\/span><\/a>.<\/p>\n<p><strong><br \/>\nPressekontakt:<br \/>\n<\/strong>Goetzfried AG<br \/>\nJoscha Seelmann-Eggebert<br \/>\nGustav-Stresemann-Ring 12-16<br \/>\n65189 Wiesbaden<br \/>\nTelefon: 0611 44 56-175<br \/>\njoscha.seelmann@goetzfried.com<br \/>\n<a href=\"http:\/\/www.goetzfried.com\/\"><span style=\"text-decoration: underline\">www.goetzfried.com<\/span><\/a><\/p>\n","protected":false},"excerpt":{"rendered":"<p>Zusammenschluss der Allgeier T\u00f6chter erfolgt r\u00fcckwirkend zum 01.01.2015 Wiesbaden, 03. August 2015 &#8211; Die Allgeier Tochterunternehmen Goetzfried AG und TOPjects GmbH haben den Zusammenschluss ihrer Gesch\u00e4ftsbereiche bekanntgegeben. Die Fusion der IT-Personaldienstleister wurde durch die Eintragung in das Handelsregister vollzogen und erfolgt r\u00fcckwirkend zum 01. Januar dieses Jahres. Beide Unternehmen sind spezialisiert auf die Rekrutierung, Vermittlung &hellip; <\/p>\n","protected":false},"author":5,"featured_media":0,"parent":1169,"menu_order":0,"comment_status":"open","ping_status":"open","template":"","meta":{"_acf_changed":false,"footnotes":""},"categories":[7],"tags":[],"class_list":["post-1987","page","type-page","status-publish","hentry","category-pressemitteilungen"],"acf":[],"yoast_head":"<!-- This site is optimized with the Yoast SEO plugin v27.4 - https:\/\/yoast.com\/product\/yoast-seo-wordpress\/ -->\n<title>03082015 - Allgeier SE<\/title>\n<meta name=\"robots\" content=\"index, follow, max-snippet:-1, max-image-preview:large, max-video-preview:-1\" \/>\n<link rel=\"canonical\" href=\"https:\/\/www.allgeier.com\/de\/pressroom\/press-releases\/03082015-2\/\" \/>\n<meta property=\"og:locale\" content=\"de_DE\" \/>\n<meta property=\"og:type\" content=\"article\" \/>\n<meta property=\"og:title\" content=\"03082015 - Allgeier SE\" \/>\n<meta property=\"og:description\" content=\"Zusammenschluss der Allgeier T\u00f6chter erfolgt r\u00fcckwirkend zum 01.01.2015 Wiesbaden, 03. August 2015 &#8211; Die Allgeier Tochterunternehmen Goetzfried AG und TOPjects GmbH haben den Zusammenschluss ihrer Gesch\u00e4ftsbereiche bekanntgegeben. Die Fusion der IT-Personaldienstleister wurde durch die Eintragung in das Handelsregister vollzogen und erfolgt r\u00fcckwirkend zum 01. Januar dieses Jahres. Beide Unternehmen sind spezialisiert auf die Rekrutierung, Vermittlung &hellip;\" \/>\n<meta property=\"og:url\" content=\"https:\/\/www.allgeier.com\/de\/pressroom\/press-releases\/03082015-2\/\" \/>\n<meta property=\"og:site_name\" content=\"Allgeier SE\" \/>\n<meta property=\"article:modified_time\" content=\"2025-02-05T18:20:29+00:00\" \/>\n<meta name=\"twitter:card\" content=\"summary_large_image\" \/>\n<meta name=\"twitter:label1\" content=\"Gesch\u00e4tzte Lesezeit\" \/>\n\t<meta name=\"twitter:data1\" content=\"3\u00a0Minuten\" \/>\n<script type=\"application\/ld+json\" class=\"yoast-schema-graph\">{\"@context\":\"https:\\\/\\\/schema.org\",\"@graph\":[{\"@type\":\"WebPage\",\"@id\":\"https:\\\/\\\/www.allgeier.com\\\/de\\\/pressroom\\\/press-releases\\\/03082015-2\\\/\",\"url\":\"https:\\\/\\\/www.allgeier.com\\\/de\\\/pressroom\\\/press-releases\\\/03082015-2\\\/\",\"name\":\"03082015 - Allgeier SE\",\"isPartOf\":{\"@id\":\"https:\\\/\\\/www.allgeier.com\\\/de\\\/#website\"},\"datePublished\":\"2015-08-03T08:15:24+00:00\",\"dateModified\":\"2025-02-05T18:20:29+00:00\",\"breadcrumb\":{\"@id\":\"https:\\\/\\\/www.allgeier.com\\\/de\\\/pressroom\\\/press-releases\\\/03082015-2\\\/#breadcrumb\"},\"inLanguage\":\"de\",\"potentialAction\":[{\"@type\":\"ReadAction\",\"target\":[\"https:\\\/\\\/www.allgeier.com\\\/de\\\/pressroom\\\/press-releases\\\/03082015-2\\\/\"]}]},{\"@type\":\"BreadcrumbList\",\"@id\":\"https:\\\/\\\/www.allgeier.com\\\/de\\\/pressroom\\\/press-releases\\\/03082015-2\\\/#breadcrumb\",\"itemListElement\":[{\"@type\":\"ListItem\",\"position\":1,\"name\":\"Home\",\"item\":\"https:\\\/\\\/www.allgeier.com\\\/de\\\/\"},{\"@type\":\"ListItem\",\"position\":2,\"name\":\"Presse\",\"item\":\"https:\\\/\\\/www.allgeier.com\\\/de\\\/pressroom\\\/\"},{\"@type\":\"ListItem\",\"position\":3,\"name\":\"Pressemitteilungen\",\"item\":\"https:\\\/\\\/www.allgeier.com\\\/de\\\/pressroom\\\/press-releases\\\/\"},{\"@type\":\"ListItem\",\"position\":4,\"name\":\"03082015\"}]},{\"@type\":\"WebSite\",\"@id\":\"https:\\\/\\\/www.allgeier.com\\\/de\\\/#website\",\"url\":\"https:\\\/\\\/www.allgeier.com\\\/de\\\/\",\"name\":\"Allgeier SE\",\"description\":\"Software &amp; IT Services for digital transformation\",\"potentialAction\":[{\"@type\":\"SearchAction\",\"target\":{\"@type\":\"EntryPoint\",\"urlTemplate\":\"https:\\\/\\\/www.allgeier.com\\\/de\\\/?s={search_term_string}\"},\"query-input\":{\"@type\":\"PropertyValueSpecification\",\"valueRequired\":true,\"valueName\":\"search_term_string\"}}],\"inLanguage\":\"de\"}]}<\/script>\n<!-- \/ Yoast SEO plugin. -->","yoast_head_json":{"title":"03082015 - Allgeier SE","robots":{"index":"index","follow":"follow","max-snippet":"max-snippet:-1","max-image-preview":"max-image-preview:large","max-video-preview":"max-video-preview:-1"},"canonical":"https:\/\/www.allgeier.com\/de\/pressroom\/press-releases\/03082015-2\/","og_locale":"de_DE","og_type":"article","og_title":"03082015 - Allgeier SE","og_description":"Zusammenschluss der Allgeier T\u00f6chter erfolgt r\u00fcckwirkend zum 01.01.2015 Wiesbaden, 03. August 2015 &#8211; Die Allgeier Tochterunternehmen Goetzfried AG und TOPjects GmbH haben den Zusammenschluss ihrer Gesch\u00e4ftsbereiche bekanntgegeben. Die Fusion der IT-Personaldienstleister wurde durch die Eintragung in das Handelsregister vollzogen und erfolgt r\u00fcckwirkend zum 01. Januar dieses Jahres. Beide Unternehmen sind spezialisiert auf die Rekrutierung, Vermittlung &hellip;","og_url":"https:\/\/www.allgeier.com\/de\/pressroom\/press-releases\/03082015-2\/","og_site_name":"Allgeier SE","article_modified_time":"2025-02-05T18:20:29+00:00","twitter_card":"summary_large_image","twitter_misc":{"Gesch\u00e4tzte Lesezeit":"3\u00a0Minuten"},"schema":{"@context":"https:\/\/schema.org","@graph":[{"@type":"WebPage","@id":"https:\/\/www.allgeier.com\/de\/pressroom\/press-releases\/03082015-2\/","url":"https:\/\/www.allgeier.com\/de\/pressroom\/press-releases\/03082015-2\/","name":"03082015 - Allgeier SE","isPartOf":{"@id":"https:\/\/www.allgeier.com\/de\/#website"},"datePublished":"2015-08-03T08:15:24+00:00","dateModified":"2025-02-05T18:20:29+00:00","breadcrumb":{"@id":"https:\/\/www.allgeier.com\/de\/pressroom\/press-releases\/03082015-2\/#breadcrumb"},"inLanguage":"de","potentialAction":[{"@type":"ReadAction","target":["https:\/\/www.allgeier.com\/de\/pressroom\/press-releases\/03082015-2\/"]}]},{"@type":"BreadcrumbList","@id":"https:\/\/www.allgeier.com\/de\/pressroom\/press-releases\/03082015-2\/#breadcrumb","itemListElement":[{"@type":"ListItem","position":1,"name":"Home","item":"https:\/\/www.allgeier.com\/de\/"},{"@type":"ListItem","position":2,"name":"Presse","item":"https:\/\/www.allgeier.com\/de\/pressroom\/"},{"@type":"ListItem","position":3,"name":"Pressemitteilungen","item":"https:\/\/www.allgeier.com\/de\/pressroom\/press-releases\/"},{"@type":"ListItem","position":4,"name":"03082015"}]},{"@type":"WebSite","@id":"https:\/\/www.allgeier.com\/de\/#website","url":"https:\/\/www.allgeier.com\/de\/","name":"Allgeier SE","description":"Software &amp; IT Services for digital transformation","potentialAction":[{"@type":"SearchAction","target":{"@type":"EntryPoint","urlTemplate":"https:\/\/www.allgeier.com\/de\/?s={search_term_string}"},"query-input":{"@type":"PropertyValueSpecification","valueRequired":true,"valueName":"search_term_string"}}],"inLanguage":"de"}]}},"_links":{"self":[{"href":"https:\/\/www.allgeier.com\/de\/wp-json\/wp\/v2\/pages\/1987","targetHints":{"allow":["GET"]}}],"collection":[{"href":"https:\/\/www.allgeier.com\/de\/wp-json\/wp\/v2\/pages"}],"about":[{"href":"https:\/\/www.allgeier.com\/de\/wp-json\/wp\/v2\/types\/page"}],"author":[{"embeddable":true,"href":"https:\/\/www.allgeier.com\/de\/wp-json\/wp\/v2\/users\/5"}],"replies":[{"embeddable":true,"href":"https:\/\/www.allgeier.com\/de\/wp-json\/wp\/v2\/comments?post=1987"}],"version-history":[{"count":0,"href":"https:\/\/www.allgeier.com\/de\/wp-json\/wp\/v2\/pages\/1987\/revisions"}],"up":[{"embeddable":true,"href":"https:\/\/www.allgeier.com\/de\/wp-json\/wp\/v2\/pages\/1169"}],"wp:attachment":[{"href":"https:\/\/www.allgeier.com\/de\/wp-json\/wp\/v2\/media?parent=1987"}],"wp:term":[{"taxonomy":"category","embeddable":true,"href":"https:\/\/www.allgeier.com\/de\/wp-json\/wp\/v2\/categories?post=1987"},{"taxonomy":"post_tag","embeddable":true,"href":"https:\/\/www.allgeier.com\/de\/wp-json\/wp\/v2\/tags?post=1987"}],"curies":[{"name":"wp","href":"https:\/\/api.w.org\/{rel}","templated":true}]}}