{"id":1995,"date":"2015-08-10T08:08:58","date_gmt":"2015-08-10T08:08:58","guid":{"rendered":"http:\/\/www.allgeier.com\/de\/?page_id=1995"},"modified":"2025-02-05T18:22:38","modified_gmt":"2025-02-05T18:22:38","slug":"10082015-2","status":"publish","type":"page","link":"https:\/\/www.allgeier.com\/de\/pressroom\/press-releases\/10082015-2\/","title":{"rendered":"10082015"},"content":{"rendered":"<p><strong>Gr\u00fcndung der Goetzfried Professionals GmbH als Reaktion auf sich ver\u00e4ndernde Nachfrage nach IT-Personal<\/strong><\/p>\n<p>Wiesbaden, 10. August 2015. Die Goetzfried AG hat heute die Ausgliederung ihrer IT- und Ingenieursdienstleistungen mit angestellten Experten in die Tochtergesellschaft Goetzfried Professionals GmbH bekanntgegeben. Dieser Schritt wurde durch die Eintragung in das Handelsregister vollzogen. Die langj\u00e4hrigen Goetzfried Mitarbeiter Marko Glassner und Benjamin Horn \u00fcbernehmen gemeinsam die Gesch\u00e4ftsf\u00fchrung der Goetzfried Professionals GmbH.<\/p>\n<p>\u201eDie Nachfrage am IT-Personalmarkt hat sich in den letzten Jahren stark ver\u00e4ndert. Neben unserem Kerngesch\u00e4ft, das in der Vermittlung von Freiberuflern auf Zeit liegt, nimmt u.a. die Arbeitnehmer\u00fcberlassung von eigenen IT-Experten bei uns immer mehr Raum ein\u201c, erkl\u00e4rt Sven Herzberg, Vorstandssprecher der Goetzfried AG. \u201eUm diesem gestiegenen Bedarf gerecht zu werden und einen gezielten Ausbau beider Gesch\u00e4ftsbereiche weiter voranzutreiben, haben wir uns f\u00fcr die Gr\u00fcndung der Goetzfried Professionals GmbH entschieden.\u201c<\/p>\n<p><strong>Aktuell 150 eigene Experten im Kundeneinsatz<\/strong><\/p>\n<p>Die Goetzfried AG besch\u00e4ftigt derzeit ca. 150 Spezialisten, mit denen sie Unternehmen in den Bereichen IT und Engineering im Rahmen von Projekten und Linienfunktionen unterst\u00fctzt. Die Leistungen umfassen Beratungs-, Koordinations-, Entwicklungs-, Test- und Qualit\u00e4tssicherungsaufgaben sowie Managed Services, mit dem Ziel, eine planm\u00e4\u00dfige, effiziente und reibungslose Projektabwicklung zu gew\u00e4hrleisten. Alle aktuell im Kundeneinsatz t\u00e4tigen Mitarbeiter wechseln mit sofortiger Wirkung in die Goetzfried Professionals GmbH.<\/p>\n<p>\u201eEs ist unser Ziel, uns im Verbund der Goetzfried AG sowie der Allgeier Gruppe als kompetenter, leistungsstarker und stetig wachsender IT- und Ingenieurdienstleister zu positionieren\u201c, so Marko Glassner und Benjamin Horn, Gesch\u00e4ftsf\u00fchrer der Goetzfried Professionals GmbH. \u201eIn diesem Zusammenhang werden wir unsere Leistungsangebote kontinuierlich an die Markt- und Kundenbed\u00fcrfnisse anpassen und weiterentwickeln.\u201c<\/p>\n<p><strong>Goetzfried AG setzt Expansionskurs fort<\/strong><\/p>\n<p>Mit der Gr\u00fcndung der Goetzfried Professionals GmbH setzt die Goetzfried AG ihre Expansion in strategisch bedeutsamen Gesch\u00e4ftsfeldern weiter fort. Bereits im April hatte der IT- und Personaldienstleister eine Mehrheitsbeteiligung an der Personalberatungsagentur SearchConsult GmbH erworben. Anfang August gab die Goetzfried AG zudem die Fusion mit der TOPjects GmbH, einem Schwesterunternehmen aus der Allgeier Gruppe, bekannt.<\/p>\n<p><strong>Kurzprofil Goetzfried AG:<br \/>\n<\/strong>Die Goetzfried AG ist ein f\u00fchrender deutscher IT- und Personaldienstleister. Das Wiesbadener Unternehmen vermittelt IT-Experten und Ingenieure f\u00fcr den befristeten und unbefristeten Einsatz. Dar\u00fcber hinaus bietet die Goetzfried AG ein breites Spektrum an IT- sowie Ingenieursdienstleistungen an. Seit 2006 geh\u00f6rt die Goetzfried AG zu 100 Prozent zur b\u00f6rsennotierten IT-Dienstleistungsgruppe Allgeier SE. Die L\u00fcnendonk-Studie 2014 \u201eDer Markt f\u00fcr Rekrutierung, Vermittlung und Steuerung von IT-Freelancern in Deutschland\u201c listet die Goetzfried AG im Rahmen der Allgeier SE unter den Top 3 IT-Personaldienstleistern in Deutschland. Im Gesch\u00e4ftsjahr 2014 besch\u00e4ftigte die Goetzfried AG ca. 300 feste und 700 freie Mitarbeiter und erzielte einen Umsatz von 100 Mio. Euro. Weitere Informationen unter: <a href=\"http:\/\/www.goetzfried.com\/\"><u>www.goetzfried.com<\/u><\/a><\/p>\n<p>&nbsp;<\/p>\n<p><strong>Pressekontakt:<br \/>\n<\/strong>Goetzfried AG<br \/>\nJoscha Seelmann-Eggebert<br \/>\nGustav-Stresemann-Ring 12-16<br \/>\n65189 Wiesbaden<br \/>\nTelefon: 0611 44 56-175<br \/>\nJoscha.Seelmann@goetzfried.com<br \/>\n<a href=\"http:\/\/www.goetzfried.com\/\"><u>www.goetzfried.com<\/u><\/a><\/p>\n","protected":false},"excerpt":{"rendered":"<p>Gr\u00fcndung der Goetzfried Professionals GmbH als Reaktion auf sich ver\u00e4ndernde Nachfrage nach IT-Personal Wiesbaden, 10. August 2015. Die Goetzfried AG hat heute die Ausgliederung ihrer IT- und Ingenieursdienstleistungen mit angestellten Experten in die Tochtergesellschaft Goetzfried Professionals GmbH bekanntgegeben. Dieser Schritt wurde durch die Eintragung in das Handelsregister vollzogen. Die langj\u00e4hrigen Goetzfried Mitarbeiter Marko Glassner und &hellip; <\/p>\n","protected":false},"author":5,"featured_media":0,"parent":1169,"menu_order":0,"comment_status":"open","ping_status":"open","template":"","meta":{"_acf_changed":false,"footnotes":""},"categories":[7],"tags":[],"class_list":["post-1995","page","type-page","status-publish","hentry","category-pressemitteilungen"],"acf":[],"yoast_head":"<!-- This site is optimized with the Yoast SEO plugin v27.4 - https:\/\/yoast.com\/product\/yoast-seo-wordpress\/ -->\n<title>10082015 - Allgeier SE<\/title>\n<meta name=\"robots\" content=\"index, follow, max-snippet:-1, max-image-preview:large, max-video-preview:-1\" \/>\n<link rel=\"canonical\" href=\"https:\/\/www.allgeier.com\/de\/pressroom\/press-releases\/10082015-2\/\" \/>\n<meta property=\"og:locale\" content=\"de_DE\" \/>\n<meta property=\"og:type\" content=\"article\" \/>\n<meta property=\"og:title\" content=\"10082015 - Allgeier SE\" \/>\n<meta property=\"og:description\" content=\"Gr\u00fcndung der Goetzfried Professionals GmbH als Reaktion auf sich ver\u00e4ndernde Nachfrage nach IT-Personal Wiesbaden, 10. August 2015. Die Goetzfried AG hat heute die Ausgliederung ihrer IT- und Ingenieursdienstleistungen mit angestellten Experten in die Tochtergesellschaft Goetzfried Professionals GmbH bekanntgegeben. Dieser Schritt wurde durch die Eintragung in das Handelsregister vollzogen. Die langj\u00e4hrigen Goetzfried Mitarbeiter Marko Glassner und &hellip;\" \/>\n<meta property=\"og:url\" content=\"https:\/\/www.allgeier.com\/de\/pressroom\/press-releases\/10082015-2\/\" \/>\n<meta property=\"og:site_name\" content=\"Allgeier SE\" \/>\n<meta property=\"article:modified_time\" content=\"2025-02-05T18:22:38+00:00\" \/>\n<meta name=\"twitter:card\" content=\"summary_large_image\" \/>\n<meta name=\"twitter:label1\" content=\"Gesch\u00e4tzte Lesezeit\" \/>\n\t<meta name=\"twitter:data1\" content=\"3\u00a0Minuten\" \/>\n<script type=\"application\/ld+json\" class=\"yoast-schema-graph\">{\"@context\":\"https:\\\/\\\/schema.org\",\"@graph\":[{\"@type\":\"WebPage\",\"@id\":\"https:\\\/\\\/www.allgeier.com\\\/de\\\/pressroom\\\/press-releases\\\/10082015-2\\\/\",\"url\":\"https:\\\/\\\/www.allgeier.com\\\/de\\\/pressroom\\\/press-releases\\\/10082015-2\\\/\",\"name\":\"10082015 - Allgeier SE\",\"isPartOf\":{\"@id\":\"https:\\\/\\\/www.allgeier.com\\\/de\\\/#website\"},\"datePublished\":\"2015-08-10T08:08:58+00:00\",\"dateModified\":\"2025-02-05T18:22:38+00:00\",\"breadcrumb\":{\"@id\":\"https:\\\/\\\/www.allgeier.com\\\/de\\\/pressroom\\\/press-releases\\\/10082015-2\\\/#breadcrumb\"},\"inLanguage\":\"de\",\"potentialAction\":[{\"@type\":\"ReadAction\",\"target\":[\"https:\\\/\\\/www.allgeier.com\\\/de\\\/pressroom\\\/press-releases\\\/10082015-2\\\/\"]}]},{\"@type\":\"BreadcrumbList\",\"@id\":\"https:\\\/\\\/www.allgeier.com\\\/de\\\/pressroom\\\/press-releases\\\/10082015-2\\\/#breadcrumb\",\"itemListElement\":[{\"@type\":\"ListItem\",\"position\":1,\"name\":\"Home\",\"item\":\"https:\\\/\\\/www.allgeier.com\\\/de\\\/\"},{\"@type\":\"ListItem\",\"position\":2,\"name\":\"Presse\",\"item\":\"https:\\\/\\\/www.allgeier.com\\\/de\\\/pressroom\\\/\"},{\"@type\":\"ListItem\",\"position\":3,\"name\":\"Pressemitteilungen\",\"item\":\"https:\\\/\\\/www.allgeier.com\\\/de\\\/pressroom\\\/press-releases\\\/\"},{\"@type\":\"ListItem\",\"position\":4,\"name\":\"10082015\"}]},{\"@type\":\"WebSite\",\"@id\":\"https:\\\/\\\/www.allgeier.com\\\/de\\\/#website\",\"url\":\"https:\\\/\\\/www.allgeier.com\\\/de\\\/\",\"name\":\"Allgeier SE\",\"description\":\"Software &amp; IT Services for digital transformation\",\"potentialAction\":[{\"@type\":\"SearchAction\",\"target\":{\"@type\":\"EntryPoint\",\"urlTemplate\":\"https:\\\/\\\/www.allgeier.com\\\/de\\\/?s={search_term_string}\"},\"query-input\":{\"@type\":\"PropertyValueSpecification\",\"valueRequired\":true,\"valueName\":\"search_term_string\"}}],\"inLanguage\":\"de\"}]}<\/script>\n<!-- \/ Yoast SEO plugin. -->","yoast_head_json":{"title":"10082015 - Allgeier SE","robots":{"index":"index","follow":"follow","max-snippet":"max-snippet:-1","max-image-preview":"max-image-preview:large","max-video-preview":"max-video-preview:-1"},"canonical":"https:\/\/www.allgeier.com\/de\/pressroom\/press-releases\/10082015-2\/","og_locale":"de_DE","og_type":"article","og_title":"10082015 - Allgeier SE","og_description":"Gr\u00fcndung der Goetzfried Professionals GmbH als Reaktion auf sich ver\u00e4ndernde Nachfrage nach IT-Personal Wiesbaden, 10. August 2015. Die Goetzfried AG hat heute die Ausgliederung ihrer IT- und Ingenieursdienstleistungen mit angestellten Experten in die Tochtergesellschaft Goetzfried Professionals GmbH bekanntgegeben. Dieser Schritt wurde durch die Eintragung in das Handelsregister vollzogen. Die langj\u00e4hrigen Goetzfried Mitarbeiter Marko Glassner und &hellip;","og_url":"https:\/\/www.allgeier.com\/de\/pressroom\/press-releases\/10082015-2\/","og_site_name":"Allgeier SE","article_modified_time":"2025-02-05T18:22:38+00:00","twitter_card":"summary_large_image","twitter_misc":{"Gesch\u00e4tzte Lesezeit":"3\u00a0Minuten"},"schema":{"@context":"https:\/\/schema.org","@graph":[{"@type":"WebPage","@id":"https:\/\/www.allgeier.com\/de\/pressroom\/press-releases\/10082015-2\/","url":"https:\/\/www.allgeier.com\/de\/pressroom\/press-releases\/10082015-2\/","name":"10082015 - Allgeier SE","isPartOf":{"@id":"https:\/\/www.allgeier.com\/de\/#website"},"datePublished":"2015-08-10T08:08:58+00:00","dateModified":"2025-02-05T18:22:38+00:00","breadcrumb":{"@id":"https:\/\/www.allgeier.com\/de\/pressroom\/press-releases\/10082015-2\/#breadcrumb"},"inLanguage":"de","potentialAction":[{"@type":"ReadAction","target":["https:\/\/www.allgeier.com\/de\/pressroom\/press-releases\/10082015-2\/"]}]},{"@type":"BreadcrumbList","@id":"https:\/\/www.allgeier.com\/de\/pressroom\/press-releases\/10082015-2\/#breadcrumb","itemListElement":[{"@type":"ListItem","position":1,"name":"Home","item":"https:\/\/www.allgeier.com\/de\/"},{"@type":"ListItem","position":2,"name":"Presse","item":"https:\/\/www.allgeier.com\/de\/pressroom\/"},{"@type":"ListItem","position":3,"name":"Pressemitteilungen","item":"https:\/\/www.allgeier.com\/de\/pressroom\/press-releases\/"},{"@type":"ListItem","position":4,"name":"10082015"}]},{"@type":"WebSite","@id":"https:\/\/www.allgeier.com\/de\/#website","url":"https:\/\/www.allgeier.com\/de\/","name":"Allgeier SE","description":"Software &amp; IT Services for digital transformation","potentialAction":[{"@type":"SearchAction","target":{"@type":"EntryPoint","urlTemplate":"https:\/\/www.allgeier.com\/de\/?s={search_term_string}"},"query-input":{"@type":"PropertyValueSpecification","valueRequired":true,"valueName":"search_term_string"}}],"inLanguage":"de"}]}},"_links":{"self":[{"href":"https:\/\/www.allgeier.com\/de\/wp-json\/wp\/v2\/pages\/1995","targetHints":{"allow":["GET"]}}],"collection":[{"href":"https:\/\/www.allgeier.com\/de\/wp-json\/wp\/v2\/pages"}],"about":[{"href":"https:\/\/www.allgeier.com\/de\/wp-json\/wp\/v2\/types\/page"}],"author":[{"embeddable":true,"href":"https:\/\/www.allgeier.com\/de\/wp-json\/wp\/v2\/users\/5"}],"replies":[{"embeddable":true,"href":"https:\/\/www.allgeier.com\/de\/wp-json\/wp\/v2\/comments?post=1995"}],"version-history":[{"count":0,"href":"https:\/\/www.allgeier.com\/de\/wp-json\/wp\/v2\/pages\/1995\/revisions"}],"up":[{"embeddable":true,"href":"https:\/\/www.allgeier.com\/de\/wp-json\/wp\/v2\/pages\/1169"}],"wp:attachment":[{"href":"https:\/\/www.allgeier.com\/de\/wp-json\/wp\/v2\/media?parent=1995"}],"wp:term":[{"taxonomy":"category","embeddable":true,"href":"https:\/\/www.allgeier.com\/de\/wp-json\/wp\/v2\/categories?post=1995"},{"taxonomy":"post_tag","embeddable":true,"href":"https:\/\/www.allgeier.com\/de\/wp-json\/wp\/v2\/tags?post=1995"}],"curies":[{"name":"wp","href":"https:\/\/api.w.org\/{rel}","templated":true}]}}