{"id":2098,"date":"2016-01-27T14:00:25","date_gmt":"2016-01-27T14:00:25","guid":{"rendered":"https:\/\/www.allgeier.com\/de\/?page_id=2098"},"modified":"2025-02-05T18:36:53","modified_gmt":"2025-02-05T18:36:53","slug":"neue-unternehmensspitze-und-erweiterter-service-goetzfried-ag-stellt-sich-neu-auf","status":"publish","type":"page","link":"https:\/\/www.allgeier.com\/de\/pressroom\/press-releases\/neue-unternehmensspitze-und-erweiterter-service-goetzfried-ag-stellt-sich-neu-auf\/","title":{"rendered":"Neue Unternehmensspitze und erweiterter Service: Goetzfried AG stellt sich neu auf"},"content":{"rendered":"<div class=\"field field-name-field-teaser field-type-text-long field-label-hidden\">\n<div class=\"field-items\">\n<div class=\"field-item even\">\n<ul>\n<li>Thomas G\u00f6tzfried wird Sprecher des Vorstands<\/li>\n<li>Andreas Nader zum Vorstand ernannt<\/li>\n<\/ul>\n<p><em>Wiesbaden, 27. Januar 2016 \u2013<\/em> Die Goetzfried AG, einer der f\u00fchrenden IT- und Engineering-Dienstleister f\u00fcr Personal und Projekte, stellt sich neu auf. So hat das 1987 gegr\u00fcndete Unternehmen mit Hauptsitz in Wiesbaden und zehn Standorten, von Berlin bis Z\u00fcrich, seine Unternehmensspitze neu formiert: Ab sofort ist Thomas G\u00f6tzfried (49) \u2013 Gr\u00fcnder, langj\u00e4hriger Vorstand und zuletzt Aufsichtsratschef der Goetzfried AG \u2013 als Vorstand (Sprecher) f\u00fcr das operative Gesch\u00e4ft und die Entwicklung des Unternehmens verantwortlich. Zusammen mit ihm zieht auch Andreas Nader (47), der bereits viele Jahre Top-Management-Positionen innerhalb der Branche bekleidete, in den Vorstand ein. Gemeinsam wollen sie den erfolgreichen Kurs des Unternehmens pr\u00e4gen. Vorstandssprecher Thomas G\u00f6tzfried: \u201eDie Goetzfried AG hat sich in den vergangenen Jahren im Markt erfreulich entwickelt. Mein Ziel ist es, auf dieser Grundlage aufzubauen und das Unternehmen noch erfolgreicher in die Zukunft zu f\u00fchren. Ganz getreu unserem Leitbild ,Mit Leistung \u00fcberzeugen\u2019 wollen wir unseren Kunden konsequent den besten IT- und Personalservice im Markt bieten und weiter wachsen. Daf\u00fcr bin ich angetreten.\u201c Erste Ma\u00dfnahmen sind bereits heute sichtbar. So hat das Unternehmen sein Leistungsportfolio erweitert und den Unternehmensauftritt erneuert.<\/p>\n<\/div>\n<\/div>\n<\/div>\n<div class=\"field field-name-body field-type-text-with-summary field-label-hidden\">\n<div class=\"field-items\">\n<div class=\"field-item even\">\n<p>Thomas G\u00f6tzfried und Andreas Nader folgen im Vorstand auf Sven Herzberg und Harald T\u00e4ffner, deren Vertr\u00e4ge zum 31. M\u00e4rz 2016 auslaufen. Unter ihrer F\u00fchrung ist das Unternehmen in den vergangenen Jahren kontinuierlich gewachsen. So setzte die Goetzfried AG 2015 rund 145 Millionen Euro um. Die Muttergesellschaft Allgeier SE (M\u00fcnchen) ist gemeinsam mit der Goetzfried AG und weiteren Beteiligungen bereits heute Nummer 1 der deutschen mittelst\u00e4ndischen IT-Beratungs- und Systemintegrations-Unternehmen (L\u00fcnendonk<sup>\u00ae<\/sup>-Liste 2015).<\/p>\n<p><strong>Erfolgreiche Unternehmensgeschichte<\/strong><br \/>\nCarl Georg D\u00fcrschmidt, Vorstandsvorsitzender der Allgeier SE: \u201eThomas G\u00f6tzfried hat die Goetzfried AG vor fast 30 Jahren gegr\u00fcndet und ihre Entwicklung \u00fcber viele Jahre gepr\u00e4gt. Als Gr\u00fcnder und Branchenpionier ist er genau der Richtige, um das Unternehmen in eine neue Dimension zu f\u00fchren.\u201c G\u00f6tzfried hatte das Unternehmen unmittelbar nach seinem Studium zum Diplom-Informatiker im Jahr 1987 gegr\u00fcndet und bis 1999 zu einem der wachstumsst\u00e4rksten Unternehmen der Branche aufgebaut. 2000 wurde es in die Aktiengesellschaft Goetzfried AG umgewandelt, in der er den Vorstand \u00fcbernahm und die Weichen f\u00fcr den Verkauf von 100 Prozent der Aktien an die Allgeier SE 2006 stellte. Die M\u00fcnchner Allgeier Gruppe ist am Regulierten Markt der Frankfurter Wertpapierb\u00f6rse im General Standard gelistet (WKN 508630, ISIN DE0005086300). 2011 \u00fcbergab Thomas G\u00f6tzfried den Vorstand der Goetzfried AG an Sven Herzberg und wechselte in den Aufsichtsrat. Mit Andreas Nader erh\u00e4lt Thomas G\u00f6tzfried nun einen Vorstandskollegen, der die Branche seit 1998 kennt. Nach dem Start seiner beruflichen Laufbahn beim Marktf\u00fchrer Hays AG war Nader viele Jahre in leitenden Positionen innerhalb der Branche t\u00e4tig \u2013 zuletzt als Sprecher der Gesch\u00e4ftsf\u00fchrung bei der Questax GmbH (Heidelberg).<\/p>\n<p><strong>Neuer Unternehmensauftritt und gro\u00dfe Ziele<\/strong><br \/>\nErste Weichenstellungen des neuen Vorstands sind bereits erkennbar: So hat die Goetzfried AG ihren Unternehmensauftritt erneuert, der sich im frischen Look des neuen Logos, des neuen Corporate Designs und der Website widerspiegelt. F\u00fcr die Zukunft des Unternehmens hat sich der neue Vorstand ehrgeizige Ziele gesetzt und plant ein starkes Wachstum im Kerngesch\u00e4ft \u2013\u00a0der Rekrutierung und Betreuung von IT-Spezialisten und Ingenieuren. Weiterhin soll die Konzentration auf Services und L\u00f6sungen f\u00fcr IT- und Engineeringprojekte deutlich vorangetrieben werden. Dazu wurde das Tochterunternehmen \u201eGoetzfried Professionals GmbH\u201c gegr\u00fcndet. Und f\u00fcr den Ausbau des Gesch\u00e4fts der IT-Personalberatung wurde die Mehrheit an der D\u00fcsseldorfer Personalberatung \u201eSearchConsult GmbH\u201c erworben. \u201eAls Rekrutierungsspezialist besetzen wir Projekte \u201ajust in time&#8216; mit den besten IT-Experten und Ingenieuren. Und als L\u00f6sungsanbieter realisieren wir Projekte in eigener Verantwortung. Auf diese Weise wird unser Unternehmen f\u00fcr unsere Kunden die Flexibilit\u00e4t eines Personaldienstleisters mit der L\u00f6sungskompetenz eines IT- und Ingenieurdienstleisters verbinden\u201c, so G\u00f6tzfried.<\/p>\n<p>Insgesamt will das Unternehmen deutlich \u00fcber dem Markt wachsen, das beste Serviceportfolio der Branche bieten und mit Leistung auf allen Ebenen \u00fcberzeugen. \u201eUm dies zu erreichen, m\u00fcssen wir den gro\u00dfen Herausforderungen unserer Kunden, wie z. B. Digitalisierung, IT-Sicherheit, Big-Data und Industrie 4.0, trotz Fachkr\u00e4ftemangel mit innovativen und kreativen L\u00f6sungen begegnen. Deshalb werden wir die administrativen Prozesse des Unternehmens noch effizienter und f\u00fcr Kunden und unsere eingesetzten Experten serviceorientierter gestalten, die Rekrutierung von Fachkr\u00e4ften konsequent verbessern, die Kundenbetreuung stark ausbauen und uns mit zielgerichteten Marketingaktionen noch aktiver im Markt positionieren\u201c, so Vorstand Andreas Nader.<\/p>\n<\/div>\n<\/div>\n<\/div>\n<div class=\"field field-name-field-meta field-type-text-long field-label-hidden\">\n<div class=\"field-items\">\n<div class=\"field-item even\">\n<p><u>\u00dcber die Goetzfried AG<\/u><br \/>\nDie Goetzfried AG mit Hauptsitz in Wiesbaden und zehn weiteren Standorten, von Berlin bis Z\u00fcrich, ist einer der f\u00fchrenden IT- und Engineering-Dienstleister f\u00fcr Personal und Projekte in Deutschland. 1987 zun\u00e4chst als Softwareentwicklungs- und IT-Beratungsunternehmen gegr\u00fcndet, bietet es heute ein umfassendes Leistungsspektrum. Dieses reicht von der Rekrutierung und Steuerung von IT-Experten und Ingenieuren auf Zeit \u00fcber die eigenverantwortliche Realisierung von Projekten bis hin zu Personalberatung f\u00fcr Fach- und F\u00fchrungskr\u00e4fte in der IT. Die Unternehmensgruppe besch\u00e4ftigt mehr als 1.000 Mitarbeiter und setzte 2015 voraussichtlich rund 145 Millionen Euro um. Die Goetzfried AG ist seit 2006 eine 100-prozentige Tochter der b\u00f6rsennotierten Allgeier SE (M\u00fcnchen) und geh\u00f6rt laut der L\u00fcnendonk<sup>\u00ae<\/sup>-Studie 2015 zu den Top-3-IT-Personaldienstleistern in Deutschland. Vorstandssprecher der Goetzfried AG ist Thomas G\u00f6tzfried. Weitere Informationen unter <a href=\"http:\/\/www.goetzfried.com\/\">www.goetzfried.com<\/a>.<\/p>\n<p>&nbsp;<\/p>\n<\/div>\n<\/div>\n<\/div>\n","protected":false},"excerpt":{"rendered":"<p>Thomas G\u00f6tzfried wird Sprecher des Vorstands Andreas Nader zum Vorstand ernannt Wiesbaden, 27. Januar 2016 \u2013 Die Goetzfried AG, einer der f\u00fchrenden IT- und Engineering-Dienstleister f\u00fcr Personal und Projekte, stellt sich neu auf. So hat das 1987 gegr\u00fcndete Unternehmen mit Hauptsitz in Wiesbaden und zehn Standorten, von Berlin bis Z\u00fcrich, seine Unternehmensspitze neu formiert: Ab &hellip; <\/p>\n","protected":false},"author":5,"featured_media":0,"parent":1169,"menu_order":0,"comment_status":"closed","ping_status":"closed","template":"","meta":{"_acf_changed":false,"footnotes":""},"categories":[7],"tags":[],"class_list":["post-2098","page","type-page","status-publish","hentry","category-pressemitteilungen"],"acf":[],"yoast_head":"<!-- This site is optimized with the Yoast SEO plugin v27.4 - https:\/\/yoast.com\/product\/yoast-seo-wordpress\/ -->\n<title>Neue Unternehmensspitze und erweiterter Service: Goetzfried AG stellt sich neu auf - Allgeier SE<\/title>\n<meta name=\"robots\" content=\"index, follow, max-snippet:-1, max-image-preview:large, max-video-preview:-1\" \/>\n<link rel=\"canonical\" href=\"https:\/\/www.allgeier.com\/de\/pressroom\/press-releases\/neue-unternehmensspitze-und-erweiterter-service-goetzfried-ag-stellt-sich-neu-auf\/\" \/>\n<meta property=\"og:locale\" content=\"de_DE\" \/>\n<meta property=\"og:type\" content=\"article\" \/>\n<meta property=\"og:title\" content=\"Neue Unternehmensspitze und erweiterter Service: Goetzfried AG stellt sich neu auf - Allgeier SE\" \/>\n<meta property=\"og:description\" content=\"Thomas G\u00f6tzfried wird Sprecher des Vorstands Andreas Nader zum Vorstand ernannt Wiesbaden, 27. Januar 2016 \u2013 Die Goetzfried AG, einer der f\u00fchrenden IT- und Engineering-Dienstleister f\u00fcr Personal und Projekte, stellt sich neu auf. So hat das 1987 gegr\u00fcndete Unternehmen mit Hauptsitz in Wiesbaden und zehn Standorten, von Berlin bis Z\u00fcrich, seine Unternehmensspitze neu formiert: Ab &hellip;\" \/>\n<meta property=\"og:url\" content=\"https:\/\/www.allgeier.com\/de\/pressroom\/press-releases\/neue-unternehmensspitze-und-erweiterter-service-goetzfried-ag-stellt-sich-neu-auf\/\" \/>\n<meta property=\"og:site_name\" content=\"Allgeier SE\" \/>\n<meta property=\"article:modified_time\" content=\"2025-02-05T18:36:53+00:00\" \/>\n<meta name=\"twitter:card\" content=\"summary_large_image\" \/>\n<meta name=\"twitter:label1\" content=\"Gesch\u00e4tzte Lesezeit\" \/>\n\t<meta name=\"twitter:data1\" content=\"4\u00a0Minuten\" \/>\n<script type=\"application\/ld+json\" class=\"yoast-schema-graph\">{\"@context\":\"https:\\\/\\\/schema.org\",\"@graph\":[{\"@type\":\"WebPage\",\"@id\":\"https:\\\/\\\/www.allgeier.com\\\/de\\\/pressroom\\\/press-releases\\\/neue-unternehmensspitze-und-erweiterter-service-goetzfried-ag-stellt-sich-neu-auf\\\/\",\"url\":\"https:\\\/\\\/www.allgeier.com\\\/de\\\/pressroom\\\/press-releases\\\/neue-unternehmensspitze-und-erweiterter-service-goetzfried-ag-stellt-sich-neu-auf\\\/\",\"name\":\"Neue Unternehmensspitze und erweiterter Service: Goetzfried AG stellt sich neu auf - Allgeier SE\",\"isPartOf\":{\"@id\":\"https:\\\/\\\/www.allgeier.com\\\/de\\\/#website\"},\"datePublished\":\"2016-01-27T14:00:25+00:00\",\"dateModified\":\"2025-02-05T18:36:53+00:00\",\"breadcrumb\":{\"@id\":\"https:\\\/\\\/www.allgeier.com\\\/de\\\/pressroom\\\/press-releases\\\/neue-unternehmensspitze-und-erweiterter-service-goetzfried-ag-stellt-sich-neu-auf\\\/#breadcrumb\"},\"inLanguage\":\"de\",\"potentialAction\":[{\"@type\":\"ReadAction\",\"target\":[\"https:\\\/\\\/www.allgeier.com\\\/de\\\/pressroom\\\/press-releases\\\/neue-unternehmensspitze-und-erweiterter-service-goetzfried-ag-stellt-sich-neu-auf\\\/\"]}]},{\"@type\":\"BreadcrumbList\",\"@id\":\"https:\\\/\\\/www.allgeier.com\\\/de\\\/pressroom\\\/press-releases\\\/neue-unternehmensspitze-und-erweiterter-service-goetzfried-ag-stellt-sich-neu-auf\\\/#breadcrumb\",\"itemListElement\":[{\"@type\":\"ListItem\",\"position\":1,\"name\":\"Home\",\"item\":\"https:\\\/\\\/www.allgeier.com\\\/de\\\/\"},{\"@type\":\"ListItem\",\"position\":2,\"name\":\"Presse\",\"item\":\"https:\\\/\\\/www.allgeier.com\\\/de\\\/pressroom\\\/\"},{\"@type\":\"ListItem\",\"position\":3,\"name\":\"Pressemitteilungen\",\"item\":\"https:\\\/\\\/www.allgeier.com\\\/de\\\/pressroom\\\/press-releases\\\/\"},{\"@type\":\"ListItem\",\"position\":4,\"name\":\"Neue Unternehmensspitze und erweiterter Service: Goetzfried AG stellt sich neu auf\"}]},{\"@type\":\"WebSite\",\"@id\":\"https:\\\/\\\/www.allgeier.com\\\/de\\\/#website\",\"url\":\"https:\\\/\\\/www.allgeier.com\\\/de\\\/\",\"name\":\"Allgeier SE\",\"description\":\"Software &amp; IT Services for digital transformation\",\"potentialAction\":[{\"@type\":\"SearchAction\",\"target\":{\"@type\":\"EntryPoint\",\"urlTemplate\":\"https:\\\/\\\/www.allgeier.com\\\/de\\\/?s={search_term_string}\"},\"query-input\":{\"@type\":\"PropertyValueSpecification\",\"valueRequired\":true,\"valueName\":\"search_term_string\"}}],\"inLanguage\":\"de\"}]}<\/script>\n<!-- \/ Yoast SEO plugin. -->","yoast_head_json":{"title":"Neue Unternehmensspitze und erweiterter Service: Goetzfried AG stellt sich neu auf - Allgeier SE","robots":{"index":"index","follow":"follow","max-snippet":"max-snippet:-1","max-image-preview":"max-image-preview:large","max-video-preview":"max-video-preview:-1"},"canonical":"https:\/\/www.allgeier.com\/de\/pressroom\/press-releases\/neue-unternehmensspitze-und-erweiterter-service-goetzfried-ag-stellt-sich-neu-auf\/","og_locale":"de_DE","og_type":"article","og_title":"Neue Unternehmensspitze und erweiterter Service: Goetzfried AG stellt sich neu auf - Allgeier SE","og_description":"Thomas G\u00f6tzfried wird Sprecher des Vorstands Andreas Nader zum Vorstand ernannt Wiesbaden, 27. Januar 2016 \u2013 Die Goetzfried AG, einer der f\u00fchrenden IT- und Engineering-Dienstleister f\u00fcr Personal und Projekte, stellt sich neu auf. So hat das 1987 gegr\u00fcndete Unternehmen mit Hauptsitz in Wiesbaden und zehn Standorten, von Berlin bis Z\u00fcrich, seine Unternehmensspitze neu formiert: Ab &hellip;","og_url":"https:\/\/www.allgeier.com\/de\/pressroom\/press-releases\/neue-unternehmensspitze-und-erweiterter-service-goetzfried-ag-stellt-sich-neu-auf\/","og_site_name":"Allgeier SE","article_modified_time":"2025-02-05T18:36:53+00:00","twitter_card":"summary_large_image","twitter_misc":{"Gesch\u00e4tzte Lesezeit":"4\u00a0Minuten"},"schema":{"@context":"https:\/\/schema.org","@graph":[{"@type":"WebPage","@id":"https:\/\/www.allgeier.com\/de\/pressroom\/press-releases\/neue-unternehmensspitze-und-erweiterter-service-goetzfried-ag-stellt-sich-neu-auf\/","url":"https:\/\/www.allgeier.com\/de\/pressroom\/press-releases\/neue-unternehmensspitze-und-erweiterter-service-goetzfried-ag-stellt-sich-neu-auf\/","name":"Neue Unternehmensspitze und erweiterter Service: Goetzfried AG stellt sich neu auf - Allgeier SE","isPartOf":{"@id":"https:\/\/www.allgeier.com\/de\/#website"},"datePublished":"2016-01-27T14:00:25+00:00","dateModified":"2025-02-05T18:36:53+00:00","breadcrumb":{"@id":"https:\/\/www.allgeier.com\/de\/pressroom\/press-releases\/neue-unternehmensspitze-und-erweiterter-service-goetzfried-ag-stellt-sich-neu-auf\/#breadcrumb"},"inLanguage":"de","potentialAction":[{"@type":"ReadAction","target":["https:\/\/www.allgeier.com\/de\/pressroom\/press-releases\/neue-unternehmensspitze-und-erweiterter-service-goetzfried-ag-stellt-sich-neu-auf\/"]}]},{"@type":"BreadcrumbList","@id":"https:\/\/www.allgeier.com\/de\/pressroom\/press-releases\/neue-unternehmensspitze-und-erweiterter-service-goetzfried-ag-stellt-sich-neu-auf\/#breadcrumb","itemListElement":[{"@type":"ListItem","position":1,"name":"Home","item":"https:\/\/www.allgeier.com\/de\/"},{"@type":"ListItem","position":2,"name":"Presse","item":"https:\/\/www.allgeier.com\/de\/pressroom\/"},{"@type":"ListItem","position":3,"name":"Pressemitteilungen","item":"https:\/\/www.allgeier.com\/de\/pressroom\/press-releases\/"},{"@type":"ListItem","position":4,"name":"Neue Unternehmensspitze und erweiterter Service: Goetzfried AG stellt sich neu auf"}]},{"@type":"WebSite","@id":"https:\/\/www.allgeier.com\/de\/#website","url":"https:\/\/www.allgeier.com\/de\/","name":"Allgeier SE","description":"Software &amp; IT Services for digital transformation","potentialAction":[{"@type":"SearchAction","target":{"@type":"EntryPoint","urlTemplate":"https:\/\/www.allgeier.com\/de\/?s={search_term_string}"},"query-input":{"@type":"PropertyValueSpecification","valueRequired":true,"valueName":"search_term_string"}}],"inLanguage":"de"}]}},"_links":{"self":[{"href":"https:\/\/www.allgeier.com\/de\/wp-json\/wp\/v2\/pages\/2098","targetHints":{"allow":["GET"]}}],"collection":[{"href":"https:\/\/www.allgeier.com\/de\/wp-json\/wp\/v2\/pages"}],"about":[{"href":"https:\/\/www.allgeier.com\/de\/wp-json\/wp\/v2\/types\/page"}],"author":[{"embeddable":true,"href":"https:\/\/www.allgeier.com\/de\/wp-json\/wp\/v2\/users\/5"}],"replies":[{"embeddable":true,"href":"https:\/\/www.allgeier.com\/de\/wp-json\/wp\/v2\/comments?post=2098"}],"version-history":[{"count":1,"href":"https:\/\/www.allgeier.com\/de\/wp-json\/wp\/v2\/pages\/2098\/revisions"}],"predecessor-version":[{"id":6183,"href":"https:\/\/www.allgeier.com\/de\/wp-json\/wp\/v2\/pages\/2098\/revisions\/6183"}],"up":[{"embeddable":true,"href":"https:\/\/www.allgeier.com\/de\/wp-json\/wp\/v2\/pages\/1169"}],"wp:attachment":[{"href":"https:\/\/www.allgeier.com\/de\/wp-json\/wp\/v2\/media?parent=2098"}],"wp:term":[{"taxonomy":"category","embeddable":true,"href":"https:\/\/www.allgeier.com\/de\/wp-json\/wp\/v2\/categories?post=2098"},{"taxonomy":"post_tag","embeddable":true,"href":"https:\/\/www.allgeier.com\/de\/wp-json\/wp\/v2\/tags?post=2098"}],"curies":[{"name":"wp","href":"https:\/\/api.w.org\/{rel}","templated":true}]}}