{"id":2195,"date":"2016-11-15T11:09:21","date_gmt":"2016-11-15T11:09:21","guid":{"rendered":"https:\/\/www.allgeier.com\/de\/?page_id=2195"},"modified":"2025-02-05T18:36:49","modified_gmt":"2025-02-05T18:36:49","slug":"allgeier-experts-oliver-starzonek-erweitert-als-chief-financial-officer-den-vorstand-von-allgeier-experts","status":"publish","type":"page","link":"https:\/\/www.allgeier.com\/de\/pressroom\/press-releases\/allgeier-experts-oliver-starzonek-erweitert-als-chief-financial-officer-den-vorstand-von-allgeier-experts\/","title":{"rendered":"Allgeier Experts: Oliver Starzonek erweitert als Chief Financial Officer den Vorstand von Allgeier Experts"},"content":{"rendered":"<p><strong><em>Wiesbaden\/M\u00fcnchen, 15. November 2016 \u2013<\/em> Allgeier Experts, einer der f\u00fchrenden deutschen Anbieter von Personal- und Projektservices f\u00fcr IT und Engineering, hat seinen Vorstand strategisch erweitert. Ab sofort ist Oliver Starzonek (46) als neuer Chief Financial Officer (CFO) an Bord. Er steuert bei Allgeier Experts k\u00fcnftig die Bereiche Finance &amp; Controlling sowie IT &amp; Procurement. Gemeinsam mit Dr. Marcus Goedsche, Thomas G\u00f6tzfried und Markus Ley bildet Oliver Starzonek den neuen Vorstand der Allgeier Experts.<\/strong><\/p>\n<p>Der erfahrene Topmanager war zuletzt vier Jahre CFO der Hays AG, wo er den gesamten Finanzbereich f\u00fcr Deutschland, \u00d6sterreich, die Schweiz und D\u00e4nemark leitete. Zuvor hatte er insgesamt f\u00fcnf Jahre die Position des kaufm\u00e4nnischen Gesch\u00e4ftsf\u00fchrers des IT-Dienstleisters Logica bekleidet. Weitere verantwortliche Positionen bei Accenture und T-Systems runden das Profil des diplomierten Betriebswirts (Universit\u00e4t Oldenburg) ab.<\/p>\n<p><strong>\u00dcber Allgeier Experts<\/strong><\/p>\n<p>Allgeier Experts ist ein f\u00fchrender deutscher Anbieter von Personal- und Projektservices f\u00fcr IT und Engineering. Die Division der Allgeier SE b\u00fcndelt das Know-how und die Branchenexpertise der Allgeier Tochtergesellschaften Goetzfried AG, tecops, UNP, Goetzfried Professionals, SearchConsult, Oxygen und Allgeier Experts Services. An 30 Standorten betreut Allgeier Experts mehr als 330 nationale und internationale Unternehmenskunden und \u00f6ffentliche Auftraggeber, darunter 15 Dax-Unternehmen. Mit 250 Millionen Euro Umsatz und 2.800 Mitarbeitern z\u00e4hlt Allgeier Experts gem\u00e4\u00df L\u00fcnendonk-Marktsegmentstudie zu den Top-3-IT-Personaldienstleistern in Deutschland. Weitere Informationen finden Sie unter <a href=\"http:\/\/www.allgeier-experts.com\">www.allgeier-experts.com<\/a>.<\/p>\n<p><strong><br \/>\nPressekontakt<\/strong><\/p>\n<p>Allgeier Experts\u00a0\u00a0\u00a0 <strong>\u00a0\u00a0\u00a0\u00a0\u00a0\u00a0\u00a0\u00a0\u00a0\u00a0\u00a0\u00a0\u00a0\u00a0\u00a0\u00a0\u00a0\u00a0\u00a0\u00a0\u00a0\u00a0\u00a0\u00a0\u00a0\u00a0\u00a0\u00a0\u00a0\u00a0 \u00a0\u00a0\u00a0\u00a0\u00a0\u00a0\u00a0\u00a0\u00a0\u00a0\u00a0\u00a0\u00a0\u00a0\u00a0\u00a0\u00a0\u00a0\u00a0\u00a0\u00a0\u00a0\u00a0\u00a0\u00a0\u00a0\u00a0\u00a0\u00a0\u00a0 <\/strong>Deutscher Pressestern<sup>\u00ae<\/sup><br \/>\nThomas Becker\u00a0\u00a0\u00a0\u00a0\u00a0\u00a0\u00a0\u00a0\u00a0\u00a0\u00a0\u00a0\u00a0\u00a0\u00a0\u00a0\u00a0\u00a0\u00a0 \u00a0\u00a0\u00a0\u00a0\u00a0\u00a0\u00a0\u00a0\u00a0\u00a0\u00a0\u00a0\u00a0\u00a0\u00a0\u00a0\u00a0\u00a0\u00a0\u00a0\u00a0\u00a0\u00a0\u00a0\u00a0\u00a0\u00a0\u00a0\u00a0\u00a0 \u00a0\u00a0\u00a0\u00a0\u00a0\u00a0\u00a0\u00a0\u00a0\u00a0\u00a0\u00a0 Benno Adelhardt<br \/>\nGustav-Stresemann-Ring 12\u201316\u00a0\u00a0\u00a0\u00a0\u00a0\u00a0\u00a0\u00a0\u00a0\u00a0\u00a0\u00a0\u00a0\u00a0\u00a0\u00a0\u00a0\u00a0\u00a0\u00a0\u00a0\u00a0\u00a0 \u00a0\u00a0\u00a0\u00a0\u00a0\u00a0\u00a0\u00a0\u00a0\u00a0\u00a0\u00a0 Bierstadter Str. 9 a<br \/>\n65189 Wiesbaden\u00a0\u00a0\u00a0\u00a0\u00a0\u00a0\u00a0\u00a0\u00a0\u00a0\u00a0\u00a0\u00a0\u00a0\u00a0\u00a0\u00a0\u00a0\u00a0\u00a0\u00a0\u00a0\u00a0\u00a0\u00a0\u00a0\u00a0\u00a0\u00a0\u00a0\u00a0\u00a0\u00a0\u00a0\u00a0\u00a0\u00a0\u00a0\u00a0\u00a0\u00a0\u00a0\u00a0\u00a0\u00a0\u00a0\u00a0 \u00a0\u00a0\u00a0\u00a0\u00a0\u00a0\u00a0\u00a0\u00a0\u00a0\u00a0 65189 Wiesbaden<br \/>\nTel.: +49 611 4456-190\u00a0\u00a0\u00a0\u00a0\u00a0\u00a0\u00a0\u00a0\u00a0\u00a0\u00a0\u00a0\u00a0\u00a0\u00a0\u00a0\u00a0\u00a0\u00a0\u00a0\u00a0\u00a0\u00a0\u00a0\u00a0\u00a0\u00a0\u00a0\u00a0\u00a0\u00a0\u00a0\u00a0\u00a0\u00a0\u00a0\u00a0\u00a0\u00a0\u00a0\u00a0\u00a0\u00a0\u00a0\u00a0\u00a0\u00a0\u00a0\u00a0\u00a0\u00a0 Tel.: +49 611 39539-20<br \/>\nE-Mail: <a href=\"mailto:thomas.becker@allgeier-experts.com\">thomas.becker@allgeier-experts.com<\/a>\u00a0\u00a0\u00a0\u00a0\u00a0\u00a0\u00a0\u00a0\u00a0\u00a0\u00a0\u00a0\u00a0\u00a0\u00a0\u00a0 E-Mail: <a href=\"mailto:b.adelhardt@public-star.de\">b.adelhardt@public-star.de<\/a><\/p>\n<p>&nbsp;<\/p>\n<p><a href=\"https:\/\/www.allgeier.com\/de\/wp-content\/uploads\/sites\/3\/2016\/11\/Oliver-Starzonek_3.jpg\" rel=\"attachment wp-att-2197\"><img loading=\"lazy\" decoding=\"async\" class=\"alignnone size-medium wp-image-2197\" src=\"https:\/\/www.allgeier.com\/de\/wp-content\/uploads\/sites\/3\/2016\/11\/Oliver-Starzonek_3-300x239.jpg\" alt=\"Oliver-Starzonek_3\" width=\"300\" height=\"239\" srcset=\"https:\/\/www.allgeier.com\/de\/wp-content\/uploads\/sites\/3\/2016\/11\/Oliver-Starzonek_3-300x239.jpg 300w, https:\/\/www.allgeier.com\/de\/wp-content\/uploads\/sites\/3\/2016\/11\/Oliver-Starzonek_3-600x478.jpg 600w, https:\/\/www.allgeier.com\/de\/wp-content\/uploads\/sites\/3\/2016\/11\/Oliver-Starzonek_3.jpg 676w\" sizes=\"auto, (max-width: 300px) 100vw, 300px\" \/><\/a><\/p>\n","protected":false},"excerpt":{"rendered":"<p>Wiesbaden\/M\u00fcnchen, 15. November 2016 \u2013 Allgeier Experts, einer der f\u00fchrenden deutschen Anbieter von Personal- und Projektservices f\u00fcr IT und Engineering, hat seinen Vorstand strategisch erweitert. Ab sofort ist Oliver Starzonek (46) als neuer Chief Financial Officer (CFO) an Bord. Er steuert bei Allgeier Experts k\u00fcnftig die Bereiche Finance &amp; Controlling sowie IT &amp; Procurement. Gemeinsam &hellip; <\/p>\n","protected":false},"author":4,"featured_media":0,"parent":1169,"menu_order":0,"comment_status":"closed","ping_status":"closed","template":"","meta":{"_acf_changed":false,"footnotes":""},"categories":[7],"tags":[],"class_list":["post-2195","page","type-page","status-publish","hentry","category-pressemitteilungen"],"acf":[],"yoast_head":"<!-- This site is optimized with the Yoast SEO plugin v27.4 - https:\/\/yoast.com\/product\/yoast-seo-wordpress\/ -->\n<title>Allgeier Experts: Oliver Starzonek erweitert als Chief Financial Officer den Vorstand von Allgeier Experts - Allgeier SE<\/title>\n<meta name=\"robots\" content=\"index, follow, max-snippet:-1, max-image-preview:large, max-video-preview:-1\" \/>\n<link rel=\"canonical\" href=\"https:\/\/www.allgeier.com\/de\/pressroom\/press-releases\/allgeier-experts-oliver-starzonek-erweitert-als-chief-financial-officer-den-vorstand-von-allgeier-experts\/\" \/>\n<meta property=\"og:locale\" content=\"de_DE\" \/>\n<meta property=\"og:type\" content=\"article\" \/>\n<meta property=\"og:title\" content=\"Allgeier Experts: Oliver Starzonek erweitert als Chief Financial Officer den Vorstand von Allgeier Experts - Allgeier SE\" \/>\n<meta property=\"og:description\" content=\"Wiesbaden\/M\u00fcnchen, 15. November 2016 \u2013 Allgeier Experts, einer der f\u00fchrenden deutschen Anbieter von Personal- und Projektservices f\u00fcr IT und Engineering, hat seinen Vorstand strategisch erweitert. Ab sofort ist Oliver Starzonek (46) als neuer Chief Financial Officer (CFO) an Bord. Er steuert bei Allgeier Experts k\u00fcnftig die Bereiche Finance &amp; Controlling sowie IT &amp; Procurement. Gemeinsam &hellip;\" \/>\n<meta property=\"og:url\" content=\"https:\/\/www.allgeier.com\/de\/pressroom\/press-releases\/allgeier-experts-oliver-starzonek-erweitert-als-chief-financial-officer-den-vorstand-von-allgeier-experts\/\" \/>\n<meta property=\"og:site_name\" content=\"Allgeier SE\" \/>\n<meta property=\"article:modified_time\" content=\"2025-02-05T18:36:49+00:00\" \/>\n<meta property=\"og:image\" content=\"https:\/\/www.allgeier.com\/de\/wp-content\/uploads\/sites\/3\/2016\/11\/Oliver-Starzonek_3.jpg\" \/>\n\t<meta property=\"og:image:width\" content=\"676\" \/>\n\t<meta property=\"og:image:height\" content=\"538\" \/>\n\t<meta property=\"og:image:type\" content=\"image\/jpeg\" \/>\n<meta name=\"twitter:card\" content=\"summary_large_image\" \/>\n<meta name=\"twitter:label1\" content=\"Gesch\u00e4tzte Lesezeit\" \/>\n\t<meta name=\"twitter:data1\" content=\"1\u00a0Minute\" \/>\n<script type=\"application\/ld+json\" class=\"yoast-schema-graph\">{\"@context\":\"https:\\\/\\\/schema.org\",\"@graph\":[{\"@type\":\"WebPage\",\"@id\":\"https:\\\/\\\/www.allgeier.com\\\/de\\\/pressroom\\\/press-releases\\\/allgeier-experts-oliver-starzonek-erweitert-als-chief-financial-officer-den-vorstand-von-allgeier-experts\\\/\",\"url\":\"https:\\\/\\\/www.allgeier.com\\\/de\\\/pressroom\\\/press-releases\\\/allgeier-experts-oliver-starzonek-erweitert-als-chief-financial-officer-den-vorstand-von-allgeier-experts\\\/\",\"name\":\"Allgeier Experts: Oliver Starzonek erweitert als Chief Financial Officer den Vorstand von Allgeier Experts - Allgeier SE\",\"isPartOf\":{\"@id\":\"https:\\\/\\\/www.allgeier.com\\\/de\\\/#website\"},\"primaryImageOfPage\":{\"@id\":\"https:\\\/\\\/www.allgeier.com\\\/de\\\/pressroom\\\/press-releases\\\/allgeier-experts-oliver-starzonek-erweitert-als-chief-financial-officer-den-vorstand-von-allgeier-experts\\\/#primaryimage\"},\"image\":{\"@id\":\"https:\\\/\\\/www.allgeier.com\\\/de\\\/pressroom\\\/press-releases\\\/allgeier-experts-oliver-starzonek-erweitert-als-chief-financial-officer-den-vorstand-von-allgeier-experts\\\/#primaryimage\"},\"thumbnailUrl\":\"https:\\\/\\\/www.allgeier.com\\\/de\\\/wp-content\\\/uploads\\\/sites\\\/3\\\/2016\\\/11\\\/Oliver-Starzonek_3-300x239.jpg\",\"datePublished\":\"2016-11-15T11:09:21+00:00\",\"dateModified\":\"2025-02-05T18:36:49+00:00\",\"breadcrumb\":{\"@id\":\"https:\\\/\\\/www.allgeier.com\\\/de\\\/pressroom\\\/press-releases\\\/allgeier-experts-oliver-starzonek-erweitert-als-chief-financial-officer-den-vorstand-von-allgeier-experts\\\/#breadcrumb\"},\"inLanguage\":\"de\",\"potentialAction\":[{\"@type\":\"ReadAction\",\"target\":[\"https:\\\/\\\/www.allgeier.com\\\/de\\\/pressroom\\\/press-releases\\\/allgeier-experts-oliver-starzonek-erweitert-als-chief-financial-officer-den-vorstand-von-allgeier-experts\\\/\"]}]},{\"@type\":\"ImageObject\",\"inLanguage\":\"de\",\"@id\":\"https:\\\/\\\/www.allgeier.com\\\/de\\\/pressroom\\\/press-releases\\\/allgeier-experts-oliver-starzonek-erweitert-als-chief-financial-officer-den-vorstand-von-allgeier-experts\\\/#primaryimage\",\"url\":\"https:\\\/\\\/www.allgeier.com\\\/de\\\/wp-content\\\/uploads\\\/sites\\\/3\\\/2016\\\/11\\\/Oliver-Starzonek_3.jpg\",\"contentUrl\":\"https:\\\/\\\/www.allgeier.com\\\/de\\\/wp-content\\\/uploads\\\/sites\\\/3\\\/2016\\\/11\\\/Oliver-Starzonek_3.jpg\",\"width\":676,\"height\":538},{\"@type\":\"BreadcrumbList\",\"@id\":\"https:\\\/\\\/www.allgeier.com\\\/de\\\/pressroom\\\/press-releases\\\/allgeier-experts-oliver-starzonek-erweitert-als-chief-financial-officer-den-vorstand-von-allgeier-experts\\\/#breadcrumb\",\"itemListElement\":[{\"@type\":\"ListItem\",\"position\":1,\"name\":\"Home\",\"item\":\"https:\\\/\\\/www.allgeier.com\\\/de\\\/\"},{\"@type\":\"ListItem\",\"position\":2,\"name\":\"Presse\",\"item\":\"https:\\\/\\\/www.allgeier.com\\\/de\\\/pressroom\\\/\"},{\"@type\":\"ListItem\",\"position\":3,\"name\":\"Pressemitteilungen\",\"item\":\"https:\\\/\\\/www.allgeier.com\\\/de\\\/pressroom\\\/press-releases\\\/\"},{\"@type\":\"ListItem\",\"position\":4,\"name\":\"Allgeier Experts: Oliver Starzonek erweitert als Chief Financial Officer den Vorstand von Allgeier Experts\"}]},{\"@type\":\"WebSite\",\"@id\":\"https:\\\/\\\/www.allgeier.com\\\/de\\\/#website\",\"url\":\"https:\\\/\\\/www.allgeier.com\\\/de\\\/\",\"name\":\"Allgeier SE\",\"description\":\"Software &amp; IT Services for digital transformation\",\"potentialAction\":[{\"@type\":\"SearchAction\",\"target\":{\"@type\":\"EntryPoint\",\"urlTemplate\":\"https:\\\/\\\/www.allgeier.com\\\/de\\\/?s={search_term_string}\"},\"query-input\":{\"@type\":\"PropertyValueSpecification\",\"valueRequired\":true,\"valueName\":\"search_term_string\"}}],\"inLanguage\":\"de\"}]}<\/script>\n<!-- \/ Yoast SEO plugin. -->","yoast_head_json":{"title":"Allgeier Experts: Oliver Starzonek erweitert als Chief Financial Officer den Vorstand von Allgeier Experts - Allgeier SE","robots":{"index":"index","follow":"follow","max-snippet":"max-snippet:-1","max-image-preview":"max-image-preview:large","max-video-preview":"max-video-preview:-1"},"canonical":"https:\/\/www.allgeier.com\/de\/pressroom\/press-releases\/allgeier-experts-oliver-starzonek-erweitert-als-chief-financial-officer-den-vorstand-von-allgeier-experts\/","og_locale":"de_DE","og_type":"article","og_title":"Allgeier Experts: Oliver Starzonek erweitert als Chief Financial Officer den Vorstand von Allgeier Experts - Allgeier SE","og_description":"Wiesbaden\/M\u00fcnchen, 15. November 2016 \u2013 Allgeier Experts, einer der f\u00fchrenden deutschen Anbieter von Personal- und Projektservices f\u00fcr IT und Engineering, hat seinen Vorstand strategisch erweitert. Ab sofort ist Oliver Starzonek (46) als neuer Chief Financial Officer (CFO) an Bord. Er steuert bei Allgeier Experts k\u00fcnftig die Bereiche Finance &amp; Controlling sowie IT &amp; Procurement. Gemeinsam &hellip;","og_url":"https:\/\/www.allgeier.com\/de\/pressroom\/press-releases\/allgeier-experts-oliver-starzonek-erweitert-als-chief-financial-officer-den-vorstand-von-allgeier-experts\/","og_site_name":"Allgeier SE","article_modified_time":"2025-02-05T18:36:49+00:00","og_image":[{"width":676,"height":538,"url":"https:\/\/www.allgeier.com\/de\/wp-content\/uploads\/sites\/3\/2016\/11\/Oliver-Starzonek_3.jpg","type":"image\/jpeg"}],"twitter_card":"summary_large_image","twitter_misc":{"Gesch\u00e4tzte Lesezeit":"1\u00a0Minute"},"schema":{"@context":"https:\/\/schema.org","@graph":[{"@type":"WebPage","@id":"https:\/\/www.allgeier.com\/de\/pressroom\/press-releases\/allgeier-experts-oliver-starzonek-erweitert-als-chief-financial-officer-den-vorstand-von-allgeier-experts\/","url":"https:\/\/www.allgeier.com\/de\/pressroom\/press-releases\/allgeier-experts-oliver-starzonek-erweitert-als-chief-financial-officer-den-vorstand-von-allgeier-experts\/","name":"Allgeier Experts: Oliver Starzonek erweitert als Chief Financial Officer den Vorstand von Allgeier Experts - Allgeier SE","isPartOf":{"@id":"https:\/\/www.allgeier.com\/de\/#website"},"primaryImageOfPage":{"@id":"https:\/\/www.allgeier.com\/de\/pressroom\/press-releases\/allgeier-experts-oliver-starzonek-erweitert-als-chief-financial-officer-den-vorstand-von-allgeier-experts\/#primaryimage"},"image":{"@id":"https:\/\/www.allgeier.com\/de\/pressroom\/press-releases\/allgeier-experts-oliver-starzonek-erweitert-als-chief-financial-officer-den-vorstand-von-allgeier-experts\/#primaryimage"},"thumbnailUrl":"https:\/\/www.allgeier.com\/de\/wp-content\/uploads\/sites\/3\/2016\/11\/Oliver-Starzonek_3-300x239.jpg","datePublished":"2016-11-15T11:09:21+00:00","dateModified":"2025-02-05T18:36:49+00:00","breadcrumb":{"@id":"https:\/\/www.allgeier.com\/de\/pressroom\/press-releases\/allgeier-experts-oliver-starzonek-erweitert-als-chief-financial-officer-den-vorstand-von-allgeier-experts\/#breadcrumb"},"inLanguage":"de","potentialAction":[{"@type":"ReadAction","target":["https:\/\/www.allgeier.com\/de\/pressroom\/press-releases\/allgeier-experts-oliver-starzonek-erweitert-als-chief-financial-officer-den-vorstand-von-allgeier-experts\/"]}]},{"@type":"ImageObject","inLanguage":"de","@id":"https:\/\/www.allgeier.com\/de\/pressroom\/press-releases\/allgeier-experts-oliver-starzonek-erweitert-als-chief-financial-officer-den-vorstand-von-allgeier-experts\/#primaryimage","url":"https:\/\/www.allgeier.com\/de\/wp-content\/uploads\/sites\/3\/2016\/11\/Oliver-Starzonek_3.jpg","contentUrl":"https:\/\/www.allgeier.com\/de\/wp-content\/uploads\/sites\/3\/2016\/11\/Oliver-Starzonek_3.jpg","width":676,"height":538},{"@type":"BreadcrumbList","@id":"https:\/\/www.allgeier.com\/de\/pressroom\/press-releases\/allgeier-experts-oliver-starzonek-erweitert-als-chief-financial-officer-den-vorstand-von-allgeier-experts\/#breadcrumb","itemListElement":[{"@type":"ListItem","position":1,"name":"Home","item":"https:\/\/www.allgeier.com\/de\/"},{"@type":"ListItem","position":2,"name":"Presse","item":"https:\/\/www.allgeier.com\/de\/pressroom\/"},{"@type":"ListItem","position":3,"name":"Pressemitteilungen","item":"https:\/\/www.allgeier.com\/de\/pressroom\/press-releases\/"},{"@type":"ListItem","position":4,"name":"Allgeier Experts: Oliver Starzonek erweitert als Chief Financial Officer den Vorstand von Allgeier Experts"}]},{"@type":"WebSite","@id":"https:\/\/www.allgeier.com\/de\/#website","url":"https:\/\/www.allgeier.com\/de\/","name":"Allgeier SE","description":"Software &amp; IT Services for digital transformation","potentialAction":[{"@type":"SearchAction","target":{"@type":"EntryPoint","urlTemplate":"https:\/\/www.allgeier.com\/de\/?s={search_term_string}"},"query-input":{"@type":"PropertyValueSpecification","valueRequired":true,"valueName":"search_term_string"}}],"inLanguage":"de"}]}},"_links":{"self":[{"href":"https:\/\/www.allgeier.com\/de\/wp-json\/wp\/v2\/pages\/2195","targetHints":{"allow":["GET"]}}],"collection":[{"href":"https:\/\/www.allgeier.com\/de\/wp-json\/wp\/v2\/pages"}],"about":[{"href":"https:\/\/www.allgeier.com\/de\/wp-json\/wp\/v2\/types\/page"}],"author":[{"embeddable":true,"href":"https:\/\/www.allgeier.com\/de\/wp-json\/wp\/v2\/users\/4"}],"replies":[{"embeddable":true,"href":"https:\/\/www.allgeier.com\/de\/wp-json\/wp\/v2\/comments?post=2195"}],"version-history":[{"count":1,"href":"https:\/\/www.allgeier.com\/de\/wp-json\/wp\/v2\/pages\/2195\/revisions"}],"predecessor-version":[{"id":6154,"href":"https:\/\/www.allgeier.com\/de\/wp-json\/wp\/v2\/pages\/2195\/revisions\/6154"}],"up":[{"embeddable":true,"href":"https:\/\/www.allgeier.com\/de\/wp-json\/wp\/v2\/pages\/1169"}],"wp:attachment":[{"href":"https:\/\/www.allgeier.com\/de\/wp-json\/wp\/v2\/media?parent=2195"}],"wp:term":[{"taxonomy":"category","embeddable":true,"href":"https:\/\/www.allgeier.com\/de\/wp-json\/wp\/v2\/categories?post=2195"},{"taxonomy":"post_tag","embeddable":true,"href":"https:\/\/www.allgeier.com\/de\/wp-json\/wp\/v2\/tags?post=2195"}],"curies":[{"name":"wp","href":"https:\/\/api.w.org\/{rel}","templated":true}]}}