{"id":2242,"date":"2017-02-14T11:34:54","date_gmt":"2017-02-14T11:34:54","guid":{"rendered":"https:\/\/www.allgeier.com\/de\/?page_id=2242"},"modified":"2025-02-05T18:36:52","modified_gmt":"2025-02-05T18:36:52","slug":"allgeier-ubernimmt-gesellschaften-von-ciber","status":"publish","type":"page","link":"https:\/\/www.allgeier.com\/de\/pressroom\/press-releases\/allgeier-ubernimmt-gesellschaften-von-ciber\/","title":{"rendered":"Allgeier \u00fcbernimmt Gesellschaften von Ciber"},"content":{"rendered":"<p><strong>Allgeier Enterprise Services AG baut ihren SAP-Bereich um Beratungsleistungen und Managed Services aus<br \/>\n<\/strong><\/p>\n<p><em>Bremen, 14. Februar 2017 &#8211; <\/em>Die Allgeier Enterprise Services AG \u00fcbernimmt die Gesch\u00e4fte des amerikanischen IT-Dienstleisters Ciber Inc. in Deutschland, D\u00e4nemark und Frankreich. Dazu geh\u00f6ren die Tochtergesellschaften Ciber AG und Ciber Managed Services GmbH, die Ciber France SAS sowie Teile der d\u00e4nischen Tochterfirma. Die Transaktion umfasst au\u00dferdem die \u00dcbernahme der Softwarel\u00f6sung Ciber Compliance Suite for SAP Systems. Unter dem Dach der Allgeier Enterprise Services AG f\u00fchrt das IT-Unternehmen die neuen Gesellschaften mit dem bestehenden SAP-Gesch\u00e4ft zusammen. Allgeier \u00fcbernimmt mit rund 300 Mitarbeitern die gesamte Belegschaft der zugekauften Gesellschaften, davon sind derzeit 280 an den Ciber-Standorten in Heidelberg, K\u00f6ln, Sulzbach bei Frankfurt sowie Freiburg t\u00e4tig.<\/p>\n<p>J\u00f6rg Dietmann, Vorstandsmitglied der Allgeier Enterprise Services AG, \u00fcber die Bedeutung der Firmen\u00fcbernahmen f\u00fcr die Allgeier Gruppe: \u201eDurch den Kauf der Ciber-Gesellschaften bauen wir unser Portfolio um wichtige SAP-Beratungsleistungen sowie SAP-Managed Services konsequent weiter aus. In Verbindung mit unseren Kernkompetenzen in den Branchen Retail, Medien sowie in der Prozess- und Konsumg\u00fcterindustrie positionieren wir uns als f\u00fchrender Full-Service-IT-Anbieter.\u201c<\/p>\n<p><strong>Digitalisierung bei Kunden vorantreiben<\/strong><\/p>\n<p>Bereits im vergangenen Jahr erweiterte das Unternehmen mit dem Gesch\u00e4ftsfeld Allgeier Enterprise Services sein SAP-Produkt- und Dienstleistungsportfolio f\u00fcr die Branchen Handel, Logistik, Chemie, Pharma, Nahrungs- und Genussmittel sowie Medien. &#8222;Infolge des weiteren Ausbaus k\u00f6nnen wir unser Innovationspotential im Bereich S\/4 HANA und S\/4 HANA Cloud noch schneller und gezielter abrufen und damit unsere Mittelstandskunden in ihrer Digitalisierungsstrategie unterst\u00fctzen&#8220;, sagt Michael Schmidt, ebenfalls Mitglied des Vorstands der Allgeier Enterprise Services AG. Den Fokus legt Allgeier dabei auf die Leistungen Managed Services sowie Projektberatung, die das Unternehmen k\u00fcnftig an verschiedenen Standorten in Deutschland und Europa umsetzen kann. Mit diesen strategischen Ma\u00dfnahmen und den 600 SAP-Experten im eigenen Haus kommt Allgeier dem steigenden Bedarf der Kunden an branchenspezifischen Produkten und Services nach: Insgesamt rechnet die Allgeier Enterprise Services AG 2017 mit einem Umsatz in H\u00f6he von 120 Millionen Euro.<\/p>\n<p><strong>Ganzheitliches Leistungsspektrum f\u00fcr Kunden<\/strong><\/p>\n<p>Von dem Ausbau des SAP-Bereichs profitieren auch die anderen Gesch\u00e4ftsbereiche der Allgeier-Gruppe. \u201eWir b\u00fcndeln unsere St\u00e4rken und bieten unseren rund 3.000 Gro\u00dfkunden sowie auch kleinen und mittelst\u00e4ndischen Unternehmen ein starkes ganzheitliches Leistungs- und Produktspektrum \u2013 von SAP-Services bis hin zu L\u00f6sungen in den Bereichen Enterprise Content Management (ECM), Enterprise Resource Planning (ERP) sowie Security,\u201c fasst Dietmann zusammen. Allgeier Enterprise Services AG ist somit ein vollstufiger IT-L\u00f6sungsanbieter.<\/p>\n<p>&nbsp;<\/p>\n<p><strong>\u00dcber das Unternehmen <\/strong><\/p>\n<p>Die Allgeier Enterprise Services AG ist einer der f\u00fchrenden Anbieter f\u00fcr Softwarel\u00f6sungen und IT-Dienstleistungen f\u00fcr gro\u00dfe und mittelst\u00e4ndische Unternehmen. Unter dem Dach der Allgeier ES agieren zehn Gesellschaften. Kundenunternehmen erhalten damit ein umfassendes Leistungsspektrum von Beratungsdienstleistungen zu Strategien und Prozessen bis zur Kompletteinf\u00fchrung sowie Managed Services in den Bereichen Application Management, Hosting und Cloud aus einer Hand. Zudem profitieren sie von einem fl\u00e4chendeckenden bundesweiten Servicenetz und einem umfassenden Partnernetzwerk in Europa. Das Angebotsportfolio umfasst neben eigenen Softwarel\u00f6sungen auch Anwendungen namhafter Hersteller in den Bereichen Enterprise Resource Planning, Dokumentenmanagement-Systeme, IT-Security, IT-Infrastruktur und Business Process Management. Allgeier ES ist zertifizierter Microsoft Gold Partner und wurde 2015 von der Experton Group als \u201eCloud Leader\u201c ausgezeichnet. Das Unternehmen besch\u00e4ftigt in seinen Gesellschaften \u00fcber 940 hochqualifizierte Mitarbeiter an 18 Standorten in Deutschland sowie Dependancen in \u00d6sterreich, Frankreich, D\u00e4nemark, Polen und der Schweiz.<\/p>\n<p>Das Unternehmen ist Teil der b\u00f6rsennotierten Allgeier SE mit Sitz in M\u00fcnchen und mehr als 100 Standorten in Europa, Asien und Amerika. Die Allgeier Gruppe esch\u00e4ftigt derzeit rund 7.500 Mitarbeiter sowie freiberufliche Experten und erwirtschaftete 2015 einen Umsatz von 445 Millionen Euro (fortgef\u00fchrtes Gesch\u00e4ft).<\/p>\n<p>Mehr Informationen finden Sie unter <a href=\"http:\/\/www.allgeier-es.com\" target=\"_blank\">www.allgeier-es.com<\/a>.<\/p>\n<p>Hier gelangen Sie zur Adhoc-Mitteilung der <a href=\"https:\/\/www.allgeier.com\/de\/investor-relations\/adhoc-announcements\/allgeier-se-and-ciber-inc-combine-sap-business-in-germany\/\" target=\"_blank\">Allgeier SE zur Ciber-\u00dcbernahme<\/a>.<\/p>\n<p>Bei Fragen wenden Sie sich bitte an:<\/p>\n<p>Wiebke Bode<br \/>\nAllgeier Enterprise Services AG, Marketing<br \/>\nHans-Bredow-Str. 60, 28307 Bremen<br \/>\nTel: +49 421 43841 355, Fax: +49 421 438081<br \/>\npresse@allgeier-it.de<\/p>\n<p>&nbsp;<\/p>\n","protected":false},"excerpt":{"rendered":"<p>Allgeier Enterprise Services AG baut ihren SAP-Bereich um Beratungsleistungen und Managed Services aus Bremen, 14. Februar 2017 &#8211; Die Allgeier Enterprise Services AG \u00fcbernimmt die Gesch\u00e4fte des amerikanischen IT-Dienstleisters Ciber Inc. in Deutschland, D\u00e4nemark und Frankreich. Dazu geh\u00f6ren die Tochtergesellschaften Ciber AG und Ciber Managed Services GmbH, die Ciber France SAS sowie Teile der d\u00e4nischen &hellip; <\/p>\n","protected":false},"author":4,"featured_media":0,"parent":1169,"menu_order":0,"comment_status":"closed","ping_status":"closed","template":"","meta":{"_acf_changed":false,"footnotes":""},"categories":[7],"tags":[],"class_list":["post-2242","page","type-page","status-publish","hentry","category-pressemitteilungen"],"acf":[],"yoast_head":"<!-- This site is optimized with the Yoast SEO plugin v27.4 - https:\/\/yoast.com\/product\/yoast-seo-wordpress\/ -->\n<title>Allgeier \u00fcbernimmt Gesellschaften von Ciber - Allgeier SE<\/title>\n<meta name=\"robots\" content=\"index, follow, max-snippet:-1, max-image-preview:large, max-video-preview:-1\" \/>\n<link rel=\"canonical\" href=\"https:\/\/www.allgeier.com\/de\/pressroom\/press-releases\/allgeier-ubernimmt-gesellschaften-von-ciber\/\" \/>\n<meta property=\"og:locale\" content=\"de_DE\" \/>\n<meta property=\"og:type\" content=\"article\" \/>\n<meta property=\"og:title\" content=\"Allgeier \u00fcbernimmt Gesellschaften von Ciber - Allgeier SE\" \/>\n<meta property=\"og:description\" content=\"Allgeier Enterprise Services AG baut ihren SAP-Bereich um Beratungsleistungen und Managed Services aus Bremen, 14. Februar 2017 &#8211; Die Allgeier Enterprise Services AG \u00fcbernimmt die Gesch\u00e4fte des amerikanischen IT-Dienstleisters Ciber Inc. in Deutschland, D\u00e4nemark und Frankreich. Dazu geh\u00f6ren die Tochtergesellschaften Ciber AG und Ciber Managed Services GmbH, die Ciber France SAS sowie Teile der d\u00e4nischen &hellip;\" \/>\n<meta property=\"og:url\" content=\"https:\/\/www.allgeier.com\/de\/pressroom\/press-releases\/allgeier-ubernimmt-gesellschaften-von-ciber\/\" \/>\n<meta property=\"og:site_name\" content=\"Allgeier SE\" \/>\n<meta property=\"article:modified_time\" content=\"2025-02-05T18:36:52+00:00\" \/>\n<meta name=\"twitter:card\" content=\"summary_large_image\" \/>\n<meta name=\"twitter:label1\" content=\"Gesch\u00e4tzte Lesezeit\" \/>\n\t<meta name=\"twitter:data1\" content=\"3\u00a0Minuten\" \/>\n<script type=\"application\/ld+json\" class=\"yoast-schema-graph\">{\"@context\":\"https:\\\/\\\/schema.org\",\"@graph\":[{\"@type\":\"WebPage\",\"@id\":\"https:\\\/\\\/www.allgeier.com\\\/de\\\/pressroom\\\/press-releases\\\/allgeier-ubernimmt-gesellschaften-von-ciber\\\/\",\"url\":\"https:\\\/\\\/www.allgeier.com\\\/de\\\/pressroom\\\/press-releases\\\/allgeier-ubernimmt-gesellschaften-von-ciber\\\/\",\"name\":\"Allgeier \u00fcbernimmt Gesellschaften von Ciber - Allgeier SE\",\"isPartOf\":{\"@id\":\"https:\\\/\\\/www.allgeier.com\\\/de\\\/#website\"},\"datePublished\":\"2017-02-14T11:34:54+00:00\",\"dateModified\":\"2025-02-05T18:36:52+00:00\",\"breadcrumb\":{\"@id\":\"https:\\\/\\\/www.allgeier.com\\\/de\\\/pressroom\\\/press-releases\\\/allgeier-ubernimmt-gesellschaften-von-ciber\\\/#breadcrumb\"},\"inLanguage\":\"de\",\"potentialAction\":[{\"@type\":\"ReadAction\",\"target\":[\"https:\\\/\\\/www.allgeier.com\\\/de\\\/pressroom\\\/press-releases\\\/allgeier-ubernimmt-gesellschaften-von-ciber\\\/\"]}]},{\"@type\":\"BreadcrumbList\",\"@id\":\"https:\\\/\\\/www.allgeier.com\\\/de\\\/pressroom\\\/press-releases\\\/allgeier-ubernimmt-gesellschaften-von-ciber\\\/#breadcrumb\",\"itemListElement\":[{\"@type\":\"ListItem\",\"position\":1,\"name\":\"Home\",\"item\":\"https:\\\/\\\/www.allgeier.com\\\/de\\\/\"},{\"@type\":\"ListItem\",\"position\":2,\"name\":\"Presse\",\"item\":\"https:\\\/\\\/www.allgeier.com\\\/de\\\/pressroom\\\/\"},{\"@type\":\"ListItem\",\"position\":3,\"name\":\"Pressemitteilungen\",\"item\":\"https:\\\/\\\/www.allgeier.com\\\/de\\\/pressroom\\\/press-releases\\\/\"},{\"@type\":\"ListItem\",\"position\":4,\"name\":\"Allgeier \u00fcbernimmt Gesellschaften von Ciber\"}]},{\"@type\":\"WebSite\",\"@id\":\"https:\\\/\\\/www.allgeier.com\\\/de\\\/#website\",\"url\":\"https:\\\/\\\/www.allgeier.com\\\/de\\\/\",\"name\":\"Allgeier SE\",\"description\":\"Software &amp; IT Services for digital transformation\",\"potentialAction\":[{\"@type\":\"SearchAction\",\"target\":{\"@type\":\"EntryPoint\",\"urlTemplate\":\"https:\\\/\\\/www.allgeier.com\\\/de\\\/?s={search_term_string}\"},\"query-input\":{\"@type\":\"PropertyValueSpecification\",\"valueRequired\":true,\"valueName\":\"search_term_string\"}}],\"inLanguage\":\"de\"}]}<\/script>\n<!-- \/ Yoast SEO plugin. -->","yoast_head_json":{"title":"Allgeier \u00fcbernimmt Gesellschaften von Ciber - Allgeier SE","robots":{"index":"index","follow":"follow","max-snippet":"max-snippet:-1","max-image-preview":"max-image-preview:large","max-video-preview":"max-video-preview:-1"},"canonical":"https:\/\/www.allgeier.com\/de\/pressroom\/press-releases\/allgeier-ubernimmt-gesellschaften-von-ciber\/","og_locale":"de_DE","og_type":"article","og_title":"Allgeier \u00fcbernimmt Gesellschaften von Ciber - Allgeier SE","og_description":"Allgeier Enterprise Services AG baut ihren SAP-Bereich um Beratungsleistungen und Managed Services aus Bremen, 14. Februar 2017 &#8211; Die Allgeier Enterprise Services AG \u00fcbernimmt die Gesch\u00e4fte des amerikanischen IT-Dienstleisters Ciber Inc. in Deutschland, D\u00e4nemark und Frankreich. Dazu geh\u00f6ren die Tochtergesellschaften Ciber AG und Ciber Managed Services GmbH, die Ciber France SAS sowie Teile der d\u00e4nischen &hellip;","og_url":"https:\/\/www.allgeier.com\/de\/pressroom\/press-releases\/allgeier-ubernimmt-gesellschaften-von-ciber\/","og_site_name":"Allgeier SE","article_modified_time":"2025-02-05T18:36:52+00:00","twitter_card":"summary_large_image","twitter_misc":{"Gesch\u00e4tzte Lesezeit":"3\u00a0Minuten"},"schema":{"@context":"https:\/\/schema.org","@graph":[{"@type":"WebPage","@id":"https:\/\/www.allgeier.com\/de\/pressroom\/press-releases\/allgeier-ubernimmt-gesellschaften-von-ciber\/","url":"https:\/\/www.allgeier.com\/de\/pressroom\/press-releases\/allgeier-ubernimmt-gesellschaften-von-ciber\/","name":"Allgeier \u00fcbernimmt Gesellschaften von Ciber - Allgeier SE","isPartOf":{"@id":"https:\/\/www.allgeier.com\/de\/#website"},"datePublished":"2017-02-14T11:34:54+00:00","dateModified":"2025-02-05T18:36:52+00:00","breadcrumb":{"@id":"https:\/\/www.allgeier.com\/de\/pressroom\/press-releases\/allgeier-ubernimmt-gesellschaften-von-ciber\/#breadcrumb"},"inLanguage":"de","potentialAction":[{"@type":"ReadAction","target":["https:\/\/www.allgeier.com\/de\/pressroom\/press-releases\/allgeier-ubernimmt-gesellschaften-von-ciber\/"]}]},{"@type":"BreadcrumbList","@id":"https:\/\/www.allgeier.com\/de\/pressroom\/press-releases\/allgeier-ubernimmt-gesellschaften-von-ciber\/#breadcrumb","itemListElement":[{"@type":"ListItem","position":1,"name":"Home","item":"https:\/\/www.allgeier.com\/de\/"},{"@type":"ListItem","position":2,"name":"Presse","item":"https:\/\/www.allgeier.com\/de\/pressroom\/"},{"@type":"ListItem","position":3,"name":"Pressemitteilungen","item":"https:\/\/www.allgeier.com\/de\/pressroom\/press-releases\/"},{"@type":"ListItem","position":4,"name":"Allgeier \u00fcbernimmt Gesellschaften von Ciber"}]},{"@type":"WebSite","@id":"https:\/\/www.allgeier.com\/de\/#website","url":"https:\/\/www.allgeier.com\/de\/","name":"Allgeier SE","description":"Software &amp; IT Services for digital transformation","potentialAction":[{"@type":"SearchAction","target":{"@type":"EntryPoint","urlTemplate":"https:\/\/www.allgeier.com\/de\/?s={search_term_string}"},"query-input":{"@type":"PropertyValueSpecification","valueRequired":true,"valueName":"search_term_string"}}],"inLanguage":"de"}]}},"_links":{"self":[{"href":"https:\/\/www.allgeier.com\/de\/wp-json\/wp\/v2\/pages\/2242","targetHints":{"allow":["GET"]}}],"collection":[{"href":"https:\/\/www.allgeier.com\/de\/wp-json\/wp\/v2\/pages"}],"about":[{"href":"https:\/\/www.allgeier.com\/de\/wp-json\/wp\/v2\/types\/page"}],"author":[{"embeddable":true,"href":"https:\/\/www.allgeier.com\/de\/wp-json\/wp\/v2\/users\/4"}],"replies":[{"embeddable":true,"href":"https:\/\/www.allgeier.com\/de\/wp-json\/wp\/v2\/comments?post=2242"}],"version-history":[{"count":2,"href":"https:\/\/www.allgeier.com\/de\/wp-json\/wp\/v2\/pages\/2242\/revisions"}],"predecessor-version":[{"id":6163,"href":"https:\/\/www.allgeier.com\/de\/wp-json\/wp\/v2\/pages\/2242\/revisions\/6163"}],"up":[{"embeddable":true,"href":"https:\/\/www.allgeier.com\/de\/wp-json\/wp\/v2\/pages\/1169"}],"wp:attachment":[{"href":"https:\/\/www.allgeier.com\/de\/wp-json\/wp\/v2\/media?parent=2242"}],"wp:term":[{"taxonomy":"category","embeddable":true,"href":"https:\/\/www.allgeier.com\/de\/wp-json\/wp\/v2\/categories?post=2242"},{"taxonomy":"post_tag","embeddable":true,"href":"https:\/\/www.allgeier.com\/de\/wp-json\/wp\/v2\/tags?post=2242"}],"curies":[{"name":"wp","href":"https:\/\/api.w.org\/{rel}","templated":true}]}}