{"id":2389,"date":"2017-07-26T23:12:41","date_gmt":"2017-07-26T23:12:41","guid":{"rendered":"https:\/\/www.allgeier.com\/de\/?page_id=2389"},"modified":"2025-02-05T18:36:49","modified_gmt":"2025-02-05T18:36:49","slug":"allgeier-experts-se-lunendonk-studie-2017-allgeier-experts-erneut-unter-den-top-3-der-deutschen-it-personaldienstleister","status":"publish","type":"page","link":"https:\/\/www.allgeier.com\/de\/pressroom\/press-releases\/allgeier-experts-se-lunendonk-studie-2017-allgeier-experts-erneut-unter-den-top-3-der-deutschen-it-personaldienstleister\/","title":{"rendered":"Allgeier Experts SE: L\u00fcnendonk-Studie 2017 &#8211; Allgeier Experts erneut unter den Top 3 der deutschen IT-Personaldienstleister"},"content":{"rendered":"<p><em>Wiesbaden\/Mindelheim, 26. Juli 2017 \u2013 <\/em>Auch im Jahr 2017 z\u00e4hlt die Allgeier Division Allgeier Experts zu den drei f\u00fchrenden IT-Personaldienstleistern in Deutschland. Die aktuelle L\u00fcnendonk-Marktsegmentstudie \u201eDer Markt f\u00fcr Rekrutierung, Vermittlung und Steuerung von IT-Freelancern in Deutschland\u201c listet die marktf\u00fchrenden Anbieter nach Umsatz und Mitarbeiterzahl aufgelistet. Die Allgeier Experts Group konnte mit 258,5 Millionen Euro Gesamtumsatz und 1.819 Mitarbeitern im vergangenen Gesch\u00e4ftsjahr 2016 ihr Gesch\u00e4ftsvolumen in Deutschland erneut signifikant steigern. Auf die Rekrutierung und Vermittlung von IT-Freelancern entfielen 2016 rund 121 Millionen Euro des Umsatzes der Allgeier Experts. Treiber waren dabei insbesondere Digitalprojekte. Zugleich steigt auf Kundenseite die Nachfrage nach ganzheitlichen Personall\u00f6sungen.<\/p>\n<p><strong>Digitalisierung f\u00fchrt zu hoher Nachfrage nach IT-Experten auf Projektbasis<\/strong><\/p>\n<p>Markus Ley, Vertriebsvorstand der Allgeier Experts Group: \u201eDie L\u00fcnendonk-Liste ist f\u00fcr unsere Branche ein echter Gradmesser. Daher sind wir sehr zufrieden, in einem extrem wettbewerbsintensiven Umfeld erneut zur absoluten Spitze zu z\u00e4hlen. Gleichzeitig k\u00f6nnen wir optimistisch in die Zukunft blicken: Im ersten Halbjahr 2017 verzeichneten wir wieder eine hohe Nachfrage nach IT-Experten auf Projektbasis. Einer der wichtigsten Faktoren ist dabei der immer st\u00e4rker aufkommende Digitalisierungsdrang der deutschen Wirtschaft. Der Bedarf nach externen Projektmitarbeitern wird daher auch in den n\u00e4chsten Jahren weiter steigen.\u201c<\/p>\n<p><strong>Professional Workforce Solutions: Kunden erwarten integriertes Portfolio und schnellen, flexiblen Service<br \/>\n<\/strong><\/p>\n<p>\u201eAufgrund der vielf\u00e4ltigen Digitalisierungsprojekte, aber auch strenger Compliance-Richtlinien, haben Unternehmen heute ganz unterschiedliche Anforderungen an die externe Projektunterst\u00fctzung. Die Bandbreite reicht von der Rekrutierung von Freiberuflern \u00fcber die Arbeitnehmer\u00fcberlassung, die \u00dcbernahme von Aufgabenpaketen und Projekten bis hin zur Personalberatung. Wir sprechen in diesem Zusammenhang von \u201aProfessional Workforce Solutions\u2019. K\u00fcnftig werden sich diejenigen Anbieter am Markt behaupten, die einen integrierten Ansatz verfolgen und bedarfsorientiert, flexibel und schnell auf alle Anforderungen der Kunden eingehen k\u00f6nnen\u201c, so Markus Ley.<\/p>\n<p>&nbsp;<\/p>\n<p>Hier finden Sie weitere Informationen zur Auszeichnung der Allgeier Experts als einer der <a href=\"https:\/\/www.allgeier-experts.com\/2017_luenendonk-studie-allgeier-experts-group-top-3\/\" target=\"_blank\">Top 3-IT-Personaldienstleister in Deutschland<\/a>.<\/p>\n","protected":false},"excerpt":{"rendered":"<p>Wiesbaden\/Mindelheim, 26. Juli 2017 \u2013 Auch im Jahr 2017 z\u00e4hlt die Allgeier Division Allgeier Experts zu den drei f\u00fchrenden IT-Personaldienstleistern in Deutschland. Die aktuelle L\u00fcnendonk-Marktsegmentstudie \u201eDer Markt f\u00fcr Rekrutierung, Vermittlung und Steuerung von IT-Freelancern in Deutschland\u201c listet die marktf\u00fchrenden Anbieter nach Umsatz und Mitarbeiterzahl aufgelistet. Die Allgeier Experts Group konnte mit 258,5 Millionen Euro Gesamtumsatz &hellip; <\/p>\n","protected":false},"author":4,"featured_media":0,"parent":1169,"menu_order":0,"comment_status":"closed","ping_status":"closed","template":"","meta":{"_acf_changed":false,"footnotes":""},"categories":[7],"tags":[],"class_list":["post-2389","page","type-page","status-publish","hentry","category-pressemitteilungen"],"acf":[],"yoast_head":"<!-- This site is optimized with the Yoast SEO plugin v27.4 - https:\/\/yoast.com\/product\/yoast-seo-wordpress\/ -->\n<title>Allgeier Experts SE: L\u00fcnendonk-Studie 2017 - Allgeier Experts erneut unter den Top 3 der deutschen IT-Personaldienstleister - Allgeier SE<\/title>\n<meta name=\"robots\" content=\"index, follow, max-snippet:-1, max-image-preview:large, max-video-preview:-1\" \/>\n<link rel=\"canonical\" href=\"https:\/\/www.allgeier.com\/de\/pressroom\/press-releases\/allgeier-experts-se-lunendonk-studie-2017-allgeier-experts-erneut-unter-den-top-3-der-deutschen-it-personaldienstleister\/\" \/>\n<meta property=\"og:locale\" content=\"de_DE\" \/>\n<meta property=\"og:type\" content=\"article\" \/>\n<meta property=\"og:title\" content=\"Allgeier Experts SE: L\u00fcnendonk-Studie 2017 - Allgeier Experts erneut unter den Top 3 der deutschen IT-Personaldienstleister - Allgeier SE\" \/>\n<meta property=\"og:description\" content=\"Wiesbaden\/Mindelheim, 26. Juli 2017 \u2013 Auch im Jahr 2017 z\u00e4hlt die Allgeier Division Allgeier Experts zu den drei f\u00fchrenden IT-Personaldienstleistern in Deutschland. Die aktuelle L\u00fcnendonk-Marktsegmentstudie \u201eDer Markt f\u00fcr Rekrutierung, Vermittlung und Steuerung von IT-Freelancern in Deutschland\u201c listet die marktf\u00fchrenden Anbieter nach Umsatz und Mitarbeiterzahl aufgelistet. Die Allgeier Experts Group konnte mit 258,5 Millionen Euro Gesamtumsatz &hellip;\" \/>\n<meta property=\"og:url\" content=\"https:\/\/www.allgeier.com\/de\/pressroom\/press-releases\/allgeier-experts-se-lunendonk-studie-2017-allgeier-experts-erneut-unter-den-top-3-der-deutschen-it-personaldienstleister\/\" \/>\n<meta property=\"og:site_name\" content=\"Allgeier SE\" \/>\n<meta property=\"article:modified_time\" content=\"2025-02-05T18:36:49+00:00\" \/>\n<meta name=\"twitter:card\" content=\"summary_large_image\" \/>\n<meta name=\"twitter:label1\" content=\"Gesch\u00e4tzte Lesezeit\" \/>\n\t<meta name=\"twitter:data1\" content=\"2\u00a0Minuten\" \/>\n<script type=\"application\/ld+json\" class=\"yoast-schema-graph\">{\"@context\":\"https:\\\/\\\/schema.org\",\"@graph\":[{\"@type\":\"WebPage\",\"@id\":\"https:\\\/\\\/www.allgeier.com\\\/de\\\/pressroom\\\/press-releases\\\/allgeier-experts-se-lunendonk-studie-2017-allgeier-experts-erneut-unter-den-top-3-der-deutschen-it-personaldienstleister\\\/\",\"url\":\"https:\\\/\\\/www.allgeier.com\\\/de\\\/pressroom\\\/press-releases\\\/allgeier-experts-se-lunendonk-studie-2017-allgeier-experts-erneut-unter-den-top-3-der-deutschen-it-personaldienstleister\\\/\",\"name\":\"Allgeier Experts SE: L\u00fcnendonk-Studie 2017 - Allgeier Experts erneut unter den Top 3 der deutschen IT-Personaldienstleister - Allgeier SE\",\"isPartOf\":{\"@id\":\"https:\\\/\\\/www.allgeier.com\\\/de\\\/#website\"},\"datePublished\":\"2017-07-26T23:12:41+00:00\",\"dateModified\":\"2025-02-05T18:36:49+00:00\",\"breadcrumb\":{\"@id\":\"https:\\\/\\\/www.allgeier.com\\\/de\\\/pressroom\\\/press-releases\\\/allgeier-experts-se-lunendonk-studie-2017-allgeier-experts-erneut-unter-den-top-3-der-deutschen-it-personaldienstleister\\\/#breadcrumb\"},\"inLanguage\":\"de\",\"potentialAction\":[{\"@type\":\"ReadAction\",\"target\":[\"https:\\\/\\\/www.allgeier.com\\\/de\\\/pressroom\\\/press-releases\\\/allgeier-experts-se-lunendonk-studie-2017-allgeier-experts-erneut-unter-den-top-3-der-deutschen-it-personaldienstleister\\\/\"]}]},{\"@type\":\"BreadcrumbList\",\"@id\":\"https:\\\/\\\/www.allgeier.com\\\/de\\\/pressroom\\\/press-releases\\\/allgeier-experts-se-lunendonk-studie-2017-allgeier-experts-erneut-unter-den-top-3-der-deutschen-it-personaldienstleister\\\/#breadcrumb\",\"itemListElement\":[{\"@type\":\"ListItem\",\"position\":1,\"name\":\"Home\",\"item\":\"https:\\\/\\\/www.allgeier.com\\\/de\\\/\"},{\"@type\":\"ListItem\",\"position\":2,\"name\":\"Presse\",\"item\":\"https:\\\/\\\/www.allgeier.com\\\/de\\\/pressroom\\\/\"},{\"@type\":\"ListItem\",\"position\":3,\"name\":\"Pressemitteilungen\",\"item\":\"https:\\\/\\\/www.allgeier.com\\\/de\\\/pressroom\\\/press-releases\\\/\"},{\"@type\":\"ListItem\",\"position\":4,\"name\":\"Allgeier Experts SE: L\u00fcnendonk-Studie 2017 &#8211; Allgeier Experts erneut unter den Top 3 der deutschen IT-Personaldienstleister\"}]},{\"@type\":\"WebSite\",\"@id\":\"https:\\\/\\\/www.allgeier.com\\\/de\\\/#website\",\"url\":\"https:\\\/\\\/www.allgeier.com\\\/de\\\/\",\"name\":\"Allgeier SE\",\"description\":\"Software &amp; IT Services for digital transformation\",\"potentialAction\":[{\"@type\":\"SearchAction\",\"target\":{\"@type\":\"EntryPoint\",\"urlTemplate\":\"https:\\\/\\\/www.allgeier.com\\\/de\\\/?s={search_term_string}\"},\"query-input\":{\"@type\":\"PropertyValueSpecification\",\"valueRequired\":true,\"valueName\":\"search_term_string\"}}],\"inLanguage\":\"de\"}]}<\/script>\n<!-- \/ Yoast SEO plugin. -->","yoast_head_json":{"title":"Allgeier Experts SE: L\u00fcnendonk-Studie 2017 - Allgeier Experts erneut unter den Top 3 der deutschen IT-Personaldienstleister - Allgeier SE","robots":{"index":"index","follow":"follow","max-snippet":"max-snippet:-1","max-image-preview":"max-image-preview:large","max-video-preview":"max-video-preview:-1"},"canonical":"https:\/\/www.allgeier.com\/de\/pressroom\/press-releases\/allgeier-experts-se-lunendonk-studie-2017-allgeier-experts-erneut-unter-den-top-3-der-deutschen-it-personaldienstleister\/","og_locale":"de_DE","og_type":"article","og_title":"Allgeier Experts SE: L\u00fcnendonk-Studie 2017 - Allgeier Experts erneut unter den Top 3 der deutschen IT-Personaldienstleister - Allgeier SE","og_description":"Wiesbaden\/Mindelheim, 26. Juli 2017 \u2013 Auch im Jahr 2017 z\u00e4hlt die Allgeier Division Allgeier Experts zu den drei f\u00fchrenden IT-Personaldienstleistern in Deutschland. Die aktuelle L\u00fcnendonk-Marktsegmentstudie \u201eDer Markt f\u00fcr Rekrutierung, Vermittlung und Steuerung von IT-Freelancern in Deutschland\u201c listet die marktf\u00fchrenden Anbieter nach Umsatz und Mitarbeiterzahl aufgelistet. Die Allgeier Experts Group konnte mit 258,5 Millionen Euro Gesamtumsatz &hellip;","og_url":"https:\/\/www.allgeier.com\/de\/pressroom\/press-releases\/allgeier-experts-se-lunendonk-studie-2017-allgeier-experts-erneut-unter-den-top-3-der-deutschen-it-personaldienstleister\/","og_site_name":"Allgeier SE","article_modified_time":"2025-02-05T18:36:49+00:00","twitter_card":"summary_large_image","twitter_misc":{"Gesch\u00e4tzte Lesezeit":"2\u00a0Minuten"},"schema":{"@context":"https:\/\/schema.org","@graph":[{"@type":"WebPage","@id":"https:\/\/www.allgeier.com\/de\/pressroom\/press-releases\/allgeier-experts-se-lunendonk-studie-2017-allgeier-experts-erneut-unter-den-top-3-der-deutschen-it-personaldienstleister\/","url":"https:\/\/www.allgeier.com\/de\/pressroom\/press-releases\/allgeier-experts-se-lunendonk-studie-2017-allgeier-experts-erneut-unter-den-top-3-der-deutschen-it-personaldienstleister\/","name":"Allgeier Experts SE: L\u00fcnendonk-Studie 2017 - Allgeier Experts erneut unter den Top 3 der deutschen IT-Personaldienstleister - Allgeier SE","isPartOf":{"@id":"https:\/\/www.allgeier.com\/de\/#website"},"datePublished":"2017-07-26T23:12:41+00:00","dateModified":"2025-02-05T18:36:49+00:00","breadcrumb":{"@id":"https:\/\/www.allgeier.com\/de\/pressroom\/press-releases\/allgeier-experts-se-lunendonk-studie-2017-allgeier-experts-erneut-unter-den-top-3-der-deutschen-it-personaldienstleister\/#breadcrumb"},"inLanguage":"de","potentialAction":[{"@type":"ReadAction","target":["https:\/\/www.allgeier.com\/de\/pressroom\/press-releases\/allgeier-experts-se-lunendonk-studie-2017-allgeier-experts-erneut-unter-den-top-3-der-deutschen-it-personaldienstleister\/"]}]},{"@type":"BreadcrumbList","@id":"https:\/\/www.allgeier.com\/de\/pressroom\/press-releases\/allgeier-experts-se-lunendonk-studie-2017-allgeier-experts-erneut-unter-den-top-3-der-deutschen-it-personaldienstleister\/#breadcrumb","itemListElement":[{"@type":"ListItem","position":1,"name":"Home","item":"https:\/\/www.allgeier.com\/de\/"},{"@type":"ListItem","position":2,"name":"Presse","item":"https:\/\/www.allgeier.com\/de\/pressroom\/"},{"@type":"ListItem","position":3,"name":"Pressemitteilungen","item":"https:\/\/www.allgeier.com\/de\/pressroom\/press-releases\/"},{"@type":"ListItem","position":4,"name":"Allgeier Experts SE: L\u00fcnendonk-Studie 2017 &#8211; Allgeier Experts erneut unter den Top 3 der deutschen IT-Personaldienstleister"}]},{"@type":"WebSite","@id":"https:\/\/www.allgeier.com\/de\/#website","url":"https:\/\/www.allgeier.com\/de\/","name":"Allgeier SE","description":"Software &amp; IT Services for digital transformation","potentialAction":[{"@type":"SearchAction","target":{"@type":"EntryPoint","urlTemplate":"https:\/\/www.allgeier.com\/de\/?s={search_term_string}"},"query-input":{"@type":"PropertyValueSpecification","valueRequired":true,"valueName":"search_term_string"}}],"inLanguage":"de"}]}},"_links":{"self":[{"href":"https:\/\/www.allgeier.com\/de\/wp-json\/wp\/v2\/pages\/2389","targetHints":{"allow":["GET"]}}],"collection":[{"href":"https:\/\/www.allgeier.com\/de\/wp-json\/wp\/v2\/pages"}],"about":[{"href":"https:\/\/www.allgeier.com\/de\/wp-json\/wp\/v2\/types\/page"}],"author":[{"embeddable":true,"href":"https:\/\/www.allgeier.com\/de\/wp-json\/wp\/v2\/users\/4"}],"replies":[{"embeddable":true,"href":"https:\/\/www.allgeier.com\/de\/wp-json\/wp\/v2\/comments?post=2389"}],"version-history":[{"count":1,"href":"https:\/\/www.allgeier.com\/de\/wp-json\/wp\/v2\/pages\/2389\/revisions"}],"predecessor-version":[{"id":6149,"href":"https:\/\/www.allgeier.com\/de\/wp-json\/wp\/v2\/pages\/2389\/revisions\/6149"}],"up":[{"embeddable":true,"href":"https:\/\/www.allgeier.com\/de\/wp-json\/wp\/v2\/pages\/1169"}],"wp:attachment":[{"href":"https:\/\/www.allgeier.com\/de\/wp-json\/wp\/v2\/media?parent=2389"}],"wp:term":[{"taxonomy":"category","embeddable":true,"href":"https:\/\/www.allgeier.com\/de\/wp-json\/wp\/v2\/categories?post=2389"},{"taxonomy":"post_tag","embeddable":true,"href":"https:\/\/www.allgeier.com\/de\/wp-json\/wp\/v2\/tags?post=2389"}],"curies":[{"name":"wp","href":"https:\/\/api.w.org\/{rel}","templated":true}]}}