{"id":2578,"date":"2018-08-13T23:59:58","date_gmt":"2018-08-13T23:59:58","guid":{"rendered":"https:\/\/www.allgeier.com\/de\/?page_id=2578"},"modified":"2025-02-05T18:36:53","modified_gmt":"2025-02-05T18:36:53","slug":"iquest-wahlt-internationalen-technologiekonzern-allgeier-als-neuen-mehrheitsaktionar","status":"publish","type":"page","link":"https:\/\/www.allgeier.com\/de\/pressroom\/press-releases\/iquest-wahlt-internationalen-technologiekonzern-allgeier-als-neuen-mehrheitsaktionar\/","title":{"rendered":"iQuest w\u00e4hlt internationalen Technologiekonzern Allgeier als neuen Mehrheitsaktion\u00e4r"},"content":{"rendered":"<p><em>Cluj-Napoca, 13. August 2018<\/em> &#8211; Der Technologiekonzern iQuest schlie\u00dft sich zum 20-j\u00e4hrigen Jubil\u00e4um dem M\u00fcnchner Technologiekonzern Allgeier SE an. Allgeier SE und iQuest haben am heutigen Tag eine endg\u00fcltige Vereinbarung unterzeichnet, in der Allgeier rund zwei Drittel der Anteile an iQuest erwirbt. iQuest wird weiterhin unabh\u00e4ngig gef\u00fchrt und wird eng mit der Allgeier Gruppe zusammenarbeiten, um einerseits seine Pr\u00e4senz in Europa zu festigen und diese andererseits auf andere M\u00e4rkte wie die USA auszudehnen und das Software-Services- und -L\u00f6sungsportfolio weiterzuentwickeln.<\/p>\n<p>&#8222;Mit Allgeier haben wir einen starken internationalen Partner f\u00fcr die strategische Weiterentwicklung von iQuest gefunden. Die globale Reichweite von Allgeier bietet uns vielversprechende M\u00f6glichkeiten f\u00fcr Expansion und schnelles Wachstum. Diese Akquisition ist Teil unserer langfristigen Strategie und unterst\u00fctzt uns dabei, unsere Vision Wirklichkeit werden zu lassen: Wir wollen es unseren Kunden erm\u00f6glichen, einzigartige Erfolge mit innovativen L\u00f6sungen zu erzielen&#8220;, sagte J\u00fcrgen Samuel, CEO der iQuest Group. &#8222;Gemeinsam werden wir \u00fcber eine viel breitere geografische Abdeckung, einen ausgezeichneten Markt- und Kundenzugang und ein umfassenderes Know-how verf\u00fcgen. Dar\u00fcber hinaus k\u00f6nnen wir unseren Kunden ein umfangreiches Spektrum an zus\u00e4tzlichen Dienstleistungen anbieten und neue Karrierem\u00f6glichkeiten f\u00fcr unsere Mitarbeiter schaffen&#8220;.<\/p>\n<p>&#8222;Wir freuen uns sehr, mit iQuest einen hervorragenden Partner und viele exzellente neue Kollegen gewonnen zu haben, um das gemeinsame Wachstum unseres Softwareentwicklungsgesch\u00e4fts zu beschleunigen. Diese Transaktion ist ein weiterer wichtiger Schritt zur weiteren Internationalisierung unseres Konzerns und zum weiteren Ausbau unserer Kompetenz in der Entwicklung komplexer Softwarel\u00f6sungen f\u00fcr gesch\u00e4ftskritische Unternehmensprozesse&#8220;, sagte Carl Georg D\u00fcrschmidt, CEO der Allgeier SE. &#8222;Wir sind \u00fcberzeugt, dass nicht nur beide Seiten, sondern vor allem unsere Kunden nachhaltig von diesem Schritt profitieren werden.&#8220;<\/p>\n<p>&#8222;Die langfristige Partnerschaft mit Allgeier ist ein strategischer Schritt, der es iQuest erm\u00f6glicht, seine Dienstleistungen und seine globale Pr\u00e4senz in den kommenden Jahren auszubauen. Es ist eine Partnerschaft mit einem starken Team voller innotativer Ideen, das wir respektieren und dem wir vertrauen. Als Gr\u00fcnder des Unternehmens freue ich mich sehr, die Saat f\u00fcr das zuk\u00fcnftige Wachstum von iQuest im Einklang mit unserer Vision und unseren Werten zu legen. Auf einer pers\u00f6nlicheren Ebene, 20 Jahre nach der Gr\u00fcndung von iQuest, freue ich mich, als Aktion\u00e4r zu der Partnerschaft beitragen zu d\u00fcrfen, die wir heute starten&#8220;, sagte Cornelius Brody, Gr\u00fcnder der iQuest Group.<\/p>\n<p><em>\u00dcber iQuest\u00a0 <\/em><\/p>\n<p><em>iQuest ist ein internationaler IT-Dienstleister mit mehr als 20 Jahren Erfahrung und bietet den Kunden ein umfassendes Portfolio von personalisierten Softwarel\u00f6sungen, Produkten und Integrationsdienstleistungen. Durch die erfolgreiche Kombination von technischem Know-how und herausragenden Services bietet iQuest f\u00fchrenden Unternehmen in den Bereichen Life Sciences, Telekommunikation, Finanzdienstleistungen, Transport und Energie einen langfristigen Mehrwert. Mit Hauptsitz in Deutschland verf\u00fcgt iQuest \u00fcber lokale Teams in Polen, der Schweiz, Rum\u00e4nien und den USA und besch\u00e4ftigt derzeit mehr als 650 Mitarbeiter. Besuchen Sie:<\/em><a href=\"http:\/\/www.iquestgroup.com\/\"><em> www.iquestgroup.com<\/em><\/a><\/p>\n<p><em>\u00dcber Allgeier SE<\/em><\/p>\n<p><em>Die Allgeier SE ist eines der f\u00fchrenden IT-Unternehmen f\u00fcr die digitale Transformation. Der M\u00fcnchner Konzern ist in 23 L\u00e4ndern auf f\u00fcnf Kontinenten vertreten und besch\u00e4ftigt weltweit \u00fcber 9.000 Mitarbeiter, darunter 5.500 High-End-Softwareentwickler und mehr als 1.000 SAP- und Microsoft-Berater an Standorten in ganz Europa, USA, Mexiko, Japan, Australien, Indien, Singapur, Malaysia, Vietnam und China. Einige der weltweit gr\u00f6\u00dften Unternehmen, darunter Siemens, GE, Intel, Google, IBM, Lufthansa, Pfizer, Allianz, AT&amp;T, Audi, BMW und Daimler, profitieren vom umfassenden IT-Leistungsspektrum der Allgeier Gruppe, von Onsite \u00fcber Nearshore bis Offshore. Besuchen Sie:<\/em><a href=\"https:\/\/www.allgeier.com\/\"><em> www.allgeier.com<\/em><\/a><\/p>\n","protected":false},"excerpt":{"rendered":"<p>Cluj-Napoca, 13. August 2018 &#8211; Der Technologiekonzern iQuest schlie\u00dft sich zum 20-j\u00e4hrigen Jubil\u00e4um dem M\u00fcnchner Technologiekonzern Allgeier SE an. Allgeier SE und iQuest haben am heutigen Tag eine endg\u00fcltige Vereinbarung unterzeichnet, in der Allgeier rund zwei Drittel der Anteile an iQuest erwirbt. iQuest wird weiterhin unabh\u00e4ngig gef\u00fchrt und wird eng mit der Allgeier Gruppe zusammenarbeiten, &hellip; <\/p>\n","protected":false},"author":4,"featured_media":0,"parent":1169,"menu_order":0,"comment_status":"closed","ping_status":"closed","template":"","meta":{"_acf_changed":false,"footnotes":""},"categories":[7],"tags":[],"class_list":["post-2578","page","type-page","status-publish","hentry","category-pressemitteilungen"],"acf":[],"yoast_head":"<!-- This site is optimized with the Yoast SEO plugin v27.4 - https:\/\/yoast.com\/product\/yoast-seo-wordpress\/ -->\n<title>iQuest w\u00e4hlt internationalen Technologiekonzern Allgeier als neuen Mehrheitsaktion\u00e4r - Allgeier SE<\/title>\n<meta name=\"robots\" content=\"index, follow, max-snippet:-1, max-image-preview:large, max-video-preview:-1\" \/>\n<link rel=\"canonical\" href=\"https:\/\/www.allgeier.com\/de\/pressroom\/press-releases\/iquest-wahlt-internationalen-technologiekonzern-allgeier-als-neuen-mehrheitsaktionar\/\" \/>\n<meta property=\"og:locale\" content=\"de_DE\" \/>\n<meta property=\"og:type\" content=\"article\" \/>\n<meta property=\"og:title\" content=\"iQuest w\u00e4hlt internationalen Technologiekonzern Allgeier als neuen Mehrheitsaktion\u00e4r - Allgeier SE\" \/>\n<meta property=\"og:description\" content=\"Cluj-Napoca, 13. August 2018 &#8211; Der Technologiekonzern iQuest schlie\u00dft sich zum 20-j\u00e4hrigen Jubil\u00e4um dem M\u00fcnchner Technologiekonzern Allgeier SE an. Allgeier SE und iQuest haben am heutigen Tag eine endg\u00fcltige Vereinbarung unterzeichnet, in der Allgeier rund zwei Drittel der Anteile an iQuest erwirbt. iQuest wird weiterhin unabh\u00e4ngig gef\u00fchrt und wird eng mit der Allgeier Gruppe zusammenarbeiten, &hellip;\" \/>\n<meta property=\"og:url\" content=\"https:\/\/www.allgeier.com\/de\/pressroom\/press-releases\/iquest-wahlt-internationalen-technologiekonzern-allgeier-als-neuen-mehrheitsaktionar\/\" \/>\n<meta property=\"og:site_name\" content=\"Allgeier SE\" \/>\n<meta property=\"article:modified_time\" content=\"2025-02-05T18:36:53+00:00\" \/>\n<meta name=\"twitter:card\" content=\"summary_large_image\" \/>\n<meta name=\"twitter:label1\" content=\"Gesch\u00e4tzte Lesezeit\" \/>\n\t<meta name=\"twitter:data1\" content=\"3\u00a0Minuten\" \/>\n<script type=\"application\/ld+json\" class=\"yoast-schema-graph\">{\"@context\":\"https:\\\/\\\/schema.org\",\"@graph\":[{\"@type\":\"WebPage\",\"@id\":\"https:\\\/\\\/www.allgeier.com\\\/de\\\/pressroom\\\/press-releases\\\/iquest-wahlt-internationalen-technologiekonzern-allgeier-als-neuen-mehrheitsaktionar\\\/\",\"url\":\"https:\\\/\\\/www.allgeier.com\\\/de\\\/pressroom\\\/press-releases\\\/iquest-wahlt-internationalen-technologiekonzern-allgeier-als-neuen-mehrheitsaktionar\\\/\",\"name\":\"iQuest w\u00e4hlt internationalen Technologiekonzern Allgeier als neuen Mehrheitsaktion\u00e4r - Allgeier SE\",\"isPartOf\":{\"@id\":\"https:\\\/\\\/www.allgeier.com\\\/de\\\/#website\"},\"datePublished\":\"2018-08-13T23:59:58+00:00\",\"dateModified\":\"2025-02-05T18:36:53+00:00\",\"breadcrumb\":{\"@id\":\"https:\\\/\\\/www.allgeier.com\\\/de\\\/pressroom\\\/press-releases\\\/iquest-wahlt-internationalen-technologiekonzern-allgeier-als-neuen-mehrheitsaktionar\\\/#breadcrumb\"},\"inLanguage\":\"de\",\"potentialAction\":[{\"@type\":\"ReadAction\",\"target\":[\"https:\\\/\\\/www.allgeier.com\\\/de\\\/pressroom\\\/press-releases\\\/iquest-wahlt-internationalen-technologiekonzern-allgeier-als-neuen-mehrheitsaktionar\\\/\"]}]},{\"@type\":\"BreadcrumbList\",\"@id\":\"https:\\\/\\\/www.allgeier.com\\\/de\\\/pressroom\\\/press-releases\\\/iquest-wahlt-internationalen-technologiekonzern-allgeier-als-neuen-mehrheitsaktionar\\\/#breadcrumb\",\"itemListElement\":[{\"@type\":\"ListItem\",\"position\":1,\"name\":\"Home\",\"item\":\"https:\\\/\\\/www.allgeier.com\\\/de\\\/\"},{\"@type\":\"ListItem\",\"position\":2,\"name\":\"Presse\",\"item\":\"https:\\\/\\\/www.allgeier.com\\\/de\\\/pressroom\\\/\"},{\"@type\":\"ListItem\",\"position\":3,\"name\":\"Pressemitteilungen\",\"item\":\"https:\\\/\\\/www.allgeier.com\\\/de\\\/pressroom\\\/press-releases\\\/\"},{\"@type\":\"ListItem\",\"position\":4,\"name\":\"iQuest w\u00e4hlt internationalen Technologiekonzern Allgeier als neuen Mehrheitsaktion\u00e4r\"}]},{\"@type\":\"WebSite\",\"@id\":\"https:\\\/\\\/www.allgeier.com\\\/de\\\/#website\",\"url\":\"https:\\\/\\\/www.allgeier.com\\\/de\\\/\",\"name\":\"Allgeier SE\",\"description\":\"Software &amp; IT Services for digital transformation\",\"potentialAction\":[{\"@type\":\"SearchAction\",\"target\":{\"@type\":\"EntryPoint\",\"urlTemplate\":\"https:\\\/\\\/www.allgeier.com\\\/de\\\/?s={search_term_string}\"},\"query-input\":{\"@type\":\"PropertyValueSpecification\",\"valueRequired\":true,\"valueName\":\"search_term_string\"}}],\"inLanguage\":\"de\"}]}<\/script>\n<!-- \/ Yoast SEO plugin. -->","yoast_head_json":{"title":"iQuest w\u00e4hlt internationalen Technologiekonzern Allgeier als neuen Mehrheitsaktion\u00e4r - Allgeier SE","robots":{"index":"index","follow":"follow","max-snippet":"max-snippet:-1","max-image-preview":"max-image-preview:large","max-video-preview":"max-video-preview:-1"},"canonical":"https:\/\/www.allgeier.com\/de\/pressroom\/press-releases\/iquest-wahlt-internationalen-technologiekonzern-allgeier-als-neuen-mehrheitsaktionar\/","og_locale":"de_DE","og_type":"article","og_title":"iQuest w\u00e4hlt internationalen Technologiekonzern Allgeier als neuen Mehrheitsaktion\u00e4r - Allgeier SE","og_description":"Cluj-Napoca, 13. August 2018 &#8211; Der Technologiekonzern iQuest schlie\u00dft sich zum 20-j\u00e4hrigen Jubil\u00e4um dem M\u00fcnchner Technologiekonzern Allgeier SE an. Allgeier SE und iQuest haben am heutigen Tag eine endg\u00fcltige Vereinbarung unterzeichnet, in der Allgeier rund zwei Drittel der Anteile an iQuest erwirbt. iQuest wird weiterhin unabh\u00e4ngig gef\u00fchrt und wird eng mit der Allgeier Gruppe zusammenarbeiten, &hellip;","og_url":"https:\/\/www.allgeier.com\/de\/pressroom\/press-releases\/iquest-wahlt-internationalen-technologiekonzern-allgeier-als-neuen-mehrheitsaktionar\/","og_site_name":"Allgeier SE","article_modified_time":"2025-02-05T18:36:53+00:00","twitter_card":"summary_large_image","twitter_misc":{"Gesch\u00e4tzte Lesezeit":"3\u00a0Minuten"},"schema":{"@context":"https:\/\/schema.org","@graph":[{"@type":"WebPage","@id":"https:\/\/www.allgeier.com\/de\/pressroom\/press-releases\/iquest-wahlt-internationalen-technologiekonzern-allgeier-als-neuen-mehrheitsaktionar\/","url":"https:\/\/www.allgeier.com\/de\/pressroom\/press-releases\/iquest-wahlt-internationalen-technologiekonzern-allgeier-als-neuen-mehrheitsaktionar\/","name":"iQuest w\u00e4hlt internationalen Technologiekonzern Allgeier als neuen Mehrheitsaktion\u00e4r - Allgeier SE","isPartOf":{"@id":"https:\/\/www.allgeier.com\/de\/#website"},"datePublished":"2018-08-13T23:59:58+00:00","dateModified":"2025-02-05T18:36:53+00:00","breadcrumb":{"@id":"https:\/\/www.allgeier.com\/de\/pressroom\/press-releases\/iquest-wahlt-internationalen-technologiekonzern-allgeier-als-neuen-mehrheitsaktionar\/#breadcrumb"},"inLanguage":"de","potentialAction":[{"@type":"ReadAction","target":["https:\/\/www.allgeier.com\/de\/pressroom\/press-releases\/iquest-wahlt-internationalen-technologiekonzern-allgeier-als-neuen-mehrheitsaktionar\/"]}]},{"@type":"BreadcrumbList","@id":"https:\/\/www.allgeier.com\/de\/pressroom\/press-releases\/iquest-wahlt-internationalen-technologiekonzern-allgeier-als-neuen-mehrheitsaktionar\/#breadcrumb","itemListElement":[{"@type":"ListItem","position":1,"name":"Home","item":"https:\/\/www.allgeier.com\/de\/"},{"@type":"ListItem","position":2,"name":"Presse","item":"https:\/\/www.allgeier.com\/de\/pressroom\/"},{"@type":"ListItem","position":3,"name":"Pressemitteilungen","item":"https:\/\/www.allgeier.com\/de\/pressroom\/press-releases\/"},{"@type":"ListItem","position":4,"name":"iQuest w\u00e4hlt internationalen Technologiekonzern Allgeier als neuen Mehrheitsaktion\u00e4r"}]},{"@type":"WebSite","@id":"https:\/\/www.allgeier.com\/de\/#website","url":"https:\/\/www.allgeier.com\/de\/","name":"Allgeier SE","description":"Software &amp; IT Services for digital transformation","potentialAction":[{"@type":"SearchAction","target":{"@type":"EntryPoint","urlTemplate":"https:\/\/www.allgeier.com\/de\/?s={search_term_string}"},"query-input":{"@type":"PropertyValueSpecification","valueRequired":true,"valueName":"search_term_string"}}],"inLanguage":"de"}]}},"_links":{"self":[{"href":"https:\/\/www.allgeier.com\/de\/wp-json\/wp\/v2\/pages\/2578","targetHints":{"allow":["GET"]}}],"collection":[{"href":"https:\/\/www.allgeier.com\/de\/wp-json\/wp\/v2\/pages"}],"about":[{"href":"https:\/\/www.allgeier.com\/de\/wp-json\/wp\/v2\/types\/page"}],"author":[{"embeddable":true,"href":"https:\/\/www.allgeier.com\/de\/wp-json\/wp\/v2\/users\/4"}],"replies":[{"embeddable":true,"href":"https:\/\/www.allgeier.com\/de\/wp-json\/wp\/v2\/comments?post=2578"}],"version-history":[{"count":1,"href":"https:\/\/www.allgeier.com\/de\/wp-json\/wp\/v2\/pages\/2578\/revisions"}],"predecessor-version":[{"id":6176,"href":"https:\/\/www.allgeier.com\/de\/wp-json\/wp\/v2\/pages\/2578\/revisions\/6176"}],"up":[{"embeddable":true,"href":"https:\/\/www.allgeier.com\/de\/wp-json\/wp\/v2\/pages\/1169"}],"wp:attachment":[{"href":"https:\/\/www.allgeier.com\/de\/wp-json\/wp\/v2\/media?parent=2578"}],"wp:term":[{"taxonomy":"category","embeddable":true,"href":"https:\/\/www.allgeier.com\/de\/wp-json\/wp\/v2\/categories?post=2578"},{"taxonomy":"post_tag","embeddable":true,"href":"https:\/\/www.allgeier.com\/de\/wp-json\/wp\/v2\/tags?post=2578"}],"curies":[{"name":"wp","href":"https:\/\/api.w.org\/{rel}","templated":true}]}}