{"id":2793,"date":"2019-08-01T08:28:25","date_gmt":"2019-08-01T08:28:25","guid":{"rendered":"https:\/\/www.allgeier.com\/de\/?page_id=2793"},"modified":"2025-02-05T18:36:53","modified_gmt":"2025-02-05T18:36:53","slug":"lunendonk-studie-2019-allgeier-experts-weiter-unter-den-top-3-der-it-personaldienstleister","status":"publish","type":"page","link":"https:\/\/www.allgeier.com\/de\/pressroom\/press-releases\/lunendonk-studie-2019-allgeier-experts-weiter-unter-den-top-3-der-it-personaldienstleister\/","title":{"rendered":"L\u00fcnendonk-Studie 2019: Allgeier Experts weiter unter den Top 3 der IT-Personaldienstleister"},"content":{"rendered":"<p><em>Wiesbaden, 25. Juli 2019 \u2013<\/em> <strong>Die Allgeier Experts geh\u00f6rt auch in diesem Jahr zu den drei gr\u00f6\u00dften <\/strong><strong>IT-Freelancer-Unternehmen. Zu diesem Ergebnis kommt die aktuelle L\u00fcnendonk- <\/strong><strong>Marktsegmentstudie 2019 \u201eDer Markt f\u00fcr Rekrutierung, Vermittlung und Steuerung von ITFreelancern <\/strong><strong>in Deutschland\u201c. Im j\u00e4hrlichen Branchenbarometer des Analystenhauses<\/strong><br \/>\n<strong>L\u00fcnendonk werden die marktf\u00fchrenden Anbieter nach Umsatz und Mitarbeiterzahl aufgelistet. <\/strong><strong>Mit 274,8 Millionen Euro Gesamtumsatz und 1.989 Mitarbeitern konnte die Allgeier Experts ihr <\/strong><strong>Gesch\u00e4ftsvolumen in Deutschland im Jahr 2018 erneut signifikant steigern. Mit der <\/strong><strong>Rekrutierung und Vermittlung von IT-Freelancern erwirtschaftete Allgeier Experts im <\/strong><strong>abgelaufenen Jahr rund 187 Millionen Euro. Der gr\u00f6\u00dfte Zuwachs an IT-Freelancern 2018 zeigte <\/strong><strong>sich in der Kundenbranche der IT-Dienstleister.<\/strong><\/p>\n<p>\u201eDie L\u00fcnendonk-Marktsegmentliste ist in unserer Branche ein echter Indikator\u201c, so Patrick Mildner, Vorstand der Allgeier Experts SE. \u201eWir freuen uns, dass wir auch in diesem Jahr unter den Top 3 der IT-Personaldienstleister zu finden sind. In einem starken Konkurrenzumfeld konnten wir uns erneut behaupten. Ganz klar, dass hier unser gut begleiteter Besetzungsprozess, unsere passgenauen Profile, das Experts Management Betreuungsprogramm sowie unser Compliance-System auf den Erfolg einzahlen. Dabei schauen wir stets nach vorne: Aktuell sourcen wir erfolgreich internationale IT-Experten in Rum\u00e4nien, Bulgarien und Spanien, um hier einen weiteren Wettbewerbsvorteil zu erreichen.\u201c<\/p>\n<p><strong>Umsatzverteilung der Top 10 im Vergleich 2017 und 2018<\/strong><br \/>\nSeit fast zehn Jahren z\u00e4hlt der IT-Freelancer-Markt zu den am st\u00e4rksten wachsenden Bereichen der deutschen Wirtschaft. 2008 lag das Umsatzvolumen bei 1 Milliarde Euro, 2018 bei \u00fcber 2,4 Mrd. Euro. Dennoch sind die Steigerungsraten diesmal r\u00fcckl\u00e4ufig: In den letzten f\u00fcnf Jahren lagen die\u00a0 Steigerungsraten bei durchschnittlich 13,1 Prozent, f\u00fcr 2018 lagen sie bei 5,7 Prozent. IT-Freelancer erwirtschaften demnach 63,2 Prozent des Umsatzes. Das ist ein leichter R\u00fcckgang zu 2017 (63,4%). Etwas st\u00e4rker wuchsen die IT-Freelancer-Agenturen mit Dienstleistungen wie der Arbeitnehmer\u00fcberlassung (10,1% 2018 im Vergleich zu 9,0% 2017).<\/p>\n<p><strong>Alle Ergebnisse im Detail<\/strong><br \/>\nDie Ergebnisse der Studie ermittelte die L\u00fcnendonk &amp; Hossenfelder GmbH mittels qualifizierter kontrollierter Frageb\u00f6gen (keine Online-Befragung), Expertengespr\u00e4chen und Langzeitbeobachtungen im Zeitraum M\u00e4rz bis Juni 2019. Die offizielle Studienpublikation folgt im August 2019. Die zentralen Ergebnisse daraus werden wir zeitnah ver\u00f6ffentlichen bzw. schreiben Sie uns bei Interesse einfach eine Mail an <a href=\"mailto:marlene.mildner@allgeier-experts.com\">marlene.mildner@allgeier-experts.com<\/a>.<\/p>\n<p><strong><br \/>\n\u00dcber Allgeier Experts SE<\/strong><\/p>\n<p>Allgeier Experts geh\u00f6rt zu den f\u00fchrenden Personaldienstleistern f\u00fcr IT und Engineering in Deutschland. Wir gestalten die digitale Transformation von morgen: Mit unserem eigenen Pool aus 150.000 hochqualifizierten Experten, eigenen Job-Portalen und Social Professional Networks vermitteln wir Unternehmen die passenden Fachkr\u00e4fte f\u00fcr ihre Projekte \u2013 pers\u00f6nlich, kompetent, professionell. Wir verstehen uns als Dienstleister f\u00fcr unsere Kunden und bieten die passenden Services f\u00fcr technologische Herausforderungen. Das schafft Vertrauen: Mehr als 700 Kunden setzen seit 1987 auf unser Know-how und unsere Experten. 2018 erzielte Allgeier Experts rund 280 Millionen Euro Umsatz mit 2.700 Mitarbeitern und Freiberuflern.<\/p>\n<p>&nbsp;<\/p>\n","protected":false},"excerpt":{"rendered":"<p>Wiesbaden, 25. Juli 2019 \u2013 Die Allgeier Experts geh\u00f6rt auch in diesem Jahr zu den drei gr\u00f6\u00dften IT-Freelancer-Unternehmen. Zu diesem Ergebnis kommt die aktuelle L\u00fcnendonk- Marktsegmentstudie 2019 \u201eDer Markt f\u00fcr Rekrutierung, Vermittlung und Steuerung von ITFreelancern in Deutschland\u201c. Im j\u00e4hrlichen Branchenbarometer des Analystenhauses L\u00fcnendonk werden die marktf\u00fchrenden Anbieter nach Umsatz und Mitarbeiterzahl aufgelistet. Mit 274,8 &hellip; <\/p>\n","protected":false},"author":4,"featured_media":0,"parent":1169,"menu_order":0,"comment_status":"closed","ping_status":"closed","template":"","meta":{"_acf_changed":false,"footnotes":""},"categories":[7],"tags":[],"class_list":["post-2793","page","type-page","status-publish","hentry","category-pressemitteilungen"],"acf":[],"yoast_head":"<!-- This site is optimized with the Yoast SEO plugin v27.4 - https:\/\/yoast.com\/product\/yoast-seo-wordpress\/ -->\n<title>L\u00fcnendonk-Studie 2019: Allgeier Experts weiter unter den Top 3 der IT-Personaldienstleister - Allgeier SE<\/title>\n<meta name=\"robots\" content=\"index, follow, max-snippet:-1, max-image-preview:large, max-video-preview:-1\" \/>\n<link rel=\"canonical\" href=\"https:\/\/www.allgeier.com\/de\/pressroom\/press-releases\/lunendonk-studie-2019-allgeier-experts-weiter-unter-den-top-3-der-it-personaldienstleister\/\" \/>\n<meta property=\"og:locale\" content=\"de_DE\" \/>\n<meta property=\"og:type\" content=\"article\" \/>\n<meta property=\"og:title\" content=\"L\u00fcnendonk-Studie 2019: Allgeier Experts weiter unter den Top 3 der IT-Personaldienstleister - Allgeier SE\" \/>\n<meta property=\"og:description\" content=\"Wiesbaden, 25. Juli 2019 \u2013 Die Allgeier Experts geh\u00f6rt auch in diesem Jahr zu den drei gr\u00f6\u00dften IT-Freelancer-Unternehmen. Zu diesem Ergebnis kommt die aktuelle L\u00fcnendonk- Marktsegmentstudie 2019 \u201eDer Markt f\u00fcr Rekrutierung, Vermittlung und Steuerung von ITFreelancern in Deutschland\u201c. Im j\u00e4hrlichen Branchenbarometer des Analystenhauses L\u00fcnendonk werden die marktf\u00fchrenden Anbieter nach Umsatz und Mitarbeiterzahl aufgelistet. Mit 274,8 &hellip;\" \/>\n<meta property=\"og:url\" content=\"https:\/\/www.allgeier.com\/de\/pressroom\/press-releases\/lunendonk-studie-2019-allgeier-experts-weiter-unter-den-top-3-der-it-personaldienstleister\/\" \/>\n<meta property=\"og:site_name\" content=\"Allgeier SE\" \/>\n<meta property=\"article:modified_time\" content=\"2025-02-05T18:36:53+00:00\" \/>\n<meta name=\"twitter:card\" content=\"summary_large_image\" \/>\n<meta name=\"twitter:label1\" content=\"Gesch\u00e4tzte Lesezeit\" \/>\n\t<meta name=\"twitter:data1\" content=\"2\u00a0Minuten\" \/>\n<script type=\"application\/ld+json\" class=\"yoast-schema-graph\">{\"@context\":\"https:\\\/\\\/schema.org\",\"@graph\":[{\"@type\":\"WebPage\",\"@id\":\"https:\\\/\\\/www.allgeier.com\\\/de\\\/pressroom\\\/press-releases\\\/lunendonk-studie-2019-allgeier-experts-weiter-unter-den-top-3-der-it-personaldienstleister\\\/\",\"url\":\"https:\\\/\\\/www.allgeier.com\\\/de\\\/pressroom\\\/press-releases\\\/lunendonk-studie-2019-allgeier-experts-weiter-unter-den-top-3-der-it-personaldienstleister\\\/\",\"name\":\"L\u00fcnendonk-Studie 2019: Allgeier Experts weiter unter den Top 3 der IT-Personaldienstleister - Allgeier SE\",\"isPartOf\":{\"@id\":\"https:\\\/\\\/www.allgeier.com\\\/de\\\/#website\"},\"datePublished\":\"2019-08-01T08:28:25+00:00\",\"dateModified\":\"2025-02-05T18:36:53+00:00\",\"breadcrumb\":{\"@id\":\"https:\\\/\\\/www.allgeier.com\\\/de\\\/pressroom\\\/press-releases\\\/lunendonk-studie-2019-allgeier-experts-weiter-unter-den-top-3-der-it-personaldienstleister\\\/#breadcrumb\"},\"inLanguage\":\"de\",\"potentialAction\":[{\"@type\":\"ReadAction\",\"target\":[\"https:\\\/\\\/www.allgeier.com\\\/de\\\/pressroom\\\/press-releases\\\/lunendonk-studie-2019-allgeier-experts-weiter-unter-den-top-3-der-it-personaldienstleister\\\/\"]}]},{\"@type\":\"BreadcrumbList\",\"@id\":\"https:\\\/\\\/www.allgeier.com\\\/de\\\/pressroom\\\/press-releases\\\/lunendonk-studie-2019-allgeier-experts-weiter-unter-den-top-3-der-it-personaldienstleister\\\/#breadcrumb\",\"itemListElement\":[{\"@type\":\"ListItem\",\"position\":1,\"name\":\"Home\",\"item\":\"https:\\\/\\\/www.allgeier.com\\\/de\\\/\"},{\"@type\":\"ListItem\",\"position\":2,\"name\":\"Presse\",\"item\":\"https:\\\/\\\/www.allgeier.com\\\/de\\\/pressroom\\\/\"},{\"@type\":\"ListItem\",\"position\":3,\"name\":\"Pressemitteilungen\",\"item\":\"https:\\\/\\\/www.allgeier.com\\\/de\\\/pressroom\\\/press-releases\\\/\"},{\"@type\":\"ListItem\",\"position\":4,\"name\":\"L\u00fcnendonk-Studie 2019: Allgeier Experts weiter unter den Top 3 der IT-Personaldienstleister\"}]},{\"@type\":\"WebSite\",\"@id\":\"https:\\\/\\\/www.allgeier.com\\\/de\\\/#website\",\"url\":\"https:\\\/\\\/www.allgeier.com\\\/de\\\/\",\"name\":\"Allgeier SE\",\"description\":\"Software &amp; IT Services for digital transformation\",\"potentialAction\":[{\"@type\":\"SearchAction\",\"target\":{\"@type\":\"EntryPoint\",\"urlTemplate\":\"https:\\\/\\\/www.allgeier.com\\\/de\\\/?s={search_term_string}\"},\"query-input\":{\"@type\":\"PropertyValueSpecification\",\"valueRequired\":true,\"valueName\":\"search_term_string\"}}],\"inLanguage\":\"de\"}]}<\/script>\n<!-- \/ Yoast SEO plugin. -->","yoast_head_json":{"title":"L\u00fcnendonk-Studie 2019: Allgeier Experts weiter unter den Top 3 der IT-Personaldienstleister - Allgeier SE","robots":{"index":"index","follow":"follow","max-snippet":"max-snippet:-1","max-image-preview":"max-image-preview:large","max-video-preview":"max-video-preview:-1"},"canonical":"https:\/\/www.allgeier.com\/de\/pressroom\/press-releases\/lunendonk-studie-2019-allgeier-experts-weiter-unter-den-top-3-der-it-personaldienstleister\/","og_locale":"de_DE","og_type":"article","og_title":"L\u00fcnendonk-Studie 2019: Allgeier Experts weiter unter den Top 3 der IT-Personaldienstleister - Allgeier SE","og_description":"Wiesbaden, 25. Juli 2019 \u2013 Die Allgeier Experts geh\u00f6rt auch in diesem Jahr zu den drei gr\u00f6\u00dften IT-Freelancer-Unternehmen. Zu diesem Ergebnis kommt die aktuelle L\u00fcnendonk- Marktsegmentstudie 2019 \u201eDer Markt f\u00fcr Rekrutierung, Vermittlung und Steuerung von ITFreelancern in Deutschland\u201c. Im j\u00e4hrlichen Branchenbarometer des Analystenhauses L\u00fcnendonk werden die marktf\u00fchrenden Anbieter nach Umsatz und Mitarbeiterzahl aufgelistet. Mit 274,8 &hellip;","og_url":"https:\/\/www.allgeier.com\/de\/pressroom\/press-releases\/lunendonk-studie-2019-allgeier-experts-weiter-unter-den-top-3-der-it-personaldienstleister\/","og_site_name":"Allgeier SE","article_modified_time":"2025-02-05T18:36:53+00:00","twitter_card":"summary_large_image","twitter_misc":{"Gesch\u00e4tzte Lesezeit":"2\u00a0Minuten"},"schema":{"@context":"https:\/\/schema.org","@graph":[{"@type":"WebPage","@id":"https:\/\/www.allgeier.com\/de\/pressroom\/press-releases\/lunendonk-studie-2019-allgeier-experts-weiter-unter-den-top-3-der-it-personaldienstleister\/","url":"https:\/\/www.allgeier.com\/de\/pressroom\/press-releases\/lunendonk-studie-2019-allgeier-experts-weiter-unter-den-top-3-der-it-personaldienstleister\/","name":"L\u00fcnendonk-Studie 2019: Allgeier Experts weiter unter den Top 3 der IT-Personaldienstleister - Allgeier SE","isPartOf":{"@id":"https:\/\/www.allgeier.com\/de\/#website"},"datePublished":"2019-08-01T08:28:25+00:00","dateModified":"2025-02-05T18:36:53+00:00","breadcrumb":{"@id":"https:\/\/www.allgeier.com\/de\/pressroom\/press-releases\/lunendonk-studie-2019-allgeier-experts-weiter-unter-den-top-3-der-it-personaldienstleister\/#breadcrumb"},"inLanguage":"de","potentialAction":[{"@type":"ReadAction","target":["https:\/\/www.allgeier.com\/de\/pressroom\/press-releases\/lunendonk-studie-2019-allgeier-experts-weiter-unter-den-top-3-der-it-personaldienstleister\/"]}]},{"@type":"BreadcrumbList","@id":"https:\/\/www.allgeier.com\/de\/pressroom\/press-releases\/lunendonk-studie-2019-allgeier-experts-weiter-unter-den-top-3-der-it-personaldienstleister\/#breadcrumb","itemListElement":[{"@type":"ListItem","position":1,"name":"Home","item":"https:\/\/www.allgeier.com\/de\/"},{"@type":"ListItem","position":2,"name":"Presse","item":"https:\/\/www.allgeier.com\/de\/pressroom\/"},{"@type":"ListItem","position":3,"name":"Pressemitteilungen","item":"https:\/\/www.allgeier.com\/de\/pressroom\/press-releases\/"},{"@type":"ListItem","position":4,"name":"L\u00fcnendonk-Studie 2019: Allgeier Experts weiter unter den Top 3 der IT-Personaldienstleister"}]},{"@type":"WebSite","@id":"https:\/\/www.allgeier.com\/de\/#website","url":"https:\/\/www.allgeier.com\/de\/","name":"Allgeier SE","description":"Software &amp; IT Services for digital transformation","potentialAction":[{"@type":"SearchAction","target":{"@type":"EntryPoint","urlTemplate":"https:\/\/www.allgeier.com\/de\/?s={search_term_string}"},"query-input":{"@type":"PropertyValueSpecification","valueRequired":true,"valueName":"search_term_string"}}],"inLanguage":"de"}]}},"_links":{"self":[{"href":"https:\/\/www.allgeier.com\/de\/wp-json\/wp\/v2\/pages\/2793","targetHints":{"allow":["GET"]}}],"collection":[{"href":"https:\/\/www.allgeier.com\/de\/wp-json\/wp\/v2\/pages"}],"about":[{"href":"https:\/\/www.allgeier.com\/de\/wp-json\/wp\/v2\/types\/page"}],"author":[{"embeddable":true,"href":"https:\/\/www.allgeier.com\/de\/wp-json\/wp\/v2\/users\/4"}],"replies":[{"embeddable":true,"href":"https:\/\/www.allgeier.com\/de\/wp-json\/wp\/v2\/comments?post=2793"}],"version-history":[{"count":1,"href":"https:\/\/www.allgeier.com\/de\/wp-json\/wp\/v2\/pages\/2793\/revisions"}],"predecessor-version":[{"id":6177,"href":"https:\/\/www.allgeier.com\/de\/wp-json\/wp\/v2\/pages\/2793\/revisions\/6177"}],"up":[{"embeddable":true,"href":"https:\/\/www.allgeier.com\/de\/wp-json\/wp\/v2\/pages\/1169"}],"wp:attachment":[{"href":"https:\/\/www.allgeier.com\/de\/wp-json\/wp\/v2\/media?parent=2793"}],"wp:term":[{"taxonomy":"category","embeddable":true,"href":"https:\/\/www.allgeier.com\/de\/wp-json\/wp\/v2\/categories?post=2793"},{"taxonomy":"post_tag","embeddable":true,"href":"https:\/\/www.allgeier.com\/de\/wp-json\/wp\/v2\/tags?post=2793"}],"curies":[{"name":"wp","href":"https:\/\/api.w.org\/{rel}","templated":true}]}}