{"id":2949,"date":"2020-06-18T13:20:40","date_gmt":"2020-06-18T13:20:40","guid":{"rendered":"https:\/\/www.allgeier.com\/de\/?page_id=2949"},"modified":"2025-02-05T18:36:52","modified_gmt":"2025-02-05T18:36:52","slug":"die-allgeier-it-solutions-gmbh-starkt-ihr-geschaftsfeld-it-security-spezialisten-der-scudos-systems-gmbh-bilden-neue-business-unit","status":"publish","type":"page","link":"https:\/\/www.allgeier.com\/de\/pressroom\/press-releases\/die-allgeier-it-solutions-gmbh-starkt-ihr-geschaftsfeld-it-security-spezialisten-der-scudos-systems-gmbh-bilden-neue-business-unit\/","title":{"rendered":"Die Allgeier IT Solutions GmbH st\u00e4rkt ihr Gesch\u00e4ftsfeld: IT-Security Spezialisten der SCUDOS Systems GmbH bilden neue Business Unit"},"content":{"rendered":"<p><em>Bremen, 18. Juni 2020 &#8211; <\/em>Die Allgeier IT Solutions GmbH w\u00e4chst um eine neue Business Unit und baut damit ihr Produktportfolio rund um L\u00f6sungen f\u00fcr Netzwerksicherheit aus \u2013 mit der \u00dcbernahme des Dortmunder Unternehmens SCUDOS Systems GmbH. Mit Professor Udo Kalinna, SCUDOS Gr\u00fcnder und Gesch\u00e4ftsf\u00fchrer, w\u00e4chst die Expertenriege der Allgeier IT um ein bedeutendes Mitglied, was gemeinhin f\u00fcr Begeisterung sorgt. \u201eUdo Kalinna ist auf dem Gebiet der Netzwerksicherheit ein echter Spezialist und mit der SCUDOS Systems GmbH eine gro\u00dfe Bereicherung f\u00fcr die Allgeier Gruppe\u201c, so Hubert Rohrer, Gesch\u00e4ftsf\u00fchrer der Allgeier IT und Vorstandmitglied der Allgeier SE.<\/p>\n<p>Die Branche \u201eIT\u201c findet sich in nahezu allen Karrierestufen von Udo Kalinna. 2013 gr\u00fcndete er die IFASEC GmbH \u2013 ein Institut f\u00fcr Applikations-Sicherheit. Die IFASEC konzentrierte sich vor allem auf die Schwachstellenanalyse f\u00fcr mobile und webbasierte Anwendungen. Udo Kalinna erkannte vor allem im Bereich der Netzwerkinfrastruktursicherheit Aufholbedarf und nahm sich der Weiterentwicklung der IT-Sicherheitssoftware SCUDOS an. Daraus entsprang das eigenst\u00e4ndige Unternehmen, die SCUDOS Systems GmbH. Udo Kalinna h\u00e4lt drei Patente in der IT-Sicherheit und gilt als gesch\u00e4tzter Berater f\u00fcr Bundes- und Landesbeh\u00f6rden sowie f\u00fcr globale Unternehmen.<\/p>\n<p>Die SCUDOS Systems GmbH hat sich der Erkennung und Beseitigung von Sicherheitsl\u00fccken unternehmensinterner Netzwerkinfrastrukturen verschrieben. Dabei z\u00e4hlen die SCUDOS-Experten vor allem auf Anwendungen f\u00fcr die automatische Erkennung potenzieller Bedrohungen f\u00fcr Systeme. Konkret bedeutet das, dass die Software SCUDOS durch die Integration von agentenlosen Mapping- und Fingerprinting-Techniken Organisationen erm\u00f6glicht, ihre Sicherheit zu erh\u00f6hen, den Datenverlust zu minimieren und den Betrieb innerhalb ihres Kernnetzwerks zu vereinfachen.<\/p>\n<p>Dies erfolgt durch Zugangskontrollrichtlinien und Mechanismen zur Netzwerksegmentierung sowie Dokumentation der bestehenden Netzwerkinfrastruktur und periodisch automatisierte Schwachstellenanalysen. Dadurch wird der Zugriff unautorisierter Ger\u00e4te auf sensible Netzwerksegmente verhindert, und potenzielle b\u00f6swillige Eindringlinge werden blockiert.<\/p>\n<p>Diese Erweiterung des Allgeier Portfolios auf dem Gebiet der IT-Sicherheit bringt Unternehmen einen unabh\u00e4ngigen IT-Dienstleister, der durch die enge Anbindung innerhalb der Allgeier Gruppe den Kunden ein leistungsstarkes und breitgef\u00e4chertes Security-Angebot zur Verf\u00fcgung stellt. Neben den eigenen Komponenten ist das Unternehmen in vielen Anwendungsgebieten der Netzwerksicherheit unabh\u00e4ngig und partnerorientiert.<\/p>\n<p>\u201eIch freue mich \u00fcber die erweiterten M\u00f6glichkeiten, meine Visionen vollumfassender Netzwerksicherheit in dem starken Umfeld der Allgeier Gruppe k\u00fcnftig verfolgen und ausbauen zu k\u00f6nnen\u201c, sagt Udo Kalinna. \u201eUns steht eine starke Zukunft bevor.\u201c<\/p>\n<p><a href=\"https:\/\/www.allgeier.com\/de\/wp-content\/uploads\/sites\/3\/2020\/06\/Allgeier-SE_AITS_Kalinna_kl-1.jpg\"><img loading=\"lazy\" decoding=\"async\" class=\"wp-image-2954 alignleft\" src=\"https:\/\/www.allgeier.com\/de\/wp-content\/uploads\/sites\/3\/2020\/06\/Allgeier-SE_AITS_Kalinna_kl-1.jpg\" alt=\"\" width=\"549\" height=\"309\" \/><\/a><\/p>\n<p>&nbsp;<\/p>\n<p><strong>\u00dcber die Allgeier IT<\/strong><\/p>\n<p>Als international agierender und erfolgreicher Konzern sind f\u00fcr uns Security und Netzwerksicherheit beim strategischen Ausbau des digitalen Umfelds von Unternehmen essenziell. Kein Unternehmen kann sich Sicherheitsl\u00fccken leisten, denn die Konsequenzen bedrohen im schlimmsten Fall deren Existenz.<\/p>\n<p>Unternehmen \u2013 unabh\u00e4ngig von der Branche, in der sie agieren \u2013 m\u00fcssen sich im Bereich der IT-Sicherheit zukunftsf\u00e4hig aufstellen. Nicht zuletzt auch aufgrund strenger Datenschutzbestimmungen.<\/p>\n<p>Die Muttergesellschaft, die Allgeier SE mit Sitz in M\u00fcnchen, ist eine der f\u00fchrenden Beratungs- und Servicegesellschaften im deutschsprachigen Raum. Durch diesen Verbund bietet Allgeier Ihnen eine Vielzahl an Leistungen und Fachexpertisen. Das Unternehmen ist eine 100-prozentige Tochter der Allgeier Enterprise Services AG.<\/p>\n","protected":false},"excerpt":{"rendered":"<p>Bremen, 18. Juni 2020 &#8211; Die Allgeier IT Solutions GmbH w\u00e4chst um eine neue Business Unit und baut damit ihr Produktportfolio rund um L\u00f6sungen f\u00fcr Netzwerksicherheit aus \u2013 mit der \u00dcbernahme des Dortmunder Unternehmens SCUDOS Systems GmbH. Mit Professor Udo Kalinna, SCUDOS Gr\u00fcnder und Gesch\u00e4ftsf\u00fchrer, w\u00e4chst die Expertenriege der Allgeier IT um ein bedeutendes Mitglied, &hellip; <\/p>\n","protected":false},"author":4,"featured_media":0,"parent":1169,"menu_order":0,"comment_status":"closed","ping_status":"closed","template":"","meta":{"_acf_changed":false,"footnotes":""},"categories":[7],"tags":[],"class_list":["post-2949","page","type-page","status-publish","hentry","category-pressemitteilungen"],"acf":[],"yoast_head":"<!-- This site is optimized with the Yoast SEO plugin v27.4 - https:\/\/yoast.com\/product\/yoast-seo-wordpress\/ -->\n<title>Die Allgeier IT Solutions GmbH st\u00e4rkt ihr Gesch\u00e4ftsfeld: IT-Security Spezialisten der SCUDOS Systems GmbH bilden neue Business Unit - Allgeier SE<\/title>\n<meta name=\"robots\" content=\"index, follow, max-snippet:-1, max-image-preview:large, max-video-preview:-1\" \/>\n<link rel=\"canonical\" href=\"https:\/\/www.allgeier.com\/de\/pressroom\/press-releases\/die-allgeier-it-solutions-gmbh-starkt-ihr-geschaftsfeld-it-security-spezialisten-der-scudos-systems-gmbh-bilden-neue-business-unit\/\" \/>\n<meta property=\"og:locale\" content=\"de_DE\" \/>\n<meta property=\"og:type\" content=\"article\" \/>\n<meta property=\"og:title\" content=\"Die Allgeier IT Solutions GmbH st\u00e4rkt ihr Gesch\u00e4ftsfeld: IT-Security Spezialisten der SCUDOS Systems GmbH bilden neue Business Unit - Allgeier SE\" \/>\n<meta property=\"og:description\" content=\"Bremen, 18. Juni 2020 &#8211; Die Allgeier IT Solutions GmbH w\u00e4chst um eine neue Business Unit und baut damit ihr Produktportfolio rund um L\u00f6sungen f\u00fcr Netzwerksicherheit aus \u2013 mit der \u00dcbernahme des Dortmunder Unternehmens SCUDOS Systems GmbH. Mit Professor Udo Kalinna, SCUDOS Gr\u00fcnder und Gesch\u00e4ftsf\u00fchrer, w\u00e4chst die Expertenriege der Allgeier IT um ein bedeutendes Mitglied, &hellip;\" \/>\n<meta property=\"og:url\" content=\"https:\/\/www.allgeier.com\/de\/pressroom\/press-releases\/die-allgeier-it-solutions-gmbh-starkt-ihr-geschaftsfeld-it-security-spezialisten-der-scudos-systems-gmbh-bilden-neue-business-unit\/\" \/>\n<meta property=\"og:site_name\" content=\"Allgeier SE\" \/>\n<meta property=\"article:modified_time\" content=\"2025-02-05T18:36:52+00:00\" \/>\n<meta property=\"og:image\" content=\"https:\/\/www.allgeier.com\/de\/wp-content\/uploads\/sites\/3\/2020\/06\/Allgeier-SE_AITS_Kalinna_kl-1.jpg\" \/>\n\t<meta property=\"og:image:width\" content=\"709\" \/>\n\t<meta property=\"og:image:height\" content=\"399\" \/>\n\t<meta property=\"og:image:type\" content=\"image\/jpeg\" \/>\n<meta name=\"twitter:card\" content=\"summary_large_image\" \/>\n<meta name=\"twitter:label1\" content=\"Gesch\u00e4tzte Lesezeit\" \/>\n\t<meta name=\"twitter:data1\" content=\"3\u00a0Minuten\" \/>\n<script type=\"application\/ld+json\" class=\"yoast-schema-graph\">{\"@context\":\"https:\\\/\\\/schema.org\",\"@graph\":[{\"@type\":\"WebPage\",\"@id\":\"https:\\\/\\\/www.allgeier.com\\\/de\\\/pressroom\\\/press-releases\\\/die-allgeier-it-solutions-gmbh-starkt-ihr-geschaftsfeld-it-security-spezialisten-der-scudos-systems-gmbh-bilden-neue-business-unit\\\/\",\"url\":\"https:\\\/\\\/www.allgeier.com\\\/de\\\/pressroom\\\/press-releases\\\/die-allgeier-it-solutions-gmbh-starkt-ihr-geschaftsfeld-it-security-spezialisten-der-scudos-systems-gmbh-bilden-neue-business-unit\\\/\",\"name\":\"Die Allgeier IT Solutions GmbH st\u00e4rkt ihr Gesch\u00e4ftsfeld: IT-Security Spezialisten der SCUDOS Systems GmbH bilden neue Business Unit - Allgeier SE\",\"isPartOf\":{\"@id\":\"https:\\\/\\\/www.allgeier.com\\\/de\\\/#website\"},\"primaryImageOfPage\":{\"@id\":\"https:\\\/\\\/www.allgeier.com\\\/de\\\/pressroom\\\/press-releases\\\/die-allgeier-it-solutions-gmbh-starkt-ihr-geschaftsfeld-it-security-spezialisten-der-scudos-systems-gmbh-bilden-neue-business-unit\\\/#primaryimage\"},\"image\":{\"@id\":\"https:\\\/\\\/www.allgeier.com\\\/de\\\/pressroom\\\/press-releases\\\/die-allgeier-it-solutions-gmbh-starkt-ihr-geschaftsfeld-it-security-spezialisten-der-scudos-systems-gmbh-bilden-neue-business-unit\\\/#primaryimage\"},\"thumbnailUrl\":\"https:\\\/\\\/www.allgeier.com\\\/de\\\/wp-content\\\/uploads\\\/sites\\\/3\\\/2020\\\/06\\\/Allgeier-SE_AITS_Kalinna_kl-1.jpg\",\"datePublished\":\"2020-06-18T13:20:40+00:00\",\"dateModified\":\"2025-02-05T18:36:52+00:00\",\"breadcrumb\":{\"@id\":\"https:\\\/\\\/www.allgeier.com\\\/de\\\/pressroom\\\/press-releases\\\/die-allgeier-it-solutions-gmbh-starkt-ihr-geschaftsfeld-it-security-spezialisten-der-scudos-systems-gmbh-bilden-neue-business-unit\\\/#breadcrumb\"},\"inLanguage\":\"de\",\"potentialAction\":[{\"@type\":\"ReadAction\",\"target\":[\"https:\\\/\\\/www.allgeier.com\\\/de\\\/pressroom\\\/press-releases\\\/die-allgeier-it-solutions-gmbh-starkt-ihr-geschaftsfeld-it-security-spezialisten-der-scudos-systems-gmbh-bilden-neue-business-unit\\\/\"]}]},{\"@type\":\"ImageObject\",\"inLanguage\":\"de\",\"@id\":\"https:\\\/\\\/www.allgeier.com\\\/de\\\/pressroom\\\/press-releases\\\/die-allgeier-it-solutions-gmbh-starkt-ihr-geschaftsfeld-it-security-spezialisten-der-scudos-systems-gmbh-bilden-neue-business-unit\\\/#primaryimage\",\"url\":\"https:\\\/\\\/www.allgeier.com\\\/de\\\/wp-content\\\/uploads\\\/sites\\\/3\\\/2020\\\/06\\\/Allgeier-SE_AITS_Kalinna_kl-1.jpg\",\"contentUrl\":\"https:\\\/\\\/www.allgeier.com\\\/de\\\/wp-content\\\/uploads\\\/sites\\\/3\\\/2020\\\/06\\\/Allgeier-SE_AITS_Kalinna_kl-1.jpg\"},{\"@type\":\"BreadcrumbList\",\"@id\":\"https:\\\/\\\/www.allgeier.com\\\/de\\\/pressroom\\\/press-releases\\\/die-allgeier-it-solutions-gmbh-starkt-ihr-geschaftsfeld-it-security-spezialisten-der-scudos-systems-gmbh-bilden-neue-business-unit\\\/#breadcrumb\",\"itemListElement\":[{\"@type\":\"ListItem\",\"position\":1,\"name\":\"Home\",\"item\":\"https:\\\/\\\/www.allgeier.com\\\/de\\\/\"},{\"@type\":\"ListItem\",\"position\":2,\"name\":\"Presse\",\"item\":\"https:\\\/\\\/www.allgeier.com\\\/de\\\/pressroom\\\/\"},{\"@type\":\"ListItem\",\"position\":3,\"name\":\"Pressemitteilungen\",\"item\":\"https:\\\/\\\/www.allgeier.com\\\/de\\\/pressroom\\\/press-releases\\\/\"},{\"@type\":\"ListItem\",\"position\":4,\"name\":\"Die Allgeier IT Solutions GmbH st\u00e4rkt ihr Gesch\u00e4ftsfeld: IT-Security Spezialisten der SCUDOS Systems GmbH bilden neue Business Unit\"}]},{\"@type\":\"WebSite\",\"@id\":\"https:\\\/\\\/www.allgeier.com\\\/de\\\/#website\",\"url\":\"https:\\\/\\\/www.allgeier.com\\\/de\\\/\",\"name\":\"Allgeier SE\",\"description\":\"Software &amp; IT Services for digital transformation\",\"potentialAction\":[{\"@type\":\"SearchAction\",\"target\":{\"@type\":\"EntryPoint\",\"urlTemplate\":\"https:\\\/\\\/www.allgeier.com\\\/de\\\/?s={search_term_string}\"},\"query-input\":{\"@type\":\"PropertyValueSpecification\",\"valueRequired\":true,\"valueName\":\"search_term_string\"}}],\"inLanguage\":\"de\"}]}<\/script>\n<!-- \/ Yoast SEO plugin. -->","yoast_head_json":{"title":"Die Allgeier IT Solutions GmbH st\u00e4rkt ihr Gesch\u00e4ftsfeld: IT-Security Spezialisten der SCUDOS Systems GmbH bilden neue Business Unit - Allgeier SE","robots":{"index":"index","follow":"follow","max-snippet":"max-snippet:-1","max-image-preview":"max-image-preview:large","max-video-preview":"max-video-preview:-1"},"canonical":"https:\/\/www.allgeier.com\/de\/pressroom\/press-releases\/die-allgeier-it-solutions-gmbh-starkt-ihr-geschaftsfeld-it-security-spezialisten-der-scudos-systems-gmbh-bilden-neue-business-unit\/","og_locale":"de_DE","og_type":"article","og_title":"Die Allgeier IT Solutions GmbH st\u00e4rkt ihr Gesch\u00e4ftsfeld: IT-Security Spezialisten der SCUDOS Systems GmbH bilden neue Business Unit - Allgeier SE","og_description":"Bremen, 18. Juni 2020 &#8211; Die Allgeier IT Solutions GmbH w\u00e4chst um eine neue Business Unit und baut damit ihr Produktportfolio rund um L\u00f6sungen f\u00fcr Netzwerksicherheit aus \u2013 mit der \u00dcbernahme des Dortmunder Unternehmens SCUDOS Systems GmbH. Mit Professor Udo Kalinna, SCUDOS Gr\u00fcnder und Gesch\u00e4ftsf\u00fchrer, w\u00e4chst die Expertenriege der Allgeier IT um ein bedeutendes Mitglied, &hellip;","og_url":"https:\/\/www.allgeier.com\/de\/pressroom\/press-releases\/die-allgeier-it-solutions-gmbh-starkt-ihr-geschaftsfeld-it-security-spezialisten-der-scudos-systems-gmbh-bilden-neue-business-unit\/","og_site_name":"Allgeier SE","article_modified_time":"2025-02-05T18:36:52+00:00","og_image":[{"width":709,"height":399,"url":"https:\/\/www.allgeier.com\/de\/wp-content\/uploads\/sites\/3\/2020\/06\/Allgeier-SE_AITS_Kalinna_kl-1.jpg","type":"image\/jpeg"}],"twitter_card":"summary_large_image","twitter_misc":{"Gesch\u00e4tzte Lesezeit":"3\u00a0Minuten"},"schema":{"@context":"https:\/\/schema.org","@graph":[{"@type":"WebPage","@id":"https:\/\/www.allgeier.com\/de\/pressroom\/press-releases\/die-allgeier-it-solutions-gmbh-starkt-ihr-geschaftsfeld-it-security-spezialisten-der-scudos-systems-gmbh-bilden-neue-business-unit\/","url":"https:\/\/www.allgeier.com\/de\/pressroom\/press-releases\/die-allgeier-it-solutions-gmbh-starkt-ihr-geschaftsfeld-it-security-spezialisten-der-scudos-systems-gmbh-bilden-neue-business-unit\/","name":"Die Allgeier IT Solutions GmbH st\u00e4rkt ihr Gesch\u00e4ftsfeld: IT-Security Spezialisten der SCUDOS Systems GmbH bilden neue Business Unit - Allgeier SE","isPartOf":{"@id":"https:\/\/www.allgeier.com\/de\/#website"},"primaryImageOfPage":{"@id":"https:\/\/www.allgeier.com\/de\/pressroom\/press-releases\/die-allgeier-it-solutions-gmbh-starkt-ihr-geschaftsfeld-it-security-spezialisten-der-scudos-systems-gmbh-bilden-neue-business-unit\/#primaryimage"},"image":{"@id":"https:\/\/www.allgeier.com\/de\/pressroom\/press-releases\/die-allgeier-it-solutions-gmbh-starkt-ihr-geschaftsfeld-it-security-spezialisten-der-scudos-systems-gmbh-bilden-neue-business-unit\/#primaryimage"},"thumbnailUrl":"https:\/\/www.allgeier.com\/de\/wp-content\/uploads\/sites\/3\/2020\/06\/Allgeier-SE_AITS_Kalinna_kl-1.jpg","datePublished":"2020-06-18T13:20:40+00:00","dateModified":"2025-02-05T18:36:52+00:00","breadcrumb":{"@id":"https:\/\/www.allgeier.com\/de\/pressroom\/press-releases\/die-allgeier-it-solutions-gmbh-starkt-ihr-geschaftsfeld-it-security-spezialisten-der-scudos-systems-gmbh-bilden-neue-business-unit\/#breadcrumb"},"inLanguage":"de","potentialAction":[{"@type":"ReadAction","target":["https:\/\/www.allgeier.com\/de\/pressroom\/press-releases\/die-allgeier-it-solutions-gmbh-starkt-ihr-geschaftsfeld-it-security-spezialisten-der-scudos-systems-gmbh-bilden-neue-business-unit\/"]}]},{"@type":"ImageObject","inLanguage":"de","@id":"https:\/\/www.allgeier.com\/de\/pressroom\/press-releases\/die-allgeier-it-solutions-gmbh-starkt-ihr-geschaftsfeld-it-security-spezialisten-der-scudos-systems-gmbh-bilden-neue-business-unit\/#primaryimage","url":"https:\/\/www.allgeier.com\/de\/wp-content\/uploads\/sites\/3\/2020\/06\/Allgeier-SE_AITS_Kalinna_kl-1.jpg","contentUrl":"https:\/\/www.allgeier.com\/de\/wp-content\/uploads\/sites\/3\/2020\/06\/Allgeier-SE_AITS_Kalinna_kl-1.jpg"},{"@type":"BreadcrumbList","@id":"https:\/\/www.allgeier.com\/de\/pressroom\/press-releases\/die-allgeier-it-solutions-gmbh-starkt-ihr-geschaftsfeld-it-security-spezialisten-der-scudos-systems-gmbh-bilden-neue-business-unit\/#breadcrumb","itemListElement":[{"@type":"ListItem","position":1,"name":"Home","item":"https:\/\/www.allgeier.com\/de\/"},{"@type":"ListItem","position":2,"name":"Presse","item":"https:\/\/www.allgeier.com\/de\/pressroom\/"},{"@type":"ListItem","position":3,"name":"Pressemitteilungen","item":"https:\/\/www.allgeier.com\/de\/pressroom\/press-releases\/"},{"@type":"ListItem","position":4,"name":"Die Allgeier IT Solutions GmbH st\u00e4rkt ihr Gesch\u00e4ftsfeld: IT-Security Spezialisten der SCUDOS Systems GmbH bilden neue Business Unit"}]},{"@type":"WebSite","@id":"https:\/\/www.allgeier.com\/de\/#website","url":"https:\/\/www.allgeier.com\/de\/","name":"Allgeier SE","description":"Software &amp; IT Services for digital transformation","potentialAction":[{"@type":"SearchAction","target":{"@type":"EntryPoint","urlTemplate":"https:\/\/www.allgeier.com\/de\/?s={search_term_string}"},"query-input":{"@type":"PropertyValueSpecification","valueRequired":true,"valueName":"search_term_string"}}],"inLanguage":"de"}]}},"_links":{"self":[{"href":"https:\/\/www.allgeier.com\/de\/wp-json\/wp\/v2\/pages\/2949","targetHints":{"allow":["GET"]}}],"collection":[{"href":"https:\/\/www.allgeier.com\/de\/wp-json\/wp\/v2\/pages"}],"about":[{"href":"https:\/\/www.allgeier.com\/de\/wp-json\/wp\/v2\/types\/page"}],"author":[{"embeddable":true,"href":"https:\/\/www.allgeier.com\/de\/wp-json\/wp\/v2\/users\/4"}],"replies":[{"embeddable":true,"href":"https:\/\/www.allgeier.com\/de\/wp-json\/wp\/v2\/comments?post=2949"}],"version-history":[{"count":2,"href":"https:\/\/www.allgeier.com\/de\/wp-json\/wp\/v2\/pages\/2949\/revisions"}],"predecessor-version":[{"id":6167,"href":"https:\/\/www.allgeier.com\/de\/wp-json\/wp\/v2\/pages\/2949\/revisions\/6167"}],"up":[{"embeddable":true,"href":"https:\/\/www.allgeier.com\/de\/wp-json\/wp\/v2\/pages\/1169"}],"wp:attachment":[{"href":"https:\/\/www.allgeier.com\/de\/wp-json\/wp\/v2\/media?parent=2949"}],"wp:term":[{"taxonomy":"category","embeddable":true,"href":"https:\/\/www.allgeier.com\/de\/wp-json\/wp\/v2\/categories?post=2949"},{"taxonomy":"post_tag","embeddable":true,"href":"https:\/\/www.allgeier.com\/de\/wp-json\/wp\/v2\/tags?post=2949"}],"curies":[{"name":"wp","href":"https:\/\/api.w.org\/{rel}","templated":true}]}}