{"id":3565,"date":"2022-10-11T10:30:00","date_gmt":"2022-10-11T10:30:00","guid":{"rendered":"https:\/\/www.allgeier.com\/de\/?page_id=3565"},"modified":"2025-02-05T18:36:54","modified_gmt":"2025-02-05T18:36:54","slug":"weichenstellung-fuer-eine-erfolgreiche-zukunft-zusammenfuehrung-der-cybersecurity-einheiten-allgeier-cyris-und-allgeier-grc","status":"publish","type":"page","link":"https:\/\/www.allgeier.com\/de\/pressroom\/press-releases\/weichenstellung-fuer-eine-erfolgreiche-zukunft-zusammenfuehrung-der-cybersecurity-einheiten-allgeier-cyris-und-allgeier-grc\/","title":{"rendered":"Weichenstellung f\u00fcr eine erfolgreiche Zukunft: Zusammenf\u00fchrung der Cybersecurity-Einheiten Allgeier CyRis und Allgeier GRC"},"content":{"rendered":"<p><strong><em>Bremen, 11. Oktober 2022 &#8211; <\/em>Allgeier treibt die St\u00e4rkung ihrer Cybersecurity-Division weiter voran und f\u00fchrt mit Allgeier CyRis und Allgeier GRC zwei wachstumsstarke Unternehmen im Bereich Cybersicherheit zusammen. Allgeier CyRis unterstreicht damit die Positionierung als f\u00fchrender Anbieter modernster Sicherheitsl\u00f6sungen f\u00fcr IT und OT.<\/strong><\/p>\n<p>\u201eDie Zusammenlegung der beiden Unternehmen ist ein wichtiger Baustein zur St\u00e4rkung unseres Gesch\u00e4ftsmodells. Damit k\u00f6nnen wir vorhandene Kapazit\u00e4ten besser nutzen und gleichzeitig in einem immer komplexer werdenden Umfeld die Vernetzung unserer Experten f\u00f6rdern\u201c, erkl\u00e4rt Veit-Gunnar Sch\u00fcttrumpf, Gesch\u00e4ftsf\u00fchrer der Muttergesellschaft Allgeier Security Holding GmbH.<\/p>\n<p>Markus Plinke, Gesch\u00e4ftsf\u00fchrer der Allgeier CyRis GmbH, erg\u00e4nzt: \u201eDie Aktivit\u00e4ten der Allgeier GRC rund um die marktf\u00fchrende Compliance Management Software DocSetMinder passen optimal zum Produktportfolio der Allgeier CyRis, so dass wir mit diesem Schritt Allgeier CyRis im Markt f\u00fcr Cybersecurity noch besser positionieren k\u00f6nnen.\u201c<\/p>\n<p>Allgeier CyRis Kunden k\u00f6nnen ebenso erhebliche Vorteile von der st\u00e4rkeren Vernetzung der IT-Security-Experten erwarten: \u201eSeit einiger Zeit schon beobachten wir im Markt den verst\u00e4rkten Wunsch unserer Kunden, Cybersecurity-Leistungen aus einer Hand zu erhalten. Mit Blick auf die stetig zunehmende Bedrohung durch Hackerangriffe ist dies nachvollziehbar, geht es doch darum, Komplexit\u00e4t wie auch Zeit- und Kostenaufw\u00e4nde f\u00fcr die Administration zu reduzieren und die Cyberresilienz zu st\u00e4rken. Die verschiedenen Bereiche wachsen zudem immer mehr zusammen und beeinflussen einander gegenseitig\u201c, erl\u00e4utert Ralf Nitzgen, Gesch\u00e4ftsf\u00fchrer der Allgeier CyRis GmbH. \u201eDiesem Trend und dem damit korrespondierenden Kundenwunsch kommen wir mit der Zusammenlegung nach.\u201c<\/p>\n<p><strong>\u00dcber das Unternehmen:<\/strong><\/p>\n<p>Allgeier CyRis GmbH unterst\u00fctzt \u00f6ffentliche Einrichtungen und private sowie \u00f6ffentliche Unternehmen pr\u00e4ventiv und reaktiv beim Schutz von Daten, Informationen und Kommunikationswegen vor Angriffen aus dem Cyberraum. Mehr als 500 Kunden vertrauen bereits heute der technologischen Exzellenz sowie den umfangreichen Services von Allgeier CyRis \u2013 mit stark steigender Tendenz. Beratung, eigenentwickelte L\u00f6sungen sowie Managed Services bilden die Eckpfeiler f\u00fcr das erfolgreiche Gesch\u00e4ftsmodell von Allgeier CyRis.<\/p>\n<p>&nbsp;<\/p>\n","protected":false},"excerpt":{"rendered":"<p>Bremen, 11. Oktober 2022 &#8211; Allgeier treibt die St\u00e4rkung ihrer Cybersecurity-Division weiter voran und f\u00fchrt mit Allgeier CyRis und Allgeier GRC zwei wachstumsstarke Unternehmen im Bereich Cybersicherheit zusammen. Allgeier CyRis unterstreicht damit die Positionierung als f\u00fchrender Anbieter modernster Sicherheitsl\u00f6sungen f\u00fcr IT und OT. \u201eDie Zusammenlegung der beiden Unternehmen ist ein wichtiger Baustein zur St\u00e4rkung unseres &hellip; <\/p>\n","protected":false},"author":4,"featured_media":0,"parent":1169,"menu_order":0,"comment_status":"closed","ping_status":"closed","template":"","meta":{"_acf_changed":false,"footnotes":""},"categories":[7],"tags":[],"class_list":["post-3565","page","type-page","status-publish","hentry","category-pressemitteilungen"],"acf":[],"yoast_head":"<!-- This site is optimized with the Yoast SEO plugin v27.4 - https:\/\/yoast.com\/product\/yoast-seo-wordpress\/ -->\n<title>Weichenstellung f\u00fcr eine erfolgreiche Zukunft: Zusammenf\u00fchrung der Cybersecurity-Einheiten Allgeier CyRis und Allgeier GRC - Allgeier SE<\/title>\n<meta name=\"robots\" content=\"index, follow, max-snippet:-1, max-image-preview:large, max-video-preview:-1\" \/>\n<link rel=\"canonical\" href=\"https:\/\/www.allgeier.com\/de\/pressroom\/press-releases\/weichenstellung-fuer-eine-erfolgreiche-zukunft-zusammenfuehrung-der-cybersecurity-einheiten-allgeier-cyris-und-allgeier-grc\/\" \/>\n<meta property=\"og:locale\" content=\"de_DE\" \/>\n<meta property=\"og:type\" content=\"article\" \/>\n<meta property=\"og:title\" content=\"Weichenstellung f\u00fcr eine erfolgreiche Zukunft: Zusammenf\u00fchrung der Cybersecurity-Einheiten Allgeier CyRis und Allgeier GRC - Allgeier SE\" \/>\n<meta property=\"og:description\" content=\"Bremen, 11. Oktober 2022 &#8211; Allgeier treibt die St\u00e4rkung ihrer Cybersecurity-Division weiter voran und f\u00fchrt mit Allgeier CyRis und Allgeier GRC zwei wachstumsstarke Unternehmen im Bereich Cybersicherheit zusammen. Allgeier CyRis unterstreicht damit die Positionierung als f\u00fchrender Anbieter modernster Sicherheitsl\u00f6sungen f\u00fcr IT und OT. \u201eDie Zusammenlegung der beiden Unternehmen ist ein wichtiger Baustein zur St\u00e4rkung unseres &hellip;\" \/>\n<meta property=\"og:url\" content=\"https:\/\/www.allgeier.com\/de\/pressroom\/press-releases\/weichenstellung-fuer-eine-erfolgreiche-zukunft-zusammenfuehrung-der-cybersecurity-einheiten-allgeier-cyris-und-allgeier-grc\/\" \/>\n<meta property=\"og:site_name\" content=\"Allgeier SE\" \/>\n<meta property=\"article:modified_time\" content=\"2025-02-05T18:36:54+00:00\" \/>\n<meta name=\"twitter:card\" content=\"summary_large_image\" \/>\n<meta name=\"twitter:label1\" content=\"Gesch\u00e4tzte Lesezeit\" \/>\n\t<meta name=\"twitter:data1\" content=\"2\u00a0Minuten\" \/>\n<script type=\"application\/ld+json\" class=\"yoast-schema-graph\">{\"@context\":\"https:\\\/\\\/schema.org\",\"@graph\":[{\"@type\":\"WebPage\",\"@id\":\"https:\\\/\\\/www.allgeier.com\\\/de\\\/pressroom\\\/press-releases\\\/weichenstellung-fuer-eine-erfolgreiche-zukunft-zusammenfuehrung-der-cybersecurity-einheiten-allgeier-cyris-und-allgeier-grc\\\/\",\"url\":\"https:\\\/\\\/www.allgeier.com\\\/de\\\/pressroom\\\/press-releases\\\/weichenstellung-fuer-eine-erfolgreiche-zukunft-zusammenfuehrung-der-cybersecurity-einheiten-allgeier-cyris-und-allgeier-grc\\\/\",\"name\":\"Weichenstellung f\u00fcr eine erfolgreiche Zukunft: Zusammenf\u00fchrung der Cybersecurity-Einheiten Allgeier CyRis und Allgeier GRC - Allgeier SE\",\"isPartOf\":{\"@id\":\"https:\\\/\\\/www.allgeier.com\\\/de\\\/#website\"},\"datePublished\":\"2022-10-11T10:30:00+00:00\",\"dateModified\":\"2025-02-05T18:36:54+00:00\",\"breadcrumb\":{\"@id\":\"https:\\\/\\\/www.allgeier.com\\\/de\\\/pressroom\\\/press-releases\\\/weichenstellung-fuer-eine-erfolgreiche-zukunft-zusammenfuehrung-der-cybersecurity-einheiten-allgeier-cyris-und-allgeier-grc\\\/#breadcrumb\"},\"inLanguage\":\"de\",\"potentialAction\":[{\"@type\":\"ReadAction\",\"target\":[\"https:\\\/\\\/www.allgeier.com\\\/de\\\/pressroom\\\/press-releases\\\/weichenstellung-fuer-eine-erfolgreiche-zukunft-zusammenfuehrung-der-cybersecurity-einheiten-allgeier-cyris-und-allgeier-grc\\\/\"]}]},{\"@type\":\"BreadcrumbList\",\"@id\":\"https:\\\/\\\/www.allgeier.com\\\/de\\\/pressroom\\\/press-releases\\\/weichenstellung-fuer-eine-erfolgreiche-zukunft-zusammenfuehrung-der-cybersecurity-einheiten-allgeier-cyris-und-allgeier-grc\\\/#breadcrumb\",\"itemListElement\":[{\"@type\":\"ListItem\",\"position\":1,\"name\":\"Home\",\"item\":\"https:\\\/\\\/www.allgeier.com\\\/de\\\/\"},{\"@type\":\"ListItem\",\"position\":2,\"name\":\"Presse\",\"item\":\"https:\\\/\\\/www.allgeier.com\\\/de\\\/pressroom\\\/\"},{\"@type\":\"ListItem\",\"position\":3,\"name\":\"Pressemitteilungen\",\"item\":\"https:\\\/\\\/www.allgeier.com\\\/de\\\/pressroom\\\/press-releases\\\/\"},{\"@type\":\"ListItem\",\"position\":4,\"name\":\"Weichenstellung f\u00fcr eine erfolgreiche Zukunft: Zusammenf\u00fchrung der Cybersecurity-Einheiten Allgeier CyRis und Allgeier GRC\"}]},{\"@type\":\"WebSite\",\"@id\":\"https:\\\/\\\/www.allgeier.com\\\/de\\\/#website\",\"url\":\"https:\\\/\\\/www.allgeier.com\\\/de\\\/\",\"name\":\"Allgeier SE\",\"description\":\"Software &amp; IT Services for digital transformation\",\"potentialAction\":[{\"@type\":\"SearchAction\",\"target\":{\"@type\":\"EntryPoint\",\"urlTemplate\":\"https:\\\/\\\/www.allgeier.com\\\/de\\\/?s={search_term_string}\"},\"query-input\":{\"@type\":\"PropertyValueSpecification\",\"valueRequired\":true,\"valueName\":\"search_term_string\"}}],\"inLanguage\":\"de\"}]}<\/script>\n<!-- \/ Yoast SEO plugin. -->","yoast_head_json":{"title":"Weichenstellung f\u00fcr eine erfolgreiche Zukunft: Zusammenf\u00fchrung der Cybersecurity-Einheiten Allgeier CyRis und Allgeier GRC - Allgeier SE","robots":{"index":"index","follow":"follow","max-snippet":"max-snippet:-1","max-image-preview":"max-image-preview:large","max-video-preview":"max-video-preview:-1"},"canonical":"https:\/\/www.allgeier.com\/de\/pressroom\/press-releases\/weichenstellung-fuer-eine-erfolgreiche-zukunft-zusammenfuehrung-der-cybersecurity-einheiten-allgeier-cyris-und-allgeier-grc\/","og_locale":"de_DE","og_type":"article","og_title":"Weichenstellung f\u00fcr eine erfolgreiche Zukunft: Zusammenf\u00fchrung der Cybersecurity-Einheiten Allgeier CyRis und Allgeier GRC - Allgeier SE","og_description":"Bremen, 11. Oktober 2022 &#8211; Allgeier treibt die St\u00e4rkung ihrer Cybersecurity-Division weiter voran und f\u00fchrt mit Allgeier CyRis und Allgeier GRC zwei wachstumsstarke Unternehmen im Bereich Cybersicherheit zusammen. Allgeier CyRis unterstreicht damit die Positionierung als f\u00fchrender Anbieter modernster Sicherheitsl\u00f6sungen f\u00fcr IT und OT. \u201eDie Zusammenlegung der beiden Unternehmen ist ein wichtiger Baustein zur St\u00e4rkung unseres &hellip;","og_url":"https:\/\/www.allgeier.com\/de\/pressroom\/press-releases\/weichenstellung-fuer-eine-erfolgreiche-zukunft-zusammenfuehrung-der-cybersecurity-einheiten-allgeier-cyris-und-allgeier-grc\/","og_site_name":"Allgeier SE","article_modified_time":"2025-02-05T18:36:54+00:00","twitter_card":"summary_large_image","twitter_misc":{"Gesch\u00e4tzte Lesezeit":"2\u00a0Minuten"},"schema":{"@context":"https:\/\/schema.org","@graph":[{"@type":"WebPage","@id":"https:\/\/www.allgeier.com\/de\/pressroom\/press-releases\/weichenstellung-fuer-eine-erfolgreiche-zukunft-zusammenfuehrung-der-cybersecurity-einheiten-allgeier-cyris-und-allgeier-grc\/","url":"https:\/\/www.allgeier.com\/de\/pressroom\/press-releases\/weichenstellung-fuer-eine-erfolgreiche-zukunft-zusammenfuehrung-der-cybersecurity-einheiten-allgeier-cyris-und-allgeier-grc\/","name":"Weichenstellung f\u00fcr eine erfolgreiche Zukunft: Zusammenf\u00fchrung der Cybersecurity-Einheiten Allgeier CyRis und Allgeier GRC - Allgeier SE","isPartOf":{"@id":"https:\/\/www.allgeier.com\/de\/#website"},"datePublished":"2022-10-11T10:30:00+00:00","dateModified":"2025-02-05T18:36:54+00:00","breadcrumb":{"@id":"https:\/\/www.allgeier.com\/de\/pressroom\/press-releases\/weichenstellung-fuer-eine-erfolgreiche-zukunft-zusammenfuehrung-der-cybersecurity-einheiten-allgeier-cyris-und-allgeier-grc\/#breadcrumb"},"inLanguage":"de","potentialAction":[{"@type":"ReadAction","target":["https:\/\/www.allgeier.com\/de\/pressroom\/press-releases\/weichenstellung-fuer-eine-erfolgreiche-zukunft-zusammenfuehrung-der-cybersecurity-einheiten-allgeier-cyris-und-allgeier-grc\/"]}]},{"@type":"BreadcrumbList","@id":"https:\/\/www.allgeier.com\/de\/pressroom\/press-releases\/weichenstellung-fuer-eine-erfolgreiche-zukunft-zusammenfuehrung-der-cybersecurity-einheiten-allgeier-cyris-und-allgeier-grc\/#breadcrumb","itemListElement":[{"@type":"ListItem","position":1,"name":"Home","item":"https:\/\/www.allgeier.com\/de\/"},{"@type":"ListItem","position":2,"name":"Presse","item":"https:\/\/www.allgeier.com\/de\/pressroom\/"},{"@type":"ListItem","position":3,"name":"Pressemitteilungen","item":"https:\/\/www.allgeier.com\/de\/pressroom\/press-releases\/"},{"@type":"ListItem","position":4,"name":"Weichenstellung f\u00fcr eine erfolgreiche Zukunft: Zusammenf\u00fchrung der Cybersecurity-Einheiten Allgeier CyRis und Allgeier GRC"}]},{"@type":"WebSite","@id":"https:\/\/www.allgeier.com\/de\/#website","url":"https:\/\/www.allgeier.com\/de\/","name":"Allgeier SE","description":"Software &amp; IT Services for digital transformation","potentialAction":[{"@type":"SearchAction","target":{"@type":"EntryPoint","urlTemplate":"https:\/\/www.allgeier.com\/de\/?s={search_term_string}"},"query-input":{"@type":"PropertyValueSpecification","valueRequired":true,"valueName":"search_term_string"}}],"inLanguage":"de"}]}},"_links":{"self":[{"href":"https:\/\/www.allgeier.com\/de\/wp-json\/wp\/v2\/pages\/3565","targetHints":{"allow":["GET"]}}],"collection":[{"href":"https:\/\/www.allgeier.com\/de\/wp-json\/wp\/v2\/pages"}],"about":[{"href":"https:\/\/www.allgeier.com\/de\/wp-json\/wp\/v2\/types\/page"}],"author":[{"embeddable":true,"href":"https:\/\/www.allgeier.com\/de\/wp-json\/wp\/v2\/users\/4"}],"replies":[{"embeddable":true,"href":"https:\/\/www.allgeier.com\/de\/wp-json\/wp\/v2\/comments?post=3565"}],"version-history":[{"count":1,"href":"https:\/\/www.allgeier.com\/de\/wp-json\/wp\/v2\/pages\/3565\/revisions"}],"predecessor-version":[{"id":6198,"href":"https:\/\/www.allgeier.com\/de\/wp-json\/wp\/v2\/pages\/3565\/revisions\/6198"}],"up":[{"embeddable":true,"href":"https:\/\/www.allgeier.com\/de\/wp-json\/wp\/v2\/pages\/1169"}],"wp:attachment":[{"href":"https:\/\/www.allgeier.com\/de\/wp-json\/wp\/v2\/media?parent=3565"}],"wp:term":[{"taxonomy":"category","embeddable":true,"href":"https:\/\/www.allgeier.com\/de\/wp-json\/wp\/v2\/categories?post=3565"},{"taxonomy":"post_tag","embeddable":true,"href":"https:\/\/www.allgeier.com\/de\/wp-json\/wp\/v2\/tags?post=3565"}],"curies":[{"name":"wp","href":"https:\/\/api.w.org\/{rel}","templated":true}]}}