{"id":4001,"date":"2008-10-08T13:20:01","date_gmt":"2008-10-08T13:20:01","guid":{"rendered":"https:\/\/www.allgeier.com\/de\/?page_id=4001"},"modified":"2025-02-05T18:36:52","modified_gmt":"2025-02-05T18:36:52","slug":"allgeier-verstaerkt-vorstand","status":"publish","type":"page","link":"https:\/\/www.allgeier.com\/de\/pressroom\/press-releases\/allgeier-verstaerkt-vorstand\/","title":{"rendered":"Allgeier verst\u00e4rkt Vorstand"},"content":{"rendered":"<p><b>Allgeier Holding AG \/ Personalie<\/b>Ver\u00f6ffentlichung einer Corporate News, \u00fcbermittelt durch die DGAP &#8211; einUnternehmen der EquityStory AG.F\u00fcr den Inhalt der Mitteilung ist der Emittent \/ Herausgeber verantwortlich.&#8212;&#8212;&#8212;&#8212;&#8212;&#8212;&#8212;&#8212;&#8212;&#8212;&#8212;&#8212;&#8212;&#8212;&#8212;&#8212;&#8212;&#8212;&#8212;&#8212;&#8212;&#8212;&#8212;&#8212;&#8212;F\u00fchrender Anbieter f\u00fcr IT- und Personal-Service weiter auf WachstumskursM\u00fcnchen, 08. Oktober 2008. Der Aufsichtsrat der Allgeier Holding AG hat mitheutiger Wirkung Herrn Dr. Holger von Daniels und Herrn Dr. Marcus Goedschein den Vorstand berufen.Herr Dr. von Daniels und Herr Dr. Goedsche sind seit circa zwei Jahren inder Gesch\u00e4ftleitung der Allgeier Holding AG. Herr Dr. von Daniels war zuvorbei Roland Berger Strategy Consultans, wo er als Projektmanager, Principalund Mitglied der Gesch\u00e4ftsleitung strategische Reorganisationsprojekte beieurop\u00e4ischen Mittelstandsunternehmen verantwortete. Herr Dr. Goedsche warzuvor als Rechtsanwalt und Partner bei der internationalenWirtschaftskanzlei Beiten Burkhardt im Bereich Gesellschafts- undKapitalmarktrecht t\u00e4tig. Die Allgeier Holding begleitete er bereits vorseinem endg\u00fcltigen Wechsel bei einer Vielzahl von Transaktionen alsexterner Berater.Wachstumsstrategie wird fortgesetztAllgeier reagiert mit der Verst\u00e4rkung des Vorstands auf die erreichte Gr\u00f6\u00dfeund bereitet sich auf die Fortsetzung des Wachstumskurses und die damitverbundenen Herausforderungen vor.Allgeier konzentriert sich auf den stark wachsenden Markt f\u00fcr IT-Servicessowie auf angrenzende Dienstleistungsgesch\u00e4fte. In diesem Jahr konnte dieGruppe bereits durch die Akquisition von zwei weiteren ITDienstleistungsgesellschaften gest\u00e4rkt werden. Trotz des aktuellenR\u00fcckgangs der Konjunkturprognosen erwartet Allgeier nach einemerfolgreichen ersten Halbjahr eine Fortsetzung des Wachstumskurses in 2008und pr\u00fcft weitere Akquisitionen.Allgeier Holding AGCarl Georg D\u00fcrschmidtWehrlestra\u00dfe 12D-81679 M\u00fcnchenTel.: 089-998421-0Fax: 089-998421-11www.allgeier-holding.deKurzprofil Allgeier Holding AG:Die Allgeier Holding AG ist eine Dienstleistungsgruppe, die sich auf denwachsenden Markt f\u00fcr Dienstleistungen zur Flexibilisierung von Arbeits- undKostenstrukturen fokussiert. Nach dem Verkauf der Zeitarbeitseinheitkonzentriert sich Allgeier auf den stark wachsenden Markt f\u00fcr IT-Servicessowie auf angrenzende Dienstleistungsgesch\u00e4fte. Die IT-ServiceGesellschaften unterst\u00fctzen Kunden bei der Umsetzung von Innovationen, derVerbesserung des Informationsflusses und der Optimierung vonGesch\u00e4ftsprozessen und der Bereitstellung von flexiblen IT-Experten. DieUnternehmen innerhalb von Allgeier arbeiten eigenst\u00e4ndig mit allenVorteilen mittelst\u00e4ndischer Flexibilit\u00e4t, Schnelligkeit,Serviceorientierung und Innovations\u00ackraft. Unter dem Dach von Allgeierverbinden sich diese Vorteile mit der Nutzung von Synergien, der Sicherheitund der Schlagkraft einer f\u00fchrenden b\u00f6rsennotierten Unternehmensgruppe.Durch ein breites Service-Leistungsspektrum sowie geb\u00fcndelte Kompetenz undGr\u00f6\u00dfe werden nachhaltig steigende Werte f\u00fcr Kunden und Investorengeschaffen. Die Allgeier-Gruppe besch\u00e4ftigt zurzeit rund 1.800IT-Spezialisten und kann auf eine breite Kundenstruktur quer durch alledeutschen Industrien verweisen. Die Allgeier Holding AG ist am reguliertenMarkt der Frankfurter B\u00f6rse im Segment General Standard notiert (WKN508630\/ISIN DE000508630). Weitere Informationen unter: www.allgeier.com.08.10.2008  Finanznachrichten \u00fcbermittelt durch die DGAP&#8212;&#8212;&#8212;&#8212;&#8212;&#8212;&#8212;&#8212;&#8212;&#8212;&#8212;&#8212;&#8212;&#8212;&#8212;&#8212;&#8212;&#8212;&#8212;&#8212;&#8212;&#8212;&#8212;&#8212;&#8212; Sprache:      DeutschEmittent:     Allgeier Holding AG              Wehrlestrasse 12              81679 M\u00fcnchen              DeutschlandTelefon:      +49 (0)89 998 421-0Fax:          +49 (0)89 998 421-11E-Mail:       info@allgeier.comInternet:     www.allgeier-holding.comISIN:         DE0005086300WKN:          508630Indizes:      CDAXB\u00f6rsen:       Regulierter Markt in Frankfurt (General Standard);              Freiverkehr in Berlin, Stuttgart, Hamburg, D\u00fcsseldorf Ende der Mitteilung                             DGAP News-Service &#8212;&#8212;&#8212;&#8212;&#8212;&#8212;&#8212;&#8212;&#8212;&#8212;&#8212;&#8212;&#8212;&#8212;&#8212;&#8212;&#8212;&#8212;&#8212;&#8212;&#8212;&#8212;&#8212;&#8212;&#8212;<\/p>\n","protected":false},"excerpt":{"rendered":"<p>F\u00fchrender Anbieter f\u00fcr IT- und Personal-Service weiter auf Wachstumskurs M\u00fcnchen, 08. Oktober 2008. Der Aufsichtsrat der Allgeier Holding AG hat mit heutiger Wirkung Herrn Dr. Holger von Daniels und Herrn Dr. Marcus Goedsche in den Vorstand berufen. Herr Dr. von Daniels und Herr Dr. Goedsche sind seit<\/p>\n","protected":false},"author":4,"featured_media":0,"parent":1169,"menu_order":0,"comment_status":"close","ping_status":"closed","template":"","meta":{"_acf_changed":false,"footnotes":""},"categories":[7],"tags":[],"class_list":["post-4001","page","type-page","status-publish","hentry","category-pressemitteilungen"],"acf":[],"yoast_head":"<!-- This site is optimized with the Yoast SEO plugin v27.4 - https:\/\/yoast.com\/product\/yoast-seo-wordpress\/ -->\n<title>Allgeier verst\u00e4rkt Vorstand - Allgeier SE<\/title>\n<meta name=\"robots\" content=\"index, follow, max-snippet:-1, max-image-preview:large, max-video-preview:-1\" \/>\n<link rel=\"canonical\" href=\"https:\/\/www.allgeier.com\/de\/pressroom\/press-releases\/allgeier-verstaerkt-vorstand\/\" \/>\n<meta property=\"og:locale\" content=\"de_DE\" \/>\n<meta property=\"og:type\" content=\"article\" \/>\n<meta property=\"og:title\" content=\"Allgeier verst\u00e4rkt Vorstand - Allgeier SE\" \/>\n<meta property=\"og:description\" content=\"F\u00fchrender Anbieter f\u00fcr IT- und Personal-Service weiter auf Wachstumskurs M\u00fcnchen, 08. Oktober 2008. Der Aufsichtsrat der Allgeier Holding AG hat mit heutiger Wirkung Herrn Dr. Holger von Daniels und Herrn Dr. Marcus Goedsche in den Vorstand berufen. Herr Dr. von Daniels und Herr Dr. Goedsche sind seit\" \/>\n<meta property=\"og:url\" content=\"https:\/\/www.allgeier.com\/de\/pressroom\/press-releases\/allgeier-verstaerkt-vorstand\/\" \/>\n<meta property=\"og:site_name\" content=\"Allgeier SE\" \/>\n<meta property=\"article:modified_time\" content=\"2025-02-05T18:36:52+00:00\" \/>\n<meta name=\"twitter:card\" content=\"summary_large_image\" \/>\n<meta name=\"twitter:label1\" content=\"Gesch\u00e4tzte Lesezeit\" \/>\n\t<meta name=\"twitter:data1\" content=\"2\u00a0Minuten\" \/>\n<script type=\"application\/ld+json\" class=\"yoast-schema-graph\">{\"@context\":\"https:\\\/\\\/schema.org\",\"@graph\":[{\"@type\":\"WebPage\",\"@id\":\"https:\\\/\\\/www.allgeier.com\\\/de\\\/pressroom\\\/press-releases\\\/allgeier-verstaerkt-vorstand\\\/\",\"url\":\"https:\\\/\\\/www.allgeier.com\\\/de\\\/pressroom\\\/press-releases\\\/allgeier-verstaerkt-vorstand\\\/\",\"name\":\"Allgeier verst\u00e4rkt Vorstand - Allgeier SE\",\"isPartOf\":{\"@id\":\"https:\\\/\\\/www.allgeier.com\\\/de\\\/#website\"},\"datePublished\":\"2008-10-08T13:20:01+00:00\",\"dateModified\":\"2025-02-05T18:36:52+00:00\",\"breadcrumb\":{\"@id\":\"https:\\\/\\\/www.allgeier.com\\\/de\\\/pressroom\\\/press-releases\\\/allgeier-verstaerkt-vorstand\\\/#breadcrumb\"},\"inLanguage\":\"de\",\"potentialAction\":[{\"@type\":\"ReadAction\",\"target\":[\"https:\\\/\\\/www.allgeier.com\\\/de\\\/pressroom\\\/press-releases\\\/allgeier-verstaerkt-vorstand\\\/\"]}]},{\"@type\":\"BreadcrumbList\",\"@id\":\"https:\\\/\\\/www.allgeier.com\\\/de\\\/pressroom\\\/press-releases\\\/allgeier-verstaerkt-vorstand\\\/#breadcrumb\",\"itemListElement\":[{\"@type\":\"ListItem\",\"position\":1,\"name\":\"Home\",\"item\":\"https:\\\/\\\/www.allgeier.com\\\/de\\\/\"},{\"@type\":\"ListItem\",\"position\":2,\"name\":\"Presse\",\"item\":\"https:\\\/\\\/www.allgeier.com\\\/de\\\/pressroom\\\/\"},{\"@type\":\"ListItem\",\"position\":3,\"name\":\"Pressemitteilungen\",\"item\":\"https:\\\/\\\/www.allgeier.com\\\/de\\\/pressroom\\\/press-releases\\\/\"},{\"@type\":\"ListItem\",\"position\":4,\"name\":\"Allgeier verst\u00e4rkt Vorstand\"}]},{\"@type\":\"WebSite\",\"@id\":\"https:\\\/\\\/www.allgeier.com\\\/de\\\/#website\",\"url\":\"https:\\\/\\\/www.allgeier.com\\\/de\\\/\",\"name\":\"Allgeier SE\",\"description\":\"Software &amp; IT Services for digital transformation\",\"potentialAction\":[{\"@type\":\"SearchAction\",\"target\":{\"@type\":\"EntryPoint\",\"urlTemplate\":\"https:\\\/\\\/www.allgeier.com\\\/de\\\/?s={search_term_string}\"},\"query-input\":{\"@type\":\"PropertyValueSpecification\",\"valueRequired\":true,\"valueName\":\"search_term_string\"}}],\"inLanguage\":\"de\"}]}<\/script>\n<!-- \/ Yoast SEO plugin. -->","yoast_head_json":{"title":"Allgeier verst\u00e4rkt Vorstand - Allgeier SE","robots":{"index":"index","follow":"follow","max-snippet":"max-snippet:-1","max-image-preview":"max-image-preview:large","max-video-preview":"max-video-preview:-1"},"canonical":"https:\/\/www.allgeier.com\/de\/pressroom\/press-releases\/allgeier-verstaerkt-vorstand\/","og_locale":"de_DE","og_type":"article","og_title":"Allgeier verst\u00e4rkt Vorstand - Allgeier SE","og_description":"F\u00fchrender Anbieter f\u00fcr IT- und Personal-Service weiter auf Wachstumskurs M\u00fcnchen, 08. Oktober 2008. Der Aufsichtsrat der Allgeier Holding AG hat mit heutiger Wirkung Herrn Dr. Holger von Daniels und Herrn Dr. Marcus Goedsche in den Vorstand berufen. Herr Dr. von Daniels und Herr Dr. Goedsche sind seit","og_url":"https:\/\/www.allgeier.com\/de\/pressroom\/press-releases\/allgeier-verstaerkt-vorstand\/","og_site_name":"Allgeier SE","article_modified_time":"2025-02-05T18:36:52+00:00","twitter_card":"summary_large_image","twitter_misc":{"Gesch\u00e4tzte Lesezeit":"2\u00a0Minuten"},"schema":{"@context":"https:\/\/schema.org","@graph":[{"@type":"WebPage","@id":"https:\/\/www.allgeier.com\/de\/pressroom\/press-releases\/allgeier-verstaerkt-vorstand\/","url":"https:\/\/www.allgeier.com\/de\/pressroom\/press-releases\/allgeier-verstaerkt-vorstand\/","name":"Allgeier verst\u00e4rkt Vorstand - Allgeier SE","isPartOf":{"@id":"https:\/\/www.allgeier.com\/de\/#website"},"datePublished":"2008-10-08T13:20:01+00:00","dateModified":"2025-02-05T18:36:52+00:00","breadcrumb":{"@id":"https:\/\/www.allgeier.com\/de\/pressroom\/press-releases\/allgeier-verstaerkt-vorstand\/#breadcrumb"},"inLanguage":"de","potentialAction":[{"@type":"ReadAction","target":["https:\/\/www.allgeier.com\/de\/pressroom\/press-releases\/allgeier-verstaerkt-vorstand\/"]}]},{"@type":"BreadcrumbList","@id":"https:\/\/www.allgeier.com\/de\/pressroom\/press-releases\/allgeier-verstaerkt-vorstand\/#breadcrumb","itemListElement":[{"@type":"ListItem","position":1,"name":"Home","item":"https:\/\/www.allgeier.com\/de\/"},{"@type":"ListItem","position":2,"name":"Presse","item":"https:\/\/www.allgeier.com\/de\/pressroom\/"},{"@type":"ListItem","position":3,"name":"Pressemitteilungen","item":"https:\/\/www.allgeier.com\/de\/pressroom\/press-releases\/"},{"@type":"ListItem","position":4,"name":"Allgeier verst\u00e4rkt Vorstand"}]},{"@type":"WebSite","@id":"https:\/\/www.allgeier.com\/de\/#website","url":"https:\/\/www.allgeier.com\/de\/","name":"Allgeier SE","description":"Software &amp; IT Services for digital transformation","potentialAction":[{"@type":"SearchAction","target":{"@type":"EntryPoint","urlTemplate":"https:\/\/www.allgeier.com\/de\/?s={search_term_string}"},"query-input":{"@type":"PropertyValueSpecification","valueRequired":true,"valueName":"search_term_string"}}],"inLanguage":"de"}]}},"_links":{"self":[{"href":"https:\/\/www.allgeier.com\/de\/wp-json\/wp\/v2\/pages\/4001","targetHints":{"allow":["GET"]}}],"collection":[{"href":"https:\/\/www.allgeier.com\/de\/wp-json\/wp\/v2\/pages"}],"about":[{"href":"https:\/\/www.allgeier.com\/de\/wp-json\/wp\/v2\/types\/page"}],"author":[{"embeddable":true,"href":"https:\/\/www.allgeier.com\/de\/wp-json\/wp\/v2\/users\/4"}],"replies":[{"embeddable":true,"href":"https:\/\/www.allgeier.com\/de\/wp-json\/wp\/v2\/comments?post=4001"}],"version-history":[{"count":1,"href":"https:\/\/www.allgeier.com\/de\/wp-json\/wp\/v2\/pages\/4001\/revisions"}],"predecessor-version":[{"id":4002,"href":"https:\/\/www.allgeier.com\/de\/wp-json\/wp\/v2\/pages\/4001\/revisions\/4002"}],"up":[{"embeddable":true,"href":"https:\/\/www.allgeier.com\/de\/wp-json\/wp\/v2\/pages\/1169"}],"wp:attachment":[{"href":"https:\/\/www.allgeier.com\/de\/wp-json\/wp\/v2\/media?parent=4001"}],"wp:term":[{"taxonomy":"category","embeddable":true,"href":"https:\/\/www.allgeier.com\/de\/wp-json\/wp\/v2\/categories?post=4001"},{"taxonomy":"post_tag","embeddable":true,"href":"https:\/\/www.allgeier.com\/de\/wp-json\/wp\/v2\/tags?post=4001"}],"curies":[{"name":"wp","href":"https:\/\/api.w.org\/{rel}","templated":true}]}}