{"id":4015,"date":"2007-09-12T08:51:04","date_gmt":"2007-09-12T08:51:04","guid":{"rendered":"https:\/\/www.allgeier.com\/de\/?page_id=4015"},"modified":"2025-02-05T18:36:50","modified_gmt":"2025-02-05T18:36:50","slug":"allgeier-holding-ag-bekanntmachung-ueber-kapitalerhoehung-aus-gesellschaftsmitteln-und-die-zuteilung-von-berichtigungsaktien","status":"publish","type":"page","link":"https:\/\/www.allgeier.com\/de\/pressroom\/press-releases\/allgeier-holding-ag-bekanntmachung-ueber-kapitalerhoehung-aus-gesellschaftsmitteln-und-die-zuteilung-von-berichtigungsaktien\/","title":{"rendered":"ALLGEIER HOLDING AG: Bekanntmachung \u00fcber Kapitalerh\u00f6hung aus Gesellschaftsmitteln und die Zuteilung von Berichtigungsaktien"},"content":{"rendered":"<p><b>Allgeier Holding AG \/ Kapitalerh\u00f6hung<\/b>Ver\u00f6ffentlichung einer Corporate News, \u00fcbermittelt durch die DGAP &#8211; einUnternehmen der EquityStory AG.F\u00fcr den Inhalt der Mitteilung ist der Emittent \/ Herausgeber verantwortlich.&#8212;&#8212;&#8212;&#8212;&#8212;&#8212;&#8212;&#8212;&#8212;&#8212;&#8212;&#8212;&#8212;&#8212;&#8212;&#8212;&#8212;&#8212;&#8212;&#8212;&#8212;&#8212;&#8212;&#8212;&#8212;Die ordentliche Hauptversammlung der Allgeier Holding AG vom 11. Juli 2007hat beschlossen, das Grundkapital der Gesellschaft aus Gesellschaftsmittelnvon EUR 4.535.750,00 um EUR 4.535.750,00 auf EUR 9.071.500,00 nach denVorschriften der \u00a7\u00a7 207 ff. AktG zu erh\u00f6hen. Die Kapitalerh\u00f6hung erfolgtgegen Ausgabe von St\u00fcck 4.535.750 neuen, auf den Inhaber lautendenSt\u00fcckaktien, die an die Aktion\u00e4re der Allgeier Holding AG im Verh\u00e4ltnis 1:1ausgegeben werden. Die Zuteilung der neuen Berechtigungsaktien erfolgte f\u00fcr die berechtigtenAktion\u00e4re nach Ma\u00dfgabe der Best\u00e4nde an bestehenden St\u00fcckaktien zumB\u00f6rsenschluss am 11.09.2007 mittels Depotgutschrift.Die zum geregelten Markt an der Frankfurter Wertpapierb\u00f6rse zugelassenenBerechtigungsaktien werden ab heute, 12.09.2007, in die Notierung derSt\u00fcckaktien der Allgeier Holding AG einbezogen. Vom gleichen Tag anversteht sich die Notierung der St\u00fcckaktien der Allgeier Holding AG damitals &#8218;ex Berechtigungsaktien&#8216;.Kontakt:Carl Georg D\u00fcrschmidtVorsitzender des VorstandsAllgeier Holding AGWehrlestr. 1281679 M\u00fcnchenTel. 089-998421-0Fax  089-998421-11www.allgeier.comKurzprofil Allgeier Holding AG:Die Allgeier Holding AG ist eine Dienstleistungsgruppe, die in den zweiWachstumsm\u00e4rkten IT- und Personal-Services (Zeitarbeit) aktiv ist. DieGesellschaften im Bereich Personal Service bieten flexiblePersonalkapazit\u00e4t und Know-how \u2013 von der Aushilfe bis zum Interimsmanager.Im Bereich IT-Service werden Kunden bei der Umsetzung von Innovationen, derVerbesserung des Informationsflusses und der Optimierung vonGesch\u00e4ftsprozessen unterst\u00fctzt. Die Unternehmen innerhalb von Allgeierarbeiten eigenst\u00e4ndig mit allen Vorteilen mittelst\u00e4ndischer Flexibilit\u00e4t,Schnelligkeit, Serviceorientierung und Innovationskraft. Unter dem Dach vonAllgeier verbinden sich diese Vorteile mit der Nutzung von Synergien, derSicherheit und der Schlagkraft einer f\u00fchrenden b\u00f6rsennotiertenUnternehmensgruppe. Durch ein breites Service-Leistungsspektrum sowiegeb\u00fcndelte Kompetenz und Gr\u00f6\u00dfe werden nachhaltig steigende Werte f\u00fcr Kundenund Investoren geschaffen. Die Allgeier-Gruppe besch\u00e4ftigt zurzeit rund7.500 Mitarbeiter und kann auf \u00fcber 3.500 Kunden verweisen. Laut Guidancepeilt Allgeier im Gesch\u00e4ftsjahr 2007 einen Umsatz von 295 Millionen Euroan. Die Allgeier Holding AG ist am Geregelten Markt der Frankfurter B\u00f6rseim Segment General Standard notiert (WKN 508630\/ISIN DE000508630). WeitereInformationen unter: www.allgeier.comWichtiger Hinweis: Diese Ad-hoc Mitteilung\/Pressemitteilung enth\u00e4lt in die Zukunft gerichteteAussagen, die auf Annahmen und Sch\u00e4tzungen der Unternehmensleitung derAllgeier Holding AG beruhen. Auch wenn die Unternehmensleitung der Ansichtist, dass diese Annahmen und Sch\u00e4tzungen zutreffend sind, k\u00f6nnen diek\u00fcnftige tats\u00e4chliche Entwicklung und die k\u00fcnftigen tats\u00e4chlichenErgebnisse von diesen Annahmen und Sch\u00e4tzungen aufgrund vielf\u00e4ltigerFaktoren erheblich abweichen. Zu diesen Faktoren k\u00f6nnen beispielsweise dieVer\u00e4nderung der gesamtwirtschaftlichen Lage, der Wechselkurse, derZinss\u00e4tze sowie Ver\u00e4nderungen innerhalb der Marktentwicklung und der sichver\u00e4nderten Wettbewerbssituation geh\u00f6ren. Die Allgeier Holding AG \u00fcbernimmtkeine Gew\u00e4hrleistung und keine Haftung daf\u00fcr, dass die k\u00fcnftige Entwicklungund die k\u00fcnftig erzielten tats\u00e4chlichen Ergebnisse mit den in dieser Ad-hocMitteilung\/Pressemitteilung ge\u00e4u\u00dferten Annahmen und Sch\u00e4tzungen\u00fcbereinstimmen werden.12.09.2007  Finanznachrichten \u00fcbermittelt durch die DGAP&#8212;&#8212;&#8212;&#8212;&#8212;&#8212;&#8212;&#8212;&#8212;&#8212;&#8212;&#8212;&#8212;&#8212;&#8212;&#8212;&#8212;&#8212;&#8212;&#8212;&#8212;&#8212;&#8212;&#8212;&#8212; Sprache:      DeutschEmittent:     Allgeier Holding AG              Wehrlestrasse 12              81679 M\u00fcnchen              DeutschlandTelefon:      +49 (0)89 998 421-0Fax:          +49 (0)89 998 421-11E-mail:       info@allgeier.comInternet:     www.allgeier-holding.comISIN:         DE0005086300WKN:          508630Indizes:      CDAXB\u00f6rsen:       Geregelter Markt in Frankfurt (General Standard); Freiverkehr              in Berlin, Stuttgart, Hamburg, D\u00fcsseldorf Ende der Mitteilung                             DGAP News-Service &#8212;&#8212;&#8212;&#8212;&#8212;&#8212;&#8212;&#8212;&#8212;&#8212;&#8212;&#8212;&#8212;&#8212;&#8212;&#8212;&#8212;&#8212;&#8212;&#8212;&#8212;&#8212;&#8212;&#8212;&#8212;<\/p>\n","protected":false},"excerpt":{"rendered":"<p>Die ordentliche Hauptversammlung der Allgeier Holding AG vom 11. Juli 2007 hat beschlossen, das Grundkapital der Gesellschaft aus Gesellschaftsmitteln von EUR 4.535.750,00 um EUR 4.535.750,00 auf EUR 9.071.500,00 nach den Vorschriften der \u00a7\u00a7 207 ff. AktG zu erh\u00f6hen. Die Kapitalerh\u00f6hung erfolgt gegen<\/p>\n","protected":false},"author":4,"featured_media":0,"parent":1169,"menu_order":0,"comment_status":"close","ping_status":"closed","template":"","meta":{"_acf_changed":false,"footnotes":""},"categories":[7],"tags":[],"class_list":["post-4015","page","type-page","status-publish","hentry","category-pressemitteilungen"],"acf":[],"yoast_head":"<!-- This site is optimized with the Yoast SEO plugin v27.4 - https:\/\/yoast.com\/product\/yoast-seo-wordpress\/ -->\n<title>ALLGEIER HOLDING AG: Bekanntmachung \u00fcber Kapitalerh\u00f6hung aus Gesellschaftsmitteln und die Zuteilung von Berichtigungsaktien - Allgeier SE<\/title>\n<meta name=\"robots\" content=\"index, follow, max-snippet:-1, max-image-preview:large, max-video-preview:-1\" \/>\n<link rel=\"canonical\" href=\"https:\/\/www.allgeier.com\/de\/pressroom\/press-releases\/allgeier-holding-ag-bekanntmachung-ueber-kapitalerhoehung-aus-gesellschaftsmitteln-und-die-zuteilung-von-berichtigungsaktien\/\" \/>\n<meta property=\"og:locale\" content=\"de_DE\" \/>\n<meta property=\"og:type\" content=\"article\" \/>\n<meta property=\"og:title\" content=\"ALLGEIER HOLDING AG: Bekanntmachung \u00fcber Kapitalerh\u00f6hung aus Gesellschaftsmitteln und die Zuteilung von Berichtigungsaktien - Allgeier SE\" \/>\n<meta property=\"og:description\" content=\"Die ordentliche Hauptversammlung der Allgeier Holding AG vom 11. Juli 2007 hat beschlossen, das Grundkapital der Gesellschaft aus Gesellschaftsmitteln von EUR 4.535.750,00 um EUR 4.535.750,00 auf EUR 9.071.500,00 nach den Vorschriften der \u00a7\u00a7 207 ff. AktG zu erh\u00f6hen. Die Kapitalerh\u00f6hung erfolgt gegen\" \/>\n<meta property=\"og:url\" content=\"https:\/\/www.allgeier.com\/de\/pressroom\/press-releases\/allgeier-holding-ag-bekanntmachung-ueber-kapitalerhoehung-aus-gesellschaftsmitteln-und-die-zuteilung-von-berichtigungsaktien\/\" \/>\n<meta property=\"og:site_name\" content=\"Allgeier SE\" \/>\n<meta property=\"article:modified_time\" content=\"2025-02-05T18:36:50+00:00\" \/>\n<meta name=\"twitter:card\" content=\"summary_large_image\" \/>\n<meta name=\"twitter:label1\" content=\"Gesch\u00e4tzte Lesezeit\" \/>\n\t<meta name=\"twitter:data1\" content=\"3\u00a0Minuten\" \/>\n<script type=\"application\/ld+json\" class=\"yoast-schema-graph\">{\"@context\":\"https:\\\/\\\/schema.org\",\"@graph\":[{\"@type\":\"WebPage\",\"@id\":\"https:\\\/\\\/www.allgeier.com\\\/de\\\/pressroom\\\/press-releases\\\/allgeier-holding-ag-bekanntmachung-ueber-kapitalerhoehung-aus-gesellschaftsmitteln-und-die-zuteilung-von-berichtigungsaktien\\\/\",\"url\":\"https:\\\/\\\/www.allgeier.com\\\/de\\\/pressroom\\\/press-releases\\\/allgeier-holding-ag-bekanntmachung-ueber-kapitalerhoehung-aus-gesellschaftsmitteln-und-die-zuteilung-von-berichtigungsaktien\\\/\",\"name\":\"ALLGEIER HOLDING AG: Bekanntmachung \u00fcber Kapitalerh\u00f6hung aus Gesellschaftsmitteln und die Zuteilung von Berichtigungsaktien - Allgeier SE\",\"isPartOf\":{\"@id\":\"https:\\\/\\\/www.allgeier.com\\\/de\\\/#website\"},\"datePublished\":\"2007-09-12T08:51:04+00:00\",\"dateModified\":\"2025-02-05T18:36:50+00:00\",\"breadcrumb\":{\"@id\":\"https:\\\/\\\/www.allgeier.com\\\/de\\\/pressroom\\\/press-releases\\\/allgeier-holding-ag-bekanntmachung-ueber-kapitalerhoehung-aus-gesellschaftsmitteln-und-die-zuteilung-von-berichtigungsaktien\\\/#breadcrumb\"},\"inLanguage\":\"de\",\"potentialAction\":[{\"@type\":\"ReadAction\",\"target\":[\"https:\\\/\\\/www.allgeier.com\\\/de\\\/pressroom\\\/press-releases\\\/allgeier-holding-ag-bekanntmachung-ueber-kapitalerhoehung-aus-gesellschaftsmitteln-und-die-zuteilung-von-berichtigungsaktien\\\/\"]}]},{\"@type\":\"BreadcrumbList\",\"@id\":\"https:\\\/\\\/www.allgeier.com\\\/de\\\/pressroom\\\/press-releases\\\/allgeier-holding-ag-bekanntmachung-ueber-kapitalerhoehung-aus-gesellschaftsmitteln-und-die-zuteilung-von-berichtigungsaktien\\\/#breadcrumb\",\"itemListElement\":[{\"@type\":\"ListItem\",\"position\":1,\"name\":\"Home\",\"item\":\"https:\\\/\\\/www.allgeier.com\\\/de\\\/\"},{\"@type\":\"ListItem\",\"position\":2,\"name\":\"Presse\",\"item\":\"https:\\\/\\\/www.allgeier.com\\\/de\\\/pressroom\\\/\"},{\"@type\":\"ListItem\",\"position\":3,\"name\":\"Pressemitteilungen\",\"item\":\"https:\\\/\\\/www.allgeier.com\\\/de\\\/pressroom\\\/press-releases\\\/\"},{\"@type\":\"ListItem\",\"position\":4,\"name\":\"ALLGEIER HOLDING AG: Bekanntmachung \u00fcber Kapitalerh\u00f6hung aus Gesellschaftsmitteln und die Zuteilung von Berichtigungsaktien\"}]},{\"@type\":\"WebSite\",\"@id\":\"https:\\\/\\\/www.allgeier.com\\\/de\\\/#website\",\"url\":\"https:\\\/\\\/www.allgeier.com\\\/de\\\/\",\"name\":\"Allgeier SE\",\"description\":\"Software &amp; IT Services for digital transformation\",\"potentialAction\":[{\"@type\":\"SearchAction\",\"target\":{\"@type\":\"EntryPoint\",\"urlTemplate\":\"https:\\\/\\\/www.allgeier.com\\\/de\\\/?s={search_term_string}\"},\"query-input\":{\"@type\":\"PropertyValueSpecification\",\"valueRequired\":true,\"valueName\":\"search_term_string\"}}],\"inLanguage\":\"de\"}]}<\/script>\n<!-- \/ Yoast SEO plugin. -->","yoast_head_json":{"title":"ALLGEIER HOLDING AG: Bekanntmachung \u00fcber Kapitalerh\u00f6hung aus Gesellschaftsmitteln und die Zuteilung von Berichtigungsaktien - Allgeier SE","robots":{"index":"index","follow":"follow","max-snippet":"max-snippet:-1","max-image-preview":"max-image-preview:large","max-video-preview":"max-video-preview:-1"},"canonical":"https:\/\/www.allgeier.com\/de\/pressroom\/press-releases\/allgeier-holding-ag-bekanntmachung-ueber-kapitalerhoehung-aus-gesellschaftsmitteln-und-die-zuteilung-von-berichtigungsaktien\/","og_locale":"de_DE","og_type":"article","og_title":"ALLGEIER HOLDING AG: Bekanntmachung \u00fcber Kapitalerh\u00f6hung aus Gesellschaftsmitteln und die Zuteilung von Berichtigungsaktien - Allgeier SE","og_description":"Die ordentliche Hauptversammlung der Allgeier Holding AG vom 11. Juli 2007 hat beschlossen, das Grundkapital der Gesellschaft aus Gesellschaftsmitteln von EUR 4.535.750,00 um EUR 4.535.750,00 auf EUR 9.071.500,00 nach den Vorschriften der \u00a7\u00a7 207 ff. AktG zu erh\u00f6hen. Die Kapitalerh\u00f6hung erfolgt gegen","og_url":"https:\/\/www.allgeier.com\/de\/pressroom\/press-releases\/allgeier-holding-ag-bekanntmachung-ueber-kapitalerhoehung-aus-gesellschaftsmitteln-und-die-zuteilung-von-berichtigungsaktien\/","og_site_name":"Allgeier SE","article_modified_time":"2025-02-05T18:36:50+00:00","twitter_card":"summary_large_image","twitter_misc":{"Gesch\u00e4tzte Lesezeit":"3\u00a0Minuten"},"schema":{"@context":"https:\/\/schema.org","@graph":[{"@type":"WebPage","@id":"https:\/\/www.allgeier.com\/de\/pressroom\/press-releases\/allgeier-holding-ag-bekanntmachung-ueber-kapitalerhoehung-aus-gesellschaftsmitteln-und-die-zuteilung-von-berichtigungsaktien\/","url":"https:\/\/www.allgeier.com\/de\/pressroom\/press-releases\/allgeier-holding-ag-bekanntmachung-ueber-kapitalerhoehung-aus-gesellschaftsmitteln-und-die-zuteilung-von-berichtigungsaktien\/","name":"ALLGEIER HOLDING AG: Bekanntmachung \u00fcber Kapitalerh\u00f6hung aus Gesellschaftsmitteln und die Zuteilung von Berichtigungsaktien - Allgeier SE","isPartOf":{"@id":"https:\/\/www.allgeier.com\/de\/#website"},"datePublished":"2007-09-12T08:51:04+00:00","dateModified":"2025-02-05T18:36:50+00:00","breadcrumb":{"@id":"https:\/\/www.allgeier.com\/de\/pressroom\/press-releases\/allgeier-holding-ag-bekanntmachung-ueber-kapitalerhoehung-aus-gesellschaftsmitteln-und-die-zuteilung-von-berichtigungsaktien\/#breadcrumb"},"inLanguage":"de","potentialAction":[{"@type":"ReadAction","target":["https:\/\/www.allgeier.com\/de\/pressroom\/press-releases\/allgeier-holding-ag-bekanntmachung-ueber-kapitalerhoehung-aus-gesellschaftsmitteln-und-die-zuteilung-von-berichtigungsaktien\/"]}]},{"@type":"BreadcrumbList","@id":"https:\/\/www.allgeier.com\/de\/pressroom\/press-releases\/allgeier-holding-ag-bekanntmachung-ueber-kapitalerhoehung-aus-gesellschaftsmitteln-und-die-zuteilung-von-berichtigungsaktien\/#breadcrumb","itemListElement":[{"@type":"ListItem","position":1,"name":"Home","item":"https:\/\/www.allgeier.com\/de\/"},{"@type":"ListItem","position":2,"name":"Presse","item":"https:\/\/www.allgeier.com\/de\/pressroom\/"},{"@type":"ListItem","position":3,"name":"Pressemitteilungen","item":"https:\/\/www.allgeier.com\/de\/pressroom\/press-releases\/"},{"@type":"ListItem","position":4,"name":"ALLGEIER HOLDING AG: Bekanntmachung \u00fcber Kapitalerh\u00f6hung aus Gesellschaftsmitteln und die Zuteilung von Berichtigungsaktien"}]},{"@type":"WebSite","@id":"https:\/\/www.allgeier.com\/de\/#website","url":"https:\/\/www.allgeier.com\/de\/","name":"Allgeier SE","description":"Software &amp; IT Services for digital transformation","potentialAction":[{"@type":"SearchAction","target":{"@type":"EntryPoint","urlTemplate":"https:\/\/www.allgeier.com\/de\/?s={search_term_string}"},"query-input":{"@type":"PropertyValueSpecification","valueRequired":true,"valueName":"search_term_string"}}],"inLanguage":"de"}]}},"_links":{"self":[{"href":"https:\/\/www.allgeier.com\/de\/wp-json\/wp\/v2\/pages\/4015","targetHints":{"allow":["GET"]}}],"collection":[{"href":"https:\/\/www.allgeier.com\/de\/wp-json\/wp\/v2\/pages"}],"about":[{"href":"https:\/\/www.allgeier.com\/de\/wp-json\/wp\/v2\/types\/page"}],"author":[{"embeddable":true,"href":"https:\/\/www.allgeier.com\/de\/wp-json\/wp\/v2\/users\/4"}],"replies":[{"embeddable":true,"href":"https:\/\/www.allgeier.com\/de\/wp-json\/wp\/v2\/comments?post=4015"}],"version-history":[{"count":1,"href":"https:\/\/www.allgeier.com\/de\/wp-json\/wp\/v2\/pages\/4015\/revisions"}],"predecessor-version":[{"id":4016,"href":"https:\/\/www.allgeier.com\/de\/wp-json\/wp\/v2\/pages\/4015\/revisions\/4016"}],"up":[{"embeddable":true,"href":"https:\/\/www.allgeier.com\/de\/wp-json\/wp\/v2\/pages\/1169"}],"wp:attachment":[{"href":"https:\/\/www.allgeier.com\/de\/wp-json\/wp\/v2\/media?parent=4015"}],"wp:term":[{"taxonomy":"category","embeddable":true,"href":"https:\/\/www.allgeier.com\/de\/wp-json\/wp\/v2\/categories?post=4015"},{"taxonomy":"post_tag","embeddable":true,"href":"https:\/\/www.allgeier.com\/de\/wp-json\/wp\/v2\/tags?post=4015"}],"curies":[{"name":"wp","href":"https:\/\/api.w.org\/{rel}","templated":true}]}}