{"id":4033,"date":"2005-09-07T12:57:45","date_gmt":"2005-09-07T12:57:45","guid":{"rendered":"https:\/\/www.allgeier.com\/de\/?page_id=4033"},"modified":"2025-02-05T18:36:54","modified_gmt":"2025-02-05T18:36:54","slug":"softcon-und-allgeier-legen-gemeinsame-basis-fuer-weiteres-wachstum-mit-anspruchsvollen-it-dienstleistungen","status":"publish","type":"page","link":"https:\/\/www.allgeier.com\/de\/pressroom\/press-releases\/softcon-und-allgeier-legen-gemeinsame-basis-fuer-weiteres-wachstum-mit-anspruchsvollen-it-dienstleistungen\/","title":{"rendered":"Softcon und Allgeier legen gemeinsame Basis f\u00fcr weiteres Wachstum mit anspruchsvollen IT Dienstleistungen"},"content":{"rendered":"<p><b>Allgeier Holding AG \/ Diverses<\/b>Corporate-Mitteilung \u00fcbermittelt durch die EquityStory AG.F\u00fcr den Inhalt der Mitteilung ist der Emittent verantwortlich.&#8212;&#8212;&#8212;&#8212;&#8212;&#8212;&#8212;&#8212;&#8212;&#8212;&#8212;&#8212;&#8212;&#8212;&#8212;&#8212;&#8212;&#8212;&#8212;&#8212;&#8212;&#8212;&#8212;&#8212;&#8212;Der Gr\u00fcnder der Softcon AG, M\u00fcnchen, Franz Luckinger hat sich nach 20Jahren erfolgreicher Entwicklung der Softcon Unternehmensgruppe dazuentschieden, aus der Gesch\u00e4ftsf\u00fchrung auszuscheiden und der Gesellschafteine neue Basis f\u00fcr die weitere Entwicklung zu schaffen.Nach intensiver Pr\u00fcfung geeigneter L\u00f6sungen f\u00fcr eine nahtlose Nachfolge,wurde gemeinsam mit dem bisherigen Management und der Allgeier Holding AG,M\u00fcnchen, die L\u00f6sung gefunden: zum heutigen Tag \u00fcbernehmen Frau BrigitteStuckart gemeinsam mit weiteren 4 Mitgliedern aus dem Top-Management imRahmen eines BuyOuts gemeinsam mit der Allgeier Holding AG die Mehrheit ander Softcon Unternehmensgruppe.Softcon versteht sich mit etwas \u00fcber 100  festen und freien Mitarbeitern als IT Partner f\u00fcr anspruchsvolle Gro\u00dfunternehmen. Der Umsatz wird 2005 ca.\u20ac 12 Mio. betragen. Das Leistungsspektrum umfasst die Architektur, Planung und Integration von branchenorientierten Applikationen undma\u00dfgeschneiderten Individuall\u00f6sungen sowie die Bereitschaft zur \u00dcbernahmeder Gesamtverantwortung bei der Realisierung. Softcon arbeitet seit Jahrenf\u00fcr Gro\u00dfunternehmen auf verschiedensten Plattformen und Systemen.Die neuen Gesellschafter werden Softcon ohne \u00c4nderung der Gesch\u00e4ftspolitikweiterf\u00fchren. Das Gesch\u00e4ft soll in seiner bestehenden Struktur mits\u00e4mtlichen fest angestellten und freiberuflichen Mitarbeitern fortgesetztwerden, so dass die bisherige Leistungsf\u00e4higkeit des Unternehmens gegen\u00fcberden anspruchsvollen Kunden st\u00f6rungsfrei fortgesetzt werden kann.Der bisherige Gr\u00fcndungsgesellschafter und Vorstand Franz Luckinger legtseine Gesch\u00e4ftsf\u00fchrungsmandate nieder. Das Unternehmen wird zuk\u00fcnftig vondem BuyOut Team unter F\u00fchrung von Frau Brigitte Stuckart geleitet.Das BuyOut Team ist seit Jahren eng mit Softcon verbunden. BrigitteStuckart ist seit Gr\u00fcndung beteiligt und seit 2001 Mitglied im Vorstand.Sie leitet den Bereich Vertrieb und Marketing. Herr Br\u00fcnnig verantwortetseit dem 1.10.2003 den Gesch\u00e4ftsbereich Consulting. Frau Schmack geh\u00f6rt demUnternehmen seit 1996 an und verantwortet seit 1.10.2000 den BereichSAP-Consulting. Herr Dorochevsky geh\u00f6rt dem Unternehmen seit 1992 an undist seit 1.1.1996 Entwicklungsleiter von Softcon. Herr Dr. Prechtel geh\u00f6rtdem Unternehmen seit 1996 an und verantwortet seit dem 1.2.2003 denGesch\u00e4ftsbereich \u00f6ffentliche Auftraggeber.Wesentliches Ziel der Gesch\u00e4ftsf\u00fchrung ist es, auf der bestehendenGesch\u00e4ftsbasis und Strategie weiteres Wachstum zu erreichen. Dies wirdeinerseits durch eine zunehmend vertiefte Betreuung der bestehendenGro\u00dfkunden erreicht, andererseits soll eine breitere Kundenstruktur wieeine regionale Ausweitung realisiert werden.Die intensiven Gespr\u00e4che mit Allgeier im Rahmen der Due Diligence habengegenseitiges Vertrauen geschaffen und stellen sicher, dass die bishererfolgreiche Gesch\u00e4ftspolitik der Softcon auch mit Allgeier alsMehrheitsgesellschafter fortgesetzt wird.Allgeier setzt mit dem BuyOut Softcon den Ausbau seines IT Gesch\u00e4fts fort.Ziel ist es, mit Softcon die Position als Prefered Partner beiGro\u00dfunternehmen auszubauen und dabei das Portfolio an hervorragendenMitarbeitern und Leistungen auszuweiten.Allgeier plante in den getrennt gef\u00fchrten Einheiten IT Systeml\u00f6sungen undIT Services zusammen f\u00fcr 2005 einen Umsatz von ca. \u20ac 36 Mio. Aktuell liegtder Gesch\u00e4ftsbereich IT in Umsatz und Ergebnis \u00fcber Plan.Mit der im Mai erfolgten \u00dcbernahme von Teilen der BOG M\u00fcnster und der nunerfolgten Transaktion Softcon wird der Umsatz bereits in 2005 deutlichausgebaut. F\u00fcr 2006 wird mit einem Wachstum der IT Sparte auf \u00fcber \u20ac 50Mio. gerechnet.M\u00fcnchen im September 2005Christian EggenbergerVorstandTel.: 089\/998421-0Fax: 089\/998421-11E-Mail: info@alleier-holding.deEquityStory AG 07.09.2005 &#8212;&#8212;&#8212;&#8212;&#8212;&#8212;&#8212;&#8212;&#8212;&#8212;&#8212;&#8212;&#8212;&#8212;&#8212;&#8212;&#8212;&#8212;&#8212;&#8212;&#8212;&#8212;&#8212;&#8212;&#8212; Sprache:      DeutschEmittent:     Allgeier Holding AG              Wehrlestrasse 12              81679 M\u00fcnchen DeutschlandTelefon:      +49 (0)89 998 421-0Fax:          +49 (0)89 998 421-11Email:        info@allgeier.comWWW:          www.allgeier-holding.comISIN:         DE0005086300WKN:          508630Indizes:      CDAXB\u00f6rsen:       Geregelter Markt in Frankfurt; Freiverkehr in Berlin-Bremen,              Hannover, Hamburg, D\u00fcsseldorf, Stuttgart Ende der Mitteilung                             EQS News-Service &#8212;&#8212;&#8212;&#8212;&#8212;&#8212;&#8212;&#8212;&#8212;&#8212;&#8212;&#8212;&#8212;&#8212;&#8212;&#8212;&#8212;&#8212;&#8212;&#8212;&#8212;&#8212;&#8212;&#8212;&#8212;<\/p>\n","protected":false},"excerpt":{"rendered":"<p>Der Gr\u00fcnder der Softcon AG, M\u00fcnchen, Franz Luckinger hat sich nach 20 Jahren erfolgreicher Entwicklung der Softcon Unternehmensgruppe dazu entschieden, aus der Gesch\u00e4ftsf\u00fchrung auszuscheiden und der Gesellschaft eine neue Basis f\u00fcr die weitere Entwicklung zu schaffen. Nach intensiver Pr\u00fcfung geeigneter<\/p>\n","protected":false},"author":4,"featured_media":0,"parent":1169,"menu_order":0,"comment_status":"close","ping_status":"closed","template":"","meta":{"_acf_changed":false,"footnotes":""},"categories":[7],"tags":[],"class_list":["post-4033","page","type-page","status-publish","hentry","category-pressemitteilungen"],"acf":[],"yoast_head":"<!-- This site is optimized with the Yoast SEO plugin v27.4 - https:\/\/yoast.com\/product\/yoast-seo-wordpress\/ -->\n<title>Softcon und Allgeier legen gemeinsame Basis f\u00fcr weiteres Wachstum mit anspruchsvollen IT Dienstleistungen - Allgeier SE<\/title>\n<meta name=\"robots\" content=\"index, follow, max-snippet:-1, max-image-preview:large, max-video-preview:-1\" \/>\n<link rel=\"canonical\" href=\"https:\/\/www.allgeier.com\/de\/pressroom\/press-releases\/softcon-und-allgeier-legen-gemeinsame-basis-fuer-weiteres-wachstum-mit-anspruchsvollen-it-dienstleistungen\/\" \/>\n<meta property=\"og:locale\" content=\"de_DE\" \/>\n<meta property=\"og:type\" content=\"article\" \/>\n<meta property=\"og:title\" content=\"Softcon und Allgeier legen gemeinsame Basis f\u00fcr weiteres Wachstum mit anspruchsvollen IT Dienstleistungen - Allgeier SE\" \/>\n<meta property=\"og:description\" content=\"Der Gr\u00fcnder der Softcon AG, M\u00fcnchen, Franz Luckinger hat sich nach 20 Jahren erfolgreicher Entwicklung der Softcon Unternehmensgruppe dazu entschieden, aus der Gesch\u00e4ftsf\u00fchrung auszuscheiden und der Gesellschaft eine neue Basis f\u00fcr die weitere Entwicklung zu schaffen. Nach intensiver Pr\u00fcfung geeigneter\" \/>\n<meta property=\"og:url\" content=\"https:\/\/www.allgeier.com\/de\/pressroom\/press-releases\/softcon-und-allgeier-legen-gemeinsame-basis-fuer-weiteres-wachstum-mit-anspruchsvollen-it-dienstleistungen\/\" \/>\n<meta property=\"og:site_name\" content=\"Allgeier SE\" \/>\n<meta property=\"article:modified_time\" content=\"2025-02-05T18:36:54+00:00\" \/>\n<meta name=\"twitter:card\" content=\"summary_large_image\" \/>\n<meta name=\"twitter:label1\" content=\"Gesch\u00e4tzte Lesezeit\" \/>\n\t<meta name=\"twitter:data1\" content=\"3\u00a0Minuten\" \/>\n<script type=\"application\/ld+json\" class=\"yoast-schema-graph\">{\"@context\":\"https:\\\/\\\/schema.org\",\"@graph\":[{\"@type\":\"WebPage\",\"@id\":\"https:\\\/\\\/www.allgeier.com\\\/de\\\/pressroom\\\/press-releases\\\/softcon-und-allgeier-legen-gemeinsame-basis-fuer-weiteres-wachstum-mit-anspruchsvollen-it-dienstleistungen\\\/\",\"url\":\"https:\\\/\\\/www.allgeier.com\\\/de\\\/pressroom\\\/press-releases\\\/softcon-und-allgeier-legen-gemeinsame-basis-fuer-weiteres-wachstum-mit-anspruchsvollen-it-dienstleistungen\\\/\",\"name\":\"Softcon und Allgeier legen gemeinsame Basis f\u00fcr weiteres Wachstum mit anspruchsvollen IT Dienstleistungen - Allgeier SE\",\"isPartOf\":{\"@id\":\"https:\\\/\\\/www.allgeier.com\\\/de\\\/#website\"},\"datePublished\":\"2005-09-07T12:57:45+00:00\",\"dateModified\":\"2025-02-05T18:36:54+00:00\",\"breadcrumb\":{\"@id\":\"https:\\\/\\\/www.allgeier.com\\\/de\\\/pressroom\\\/press-releases\\\/softcon-und-allgeier-legen-gemeinsame-basis-fuer-weiteres-wachstum-mit-anspruchsvollen-it-dienstleistungen\\\/#breadcrumb\"},\"inLanguage\":\"de\",\"potentialAction\":[{\"@type\":\"ReadAction\",\"target\":[\"https:\\\/\\\/www.allgeier.com\\\/de\\\/pressroom\\\/press-releases\\\/softcon-und-allgeier-legen-gemeinsame-basis-fuer-weiteres-wachstum-mit-anspruchsvollen-it-dienstleistungen\\\/\"]}]},{\"@type\":\"BreadcrumbList\",\"@id\":\"https:\\\/\\\/www.allgeier.com\\\/de\\\/pressroom\\\/press-releases\\\/softcon-und-allgeier-legen-gemeinsame-basis-fuer-weiteres-wachstum-mit-anspruchsvollen-it-dienstleistungen\\\/#breadcrumb\",\"itemListElement\":[{\"@type\":\"ListItem\",\"position\":1,\"name\":\"Home\",\"item\":\"https:\\\/\\\/www.allgeier.com\\\/de\\\/\"},{\"@type\":\"ListItem\",\"position\":2,\"name\":\"Presse\",\"item\":\"https:\\\/\\\/www.allgeier.com\\\/de\\\/pressroom\\\/\"},{\"@type\":\"ListItem\",\"position\":3,\"name\":\"Pressemitteilungen\",\"item\":\"https:\\\/\\\/www.allgeier.com\\\/de\\\/pressroom\\\/press-releases\\\/\"},{\"@type\":\"ListItem\",\"position\":4,\"name\":\"Softcon und Allgeier legen gemeinsame Basis f\u00fcr weiteres Wachstum mit anspruchsvollen IT Dienstleistungen\"}]},{\"@type\":\"WebSite\",\"@id\":\"https:\\\/\\\/www.allgeier.com\\\/de\\\/#website\",\"url\":\"https:\\\/\\\/www.allgeier.com\\\/de\\\/\",\"name\":\"Allgeier SE\",\"description\":\"Software &amp; IT Services for digital transformation\",\"potentialAction\":[{\"@type\":\"SearchAction\",\"target\":{\"@type\":\"EntryPoint\",\"urlTemplate\":\"https:\\\/\\\/www.allgeier.com\\\/de\\\/?s={search_term_string}\"},\"query-input\":{\"@type\":\"PropertyValueSpecification\",\"valueRequired\":true,\"valueName\":\"search_term_string\"}}],\"inLanguage\":\"de\"}]}<\/script>\n<!-- \/ Yoast SEO plugin. -->","yoast_head_json":{"title":"Softcon und Allgeier legen gemeinsame Basis f\u00fcr weiteres Wachstum mit anspruchsvollen IT Dienstleistungen - Allgeier SE","robots":{"index":"index","follow":"follow","max-snippet":"max-snippet:-1","max-image-preview":"max-image-preview:large","max-video-preview":"max-video-preview:-1"},"canonical":"https:\/\/www.allgeier.com\/de\/pressroom\/press-releases\/softcon-und-allgeier-legen-gemeinsame-basis-fuer-weiteres-wachstum-mit-anspruchsvollen-it-dienstleistungen\/","og_locale":"de_DE","og_type":"article","og_title":"Softcon und Allgeier legen gemeinsame Basis f\u00fcr weiteres Wachstum mit anspruchsvollen IT Dienstleistungen - Allgeier SE","og_description":"Der Gr\u00fcnder der Softcon AG, M\u00fcnchen, Franz Luckinger hat sich nach 20 Jahren erfolgreicher Entwicklung der Softcon Unternehmensgruppe dazu entschieden, aus der Gesch\u00e4ftsf\u00fchrung auszuscheiden und der Gesellschaft eine neue Basis f\u00fcr die weitere Entwicklung zu schaffen. Nach intensiver Pr\u00fcfung geeigneter","og_url":"https:\/\/www.allgeier.com\/de\/pressroom\/press-releases\/softcon-und-allgeier-legen-gemeinsame-basis-fuer-weiteres-wachstum-mit-anspruchsvollen-it-dienstleistungen\/","og_site_name":"Allgeier SE","article_modified_time":"2025-02-05T18:36:54+00:00","twitter_card":"summary_large_image","twitter_misc":{"Gesch\u00e4tzte Lesezeit":"3\u00a0Minuten"},"schema":{"@context":"https:\/\/schema.org","@graph":[{"@type":"WebPage","@id":"https:\/\/www.allgeier.com\/de\/pressroom\/press-releases\/softcon-und-allgeier-legen-gemeinsame-basis-fuer-weiteres-wachstum-mit-anspruchsvollen-it-dienstleistungen\/","url":"https:\/\/www.allgeier.com\/de\/pressroom\/press-releases\/softcon-und-allgeier-legen-gemeinsame-basis-fuer-weiteres-wachstum-mit-anspruchsvollen-it-dienstleistungen\/","name":"Softcon und Allgeier legen gemeinsame Basis f\u00fcr weiteres Wachstum mit anspruchsvollen IT Dienstleistungen - Allgeier SE","isPartOf":{"@id":"https:\/\/www.allgeier.com\/de\/#website"},"datePublished":"2005-09-07T12:57:45+00:00","dateModified":"2025-02-05T18:36:54+00:00","breadcrumb":{"@id":"https:\/\/www.allgeier.com\/de\/pressroom\/press-releases\/softcon-und-allgeier-legen-gemeinsame-basis-fuer-weiteres-wachstum-mit-anspruchsvollen-it-dienstleistungen\/#breadcrumb"},"inLanguage":"de","potentialAction":[{"@type":"ReadAction","target":["https:\/\/www.allgeier.com\/de\/pressroom\/press-releases\/softcon-und-allgeier-legen-gemeinsame-basis-fuer-weiteres-wachstum-mit-anspruchsvollen-it-dienstleistungen\/"]}]},{"@type":"BreadcrumbList","@id":"https:\/\/www.allgeier.com\/de\/pressroom\/press-releases\/softcon-und-allgeier-legen-gemeinsame-basis-fuer-weiteres-wachstum-mit-anspruchsvollen-it-dienstleistungen\/#breadcrumb","itemListElement":[{"@type":"ListItem","position":1,"name":"Home","item":"https:\/\/www.allgeier.com\/de\/"},{"@type":"ListItem","position":2,"name":"Presse","item":"https:\/\/www.allgeier.com\/de\/pressroom\/"},{"@type":"ListItem","position":3,"name":"Pressemitteilungen","item":"https:\/\/www.allgeier.com\/de\/pressroom\/press-releases\/"},{"@type":"ListItem","position":4,"name":"Softcon und Allgeier legen gemeinsame Basis f\u00fcr weiteres Wachstum mit anspruchsvollen IT Dienstleistungen"}]},{"@type":"WebSite","@id":"https:\/\/www.allgeier.com\/de\/#website","url":"https:\/\/www.allgeier.com\/de\/","name":"Allgeier SE","description":"Software &amp; IT Services for digital transformation","potentialAction":[{"@type":"SearchAction","target":{"@type":"EntryPoint","urlTemplate":"https:\/\/www.allgeier.com\/de\/?s={search_term_string}"},"query-input":{"@type":"PropertyValueSpecification","valueRequired":true,"valueName":"search_term_string"}}],"inLanguage":"de"}]}},"_links":{"self":[{"href":"https:\/\/www.allgeier.com\/de\/wp-json\/wp\/v2\/pages\/4033","targetHints":{"allow":["GET"]}}],"collection":[{"href":"https:\/\/www.allgeier.com\/de\/wp-json\/wp\/v2\/pages"}],"about":[{"href":"https:\/\/www.allgeier.com\/de\/wp-json\/wp\/v2\/types\/page"}],"author":[{"embeddable":true,"href":"https:\/\/www.allgeier.com\/de\/wp-json\/wp\/v2\/users\/4"}],"replies":[{"embeddable":true,"href":"https:\/\/www.allgeier.com\/de\/wp-json\/wp\/v2\/comments?post=4033"}],"version-history":[{"count":1,"href":"https:\/\/www.allgeier.com\/de\/wp-json\/wp\/v2\/pages\/4033\/revisions"}],"predecessor-version":[{"id":4034,"href":"https:\/\/www.allgeier.com\/de\/wp-json\/wp\/v2\/pages\/4033\/revisions\/4034"}],"up":[{"embeddable":true,"href":"https:\/\/www.allgeier.com\/de\/wp-json\/wp\/v2\/pages\/1169"}],"wp:attachment":[{"href":"https:\/\/www.allgeier.com\/de\/wp-json\/wp\/v2\/media?parent=4033"}],"wp:term":[{"taxonomy":"category","embeddable":true,"href":"https:\/\/www.allgeier.com\/de\/wp-json\/wp\/v2\/categories?post=4033"},{"taxonomy":"post_tag","embeddable":true,"href":"https:\/\/www.allgeier.com\/de\/wp-json\/wp\/v2\/tags?post=4033"}],"curies":[{"name":"wp","href":"https:\/\/api.w.org\/{rel}","templated":true}]}}