{"id":5268,"date":"2014-03-04T14:44:39","date_gmt":"2014-03-04T15:44:39","guid":{"rendered":"https:\/\/www.allgeier.com\/de\/?page_id=5268"},"modified":"2025-02-05T18:36:51","modified_gmt":"2025-02-05T18:36:51","slug":"allgeier-se-besetzt-schluesselpositionen-mit-fuehrungskraeften-aus-usa-und-indien","status":"publish","type":"page","link":"https:\/\/www.allgeier.com\/de\/pressroom\/press-releases\/allgeier-se-besetzt-schluesselpositionen-mit-fuehrungskraeften-aus-usa-und-indien\/","title":{"rendered":"Allgeier SE besetzt Schl\u00fcsselpositionen mit F\u00fchrungskr\u00e4ften aus USA und Indien"},"content":{"rendered":"<table class=\"news_layout\" border=\"0\" cellpadding=\"0\" cellspacing=\"0\">\n<tr>\n<td><\/p>\n<p>(DGAP-Media \/ 04.03.2014 \/ 16:44)<\/p>\n<div class=\"break-word\"><i>M\u00fcnchen, 04. M\u00e4rz 2014 &#8211; <\/i>Die F\u00fchrungsspitze der Allgeier SE (ISIN DE0005086300, WKN 508630) wird internationaler. Damit unterst\u00fctzt die Unternehmensgruppe die Fokussierung des Leistungsportfolios auf das weltweite Software-Dienstleistungs- und das Produktgesch\u00e4ft.<\/p>\n<p>Vikram Sehgal, Mitgr\u00fcnder und COO der zur Allgeier Gruppe geh\u00f6renden Nagarro Inc., \u00fcbernimmt einen Sitz im Executive Committee der Allgeier Gruppe. Vikram Sehgal, der im Silicon Valley und in Gurgaon, Indien, t\u00e4tig ist, verf\u00fcgt \u00fcber umfassende Erfahrungen in den Bereichen globale Services, Ressourcen- und Kapazit\u00e4tsmanagement, sowie in der Entwicklung von qualitativen Unternehmensprozessen und Wachstumsanforderungen f\u00fcr Unternehmensorganisationen.<\/p>\n<p>Manas Fuloria, einer der Mitgr\u00fcnder von Nagarro und f\u00fcr das Business Development in Europa und in der asiatisch-pazifischen Region verantwortlich, wird Mitglied des Vorstands der Allgeier SE. Er wurde vom Aufsichtsrat mit Wirkung zum 03. M\u00e4rz 2014 bestellt. Manas Fuloria ist Experte f\u00fcr Technologie und Operations Management und hat in dieser Fachrichtung an der Stanford University seinen Master erworben und am Indian Institute of Technology, Delhi, promoviert. Vor seiner unternehmerischen T\u00e4tigkeit war er in der Gruppe &#8222;Technology and Operations Management&#8220; der Harvard Business School t\u00e4tig und hat mehrere Fortune 500-Unternehmen beraten. Manas Fuloria lebt in Gurgaon, Indien.<\/p>\n<p>Kontakt:<\/p>\n<p>Allgeier SE<br \/>Corporate Communications &amp; Investor Relations<br \/>Dr. Christopher Gro\u00dfe<br \/>Wehrlestra\u00dfe 12<br \/>81679 M\u00fcnchen<br \/>Tel.: +49 (0)89\/998421-0<br \/>Fax: +49 (0)89\/998421-11<br \/>E-Mail: pr@allgeier.com<br \/>Web: www.allgeier.com<\/p>\n<p>Allgeier SE ist eines der f\u00fchrenden IT-Unternehmen f\u00fcr Business Performance: Mit einer konsequent auf Innovationen und Zukunftstrends ausgerichteten Wachstumsstrategie sowie einem integrativen unternehmerischen Modell verbindet Allgeier die Vorteile eines internationalen Anbieters mit den Tugenden mittelst\u00e4ndischer Unternehmer. Sechs operative Divisionen mit individuellen fachlichen oder branchenbezogenen Schwerpunkten arbeiten gemeinsam f\u00fcr \u00fcber 2.000 Kunden aus nahezu allen Branchen. Mit \u00fcber 4.500 angestellten Mitarbeitern und mehr als 1.300 freiberuflichen IT-Experten bietet Allgeier den Kunden als One-Stop-Shop ein umfassendes L\u00f6sungs- und Leistungsportfolio. Zu den Kunden von Allgeier z\u00e4hlen global arbeitende Konzerne genauso wie innovative mittelst\u00e4ndische Betriebe, die sich durch leistungsstarke IT-L\u00f6sungen, intelligente Software und flexible Personaldienstleistungen strategische Vorteile sichern wollen. Die stark wachsende Gruppe mit Hauptsitz in M\u00fcnchen verf\u00fcgt \u00fcber mehr als 100 Niederlassungen im deutschsprachigen Raum, im \u00fcbrigen Europa sowie in Indien, Mexiko und den USA. 2012 erzielte Allgeier einen Umsatz von 423 Mio. Euro. Allgeier SE belegt in der L\u00fcnendonk(R)-Liste 2013 &#8222;F\u00fchrende deutsche mittelst\u00e4ndische IT-Beratungs- und Systemintegrations-Unternehmen&#8220; den ersten Platz. Die Division Allgeier Experts ist nach L\u00fcnendonk(R)-Marktsegmentstudie 2013 &#8222;Der Markt f\u00fcr Rekrutierung, Vermittlung und Steuerung von IT-Freelancern in Deutschland&#8220; unter den TOP 3 IT-Personaldienstleistern in Deutschland. Die Gesellschaft ist am Regulierten Markt der Frankfurter Wertpapierb\u00f6rse im General Standard gelistet (WKN 508630, ISIN DE0005086300). Weitere Informationen unter: <a href=\"http:\/\/www.allgeier.com\/\" target=\"_blank\" rel=\"noopener\">www.allgeier.com<\/a>.<\/p>\n<\/div>\n<p>\tEnde der Pressemitteilung<\/p>\n<hr \/>\n<p>Emittent\/Herausgeber: ALLGEIER SE<br \/>Schlagwort(e): Informationstechnologie<\/p>\n<p>04.03.2014 Ver\u00f6ffentlichung einer Pressemitteilung, \u00fcbermittelt durch die DGAP &#8211; ein Unternehmen der EQS Group AG. <br \/>F\u00fcr den Inhalt der Mitteilung ist der Emittent \/ Herausgeber verantwortlich.<\/p>\n<p>Die DGAP Distributionsservices umfassen gesetzliche Meldepflichten, Corporate News\/Finanznachrichten und Pressemitteilungen. <br \/>Medienarchiv unter http:\/\/www.dgap-medientreff.de und http:\/\/www.dgap.de<\/p>\n<hr \/>\n<p><\/td>\n<\/tr>\n<\/table>\n<table class=\"news_layout\" border=\"0\" cellpadding=\"0\" cellspacing=\"0\" width=\"100%\">\n<tr>\n<td>\n<hr \/>\n<\/td>\n<\/tr>\n<tr>\n<td align=\"left\">255688\u00a0\u00a004.03.2014<\/td>\n<\/tr>\n<\/table>\n","protected":false},"excerpt":{"rendered":"<p>DGAP-Media \/ 04.03.2014 \/ 16:44) M\u00fcnchen, 04. M\u00e4rz 2014 &#8211; Die F\u00fchrungsspitze der Allgeier SE (ISIN DE0005086300, WKN 508630) wird internationaler. Damit unterst\u00fctzt die Unternehmensgruppe die Fokussierung des Leistungsportfolios auf das weltweite Software-Dienstleistungs- und das Produktgesch\u00e4ft.Vikram<\/p>\n","protected":false},"author":4,"featured_media":0,"parent":1169,"menu_order":0,"comment_status":"close","ping_status":"closed","template":"","meta":{"_acf_changed":false,"footnotes":""},"categories":[7],"tags":[],"class_list":["post-5268","page","type-page","status-publish","hentry","category-pressemitteilungen"],"acf":[],"yoast_head":"<!-- This site is optimized with the Yoast SEO plugin v27.4 - https:\/\/yoast.com\/product\/yoast-seo-wordpress\/ -->\n<title>Allgeier SE besetzt Schl\u00fcsselpositionen mit F\u00fchrungskr\u00e4ften aus USA und Indien - Allgeier SE<\/title>\n<meta name=\"robots\" content=\"index, follow, max-snippet:-1, max-image-preview:large, max-video-preview:-1\" \/>\n<link rel=\"canonical\" href=\"https:\/\/www.allgeier.com\/de\/pressroom\/press-releases\/allgeier-se-besetzt-schluesselpositionen-mit-fuehrungskraeften-aus-usa-und-indien\/\" \/>\n<meta property=\"og:locale\" content=\"de_DE\" \/>\n<meta property=\"og:type\" content=\"article\" \/>\n<meta property=\"og:title\" content=\"Allgeier SE besetzt Schl\u00fcsselpositionen mit F\u00fchrungskr\u00e4ften aus USA und Indien - Allgeier SE\" \/>\n<meta property=\"og:description\" content=\"DGAP-Media \/ 04.03.2014 \/ 16:44) M\u00fcnchen, 04. M\u00e4rz 2014 - Die F\u00fchrungsspitze der Allgeier SE (ISIN DE0005086300, WKN 508630) wird internationaler. Damit unterst\u00fctzt die Unternehmensgruppe die Fokussierung des Leistungsportfolios auf das weltweite Software-Dienstleistungs- und das Produktgesch\u00e4ft.Vikram\" \/>\n<meta property=\"og:url\" content=\"https:\/\/www.allgeier.com\/de\/pressroom\/press-releases\/allgeier-se-besetzt-schluesselpositionen-mit-fuehrungskraeften-aus-usa-und-indien\/\" \/>\n<meta property=\"og:site_name\" content=\"Allgeier SE\" \/>\n<meta property=\"article:modified_time\" content=\"2025-02-05T18:36:51+00:00\" \/>\n<meta name=\"twitter:card\" content=\"summary_large_image\" \/>\n<meta name=\"twitter:label1\" content=\"Gesch\u00e4tzte Lesezeit\" \/>\n\t<meta name=\"twitter:data1\" content=\"2\u00a0Minuten\" \/>\n<script type=\"application\/ld+json\" class=\"yoast-schema-graph\">{\"@context\":\"https:\\\/\\\/schema.org\",\"@graph\":[{\"@type\":\"WebPage\",\"@id\":\"https:\\\/\\\/www.allgeier.com\\\/de\\\/pressroom\\\/press-releases\\\/allgeier-se-besetzt-schluesselpositionen-mit-fuehrungskraeften-aus-usa-und-indien\\\/\",\"url\":\"https:\\\/\\\/www.allgeier.com\\\/de\\\/pressroom\\\/press-releases\\\/allgeier-se-besetzt-schluesselpositionen-mit-fuehrungskraeften-aus-usa-und-indien\\\/\",\"name\":\"Allgeier SE besetzt Schl\u00fcsselpositionen mit F\u00fchrungskr\u00e4ften aus USA und Indien - Allgeier SE\",\"isPartOf\":{\"@id\":\"https:\\\/\\\/www.allgeier.com\\\/de\\\/#website\"},\"datePublished\":\"2014-03-04T15:44:39+00:00\",\"dateModified\":\"2025-02-05T18:36:51+00:00\",\"breadcrumb\":{\"@id\":\"https:\\\/\\\/www.allgeier.com\\\/de\\\/pressroom\\\/press-releases\\\/allgeier-se-besetzt-schluesselpositionen-mit-fuehrungskraeften-aus-usa-und-indien\\\/#breadcrumb\"},\"inLanguage\":\"de\",\"potentialAction\":[{\"@type\":\"ReadAction\",\"target\":[\"https:\\\/\\\/www.allgeier.com\\\/de\\\/pressroom\\\/press-releases\\\/allgeier-se-besetzt-schluesselpositionen-mit-fuehrungskraeften-aus-usa-und-indien\\\/\"]}]},{\"@type\":\"BreadcrumbList\",\"@id\":\"https:\\\/\\\/www.allgeier.com\\\/de\\\/pressroom\\\/press-releases\\\/allgeier-se-besetzt-schluesselpositionen-mit-fuehrungskraeften-aus-usa-und-indien\\\/#breadcrumb\",\"itemListElement\":[{\"@type\":\"ListItem\",\"position\":1,\"name\":\"Home\",\"item\":\"https:\\\/\\\/www.allgeier.com\\\/de\\\/\"},{\"@type\":\"ListItem\",\"position\":2,\"name\":\"Presse\",\"item\":\"https:\\\/\\\/www.allgeier.com\\\/de\\\/pressroom\\\/\"},{\"@type\":\"ListItem\",\"position\":3,\"name\":\"Pressemitteilungen\",\"item\":\"https:\\\/\\\/www.allgeier.com\\\/de\\\/pressroom\\\/press-releases\\\/\"},{\"@type\":\"ListItem\",\"position\":4,\"name\":\"Allgeier SE besetzt Schl\u00fcsselpositionen mit F\u00fchrungskr\u00e4ften aus USA und Indien\"}]},{\"@type\":\"WebSite\",\"@id\":\"https:\\\/\\\/www.allgeier.com\\\/de\\\/#website\",\"url\":\"https:\\\/\\\/www.allgeier.com\\\/de\\\/\",\"name\":\"Allgeier SE\",\"description\":\"Software &amp; IT Services for digital transformation\",\"potentialAction\":[{\"@type\":\"SearchAction\",\"target\":{\"@type\":\"EntryPoint\",\"urlTemplate\":\"https:\\\/\\\/www.allgeier.com\\\/de\\\/?s={search_term_string}\"},\"query-input\":{\"@type\":\"PropertyValueSpecification\",\"valueRequired\":true,\"valueName\":\"search_term_string\"}}],\"inLanguage\":\"de\"}]}<\/script>\n<!-- \/ Yoast SEO plugin. -->","yoast_head_json":{"title":"Allgeier SE besetzt Schl\u00fcsselpositionen mit F\u00fchrungskr\u00e4ften aus USA und Indien - Allgeier SE","robots":{"index":"index","follow":"follow","max-snippet":"max-snippet:-1","max-image-preview":"max-image-preview:large","max-video-preview":"max-video-preview:-1"},"canonical":"https:\/\/www.allgeier.com\/de\/pressroom\/press-releases\/allgeier-se-besetzt-schluesselpositionen-mit-fuehrungskraeften-aus-usa-und-indien\/","og_locale":"de_DE","og_type":"article","og_title":"Allgeier SE besetzt Schl\u00fcsselpositionen mit F\u00fchrungskr\u00e4ften aus USA und Indien - Allgeier SE","og_description":"DGAP-Media \/ 04.03.2014 \/ 16:44) M\u00fcnchen, 04. M\u00e4rz 2014 - Die F\u00fchrungsspitze der Allgeier SE (ISIN DE0005086300, WKN 508630) wird internationaler. Damit unterst\u00fctzt die Unternehmensgruppe die Fokussierung des Leistungsportfolios auf das weltweite Software-Dienstleistungs- und das Produktgesch\u00e4ft.Vikram","og_url":"https:\/\/www.allgeier.com\/de\/pressroom\/press-releases\/allgeier-se-besetzt-schluesselpositionen-mit-fuehrungskraeften-aus-usa-und-indien\/","og_site_name":"Allgeier SE","article_modified_time":"2025-02-05T18:36:51+00:00","twitter_card":"summary_large_image","twitter_misc":{"Gesch\u00e4tzte Lesezeit":"2\u00a0Minuten"},"schema":{"@context":"https:\/\/schema.org","@graph":[{"@type":"WebPage","@id":"https:\/\/www.allgeier.com\/de\/pressroom\/press-releases\/allgeier-se-besetzt-schluesselpositionen-mit-fuehrungskraeften-aus-usa-und-indien\/","url":"https:\/\/www.allgeier.com\/de\/pressroom\/press-releases\/allgeier-se-besetzt-schluesselpositionen-mit-fuehrungskraeften-aus-usa-und-indien\/","name":"Allgeier SE besetzt Schl\u00fcsselpositionen mit F\u00fchrungskr\u00e4ften aus USA und Indien - Allgeier SE","isPartOf":{"@id":"https:\/\/www.allgeier.com\/de\/#website"},"datePublished":"2014-03-04T15:44:39+00:00","dateModified":"2025-02-05T18:36:51+00:00","breadcrumb":{"@id":"https:\/\/www.allgeier.com\/de\/pressroom\/press-releases\/allgeier-se-besetzt-schluesselpositionen-mit-fuehrungskraeften-aus-usa-und-indien\/#breadcrumb"},"inLanguage":"de","potentialAction":[{"@type":"ReadAction","target":["https:\/\/www.allgeier.com\/de\/pressroom\/press-releases\/allgeier-se-besetzt-schluesselpositionen-mit-fuehrungskraeften-aus-usa-und-indien\/"]}]},{"@type":"BreadcrumbList","@id":"https:\/\/www.allgeier.com\/de\/pressroom\/press-releases\/allgeier-se-besetzt-schluesselpositionen-mit-fuehrungskraeften-aus-usa-und-indien\/#breadcrumb","itemListElement":[{"@type":"ListItem","position":1,"name":"Home","item":"https:\/\/www.allgeier.com\/de\/"},{"@type":"ListItem","position":2,"name":"Presse","item":"https:\/\/www.allgeier.com\/de\/pressroom\/"},{"@type":"ListItem","position":3,"name":"Pressemitteilungen","item":"https:\/\/www.allgeier.com\/de\/pressroom\/press-releases\/"},{"@type":"ListItem","position":4,"name":"Allgeier SE besetzt Schl\u00fcsselpositionen mit F\u00fchrungskr\u00e4ften aus USA und Indien"}]},{"@type":"WebSite","@id":"https:\/\/www.allgeier.com\/de\/#website","url":"https:\/\/www.allgeier.com\/de\/","name":"Allgeier SE","description":"Software &amp; IT Services for digital transformation","potentialAction":[{"@type":"SearchAction","target":{"@type":"EntryPoint","urlTemplate":"https:\/\/www.allgeier.com\/de\/?s={search_term_string}"},"query-input":{"@type":"PropertyValueSpecification","valueRequired":true,"valueName":"search_term_string"}}],"inLanguage":"de"}]}},"_links":{"self":[{"href":"https:\/\/www.allgeier.com\/de\/wp-json\/wp\/v2\/pages\/5268","targetHints":{"allow":["GET"]}}],"collection":[{"href":"https:\/\/www.allgeier.com\/de\/wp-json\/wp\/v2\/pages"}],"about":[{"href":"https:\/\/www.allgeier.com\/de\/wp-json\/wp\/v2\/types\/page"}],"author":[{"embeddable":true,"href":"https:\/\/www.allgeier.com\/de\/wp-json\/wp\/v2\/users\/4"}],"replies":[{"embeddable":true,"href":"https:\/\/www.allgeier.com\/de\/wp-json\/wp\/v2\/comments?post=5268"}],"version-history":[{"count":1,"href":"https:\/\/www.allgeier.com\/de\/wp-json\/wp\/v2\/pages\/5268\/revisions"}],"predecessor-version":[{"id":5269,"href":"https:\/\/www.allgeier.com\/de\/wp-json\/wp\/v2\/pages\/5268\/revisions\/5269"}],"up":[{"embeddable":true,"href":"https:\/\/www.allgeier.com\/de\/wp-json\/wp\/v2\/pages\/1169"}],"wp:attachment":[{"href":"https:\/\/www.allgeier.com\/de\/wp-json\/wp\/v2\/media?parent=5268"}],"wp:term":[{"taxonomy":"category","embeddable":true,"href":"https:\/\/www.allgeier.com\/de\/wp-json\/wp\/v2\/categories?post=5268"},{"taxonomy":"post_tag","embeddable":true,"href":"https:\/\/www.allgeier.com\/de\/wp-json\/wp\/v2\/tags?post=5268"}],"curies":[{"name":"wp","href":"https:\/\/api.w.org\/{rel}","templated":true}]}}