{"id":6048,"date":"2024-09-16T09:24:31","date_gmt":"2024-09-16T09:24:31","guid":{"rendered":"https:\/\/www.allgeier.com\/de\/?page_id=6048"},"modified":"2025-02-05T18:36:50","modified_gmt":"2025-02-05T18:36:50","slug":"allgeier-inovar-dauerflaute-oder-ruhe-vor-dem-sturm-mehr-als-ein-drittel-der-deutschen-unternehmen-nutzt-keine-windkraft","status":"publish","type":"page","link":"https:\/\/www.allgeier.com\/de\/pressroom\/press-releases\/allgeier-inovar-dauerflaute-oder-ruhe-vor-dem-sturm-mehr-als-ein-drittel-der-deutschen-unternehmen-nutzt-keine-windkraft\/","title":{"rendered":"Allgeier Inovar: Dauerflaute oder Ruhe vor dem Sturm? Mehr als ein Drittel der deutschen Unternehmen nutzt keine Windkraft"},"content":{"rendered":"<p><strong>Aktuelle Studie zur WindEnergy Hamburg (24. bis 27. September) \/ YouGov befragte im Auftrag von Allgeier inovar 500 Entscheider unterschiedlicher Branchen und Unternehmensgr\u00f6\u00dfen zum Thema Windenergie.<\/strong><\/p>\n<div class=\"elementor-element elementor-element-6c60cd1 elementor-widget elementor-widget-text-editor\" data-id=\"6c60cd1\" data-element_type=\"widget\" data-widget_type=\"text-editor.default\">\n<div class=\"elementor-widget-container\">\n<ul>\n<li><strong>F\u00fcr gerade einmal 12 Prozent der Befragten wird Windkraft vom Unternehmen bereits ausreichend genutzt.<\/strong><\/li>\n<li><strong>Nicht nur die Politik gefordert: Auch Energieanbieter und Windparkbetreiber stehen in der Pflicht, den Ausbau und die Nutzung von Windenergie voranzutreiben (41%).<\/strong><\/li>\n<li><strong>Digitale Reputation der Windparkbetreiber: Fast die H\u00e4lfte der befragten Entscheider attestiert einen guten bis sehr guten Technologie-Einsatz.<\/strong><\/li>\n<\/ul>\n<p><em><strong>Hamburg, 16. September 2024<\/strong><\/em> \u2013 In etwas mehr als einem Drittel der Unternehmen in Deutschland (36 %) kommt keine Windkraft zum Einsatz. In nur 12 Prozent der Firmen hierzulande wird sie bereits in ausreichendem Ma\u00dfe genutzt \u2013 das ergibt eine aktuelle Studie von YouGov unter 500 Entscheidern unterschiedlicher Branchen und Unternehmensgr\u00f6\u00dfen im Auftrag des IT-Systemanbieters Allgeier inovar. Knapp ein Drittel der Befragten (35 %) gibt zudem an, dass Windkraft zwar schon zur Energieversorgung im Unternehmen eingesetzt wird, es aber noch deutlich mehr sein k\u00f6nnte.<\/p>\n<\/div>\n<\/div>\n<div class=\"elementor-element elementor-element-fcd6ecc elementor-widget elementor-widget-image\" data-id=\"fcd6ecc\" data-element_type=\"widget\" data-widget_type=\"image.default\">\n<div class=\"elementor-widget-container\"><a href=\"https:\/\/www.allgeier.com\/de\/wp-content\/uploads\/sites\/3\/2024\/09\/2024_AINO_Studie-Windkraft_Grafik-Frage-2.jpg.webp\"><img loading=\"lazy\" decoding=\"async\" class=\"alignnone size-medium wp-image-6051\" src=\"https:\/\/www.allgeier.com\/de\/wp-content\/uploads\/sites\/3\/2024\/09\/2024_AINO_Studie-Windkraft_Grafik-Frage-2.jpg-300x169.webp\" alt=\"\" width=\"300\" height=\"169\" srcset=\"https:\/\/www.allgeier.com\/de\/wp-content\/uploads\/sites\/3\/2024\/09\/2024_AINO_Studie-Windkraft_Grafik-Frage-2.jpg-300x169.webp 300w, https:\/\/www.allgeier.com\/de\/wp-content\/uploads\/sites\/3\/2024\/09\/2024_AINO_Studie-Windkraft_Grafik-Frage-2.jpg-1024x576.webp 1024w, https:\/\/www.allgeier.com\/de\/wp-content\/uploads\/sites\/3\/2024\/09\/2024_AINO_Studie-Windkraft_Grafik-Frage-2.jpg-768x432.webp 768w, https:\/\/www.allgeier.com\/de\/wp-content\/uploads\/sites\/3\/2024\/09\/2024_AINO_Studie-Windkraft_Grafik-Frage-2.jpg.webp 1280w\" sizes=\"auto, (max-width: 300px) 100vw, 300px\" \/><\/a><\/div>\n<\/div>\n<p>&nbsp;<\/p>\n<p><strong>Windenergie vorantreiben: Nicht nur die Politik gefragt<\/strong><\/p>\n<div class=\"elementor-element elementor-element-32ed688 elementor-widget elementor-widget-text-editor\" data-id=\"32ed688\" data-element_type=\"widget\" data-widget_type=\"text-editor.default\">\n<div class=\"elementor-widget-container\">\n<p>Die Untersuchung offenbart au\u00dferdem, wer aus Sicht der befragten Entscheider besonders gefordert ist, damit die Nutzung und der Ausbau von Windenergie in Deutschland voranschreiten. \u00dcberraschendes Ergebnis: Diese Aufgabe sehen die Befragten nicht nur bei der Politik (61 %). Stattdessen sehen sie auch Energieanbieter und Betreiber von Windparks (41 %) sowie gewerbliche Nutzer\/Firmen (21 %) in der Verantwortung. F\u00fcr immerhin noch 16 Prozent der Befragten sind auch die B\u00fcrger der Kommunen angehalten, eine treibende Rolle im Bereich Windenergie einzunehmen. Entscheider aus Gro\u00dfunternehmen messen der Politik eine gr\u00f6\u00dfere Bedeutung bei als andere: 70 Prozent von ihnen sind der Meinung, dass der weitere Ausbau und die Nutzung von Windkraft vor allem durch politische Akteure vorangetrieben werden sollten.<\/p>\n<\/div>\n<\/div>\n<div class=\"elementor-element elementor-element-33ef12f elementor-widget elementor-widget-image\" data-id=\"33ef12f\" data-element_type=\"widget\" data-widget_type=\"image.default\">\n<div class=\"elementor-widget-container\"><a href=\"https:\/\/www.allgeier.com\/de\/wp-content\/uploads\/sites\/3\/2024\/09\/2024_AINO_Studie-Windkraft_Grafik-Frage-1.jpg.webp\"><img loading=\"lazy\" decoding=\"async\" class=\"alignnone size-medium wp-image-6050\" src=\"https:\/\/www.allgeier.com\/de\/wp-content\/uploads\/sites\/3\/2024\/09\/2024_AINO_Studie-Windkraft_Grafik-Frage-1.jpg-300x169.webp\" alt=\"\" width=\"300\" height=\"169\" srcset=\"https:\/\/www.allgeier.com\/de\/wp-content\/uploads\/sites\/3\/2024\/09\/2024_AINO_Studie-Windkraft_Grafik-Frage-1.jpg-300x169.webp 300w, https:\/\/www.allgeier.com\/de\/wp-content\/uploads\/sites\/3\/2024\/09\/2024_AINO_Studie-Windkraft_Grafik-Frage-1.jpg-1024x576.webp 1024w, https:\/\/www.allgeier.com\/de\/wp-content\/uploads\/sites\/3\/2024\/09\/2024_AINO_Studie-Windkraft_Grafik-Frage-1.jpg-768x432.webp 768w, https:\/\/www.allgeier.com\/de\/wp-content\/uploads\/sites\/3\/2024\/09\/2024_AINO_Studie-Windkraft_Grafik-Frage-1.jpg.webp 1280w\" sizes=\"auto, (max-width: 300px) 100vw, 300px\" \/><\/a><\/div>\n<div><\/div>\n<\/div>\n<p>&nbsp;<\/p>\n<div class=\"elementor-element elementor-element-8c7064e elementor-widget elementor-widget-text-editor\" data-id=\"8c7064e\" data-element_type=\"widget\" data-widget_type=\"text-editor.default\">\n<div class=\"elementor-widget-container\">\n<p>\u201eNur 12 Prozent der Unternehmen in Deutschland sch\u00f6pfen das Potenzial der Windkraft bereits voll aus \u2013 die Ergebnisse der Studie wirken ern\u00fcchternd. Damit die Energiewende gelingt, bedarf es einer gemeinsamen Kraftanstrengung aller relevanten Player im Markt. Auch die Windkraftbranche selbst ist angehalten, neue Impulse zu setzen\u201c, erkl\u00e4rt Ulrich Zahner, Gesch\u00e4ftsf\u00fchrer bei Allgeier inovar. \u201eAuf der WindEnergy Hamburg gilt es f\u00fcr die Industrie zu beweisen, wie viel Dynamik (noch) in ihr steckt. Ich bin sehr optimistisch, dass ihr das gelingen wird! Wir von Allgeier inovar unterst\u00fctzen unsere Partner bei ihrer digitalen Transformation, die den Weg zur nachhaltigen Energieversorgung ma\u00dfgeblich beeinflusst.\u201cEine wichtige Rolle f\u00fcr die Verbreitung von Windkraft wird zuk\u00fcnftig auch spielen, wie stark digitale Technologien Einzug halten und weiterentwickelt werden, um Kernprozesse effizienter zu gestalten. Dies umfasst zum Beispiel L\u00f6sungen f\u00fcr Projektsteuerung, Vertragsmanagement, kaufm\u00e4nnische Betriebsf\u00fchrung, das Management von B\u00fcrgerbeteiligungen und vieles mehr. Die YouGov-Studie zeigt, dass insbesondere Windparkbetreiber schon eine positive digitale Reputation genie\u00dfen. Fast die H\u00e4lfte der befragten Entscheider (47 %) bescheinigt ihnen einen guten bis sehr guten Technologieeinsatz. In Gro\u00dfunternehmen sind es sogar 55 Prozent, die den Windparkbetreibern eine hohe Digitalkompetenz zuschreiben.<\/p>\n<div class=\"elementor-element elementor-element-bf3ea9a elementor-widget elementor-widget-image\" data-id=\"bf3ea9a\" data-element_type=\"widget\" data-widget_type=\"image.default\">\n<div class=\"elementor-widget-container\"><a href=\"https:\/\/www.allgeier.com\/de\/wp-content\/uploads\/sites\/3\/2024\/09\/2024_AINO_Studie-Windkraft_Grafik-Frage-3.jpg.webp\"><img loading=\"lazy\" decoding=\"async\" class=\"alignnone size-medium wp-image-6049\" src=\"https:\/\/www.allgeier.com\/de\/wp-content\/uploads\/sites\/3\/2024\/09\/2024_AINO_Studie-Windkraft_Grafik-Frage-3.jpg-300x169.webp\" alt=\"\" width=\"300\" height=\"169\" srcset=\"https:\/\/www.allgeier.com\/de\/wp-content\/uploads\/sites\/3\/2024\/09\/2024_AINO_Studie-Windkraft_Grafik-Frage-3.jpg-300x169.webp 300w, https:\/\/www.allgeier.com\/de\/wp-content\/uploads\/sites\/3\/2024\/09\/2024_AINO_Studie-Windkraft_Grafik-Frage-3.jpg-1024x576.webp 1024w, https:\/\/www.allgeier.com\/de\/wp-content\/uploads\/sites\/3\/2024\/09\/2024_AINO_Studie-Windkraft_Grafik-Frage-3.jpg-768x432.webp 768w, https:\/\/www.allgeier.com\/de\/wp-content\/uploads\/sites\/3\/2024\/09\/2024_AINO_Studie-Windkraft_Grafik-Frage-3.jpg.webp 1280w\" sizes=\"auto, (max-width: 300px) 100vw, 300px\" \/><\/a><\/div>\n<\/div>\n<p>&nbsp;<\/p>\n<div class=\"elementor-element elementor-element-4e0842a elementor-widget elementor-widget-button\" data-id=\"4e0842a\" data-element_type=\"widget\" data-widget_type=\"button.default\">\n<div class=\"elementor-widget-container\">\n<div class=\"elementor-button-wrapper\"><strong><a class=\"elementor-button elementor-button-link elementor-size-sm\" href=\"https:\/\/allgeier-inovar.de\/wp-content\/uploads\/2024\/09\/2024_AINO_Studie-Windkraft.pdf\" target=\"_blank\" rel=\"noopener\" data-lf-fd-inspected-p1e024bkbjkagb6d=\"true\"><span class=\"elementor-button-content-wrapper\"><span class=\"elementor-button-text\">&gt;&gt; Studie zum Download<\/span><\/span><\/a><\/strong><\/div>\n<\/div>\n<\/div>\n<\/div>\n<p>&nbsp;<\/p>\n<div class=\"elementor-element elementor-element-e1932a8 elementor-widget__width-initial elementor-widget elementor-widget-text-editor\" data-id=\"e1932a8\" data-element_type=\"widget\" data-widget_type=\"text-editor.default\">\n<div class=\"elementor-widget-container\"><strong>Allgeier inovar @ WindEnergy Hamburg 2024<\/strong><\/div>\n<div class=\"elementor-widget-container\">\nMit dem\u00a0<a href=\"https:\/\/allgeier-inovar.de\/aurelo-energiepark-manager\/\">AURELO Energiepark Manager<\/a>\u00a0bietet Allgeier inovar eine umfassende L\u00f6sung an, die Energieanbieter (wie z.B. WestfalenWIND) und Windparkbetreiber (wie z.B wpd) technologisch bei ihren zentralen Aufgaben unterst\u00fctzt.\u00a0<strong>Vom 24. bis 27. September<\/strong>\u00a0ist der IT-Systemanbieter bei der\u00a0<strong>WindEnergy Hamburg am Messestand 239 in Halle A4<\/strong>\u00a0als Aussteller vertreten, um Interessierten tiefgehende Einblicke in das Tool zu erm\u00f6glichen.<strong><\/p>\n<p>Weitere Themen von Allgeier inovar auf der Messe:<\/strong><\/p>\n<ul>\n<li>Digitale Transformation im Bereich Windkraft und Solar\/PV: Status quo, Herausforderungen, L\u00f6sungen und n\u00e4chste Schritte.<\/li>\n<li>Best Practice: Einblick in die Digitalisierung des Energieanbieters WestfalenWIND.<\/li>\n<li>K\u00fcnstliche Intelligenz: Einsatzm\u00f6glichkeiten und Use Cases von KI in der Erneuerbare-Energien-Branche.<\/li>\n<\/ul>\n<p><strong>\u00dcber die Umfrage<\/strong><\/p>\n<p>Die verwendeten Daten beruhen auf einer Online-Umfrage der YouGov Deutschland GmbH, an der 500 Unternehmensentscheider zwischen dem 22. und 30. August 2024 teilnahmen. Die Ergebnisse wurden gewichtet und die Befragten setzen sich repr\u00e4sentativ nach Besch\u00e4ftigtenanteil pro Unternehmensgr\u00f6\u00dfe, nach Geschlecht und Altersgruppen von Unternehmensentscheidern, nach sechs Wirtschaftszweigen sowie nach der Regionsverteilung von Unternehmen zusammen.<\/p>\n<p><strong>Weiterf\u00fchrende Informationen<\/strong><\/p>\n<ul>\n<li><a href=\"https:\/\/allgeier-inovar.de\/aurelo-energiepark-manager\/\">AURELO Energiepark Manager\u00a0<\/a><\/li>\n<li><a href=\"https:\/\/allgeier-inovar.de\/success-story-westfalenwind\/\">Success Story \u201eWestfalenWIND\u201c\u00a0<\/a><\/li>\n<\/ul>\n<\/div>\n<\/div>\n<\/div>\n","protected":false},"excerpt":{"rendered":"<p>Aktuelle Studie zur WindEnergy Hamburg (24. bis 27. September) \/ YouGov befragte im Auftrag von Allgeier inovar 500 Entscheider unterschiedlicher Branchen und Unternehmensgr\u00f6\u00dfen zum Thema Windenergie. F\u00fcr gerade einmal 12 Prozent der Befragten wird Windkraft vom Unternehmen bereits ausreichend genutzt. Nicht nur die Politik gefordert: Auch Energieanbieter und Windparkbetreiber stehen in der Pflicht, den Ausbau &hellip; <\/p>\n","protected":false},"author":4,"featured_media":0,"parent":1169,"menu_order":0,"comment_status":"closed","ping_status":"closed","template":"","meta":{"_acf_changed":false,"footnotes":""},"categories":[7],"tags":[],"class_list":["post-6048","page","type-page","status-publish","hentry","category-pressemitteilungen"],"acf":[],"yoast_head":"<!-- This site is optimized with the Yoast SEO plugin v27.4 - https:\/\/yoast.com\/product\/yoast-seo-wordpress\/ -->\n<title>Allgeier Inovar: Dauerflaute oder Ruhe vor dem Sturm? Mehr als ein Drittel der deutschen Unternehmen nutzt keine Windkraft - Allgeier SE<\/title>\n<meta name=\"description\" content=\"Das internationale Softwareunternehmen mgm technology partners GmbH (mgm) w\u00e4chst konstant und justiert das Leitungsgremium nach\" \/>\n<meta name=\"robots\" content=\"index, follow, max-snippet:-1, max-image-preview:large, max-video-preview:-1\" \/>\n<link rel=\"canonical\" href=\"https:\/\/www.allgeier.com\/de\/pressroom\/press-releases\/allgeier-inovar-dauerflaute-oder-ruhe-vor-dem-sturm-mehr-als-ein-drittel-der-deutschen-unternehmen-nutzt-keine-windkraft\/\" \/>\n<meta property=\"og:locale\" content=\"de_DE\" \/>\n<meta property=\"og:type\" content=\"article\" \/>\n<meta property=\"og:title\" content=\"Allgeier Inovar: Dauerflaute oder Ruhe vor dem Sturm? Mehr als ein Drittel der deutschen Unternehmen nutzt keine Windkraft - Allgeier SE\" \/>\n<meta property=\"og:description\" content=\"Das internationale Softwareunternehmen mgm technology partners GmbH (mgm) w\u00e4chst konstant und justiert das Leitungsgremium nach\" \/>\n<meta property=\"og:url\" content=\"https:\/\/www.allgeier.com\/de\/pressroom\/press-releases\/allgeier-inovar-dauerflaute-oder-ruhe-vor-dem-sturm-mehr-als-ein-drittel-der-deutschen-unternehmen-nutzt-keine-windkraft\/\" \/>\n<meta property=\"og:site_name\" content=\"Allgeier SE\" \/>\n<meta property=\"article:modified_time\" content=\"2025-02-05T18:36:50+00:00\" \/>\n<meta property=\"og:image\" content=\"https:\/\/www.allgeier.com\/de\/wp-content\/uploads\/sites\/3\/2024\/09\/2024_AINO_Studie-Windkraft_Grafik-Frage-2.jpg.webp\" \/>\n\t<meta property=\"og:image:width\" content=\"1280\" \/>\n\t<meta property=\"og:image:height\" content=\"720\" \/>\n\t<meta property=\"og:image:type\" content=\"image\/webp\" \/>\n<meta name=\"twitter:card\" content=\"summary_large_image\" \/>\n<meta name=\"twitter:label1\" content=\"Gesch\u00e4tzte Lesezeit\" \/>\n\t<meta name=\"twitter:data1\" content=\"5\u00a0Minuten\" \/>\n<script type=\"application\/ld+json\" class=\"yoast-schema-graph\">{\"@context\":\"https:\\\/\\\/schema.org\",\"@graph\":[{\"@type\":\"WebPage\",\"@id\":\"https:\\\/\\\/www.allgeier.com\\\/de\\\/pressroom\\\/press-releases\\\/allgeier-inovar-dauerflaute-oder-ruhe-vor-dem-sturm-mehr-als-ein-drittel-der-deutschen-unternehmen-nutzt-keine-windkraft\\\/\",\"url\":\"https:\\\/\\\/www.allgeier.com\\\/de\\\/pressroom\\\/press-releases\\\/allgeier-inovar-dauerflaute-oder-ruhe-vor-dem-sturm-mehr-als-ein-drittel-der-deutschen-unternehmen-nutzt-keine-windkraft\\\/\",\"name\":\"Allgeier Inovar: Dauerflaute oder Ruhe vor dem Sturm? Mehr als ein Drittel der deutschen Unternehmen nutzt keine Windkraft - Allgeier SE\",\"isPartOf\":{\"@id\":\"https:\\\/\\\/www.allgeier.com\\\/de\\\/#website\"},\"primaryImageOfPage\":{\"@id\":\"https:\\\/\\\/www.allgeier.com\\\/de\\\/pressroom\\\/press-releases\\\/allgeier-inovar-dauerflaute-oder-ruhe-vor-dem-sturm-mehr-als-ein-drittel-der-deutschen-unternehmen-nutzt-keine-windkraft\\\/#primaryimage\"},\"image\":{\"@id\":\"https:\\\/\\\/www.allgeier.com\\\/de\\\/pressroom\\\/press-releases\\\/allgeier-inovar-dauerflaute-oder-ruhe-vor-dem-sturm-mehr-als-ein-drittel-der-deutschen-unternehmen-nutzt-keine-windkraft\\\/#primaryimage\"},\"thumbnailUrl\":\"https:\\\/\\\/www.allgeier.com\\\/de\\\/wp-content\\\/uploads\\\/sites\\\/3\\\/2024\\\/09\\\/2024_AINO_Studie-Windkraft_Grafik-Frage-2.jpg-300x169.webp\",\"datePublished\":\"2024-09-16T09:24:31+00:00\",\"dateModified\":\"2025-02-05T18:36:50+00:00\",\"description\":\"Das internationale Softwareunternehmen mgm technology partners GmbH (mgm) w\u00e4chst konstant und justiert das Leitungsgremium nach\",\"breadcrumb\":{\"@id\":\"https:\\\/\\\/www.allgeier.com\\\/de\\\/pressroom\\\/press-releases\\\/allgeier-inovar-dauerflaute-oder-ruhe-vor-dem-sturm-mehr-als-ein-drittel-der-deutschen-unternehmen-nutzt-keine-windkraft\\\/#breadcrumb\"},\"inLanguage\":\"de\",\"potentialAction\":[{\"@type\":\"ReadAction\",\"target\":[\"https:\\\/\\\/www.allgeier.com\\\/de\\\/pressroom\\\/press-releases\\\/allgeier-inovar-dauerflaute-oder-ruhe-vor-dem-sturm-mehr-als-ein-drittel-der-deutschen-unternehmen-nutzt-keine-windkraft\\\/\"]}]},{\"@type\":\"ImageObject\",\"inLanguage\":\"de\",\"@id\":\"https:\\\/\\\/www.allgeier.com\\\/de\\\/pressroom\\\/press-releases\\\/allgeier-inovar-dauerflaute-oder-ruhe-vor-dem-sturm-mehr-als-ein-drittel-der-deutschen-unternehmen-nutzt-keine-windkraft\\\/#primaryimage\",\"url\":\"https:\\\/\\\/www.allgeier.com\\\/de\\\/wp-content\\\/uploads\\\/sites\\\/3\\\/2024\\\/09\\\/2024_AINO_Studie-Windkraft_Grafik-Frage-2.jpg.webp\",\"contentUrl\":\"https:\\\/\\\/www.allgeier.com\\\/de\\\/wp-content\\\/uploads\\\/sites\\\/3\\\/2024\\\/09\\\/2024_AINO_Studie-Windkraft_Grafik-Frage-2.jpg.webp\",\"width\":1280,\"height\":720},{\"@type\":\"BreadcrumbList\",\"@id\":\"https:\\\/\\\/www.allgeier.com\\\/de\\\/pressroom\\\/press-releases\\\/allgeier-inovar-dauerflaute-oder-ruhe-vor-dem-sturm-mehr-als-ein-drittel-der-deutschen-unternehmen-nutzt-keine-windkraft\\\/#breadcrumb\",\"itemListElement\":[{\"@type\":\"ListItem\",\"position\":1,\"name\":\"Home\",\"item\":\"https:\\\/\\\/www.allgeier.com\\\/de\\\/\"},{\"@type\":\"ListItem\",\"position\":2,\"name\":\"Presse\",\"item\":\"https:\\\/\\\/www.allgeier.com\\\/de\\\/pressroom\\\/\"},{\"@type\":\"ListItem\",\"position\":3,\"name\":\"Pressemitteilungen\",\"item\":\"https:\\\/\\\/www.allgeier.com\\\/de\\\/pressroom\\\/press-releases\\\/\"},{\"@type\":\"ListItem\",\"position\":4,\"name\":\"Allgeier Inovar: Dauerflaute oder Ruhe vor dem Sturm? Mehr als ein Drittel der deutschen Unternehmen nutzt keine Windkraft\"}]},{\"@type\":\"WebSite\",\"@id\":\"https:\\\/\\\/www.allgeier.com\\\/de\\\/#website\",\"url\":\"https:\\\/\\\/www.allgeier.com\\\/de\\\/\",\"name\":\"Allgeier SE\",\"description\":\"Software &amp; IT Services for digital transformation\",\"potentialAction\":[{\"@type\":\"SearchAction\",\"target\":{\"@type\":\"EntryPoint\",\"urlTemplate\":\"https:\\\/\\\/www.allgeier.com\\\/de\\\/?s={search_term_string}\"},\"query-input\":{\"@type\":\"PropertyValueSpecification\",\"valueRequired\":true,\"valueName\":\"search_term_string\"}}],\"inLanguage\":\"de\"}]}<\/script>\n<!-- \/ Yoast SEO plugin. -->","yoast_head_json":{"title":"Allgeier Inovar: Dauerflaute oder Ruhe vor dem Sturm? Mehr als ein Drittel der deutschen Unternehmen nutzt keine Windkraft - Allgeier SE","description":"Das internationale Softwareunternehmen mgm technology partners GmbH (mgm) w\u00e4chst konstant und justiert das Leitungsgremium nach","robots":{"index":"index","follow":"follow","max-snippet":"max-snippet:-1","max-image-preview":"max-image-preview:large","max-video-preview":"max-video-preview:-1"},"canonical":"https:\/\/www.allgeier.com\/de\/pressroom\/press-releases\/allgeier-inovar-dauerflaute-oder-ruhe-vor-dem-sturm-mehr-als-ein-drittel-der-deutschen-unternehmen-nutzt-keine-windkraft\/","og_locale":"de_DE","og_type":"article","og_title":"Allgeier Inovar: Dauerflaute oder Ruhe vor dem Sturm? Mehr als ein Drittel der deutschen Unternehmen nutzt keine Windkraft - Allgeier SE","og_description":"Das internationale Softwareunternehmen mgm technology partners GmbH (mgm) w\u00e4chst konstant und justiert das Leitungsgremium nach","og_url":"https:\/\/www.allgeier.com\/de\/pressroom\/press-releases\/allgeier-inovar-dauerflaute-oder-ruhe-vor-dem-sturm-mehr-als-ein-drittel-der-deutschen-unternehmen-nutzt-keine-windkraft\/","og_site_name":"Allgeier SE","article_modified_time":"2025-02-05T18:36:50+00:00","og_image":[{"width":1280,"height":720,"url":"https:\/\/www.allgeier.com\/de\/wp-content\/uploads\/sites\/3\/2024\/09\/2024_AINO_Studie-Windkraft_Grafik-Frage-2.jpg.webp","type":"image\/webp"}],"twitter_card":"summary_large_image","twitter_misc":{"Gesch\u00e4tzte Lesezeit":"5\u00a0Minuten"},"schema":{"@context":"https:\/\/schema.org","@graph":[{"@type":"WebPage","@id":"https:\/\/www.allgeier.com\/de\/pressroom\/press-releases\/allgeier-inovar-dauerflaute-oder-ruhe-vor-dem-sturm-mehr-als-ein-drittel-der-deutschen-unternehmen-nutzt-keine-windkraft\/","url":"https:\/\/www.allgeier.com\/de\/pressroom\/press-releases\/allgeier-inovar-dauerflaute-oder-ruhe-vor-dem-sturm-mehr-als-ein-drittel-der-deutschen-unternehmen-nutzt-keine-windkraft\/","name":"Allgeier Inovar: Dauerflaute oder Ruhe vor dem Sturm? Mehr als ein Drittel der deutschen Unternehmen nutzt keine Windkraft - Allgeier SE","isPartOf":{"@id":"https:\/\/www.allgeier.com\/de\/#website"},"primaryImageOfPage":{"@id":"https:\/\/www.allgeier.com\/de\/pressroom\/press-releases\/allgeier-inovar-dauerflaute-oder-ruhe-vor-dem-sturm-mehr-als-ein-drittel-der-deutschen-unternehmen-nutzt-keine-windkraft\/#primaryimage"},"image":{"@id":"https:\/\/www.allgeier.com\/de\/pressroom\/press-releases\/allgeier-inovar-dauerflaute-oder-ruhe-vor-dem-sturm-mehr-als-ein-drittel-der-deutschen-unternehmen-nutzt-keine-windkraft\/#primaryimage"},"thumbnailUrl":"https:\/\/www.allgeier.com\/de\/wp-content\/uploads\/sites\/3\/2024\/09\/2024_AINO_Studie-Windkraft_Grafik-Frage-2.jpg-300x169.webp","datePublished":"2024-09-16T09:24:31+00:00","dateModified":"2025-02-05T18:36:50+00:00","description":"Das internationale Softwareunternehmen mgm technology partners GmbH (mgm) w\u00e4chst konstant und justiert das Leitungsgremium nach","breadcrumb":{"@id":"https:\/\/www.allgeier.com\/de\/pressroom\/press-releases\/allgeier-inovar-dauerflaute-oder-ruhe-vor-dem-sturm-mehr-als-ein-drittel-der-deutschen-unternehmen-nutzt-keine-windkraft\/#breadcrumb"},"inLanguage":"de","potentialAction":[{"@type":"ReadAction","target":["https:\/\/www.allgeier.com\/de\/pressroom\/press-releases\/allgeier-inovar-dauerflaute-oder-ruhe-vor-dem-sturm-mehr-als-ein-drittel-der-deutschen-unternehmen-nutzt-keine-windkraft\/"]}]},{"@type":"ImageObject","inLanguage":"de","@id":"https:\/\/www.allgeier.com\/de\/pressroom\/press-releases\/allgeier-inovar-dauerflaute-oder-ruhe-vor-dem-sturm-mehr-als-ein-drittel-der-deutschen-unternehmen-nutzt-keine-windkraft\/#primaryimage","url":"https:\/\/www.allgeier.com\/de\/wp-content\/uploads\/sites\/3\/2024\/09\/2024_AINO_Studie-Windkraft_Grafik-Frage-2.jpg.webp","contentUrl":"https:\/\/www.allgeier.com\/de\/wp-content\/uploads\/sites\/3\/2024\/09\/2024_AINO_Studie-Windkraft_Grafik-Frage-2.jpg.webp","width":1280,"height":720},{"@type":"BreadcrumbList","@id":"https:\/\/www.allgeier.com\/de\/pressroom\/press-releases\/allgeier-inovar-dauerflaute-oder-ruhe-vor-dem-sturm-mehr-als-ein-drittel-der-deutschen-unternehmen-nutzt-keine-windkraft\/#breadcrumb","itemListElement":[{"@type":"ListItem","position":1,"name":"Home","item":"https:\/\/www.allgeier.com\/de\/"},{"@type":"ListItem","position":2,"name":"Presse","item":"https:\/\/www.allgeier.com\/de\/pressroom\/"},{"@type":"ListItem","position":3,"name":"Pressemitteilungen","item":"https:\/\/www.allgeier.com\/de\/pressroom\/press-releases\/"},{"@type":"ListItem","position":4,"name":"Allgeier Inovar: Dauerflaute oder Ruhe vor dem Sturm? Mehr als ein Drittel der deutschen Unternehmen nutzt keine Windkraft"}]},{"@type":"WebSite","@id":"https:\/\/www.allgeier.com\/de\/#website","url":"https:\/\/www.allgeier.com\/de\/","name":"Allgeier SE","description":"Software &amp; IT Services for digital transformation","potentialAction":[{"@type":"SearchAction","target":{"@type":"EntryPoint","urlTemplate":"https:\/\/www.allgeier.com\/de\/?s={search_term_string}"},"query-input":{"@type":"PropertyValueSpecification","valueRequired":true,"valueName":"search_term_string"}}],"inLanguage":"de"}]}},"_links":{"self":[{"href":"https:\/\/www.allgeier.com\/de\/wp-json\/wp\/v2\/pages\/6048","targetHints":{"allow":["GET"]}}],"collection":[{"href":"https:\/\/www.allgeier.com\/de\/wp-json\/wp\/v2\/pages"}],"about":[{"href":"https:\/\/www.allgeier.com\/de\/wp-json\/wp\/v2\/types\/page"}],"author":[{"embeddable":true,"href":"https:\/\/www.allgeier.com\/de\/wp-json\/wp\/v2\/users\/4"}],"replies":[{"embeddable":true,"href":"https:\/\/www.allgeier.com\/de\/wp-json\/wp\/v2\/comments?post=6048"}],"version-history":[{"count":2,"href":"https:\/\/www.allgeier.com\/de\/wp-json\/wp\/v2\/pages\/6048\/revisions"}],"predecessor-version":[{"id":6156,"href":"https:\/\/www.allgeier.com\/de\/wp-json\/wp\/v2\/pages\/6048\/revisions\/6156"}],"up":[{"embeddable":true,"href":"https:\/\/www.allgeier.com\/de\/wp-json\/wp\/v2\/pages\/1169"}],"wp:attachment":[{"href":"https:\/\/www.allgeier.com\/de\/wp-json\/wp\/v2\/media?parent=6048"}],"wp:term":[{"taxonomy":"category","embeddable":true,"href":"https:\/\/www.allgeier.com\/de\/wp-json\/wp\/v2\/categories?post=6048"},{"taxonomy":"post_tag","embeddable":true,"href":"https:\/\/www.allgeier.com\/de\/wp-json\/wp\/v2\/tags?post=6048"}],"curies":[{"name":"wp","href":"https:\/\/api.w.org\/{rel}","templated":true}]}}