{"id":7047,"date":"2024-12-20T10:01:44","date_gmt":"2024-12-20T11:01:44","guid":{"rendered":"https:\/\/www.allgeier.com\/de\/?page_id=7047"},"modified":"2025-07-28T15:25:18","modified_gmt":"2025-07-28T15:25:18","slug":"allgeier-se-guidance-fuer-das-geschaeftsjahr-2025-und-mittelfristige-erwartung-2","status":"publish","type":"page","link":"https:\/\/www.allgeier.com\/de\/investor-relations\/adhoc-announcements\/allgeier-se-guidance-fuer-das-geschaeftsjahr-2025-und-mittelfristige-erwartung-2\/","title":{"rendered":"Allgeier SE: Guidance f\u00fcr das Gesch\u00e4ftsjahr 2025 und mittelfristige Erwartung"},"content":{"rendered":"<table class=\"news_layout style2015\" border=\"0\" cellspacing=\"0\" cellpadding=\"0\">\n<tbody>\n<tr>\n<td><i>M\u00fcnchen, 20.12.2024<\/i> \u2013 Der Vorstand der Allgeier SE (ISIN DE000A2GS633, WKN A2GS63), M\u00fcnchen, erwartet gem\u00e4\u00df der am heutigen Tag verabschiedeten Konzernplanung nach Ver\u00e4u\u00dferung des Personaldienstleistungsgesch\u00e4fts f\u00fcr das fortgef\u00fchrte Gesch\u00e4ft im kommenden Gesch\u00e4ftsjahr 2025 einen Umsatz in der Gr\u00f6\u00dfenordnung von 410 bis 450 Mio. Euro. Das erwartete bereinigte EBITDA des fortgef\u00fchrten Gesch\u00e4fts der Allgeier-Gruppe f\u00fcr 2025 betr\u00e4gt zwischen 57 und 63 Mio. Euro. Dies entspricht einer erwarteten Umsatzsteigerung von ca. 6 Prozent und einer erwarteten Steigerung des bereinigten EBITDA um ca. 10 Prozent. Die entsprechende bereinigte EBITDA-Marge wird in einer Gr\u00f6\u00dfenordnung von 14 Prozent erwartet.<\/p>\n<p style=\"text-align: justify;\">Mittelfristig erwartet der Vorstand f\u00fcr den kommenden Dreijahreszeitraum eine durchschnittliche organische Wachstumsrate des Konzernumsatzes von 10 Prozent. Die bereinigte EBITDA-Marge soll innerhalb dieses Zeitraums weiter auf mehr als 15 Prozent anwachsen.<\/p>\n<p style=\"text-align: justify;\">Alle vorgenannten Planzahlen und Zielsetzungen f\u00fcr den Zeitraum ab 2025 beziehen sich auf das organische Konzernwachstum. Potenzielle weitere Akquisitionen werden einen zus\u00e4tzlichen Beitrag zum Umsatz- und Ergebniswachstum leisten.<\/p>\n<p style=\"text-align: justify;\">Die Erwartung f\u00fcr die Gesch\u00e4ftsentwicklung des Gesamt-Konzerns (fortgef\u00fchrtes und aufgegebenes Gesch\u00e4ft) im laufenden Gesch\u00e4ftsjahr 2024 entspricht der mit Ad-hoc-Mitteilung vom 05. November 2024 ver\u00f6ffentlichten Guidance.<\/p>\n<p style=\"text-align: justify;\">Hinweise<\/p>\n<p style=\"text-align: justify;\">Es wird darauf hingewiesen, dass Angaben f\u00fcr Zeitr\u00e4ume nach dem 30. September 2024 auf Annahmen und Sch\u00e4tzungen beruhende Erwartungen des Vorstands darstellen. Die k\u00fcnftigen tats\u00e4chlichen Entwicklungen und die k\u00fcnftigen tats\u00e4chlichen Ergebnisse k\u00f6nnen von diesen Annahmen und Sch\u00e4tzungen abweichen. Die Allgeier SE \u00fcbernimmt keine Gew\u00e4hrleistung und keine Haftung daf\u00fcr, dass die k\u00fcnftigen Entwicklungen und die k\u00fcnftig erzielten tats\u00e4chlichen Ergebnisse mit den in dieser Ad-hoc-Mitteilung ge\u00e4u\u00dferten Annahmen und Sch\u00e4tzungen \u00fcbereinstimmen werden.<\/p>\n<p style=\"text-align: justify;\">Dieses Dokument enth\u00e4lt \u2013 in einschl\u00e4gigen Rechnungslegungsrahmen nicht genau bestimmte \u2013 erg\u00e4nzende Finanzkennzahlen, die sogenannte alternative Leistungskennzahlen sind oder sein k\u00f6nnen. Diese erg\u00e4nzenden Finanzkennzahlen k\u00f6nnen als Analyseinstrument nur eingeschr\u00e4nkt tauglich sein und sollten f\u00fcr die Beurteilung der Verm\u00f6gens-, Finanz- und Ertragslage der Allgeier SE nicht isoliert oder als Alternative zu den im Konzernabschluss dargestellten und im Einklang mit einschl\u00e4gigen Rechnungslegungsrahmen ermittelten Finanzkennzahlen herangezogen werden. Andere Unternehmen, die alternative Leistungskennzahlen mit einer \u00e4hnlichen Bezeichnung darstellen oder berichten, k\u00f6nnen diese anders berechnen, so dass sie deshalb m\u00f6glicherweise nicht vergleichbar sind. Weitere Informationen zu den von der Allgeier SE verwendeten alternativen Leistungskennzahlen finden Sie im Gesch\u00e4ftsbericht 2023.<\/p>\n<p style=\"text-align: justify;\">Kontakt:<\/p>\n<p>Allgeier SE<br \/>\nInvestor Relations<br \/>\nDr. Christopher Gro\u00dfe<br \/>\nEinsteinstra\u00dfe 172<br \/>\n81677 M\u00fcnchen<br \/>\nTel.: +49 (0)89\/998421-0<br \/>\nFax: +49 (0)89\/998421-11<br \/>\nE-Mail: ir@allgeier.com<br \/>\nWeb: www.allgeier.com<\/p>\n<p style=\"text-align: justify;\">Allgeier SE ist ein Technologie-Unternehmen f\u00fcr digitale Transformation. Die zur Allgeier-Gruppe geh\u00f6renden Unternehmen f\u00fchren ihre Kunden im In- und Ausland mit den umfassenden Software- und IT-Services durch die Herausforderungen des digitalen Wandels und unterst\u00fctzen die Digitalisierung und Transformation gesch\u00e4ftskritischer Prozesse. Die mit \u00fcber 2.000 Kunden breite und stabile Kundenbasis besteht aus global agierenden Konzernen, leistungsstarken mittelst\u00e4ndischen Unternehmen sowie Auftraggebern des \u00f6ffentlichen Sektors auf allen f\u00f6deralen Ebenen. Das Leistungsportfolio reicht von den eigenen Software-Produkten und High-End-Softwareentwicklung \u00fcber die Beratung und Konzeption bis hin zur langfristigen Betreuung von Softwareanwendungen in der Cloud oder anderen Umgebungen. In den beiden Konzernsegmenten Enterprise IT und mgm technology partners sind \u00fcber 3.100 Mitarbeiter an weltweit insgesamt 46 Standorten in der DACH-Region, in Frankreich, Spanien, Portugal, Polen, Tschechien und den Niederlanden sowie in Indien, Vietnam und den USA t\u00e4tig. Im Gesch\u00e4ftsjahr 2023 erzielte Allgeier im Gesamt-Konzern einen Umsatz von 489 Mio. Euro. Gem\u00e4\u00df L\u00fcnendonk\u00ae-Liste 2024 z\u00e4hlt Allgeier zu den f\u00fchrenden IT-Service-Unternehmen in Deutschland. Allgeier SE ist am Regulierten Markt der Frankfurter Wertpapierb\u00f6rse im General Standard gelistet (WKN A2GS63, ISIN DE000A2GS633). Weitere Informationen unter: <a href=\"https:\/\/eqs-cockpit.com\/cgi-bin\/fncls.ssp?fn=redirect&amp;url=fba671096fad4fab9ee591bdc0d038d4&amp;application_id=2055933&amp;site_id=airport_aws~~~7cc68db1-74de-43c8-af69-2ae0a97efdc3&amp;application_name=news\">www.allgeier.com<\/a><\/p>\n<p>Ende der Insiderinformation<\/td>\n<\/tr>\n<\/tbody>\n<\/table>\n<p>&nbsp;<\/p>\n<table class=\"news_layout\" border=\"0\" width=\"600\" cellspacing=\"0\" cellpadding=\"0\">\n<tbody>\n<tr>\n<td>\n<hr \/>\n<\/td>\n<\/tr>\n<\/tbody>\n<\/table>\n<div>\n<p>2055933\u00a0\u00a020.12.2024\u00a0CET\/CEST<\/p>\n<\/div>\n","protected":false},"excerpt":{"rendered":"<p>ALLGEIER SE \/ Schlagwort(e): Prognose  Allgeier SE: Guidance f\u00fcr das Gesch\u00e4ftsjahr 2025 und mittelfristige Erwartung  20.12.2024 \/ 12:01 CET\/CEST  Ver\u00f6ffentlichung einer Insiderinformation nach Artikel 17 der Verordnung (EU) Nr. 596\/2014, \u00fcbermittelt durch EQS News &#8211; ein Service der EQS Group.  F\u00fcr<\/p>\n","protected":false},"author":4,"featured_media":0,"parent":1155,"menu_order":0,"comment_status":"closed","ping_status":"closed","template":"","meta":{"_acf_changed":false,"footnotes":""},"categories":[],"tags":[],"class_list":["post-7047","page","type-page","status-publish","hentry"],"acf":[],"yoast_head":"<!-- This site is optimized with the Yoast SEO plugin v27.4 - https:\/\/yoast.com\/product\/yoast-seo-wordpress\/ -->\n<title>Allgeier SE: Guidance f\u00fcr das Gesch\u00e4ftsjahr 2025 und mittelfristige Erwartung - Allgeier SE<\/title>\n<meta name=\"robots\" content=\"index, follow, max-snippet:-1, max-image-preview:large, max-video-preview:-1\" \/>\n<link rel=\"canonical\" href=\"https:\/\/www.allgeier.com\/de\/investor-relations\/adhoc-announcements\/allgeier-se-guidance-fuer-das-geschaeftsjahr-2025-und-mittelfristige-erwartung-2\/\" \/>\n<meta property=\"og:locale\" content=\"de_DE\" \/>\n<meta property=\"og:type\" content=\"article\" \/>\n<meta property=\"og:title\" content=\"Allgeier SE: Guidance f\u00fcr das Gesch\u00e4ftsjahr 2025 und mittelfristige Erwartung - Allgeier SE\" \/>\n<meta property=\"og:description\" content=\"ALLGEIER SE \/ Schlagwort(e): Prognose Allgeier SE: Guidance f\u00fcr das Gesch\u00e4ftsjahr 2025 und mittelfristige Erwartung 20.12.2024 \/ 12:01 CET\/CEST Ver\u00f6ffentlichung einer Insiderinformation nach Artikel 17 der Verordnung (EU) Nr. 596\/2014, \u00fcbermittelt durch EQS News - ein Service der EQS Group. F\u00fcr\" \/>\n<meta property=\"og:url\" content=\"https:\/\/www.allgeier.com\/de\/investor-relations\/adhoc-announcements\/allgeier-se-guidance-fuer-das-geschaeftsjahr-2025-und-mittelfristige-erwartung-2\/\" \/>\n<meta property=\"og:site_name\" content=\"Allgeier SE\" \/>\n<meta property=\"article:modified_time\" content=\"2025-07-28T15:25:18+00:00\" \/>\n<meta name=\"twitter:card\" content=\"summary_large_image\" \/>\n<meta name=\"twitter:label1\" content=\"Gesch\u00e4tzte Lesezeit\" \/>\n\t<meta name=\"twitter:data1\" content=\"4\u00a0Minuten\" \/>\n<script type=\"application\/ld+json\" class=\"yoast-schema-graph\">{\"@context\":\"https:\\\/\\\/schema.org\",\"@graph\":[{\"@type\":\"WebPage\",\"@id\":\"https:\\\/\\\/www.allgeier.com\\\/de\\\/investor-relations\\\/adhoc-announcements\\\/allgeier-se-guidance-fuer-das-geschaeftsjahr-2025-und-mittelfristige-erwartung-2\\\/\",\"url\":\"https:\\\/\\\/www.allgeier.com\\\/de\\\/investor-relations\\\/adhoc-announcements\\\/allgeier-se-guidance-fuer-das-geschaeftsjahr-2025-und-mittelfristige-erwartung-2\\\/\",\"name\":\"Allgeier SE: Guidance f\u00fcr das Gesch\u00e4ftsjahr 2025 und mittelfristige Erwartung - Allgeier SE\",\"isPartOf\":{\"@id\":\"https:\\\/\\\/www.allgeier.com\\\/de\\\/#website\"},\"datePublished\":\"2024-12-20T11:01:44+00:00\",\"dateModified\":\"2025-07-28T15:25:18+00:00\",\"breadcrumb\":{\"@id\":\"https:\\\/\\\/www.allgeier.com\\\/de\\\/investor-relations\\\/adhoc-announcements\\\/allgeier-se-guidance-fuer-das-geschaeftsjahr-2025-und-mittelfristige-erwartung-2\\\/#breadcrumb\"},\"inLanguage\":\"de\",\"potentialAction\":[{\"@type\":\"ReadAction\",\"target\":[\"https:\\\/\\\/www.allgeier.com\\\/de\\\/investor-relations\\\/adhoc-announcements\\\/allgeier-se-guidance-fuer-das-geschaeftsjahr-2025-und-mittelfristige-erwartung-2\\\/\"]}]},{\"@type\":\"BreadcrumbList\",\"@id\":\"https:\\\/\\\/www.allgeier.com\\\/de\\\/investor-relations\\\/adhoc-announcements\\\/allgeier-se-guidance-fuer-das-geschaeftsjahr-2025-und-mittelfristige-erwartung-2\\\/#breadcrumb\",\"itemListElement\":[{\"@type\":\"ListItem\",\"position\":1,\"name\":\"Home\",\"item\":\"https:\\\/\\\/www.allgeier.com\\\/de\\\/\"},{\"@type\":\"ListItem\",\"position\":2,\"name\":\"Investor Relations\",\"item\":\"https:\\\/\\\/www.allgeier.com\\\/de\\\/investor-relations\\\/\"},{\"@type\":\"ListItem\",\"position\":3,\"name\":\"Ad hoc-Mitteilungen\",\"item\":\"https:\\\/\\\/www.allgeier.com\\\/de\\\/investor-relations\\\/adhoc-announcements\\\/\"},{\"@type\":\"ListItem\",\"position\":4,\"name\":\"Allgeier SE: Guidance f\u00fcr das Gesch\u00e4ftsjahr 2025 und mittelfristige Erwartung\"}]},{\"@type\":\"WebSite\",\"@id\":\"https:\\\/\\\/www.allgeier.com\\\/de\\\/#website\",\"url\":\"https:\\\/\\\/www.allgeier.com\\\/de\\\/\",\"name\":\"Allgeier SE\",\"description\":\"Software &amp; IT Services for digital transformation\",\"potentialAction\":[{\"@type\":\"SearchAction\",\"target\":{\"@type\":\"EntryPoint\",\"urlTemplate\":\"https:\\\/\\\/www.allgeier.com\\\/de\\\/?s={search_term_string}\"},\"query-input\":{\"@type\":\"PropertyValueSpecification\",\"valueRequired\":true,\"valueName\":\"search_term_string\"}}],\"inLanguage\":\"de\"}]}<\/script>\n<!-- \/ Yoast SEO plugin. -->","yoast_head_json":{"title":"Allgeier SE: Guidance f\u00fcr das Gesch\u00e4ftsjahr 2025 und mittelfristige Erwartung - Allgeier SE","robots":{"index":"index","follow":"follow","max-snippet":"max-snippet:-1","max-image-preview":"max-image-preview:large","max-video-preview":"max-video-preview:-1"},"canonical":"https:\/\/www.allgeier.com\/de\/investor-relations\/adhoc-announcements\/allgeier-se-guidance-fuer-das-geschaeftsjahr-2025-und-mittelfristige-erwartung-2\/","og_locale":"de_DE","og_type":"article","og_title":"Allgeier SE: Guidance f\u00fcr das Gesch\u00e4ftsjahr 2025 und mittelfristige Erwartung - Allgeier SE","og_description":"ALLGEIER SE \/ Schlagwort(e): Prognose Allgeier SE: Guidance f\u00fcr das Gesch\u00e4ftsjahr 2025 und mittelfristige Erwartung 20.12.2024 \/ 12:01 CET\/CEST Ver\u00f6ffentlichung einer Insiderinformation nach Artikel 17 der Verordnung (EU) Nr. 596\/2014, \u00fcbermittelt durch EQS News - ein Service der EQS Group. F\u00fcr","og_url":"https:\/\/www.allgeier.com\/de\/investor-relations\/adhoc-announcements\/allgeier-se-guidance-fuer-das-geschaeftsjahr-2025-und-mittelfristige-erwartung-2\/","og_site_name":"Allgeier SE","article_modified_time":"2025-07-28T15:25:18+00:00","twitter_card":"summary_large_image","twitter_misc":{"Gesch\u00e4tzte Lesezeit":"4\u00a0Minuten"},"schema":{"@context":"https:\/\/schema.org","@graph":[{"@type":"WebPage","@id":"https:\/\/www.allgeier.com\/de\/investor-relations\/adhoc-announcements\/allgeier-se-guidance-fuer-das-geschaeftsjahr-2025-und-mittelfristige-erwartung-2\/","url":"https:\/\/www.allgeier.com\/de\/investor-relations\/adhoc-announcements\/allgeier-se-guidance-fuer-das-geschaeftsjahr-2025-und-mittelfristige-erwartung-2\/","name":"Allgeier SE: Guidance f\u00fcr das Gesch\u00e4ftsjahr 2025 und mittelfristige Erwartung - Allgeier SE","isPartOf":{"@id":"https:\/\/www.allgeier.com\/de\/#website"},"datePublished":"2024-12-20T11:01:44+00:00","dateModified":"2025-07-28T15:25:18+00:00","breadcrumb":{"@id":"https:\/\/www.allgeier.com\/de\/investor-relations\/adhoc-announcements\/allgeier-se-guidance-fuer-das-geschaeftsjahr-2025-und-mittelfristige-erwartung-2\/#breadcrumb"},"inLanguage":"de","potentialAction":[{"@type":"ReadAction","target":["https:\/\/www.allgeier.com\/de\/investor-relations\/adhoc-announcements\/allgeier-se-guidance-fuer-das-geschaeftsjahr-2025-und-mittelfristige-erwartung-2\/"]}]},{"@type":"BreadcrumbList","@id":"https:\/\/www.allgeier.com\/de\/investor-relations\/adhoc-announcements\/allgeier-se-guidance-fuer-das-geschaeftsjahr-2025-und-mittelfristige-erwartung-2\/#breadcrumb","itemListElement":[{"@type":"ListItem","position":1,"name":"Home","item":"https:\/\/www.allgeier.com\/de\/"},{"@type":"ListItem","position":2,"name":"Investor Relations","item":"https:\/\/www.allgeier.com\/de\/investor-relations\/"},{"@type":"ListItem","position":3,"name":"Ad hoc-Mitteilungen","item":"https:\/\/www.allgeier.com\/de\/investor-relations\/adhoc-announcements\/"},{"@type":"ListItem","position":4,"name":"Allgeier SE: Guidance f\u00fcr das Gesch\u00e4ftsjahr 2025 und mittelfristige Erwartung"}]},{"@type":"WebSite","@id":"https:\/\/www.allgeier.com\/de\/#website","url":"https:\/\/www.allgeier.com\/de\/","name":"Allgeier SE","description":"Software &amp; IT Services for digital transformation","potentialAction":[{"@type":"SearchAction","target":{"@type":"EntryPoint","urlTemplate":"https:\/\/www.allgeier.com\/de\/?s={search_term_string}"},"query-input":{"@type":"PropertyValueSpecification","valueRequired":true,"valueName":"search_term_string"}}],"inLanguage":"de"}]}},"_links":{"self":[{"href":"https:\/\/www.allgeier.com\/de\/wp-json\/wp\/v2\/pages\/7047","targetHints":{"allow":["GET"]}}],"collection":[{"href":"https:\/\/www.allgeier.com\/de\/wp-json\/wp\/v2\/pages"}],"about":[{"href":"https:\/\/www.allgeier.com\/de\/wp-json\/wp\/v2\/types\/page"}],"author":[{"embeddable":true,"href":"https:\/\/www.allgeier.com\/de\/wp-json\/wp\/v2\/users\/4"}],"replies":[{"embeddable":true,"href":"https:\/\/www.allgeier.com\/de\/wp-json\/wp\/v2\/comments?post=7047"}],"version-history":[{"count":1,"href":"https:\/\/www.allgeier.com\/de\/wp-json\/wp\/v2\/pages\/7047\/revisions"}],"predecessor-version":[{"id":7048,"href":"https:\/\/www.allgeier.com\/de\/wp-json\/wp\/v2\/pages\/7047\/revisions\/7048"}],"up":[{"embeddable":true,"href":"https:\/\/www.allgeier.com\/de\/wp-json\/wp\/v2\/pages\/1155"}],"wp:attachment":[{"href":"https:\/\/www.allgeier.com\/de\/wp-json\/wp\/v2\/media?parent=7047"}],"wp:term":[{"taxonomy":"category","embeddable":true,"href":"https:\/\/www.allgeier.com\/de\/wp-json\/wp\/v2\/categories?post=7047"},{"taxonomy":"post_tag","embeddable":true,"href":"https:\/\/www.allgeier.com\/de\/wp-json\/wp\/v2\/tags?post=7047"}],"curies":[{"name":"wp","href":"https:\/\/api.w.org\/{rel}","templated":true}]}}