{"id":7347,"date":"2025-07-30T09:37:53","date_gmt":"2025-07-30T09:37:53","guid":{"rendered":"https:\/\/www.allgeier.com\/de\/?page_id=7347"},"modified":"2025-07-30T09:39:10","modified_gmt":"2025-07-30T09:39:10","slug":"gemeinsam-staerker-im-digital-commerce-ecube-wird-teil-von-mgm","status":"publish","type":"page","link":"https:\/\/www.allgeier.com\/de\/pressroom\/press-releases\/gemeinsam-staerker-im-digital-commerce-ecube-wird-teil-von-mgm\/","title":{"rendered":"Gemeinsam st\u00e4rker im Digital Commerce \u2013 eCube wird Teil von mgm"},"content":{"rendered":"<p style=\"text-align: justify;\"><i>M\u00fcnchen, 30. Juli 2025<\/i> \u2013\u00a0Zum 1. August 2025 wird das internationale Softwareunternehmen mgm technology partners GmbH das auf Commerce-Technologien spezialisierte Softwareunternehmen eCube GmbH \u00fcbernehmen. Der Betriebs\u00fcbergang markiert einen wichtigen Schritt in einer langj\u00e4hrigen, freundschaftlichen Partnerschaft \u2013 und er\u00f6ffnet neue Potenziale f\u00fcr Kunden und Teams.<\/p>\n<p><strong>Partnerschaft mit Geschichte und Zukunft<\/strong><\/p>\n<p>mgm und eCube kennen und sch\u00e4tzen sich seit Jahrzehnten. In einigen gemeinsamen Projekten \u2013 insbesondere im Retail-Umfeld \u2013 wurde bereits erfolgreich zusammengearbeitet. Diese gewachsene Verbindung bildet die Grundlage f\u00fcr den nun anstehenden Zusammenschluss und unterstreicht die gemeinsame Ausrichtung im Bereich Digital Commerce.<\/p>\n<p><strong>Willkommen im Team: Kluge K\u00f6pfe mit Commerce-DNA<\/strong><\/p>\n<p>\u201eWir freuen uns besonders darauf, die Mitarbeiterinnen und Mitarbeiter von eCube bei uns im Team willkommen zu hei\u00dfen\u201c, so Daniel Brodkorb, Mitglied der Gesch\u00e4ftsleitung. \u201eSie verst\u00e4rken uns mit ihrer umfangreichen Expertise in Commerce-Technologien, insbesondere im Umfeld von\u00a0<em>commercetools<\/em>, sowie mit ihrem tiefen Verst\u00e4ndnis f\u00fcr komplexe Plattformarchitekturen.\u201c<\/p>\n<p>Mit dem Produkt\u00a0<em>Chioro<\/em>, einem Tool f\u00fcr die automatisierte Aufbereitung und Optimierung von Produktdaten, bringt eCube dar\u00fcber hinaus eine innovative L\u00f6sung in das mgm-Portfolio ein \u2013 einen wertvollen Baustein f\u00fcr effizientes Produktdatenmanagement im Digital Commerce.<\/p>\n<p><em><a href=\"https:\/\/www.allgeier.com\/de\/wp-content\/uploads\/sites\/3\/2025\/07\/mgm_eCube_Unterzeichnung-1024x553-1.jpg\"><img loading=\"lazy\" decoding=\"async\" class=\"alignnone size-medium wp-image-7348\" src=\"https:\/\/www.allgeier.com\/de\/wp-content\/uploads\/sites\/3\/2025\/07\/mgm_eCube_Unterzeichnung-1024x553-1-300x162.jpg\" alt=\"\" width=\"300\" height=\"162\" srcset=\"https:\/\/www.allgeier.com\/de\/wp-content\/uploads\/sites\/3\/2025\/07\/mgm_eCube_Unterzeichnung-1024x553-1-300x162.jpg 300w, https:\/\/www.allgeier.com\/de\/wp-content\/uploads\/sites\/3\/2025\/07\/mgm_eCube_Unterzeichnung-1024x553-1-768x415.jpg 768w, https:\/\/www.allgeier.com\/de\/wp-content\/uploads\/sites\/3\/2025\/07\/mgm_eCube_Unterzeichnung-1024x553-1.jpg 1024w\" sizes=\"auto, (max-width: 300px) 100vw, 300px\" \/><\/a><\/em><\/p>\n<p><em>Steffen Weber, Gesch\u00e4ftsf\u00fchrer mgm; Maximilian K\u00fchne, Gesch\u00e4ftsf\u00fchrer eCube; Daniel Brodkorb, Mitglied der Gesch\u00e4ftsleitung bei mgm, Commerce; G\u00fcnter Hei\u00df, Gesch\u00e4ftsf\u00fchrer eCube und Gertrud Rossa, Mitglied der Gesch\u00e4ftsleitung bei mgm, Personal.<\/em><\/p>\n<p><strong>Starke Pr\u00e4senz in M\u00fcnchen und Leipzig<\/strong><\/p>\n<p>Auch geografisch passt die Integration perfekt: eCube ist an den Standorten M\u00fcnchen und Leipzig vertreten \u2013 in beiden St\u00e4dten hat auch mgm Standorte. Ab August 2025 sind die neuen Kolleginnen und Kollegen von eCube Teil des Commerce-Teams von mgm \u2013 mit allem, was sie ausmacht: Kompetenz, Erfahrung und Engagement. F\u00fcr eCube- und mgm-Kunden bedeutet das: eine Verst\u00e4rkung im Commerce-Gesch\u00e4ft, noch mehr Schlagkraft und Technologie-Kompetenz sowie weiterhin h\u00f6chste Qualit\u00e4t.<\/p>\n<p>\u201eWir freuen uns, dass das gesamte Team von eCube so herzlich willkommen gehei\u00dfen wird und sind gespannt darauf, was wir gemeinsam bewegen werden\u201c, freut sich Maximilian K\u00fchne, Gesch\u00e4ftsf\u00fchrer von eCube \u00fcber die zuk\u00fcnftige Zusammenarbeit.<\/p>\n<p><strong>Weitere Informationen:<\/strong><\/p>\n<ul class=\"wp-block-list\">\n<li>Website mgm:\u00a0<a href=\"https:\/\/www.mgm-tp.com\/retail.html\">Retail\/eCommerce<\/a><\/li>\n<\/ul>\n","protected":false},"excerpt":{"rendered":"<p>M\u00fcnchen, 30. Juli 2025 \u2013\u00a0Zum 1. August 2025 wird das internationale Softwareunternehmen mgm technology partners GmbH das auf Commerce-Technologien spezialisierte Softwareunternehmen eCube GmbH \u00fcbernehmen. Der Betriebs\u00fcbergang markiert einen wichtigen Schritt in einer langj\u00e4hrigen, freundschaftlichen Partnerschaft \u2013 und er\u00f6ffnet neue Potenziale f\u00fcr Kunden und Teams. Partnerschaft mit Geschichte und Zukunft mgm und eCube kennen und sch\u00e4tzen &hellip; <\/p>\n","protected":false},"author":4,"featured_media":0,"parent":1169,"menu_order":0,"comment_status":"closed","ping_status":"closed","template":"","meta":{"_acf_changed":false,"footnotes":""},"categories":[7],"tags":[],"class_list":["post-7347","page","type-page","status-publish","hentry","category-pressemitteilungen"],"acf":[],"yoast_head":"<!-- This site is optimized with the Yoast SEO plugin v27.4 - https:\/\/yoast.com\/product\/yoast-seo-wordpress\/ -->\n<title>Gemeinsam st\u00e4rker im Digital Commerce \u2013 eCube wird Teil von mgm - Allgeier SE<\/title>\n<meta name=\"robots\" content=\"index, follow, max-snippet:-1, max-image-preview:large, max-video-preview:-1\" \/>\n<link rel=\"canonical\" href=\"https:\/\/www.allgeier.com\/de\/pressroom\/press-releases\/gemeinsam-staerker-im-digital-commerce-ecube-wird-teil-von-mgm\/\" \/>\n<meta property=\"og:locale\" content=\"de_DE\" \/>\n<meta property=\"og:type\" content=\"article\" \/>\n<meta property=\"og:title\" content=\"Gemeinsam st\u00e4rker im Digital Commerce \u2013 eCube wird Teil von mgm - Allgeier SE\" \/>\n<meta property=\"og:description\" content=\"M\u00fcnchen, 30. Juli 2025 \u2013\u00a0Zum 1. August 2025 wird das internationale Softwareunternehmen mgm technology partners GmbH das auf Commerce-Technologien spezialisierte Softwareunternehmen eCube GmbH \u00fcbernehmen. Der Betriebs\u00fcbergang markiert einen wichtigen Schritt in einer langj\u00e4hrigen, freundschaftlichen Partnerschaft \u2013 und er\u00f6ffnet neue Potenziale f\u00fcr Kunden und Teams. Partnerschaft mit Geschichte und Zukunft mgm und eCube kennen und sch\u00e4tzen &hellip;\" \/>\n<meta property=\"og:url\" content=\"https:\/\/www.allgeier.com\/de\/pressroom\/press-releases\/gemeinsam-staerker-im-digital-commerce-ecube-wird-teil-von-mgm\/\" \/>\n<meta property=\"og:site_name\" content=\"Allgeier SE\" \/>\n<meta property=\"article:modified_time\" content=\"2025-07-30T09:39:10+00:00\" \/>\n<meta property=\"og:image\" content=\"https:\/\/www.allgeier.com\/de\/wp-content\/uploads\/sites\/3\/2025\/07\/mgm_eCube_Unterzeichnung-1024x553-1.jpg\" \/>\n\t<meta property=\"og:image:width\" content=\"1024\" \/>\n\t<meta property=\"og:image:height\" content=\"553\" \/>\n\t<meta property=\"og:image:type\" content=\"image\/jpeg\" \/>\n<meta name=\"twitter:card\" content=\"summary_large_image\" \/>\n<meta name=\"twitter:label1\" content=\"Gesch\u00e4tzte Lesezeit\" \/>\n\t<meta name=\"twitter:data1\" content=\"2\u00a0Minuten\" \/>\n<script type=\"application\/ld+json\" class=\"yoast-schema-graph\">{\"@context\":\"https:\\\/\\\/schema.org\",\"@graph\":[{\"@type\":\"WebPage\",\"@id\":\"https:\\\/\\\/www.allgeier.com\\\/de\\\/pressroom\\\/press-releases\\\/gemeinsam-staerker-im-digital-commerce-ecube-wird-teil-von-mgm\\\/\",\"url\":\"https:\\\/\\\/www.allgeier.com\\\/de\\\/pressroom\\\/press-releases\\\/gemeinsam-staerker-im-digital-commerce-ecube-wird-teil-von-mgm\\\/\",\"name\":\"Gemeinsam st\u00e4rker im Digital Commerce \u2013 eCube wird Teil von mgm - Allgeier SE\",\"isPartOf\":{\"@id\":\"https:\\\/\\\/www.allgeier.com\\\/de\\\/#website\"},\"primaryImageOfPage\":{\"@id\":\"https:\\\/\\\/www.allgeier.com\\\/de\\\/pressroom\\\/press-releases\\\/gemeinsam-staerker-im-digital-commerce-ecube-wird-teil-von-mgm\\\/#primaryimage\"},\"image\":{\"@id\":\"https:\\\/\\\/www.allgeier.com\\\/de\\\/pressroom\\\/press-releases\\\/gemeinsam-staerker-im-digital-commerce-ecube-wird-teil-von-mgm\\\/#primaryimage\"},\"thumbnailUrl\":\"https:\\\/\\\/www.allgeier.com\\\/de\\\/wp-content\\\/uploads\\\/sites\\\/3\\\/2025\\\/07\\\/mgm_eCube_Unterzeichnung-1024x553-1-300x162.jpg\",\"datePublished\":\"2025-07-30T09:37:53+00:00\",\"dateModified\":\"2025-07-30T09:39:10+00:00\",\"breadcrumb\":{\"@id\":\"https:\\\/\\\/www.allgeier.com\\\/de\\\/pressroom\\\/press-releases\\\/gemeinsam-staerker-im-digital-commerce-ecube-wird-teil-von-mgm\\\/#breadcrumb\"},\"inLanguage\":\"de\",\"potentialAction\":[{\"@type\":\"ReadAction\",\"target\":[\"https:\\\/\\\/www.allgeier.com\\\/de\\\/pressroom\\\/press-releases\\\/gemeinsam-staerker-im-digital-commerce-ecube-wird-teil-von-mgm\\\/\"]}]},{\"@type\":\"ImageObject\",\"inLanguage\":\"de\",\"@id\":\"https:\\\/\\\/www.allgeier.com\\\/de\\\/pressroom\\\/press-releases\\\/gemeinsam-staerker-im-digital-commerce-ecube-wird-teil-von-mgm\\\/#primaryimage\",\"url\":\"https:\\\/\\\/www.allgeier.com\\\/de\\\/wp-content\\\/uploads\\\/sites\\\/3\\\/2025\\\/07\\\/mgm_eCube_Unterzeichnung-1024x553-1.jpg\",\"contentUrl\":\"https:\\\/\\\/www.allgeier.com\\\/de\\\/wp-content\\\/uploads\\\/sites\\\/3\\\/2025\\\/07\\\/mgm_eCube_Unterzeichnung-1024x553-1.jpg\",\"width\":1024,\"height\":553},{\"@type\":\"BreadcrumbList\",\"@id\":\"https:\\\/\\\/www.allgeier.com\\\/de\\\/pressroom\\\/press-releases\\\/gemeinsam-staerker-im-digital-commerce-ecube-wird-teil-von-mgm\\\/#breadcrumb\",\"itemListElement\":[{\"@type\":\"ListItem\",\"position\":1,\"name\":\"Home\",\"item\":\"https:\\\/\\\/www.allgeier.com\\\/de\\\/\"},{\"@type\":\"ListItem\",\"position\":2,\"name\":\"Presse\",\"item\":\"https:\\\/\\\/www.allgeier.com\\\/de\\\/pressroom\\\/\"},{\"@type\":\"ListItem\",\"position\":3,\"name\":\"Pressemitteilungen\",\"item\":\"https:\\\/\\\/www.allgeier.com\\\/de\\\/pressroom\\\/press-releases\\\/\"},{\"@type\":\"ListItem\",\"position\":4,\"name\":\"Gemeinsam st\u00e4rker im Digital Commerce \u2013 eCube wird Teil von mgm\"}]},{\"@type\":\"WebSite\",\"@id\":\"https:\\\/\\\/www.allgeier.com\\\/de\\\/#website\",\"url\":\"https:\\\/\\\/www.allgeier.com\\\/de\\\/\",\"name\":\"Allgeier SE\",\"description\":\"Software &amp; IT Services for digital transformation\",\"potentialAction\":[{\"@type\":\"SearchAction\",\"target\":{\"@type\":\"EntryPoint\",\"urlTemplate\":\"https:\\\/\\\/www.allgeier.com\\\/de\\\/?s={search_term_string}\"},\"query-input\":{\"@type\":\"PropertyValueSpecification\",\"valueRequired\":true,\"valueName\":\"search_term_string\"}}],\"inLanguage\":\"de\"}]}<\/script>\n<!-- \/ Yoast SEO plugin. -->","yoast_head_json":{"title":"Gemeinsam st\u00e4rker im Digital Commerce \u2013 eCube wird Teil von mgm - Allgeier SE","robots":{"index":"index","follow":"follow","max-snippet":"max-snippet:-1","max-image-preview":"max-image-preview:large","max-video-preview":"max-video-preview:-1"},"canonical":"https:\/\/www.allgeier.com\/de\/pressroom\/press-releases\/gemeinsam-staerker-im-digital-commerce-ecube-wird-teil-von-mgm\/","og_locale":"de_DE","og_type":"article","og_title":"Gemeinsam st\u00e4rker im Digital Commerce \u2013 eCube wird Teil von mgm - Allgeier SE","og_description":"M\u00fcnchen, 30. Juli 2025 \u2013\u00a0Zum 1. August 2025 wird das internationale Softwareunternehmen mgm technology partners GmbH das auf Commerce-Technologien spezialisierte Softwareunternehmen eCube GmbH \u00fcbernehmen. Der Betriebs\u00fcbergang markiert einen wichtigen Schritt in einer langj\u00e4hrigen, freundschaftlichen Partnerschaft \u2013 und er\u00f6ffnet neue Potenziale f\u00fcr Kunden und Teams. Partnerschaft mit Geschichte und Zukunft mgm und eCube kennen und sch\u00e4tzen &hellip;","og_url":"https:\/\/www.allgeier.com\/de\/pressroom\/press-releases\/gemeinsam-staerker-im-digital-commerce-ecube-wird-teil-von-mgm\/","og_site_name":"Allgeier SE","article_modified_time":"2025-07-30T09:39:10+00:00","og_image":[{"width":1024,"height":553,"url":"https:\/\/www.allgeier.com\/de\/wp-content\/uploads\/sites\/3\/2025\/07\/mgm_eCube_Unterzeichnung-1024x553-1.jpg","type":"image\/jpeg"}],"twitter_card":"summary_large_image","twitter_misc":{"Gesch\u00e4tzte Lesezeit":"2\u00a0Minuten"},"schema":{"@context":"https:\/\/schema.org","@graph":[{"@type":"WebPage","@id":"https:\/\/www.allgeier.com\/de\/pressroom\/press-releases\/gemeinsam-staerker-im-digital-commerce-ecube-wird-teil-von-mgm\/","url":"https:\/\/www.allgeier.com\/de\/pressroom\/press-releases\/gemeinsam-staerker-im-digital-commerce-ecube-wird-teil-von-mgm\/","name":"Gemeinsam st\u00e4rker im Digital Commerce \u2013 eCube wird Teil von mgm - Allgeier SE","isPartOf":{"@id":"https:\/\/www.allgeier.com\/de\/#website"},"primaryImageOfPage":{"@id":"https:\/\/www.allgeier.com\/de\/pressroom\/press-releases\/gemeinsam-staerker-im-digital-commerce-ecube-wird-teil-von-mgm\/#primaryimage"},"image":{"@id":"https:\/\/www.allgeier.com\/de\/pressroom\/press-releases\/gemeinsam-staerker-im-digital-commerce-ecube-wird-teil-von-mgm\/#primaryimage"},"thumbnailUrl":"https:\/\/www.allgeier.com\/de\/wp-content\/uploads\/sites\/3\/2025\/07\/mgm_eCube_Unterzeichnung-1024x553-1-300x162.jpg","datePublished":"2025-07-30T09:37:53+00:00","dateModified":"2025-07-30T09:39:10+00:00","breadcrumb":{"@id":"https:\/\/www.allgeier.com\/de\/pressroom\/press-releases\/gemeinsam-staerker-im-digital-commerce-ecube-wird-teil-von-mgm\/#breadcrumb"},"inLanguage":"de","potentialAction":[{"@type":"ReadAction","target":["https:\/\/www.allgeier.com\/de\/pressroom\/press-releases\/gemeinsam-staerker-im-digital-commerce-ecube-wird-teil-von-mgm\/"]}]},{"@type":"ImageObject","inLanguage":"de","@id":"https:\/\/www.allgeier.com\/de\/pressroom\/press-releases\/gemeinsam-staerker-im-digital-commerce-ecube-wird-teil-von-mgm\/#primaryimage","url":"https:\/\/www.allgeier.com\/de\/wp-content\/uploads\/sites\/3\/2025\/07\/mgm_eCube_Unterzeichnung-1024x553-1.jpg","contentUrl":"https:\/\/www.allgeier.com\/de\/wp-content\/uploads\/sites\/3\/2025\/07\/mgm_eCube_Unterzeichnung-1024x553-1.jpg","width":1024,"height":553},{"@type":"BreadcrumbList","@id":"https:\/\/www.allgeier.com\/de\/pressroom\/press-releases\/gemeinsam-staerker-im-digital-commerce-ecube-wird-teil-von-mgm\/#breadcrumb","itemListElement":[{"@type":"ListItem","position":1,"name":"Home","item":"https:\/\/www.allgeier.com\/de\/"},{"@type":"ListItem","position":2,"name":"Presse","item":"https:\/\/www.allgeier.com\/de\/pressroom\/"},{"@type":"ListItem","position":3,"name":"Pressemitteilungen","item":"https:\/\/www.allgeier.com\/de\/pressroom\/press-releases\/"},{"@type":"ListItem","position":4,"name":"Gemeinsam st\u00e4rker im Digital Commerce \u2013 eCube wird Teil von mgm"}]},{"@type":"WebSite","@id":"https:\/\/www.allgeier.com\/de\/#website","url":"https:\/\/www.allgeier.com\/de\/","name":"Allgeier SE","description":"Software &amp; IT Services for digital transformation","potentialAction":[{"@type":"SearchAction","target":{"@type":"EntryPoint","urlTemplate":"https:\/\/www.allgeier.com\/de\/?s={search_term_string}"},"query-input":{"@type":"PropertyValueSpecification","valueRequired":true,"valueName":"search_term_string"}}],"inLanguage":"de"}]}},"_links":{"self":[{"href":"https:\/\/www.allgeier.com\/de\/wp-json\/wp\/v2\/pages\/7347","targetHints":{"allow":["GET"]}}],"collection":[{"href":"https:\/\/www.allgeier.com\/de\/wp-json\/wp\/v2\/pages"}],"about":[{"href":"https:\/\/www.allgeier.com\/de\/wp-json\/wp\/v2\/types\/page"}],"author":[{"embeddable":true,"href":"https:\/\/www.allgeier.com\/de\/wp-json\/wp\/v2\/users\/4"}],"replies":[{"embeddable":true,"href":"https:\/\/www.allgeier.com\/de\/wp-json\/wp\/v2\/comments?post=7347"}],"version-history":[{"count":0,"href":"https:\/\/www.allgeier.com\/de\/wp-json\/wp\/v2\/pages\/7347\/revisions"}],"up":[{"embeddable":true,"href":"https:\/\/www.allgeier.com\/de\/wp-json\/wp\/v2\/pages\/1169"}],"wp:attachment":[{"href":"https:\/\/www.allgeier.com\/de\/wp-json\/wp\/v2\/media?parent=7347"}],"wp:term":[{"taxonomy":"category","embeddable":true,"href":"https:\/\/www.allgeier.com\/de\/wp-json\/wp\/v2\/categories?post=7347"},{"taxonomy":"post_tag","embeddable":true,"href":"https:\/\/www.allgeier.com\/de\/wp-json\/wp\/v2\/tags?post=7347"}],"curies":[{"name":"wp","href":"https:\/\/api.w.org\/{rel}","templated":true}]}}