{"id":7460,"date":"2025-12-18T13:32:03","date_gmt":"2025-12-18T13:32:03","guid":{"rendered":"https:\/\/www.allgeier.com\/de\/investor-relations\/adhoc-announcements\/es-18122025\/"},"modified":"2026-01-13T14:39:53","modified_gmt":"2026-01-13T14:39:53","slug":"guidance-fuer-das-geschaeftsjahr-2026-und-aktienrueckkauf","status":"publish","type":"page","link":"https:\/\/www.allgeier.com\/de\/investor-relations\/adhoc-announcements\/guidance-fuer-das-geschaeftsjahr-2026-und-aktienrueckkauf\/","title":{"rendered":"Allgeier SE: Guidance f\u00fcr das Gesch\u00e4ftsjahr 2026 und Aktienr\u00fcckkauf"},"content":{"rendered":"<table border=\"0\">\n<tbody>\n<tr>\n<td>ALLGEIER SE \/ Schlagwort(e): Prognose\/Aktienr\u00fcckkauf<\/p>\n<p>Allgeier SE: Guidance f\u00fcr das Gesch\u00e4ftsjahr 2026 und Aktienr\u00fcckkauf<\/p>\n<p>18.12.2025 \/ 14:32 CET\/CEST<\/p>\n<p>Ver\u00f6ffentlichung einer Insiderinformation nach Artikel 17 der Verordnung (EU) Nr. 596\/2014, \u00fcbermittelt durch <a href=\"https:\/\/eqs-cockpit.com\/cgi-bin\/fncls.ssp?fn=redirect&amp;url=2be925ac0334ae7b4f51fbaee4a6daf0&amp;application_id=2248476&amp;site_id=airport_aws~~~7cc68db1-74de-43c8-af69-2ae0a97efdc3&amp;application_name=news\">EQS News<\/a> &#8211; ein Service der <a href=\"https:\/\/eqs-cockpit.com\/cgi-bin\/fncls.ssp?fn=redirect&amp;url=f5d50dc7e8798b6eb177f7955e598e60&amp;application_id=2248476&amp;site_id=airport_aws~~~7cc68db1-74de-43c8-af69-2ae0a97efdc3&amp;application_name=news\">EQS Group<\/a>.<\/p>\n<p>F\u00fcr den Inhalt der Mitteilung ist der Emittent \/ Herausgeber verantwortlich.<\/p>\n<hr \/>\n<div>\n<p><i>M\u00fcnchen, 18.12.2025<\/i> \u2013 Der Vorstand der Allgeier SE (ISIN DE000A2GS633, WKN A2GS63), M\u00fcnchen, erwartet gem\u00e4\u00df der heute verabschiedeten Konzernplanung f\u00fcr das heute fortgef\u00fchrte Gesch\u00e4ft im kommenden Gesch\u00e4ftsjahr 2026 einen Umsatz in der Gr\u00f6\u00dfenordnung von 370 bis 420 Mio. Euro. Das erwartete bereinigte EBITDA f\u00fcr 2026 betr\u00e4gt zwischen 48 und 54 Mio. Euro. Die entsprechende EBITDA-Marge wird in einer Gr\u00f6\u00dfenordnung von 13 Prozent erwartet. Der Planung f\u00fcr das Gesch\u00e4ftsjahr 2026 liegt die Erwartung zugrunde, dass sich das Gesch\u00e4ft im Bereich der Digitalisierungsprojekte f\u00fcr die \u00f6ffentliche Hand im Laufe des Jahres 2026 sukzessive normalisiert und bislang auf Eis liegende Projekte fortgesetzt werden k\u00f6nnen. Dies soll vor allem im zweiten Halbjahr f\u00fcr eine deutliche Belebung der Gesch\u00e4ftsentwicklung sorgen.<\/p>\n<p>Mittelfristig erwartet der Vorstand f\u00fcr den kommenden Dreijahreszeitraum eine durchschnittliche organische Wachstumsrate des Konzernumsatzes von 10 Prozent. Die bereinigte EBITDA-Marge soll innerhalb dieses Zeitraums weiter auf 15 Prozent anwachsen.<\/p>\n<p>Alle vorgenannten Planzahlen und Zielsetzungen f\u00fcr den Zeitraum ab 2026 beziehen sich auf das organische Konzernwachstum. Potenzielle weitere Akquisitionen werden einen zus\u00e4tzlichen Beitrag zum Umsatz- und Ergebniswachstum leisten.<\/p>\n<p>Nach Ver\u00e4u\u00dferung der Allgeier IT Services GmbH, M\u00fcnchen, erwartet Allgeier f\u00fcr das Gesamtjahr 2025 im fortgef\u00fchrten Gesch\u00e4ft einen Konzernumsatz zwischen 340 und 350 Mio. Euro (Vorjahr: 355 Mio. Euro) und ein bereinigtes EBITDA in der Gr\u00f6\u00dfenordnung von 42 bis 44 Mio. Euro (Vorjahr: 46 Mio. Euro), was einer operativen Ergebnismarge von rund 12,5 Prozent entspricht. Mit dem Zufluss aus der Ver\u00e4u\u00dferung werden sich die Netto-Finanzverbindlichkeiten im Konzern auf ca. 45 Mio. Euro reduzieren (Vorjahr: 122 Mio. Euro). Die Leasingverbindlichkeiten gem. IFRS 16 werden sich auf ca. 25 Mio. Euro belaufen (Vorjahr: 37 Mio. Euro). Der damit entstehende finanzielle Spielraum soll f\u00fcr weitere Akquisitionen genutzt werden.<\/p>\n<p>Ferner hat der Vorstand heute mit Zustimmung des Aufsichtsrats beschlossen, ein Aktienr\u00fcckkaufprogramm f\u00fcr bis zu 5 Prozent der ausgegebenen Aktien der Allgeier SE zu starten. Das Programm hat zun\u00e4chst eine Laufzeit bis zum 30. April 2026. Mit der Durchf\u00fchrung hat der Vorstand eine Bank beauftragt, die den Aktienr\u00fcckkauf w\u00e4hrend der Laufzeit selbst\u00e4ndig und unabh\u00e4ngig nach den daf\u00fcr bestehenden Regeln \u00fcber die B\u00f6rse vornehmen wird.<\/p>\n<p>Hinweise<\/p>\n<p>Es wird darauf hingewiesen, dass Angaben f\u00fcr Zeitr\u00e4ume nach dem 30. September 2025 auf Annahmen und Sch\u00e4tzungen beruhende Erwartungen des Vorstands darstellen. Die k\u00fcnftigen tats\u00e4chlichen Entwicklungen und die k\u00fcnftigen tats\u00e4chlichen Ergebnisse k\u00f6nnen von diesen Annahmen und Sch\u00e4tzungen abweichen. Die Allgeier SE \u00fcbernimmt keine Gew\u00e4hrleistung und keine Haftung daf\u00fcr, dass die k\u00fcnftigen Entwicklungen und die k\u00fcnftig erzielten tats\u00e4chlichen Ergebnisse mit den in dieser Ad-hoc-Mitteilung ge\u00e4u\u00dferten Annahmen und Sch\u00e4tzungen \u00fcbereinstimmen werden.<\/p>\n<p>Kontakt:<\/p>\n<p>Allgeier SE<br \/>\nInvestor Relations<br \/>\nDr. Christopher Gro\u00dfe<br \/>\nMontgelasstra\u00dfe 14<br \/>\n81679 M\u00fcnchen<br \/>\nTel.: +49 (0)89\/998421-0<br \/>\nFax: +49 (0)89\/998421-11<br \/>\nE-Mail: ir@allgeier.com<br \/>\nWeb: www.allgeier.com<\/p>\n<p>Allgeier ist ein Technologie-Unternehmen f\u00fcr digitale Transformation. Die zur Allgeier-Gruppe geh\u00f6renden Unternehmen unterst\u00fctzen ihre mehr als 2.500 Kunden im In- und Ausland mit umfassenden Software- und IT-Services bei den Herausforderungen des digitalen Wandels sowie der Digitalisierung und Transformation gesch\u00e4ftskritischer Prozesse. Die breite und stabile Kundenbasis besteht aus global agierenden Konzernen, leistungsstarken mittelst\u00e4ndischen Unternehmen sowie Auftraggebern des \u00f6ffentlichen Sektors auf allen f\u00f6deralen Ebenen. Das Leistungsportfolio reicht von eigenen Software-Produkten und KI-Plattforml\u00f6sungen \u00fcber High-End-Softwareentwicklung, Beratung und Konzeption von Digitalisierungsl\u00f6sungen bis hin zur langfristigen Betreuung von Softwareanwendungen in der Cloud oder anderen Umgebungen. Die beiden Konzernsegmente Enterprise IT und mgm technology partners sind an Standorten in der DACH-Region, in Frankreich, Spanien, Portugal, Polen, Tschechien und den Niederlanden sowie in Indien, Vietnam, den USA und Kanada t\u00e4tig. Allgeier SE ist am Regulierten Markt der Frankfurter Wertpapierb\u00f6rse im General Standard gelistet (WKN A2GS63, ISIN DE000A2GS633). Weitere Informationen unter: www.allgeier.com<\/p>\n<\/div>\n<p>Ende der Insiderinformation<\/p>\n<hr \/>\n<p>18.12.2025 CET\/CEST Die EQS Distributionsservices umfassen gesetzliche Meldepflichten, Corporate News\/Finanznachrichten und Pressemitteilungen.<\/p>\n<hr \/>\n<\/td>\n<\/tr>\n<\/tbody>\n<\/table>\n<table>\n<tbody>\n<tr>\n<td align=\"left\" valign=\"top\">Sprache:<\/td>\n<td align=\"left\" valign=\"top\">Deutsch<\/td>\n<\/tr>\n<tr>\n<td align=\"left\" valign=\"top\">Unternehmen:<\/td>\n<td align=\"left\" valign=\"top\">ALLGEIER SE<\/td>\n<\/tr>\n<tr>\n<td align=\"left\" valign=\"top\"><\/td>\n<td align=\"left\" valign=\"top\">Montgelasstr. 14<\/td>\n<\/tr>\n<tr>\n<td align=\"left\" valign=\"top\"><\/td>\n<td align=\"left\" valign=\"top\">81679 M\u00fcnchen<\/td>\n<\/tr>\n<tr>\n<td align=\"left\" valign=\"top\"><\/td>\n<td align=\"left\" valign=\"top\">Deutschland<\/td>\n<\/tr>\n<tr>\n<td align=\"left\" valign=\"top\">Telefon:<\/td>\n<td align=\"left\" valign=\"top\">+49 (0) 89 &#8211; 99 84 21 0<\/td>\n<\/tr>\n<tr>\n<td align=\"left\" valign=\"top\">Fax:<\/td>\n<td align=\"left\" valign=\"top\">+49 (0) 89 &#8211; 99 84 21 11<\/td>\n<\/tr>\n<tr>\n<td align=\"left\" valign=\"top\">E-Mail:<\/td>\n<td align=\"left\" valign=\"top\">info@allgeier.com<\/td>\n<\/tr>\n<tr>\n<td align=\"left\" valign=\"top\">Internet:<\/td>\n<td align=\"left\" valign=\"top\">http:\/\/www.allgeier.com<\/td>\n<\/tr>\n<tr>\n<td align=\"left\" valign=\"top\">ISIN:<\/td>\n<td align=\"left\" valign=\"top\">DE000A2GS633<\/td>\n<\/tr>\n<tr>\n<td align=\"left\" valign=\"top\">WKN:<\/td>\n<td align=\"left\" valign=\"top\">A2GS63<\/td>\n<\/tr>\n<tr>\n<td align=\"left\" valign=\"top\">Indizes:<\/td>\n<td align=\"left\" valign=\"top\">CDAX<\/td>\n<\/tr>\n<tr>\n<td align=\"left\" valign=\"top\">B\u00f6rsen:<\/td>\n<td align=\"left\" valign=\"top\">Regulierter Markt in Frankfurt (General Standard); Freiverkehr in Berlin, D\u00fcsseldorf, Hamburg, Stuttgart, Tradegate Exchange<\/td>\n<\/tr>\n<tr>\n<td align=\"left\" valign=\"top\">EQS News ID:<\/td>\n<td align=\"left\" valign=\"top\">2248476<\/td>\n<\/tr>\n<\/tbody>\n<\/table>\n<p>&nbsp;<\/p>\n<table border=\"0\">\n<tbody>\n<tr>\n<td colspan=\"2\" align=\"left\" valign=\"top\"><\/td>\n<\/tr>\n<\/tbody>\n<\/table>\n<table border=\"0\">\n<tbody>\n<tr>\n<td colspan=\"2\" align=\"left\" valign=\"top\"><\/td>\n<\/tr>\n<tr>\n<td align=\"left\" valign=\"top\">Ende der Mitteilung<\/td>\n<td align=\"left\" valign=\"top\">EQS News-Service<\/td>\n<\/tr>\n<\/tbody>\n<\/table>\n<table border=\"0\">\n<tbody>\n<tr>\n<td>\n<hr \/>\n<\/td>\n<\/tr>\n<\/tbody>\n<\/table>\n<div>\n<p>2248476\u00a0\u00a018.12.2025\u00a0CET\/CEST<\/p>\n<\/div>\n<p><img loading=\"lazy\" decoding=\"async\" src=\"https:\/\/eqs-cockpit.com\/cgi-bin\/fncls.ssp?fn=show_t_gif&amp;application_id=2248476&amp;application_name=news&amp;site_id=airport_aws~~~7cc68db1-74de-43c8-af69-2ae0a97efdc3\" alt=\"\" width=\"0\" height=\"0\" border=\"0\" \/><\/p>\n","protected":false},"excerpt":{"rendered":"<p>ALLGEIER SE \/ Schlagwort(e): Prognose\/Aktienr\u00fcckkauf Allgeier SE: Guidance f\u00fcr das Gesch\u00e4ftsjahr 2026 und Aktienr\u00fcckkauf 18.12.2025 \/ 14:32 CET\/CEST Ver\u00f6ffentlichung einer Insiderinformation nach Artikel 17 der Verordnung (EU) Nr. 596\/2014, \u00fcbermittelt durch EQS News &#8211; ein Service der EQS Group. F\u00fcr den Inhalt der Mitteilung ist der Emittent \/ Herausgeber verantwortlich. M\u00fcnchen, 18.12.2025 \u2013 Der Vorstand &hellip; <\/p>\n","protected":false},"author":1,"featured_media":0,"parent":1155,"menu_order":0,"comment_status":"closed","ping_status":"closed","template":"","meta":{"_acf_changed":false,"footnotes":""},"categories":[],"tags":[],"class_list":["post-7460","page","type-page","status-publish","hentry"],"acf":[],"yoast_head":"<!-- This site is optimized with the Yoast SEO plugin v27.4 - https:\/\/yoast.com\/product\/yoast-seo-wordpress\/ -->\n<title>Allgeier SE: Guidance f\u00fcr das Gesch\u00e4ftsjahr 2026 und Aktienr\u00fcckkauf - Allgeier SE<\/title>\n<meta name=\"robots\" content=\"index, follow, max-snippet:-1, max-image-preview:large, max-video-preview:-1\" \/>\n<link rel=\"canonical\" href=\"https:\/\/www.allgeier.com\/de\/investor-relations\/adhoc-announcements\/guidance-fuer-das-geschaeftsjahr-2026-und-aktienrueckkauf\/\" \/>\n<meta property=\"og:locale\" content=\"de_DE\" \/>\n<meta property=\"og:type\" content=\"article\" \/>\n<meta property=\"og:title\" content=\"Allgeier SE: Guidance f\u00fcr das Gesch\u00e4ftsjahr 2026 und Aktienr\u00fcckkauf - Allgeier SE\" \/>\n<meta property=\"og:description\" content=\"ALLGEIER SE \/ Schlagwort(e): Prognose\/Aktienr\u00fcckkauf Allgeier SE: Guidance f\u00fcr das Gesch\u00e4ftsjahr 2026 und Aktienr\u00fcckkauf 18.12.2025 \/ 14:32 CET\/CEST Ver\u00f6ffentlichung einer Insiderinformation nach Artikel 17 der Verordnung (EU) Nr. 596\/2014, \u00fcbermittelt durch EQS News &#8211; ein Service der EQS Group. F\u00fcr den Inhalt der Mitteilung ist der Emittent \/ Herausgeber verantwortlich. M\u00fcnchen, 18.12.2025 \u2013 Der Vorstand &hellip;\" \/>\n<meta property=\"og:url\" content=\"https:\/\/www.allgeier.com\/de\/investor-relations\/adhoc-announcements\/guidance-fuer-das-geschaeftsjahr-2026-und-aktienrueckkauf\/\" \/>\n<meta property=\"og:site_name\" content=\"Allgeier SE\" \/>\n<meta property=\"article:modified_time\" content=\"2026-01-13T14:39:53+00:00\" \/>\n<meta property=\"og:image\" content=\"https:\/\/eqs-cockpit.com\/cgi-bin\/fncls.ssp?fn=show_t_gif&amp;application_id=2248476&amp;application_name=news&amp;site_id=airport_aws~~~7cc68db1-74de-43c8-af69-2ae0a97efdc3\" \/>\n<meta name=\"twitter:card\" content=\"summary_large_image\" \/>\n<meta name=\"twitter:label1\" content=\"Gesch\u00e4tzte Lesezeit\" \/>\n\t<meta name=\"twitter:data1\" content=\"5\u00a0Minuten\" \/>\n<script type=\"application\/ld+json\" class=\"yoast-schema-graph\">{\"@context\":\"https:\\\/\\\/schema.org\",\"@graph\":[{\"@type\":\"WebPage\",\"@id\":\"https:\\\/\\\/www.allgeier.com\\\/de\\\/investor-relations\\\/adhoc-announcements\\\/guidance-fuer-das-geschaeftsjahr-2026-und-aktienrueckkauf\\\/\",\"url\":\"https:\\\/\\\/www.allgeier.com\\\/de\\\/investor-relations\\\/adhoc-announcements\\\/guidance-fuer-das-geschaeftsjahr-2026-und-aktienrueckkauf\\\/\",\"name\":\"Allgeier SE: Guidance f\u00fcr das Gesch\u00e4ftsjahr 2026 und Aktienr\u00fcckkauf - Allgeier SE\",\"isPartOf\":{\"@id\":\"https:\\\/\\\/www.allgeier.com\\\/de\\\/#website\"},\"primaryImageOfPage\":{\"@id\":\"https:\\\/\\\/www.allgeier.com\\\/de\\\/investor-relations\\\/adhoc-announcements\\\/guidance-fuer-das-geschaeftsjahr-2026-und-aktienrueckkauf\\\/#primaryimage\"},\"image\":{\"@id\":\"https:\\\/\\\/www.allgeier.com\\\/de\\\/investor-relations\\\/adhoc-announcements\\\/guidance-fuer-das-geschaeftsjahr-2026-und-aktienrueckkauf\\\/#primaryimage\"},\"thumbnailUrl\":\"https:\\\/\\\/eqs-cockpit.com\\\/cgi-bin\\\/fncls.ssp?fn=show_t_gif&amp;application_id=2248476&amp;application_name=news&amp;site_id=airport_aws~~~7cc68db1-74de-43c8-af69-2ae0a97efdc3\",\"datePublished\":\"2025-12-18T13:32:03+00:00\",\"dateModified\":\"2026-01-13T14:39:53+00:00\",\"breadcrumb\":{\"@id\":\"https:\\\/\\\/www.allgeier.com\\\/de\\\/investor-relations\\\/adhoc-announcements\\\/guidance-fuer-das-geschaeftsjahr-2026-und-aktienrueckkauf\\\/#breadcrumb\"},\"inLanguage\":\"de\",\"potentialAction\":[{\"@type\":\"ReadAction\",\"target\":[\"https:\\\/\\\/www.allgeier.com\\\/de\\\/investor-relations\\\/adhoc-announcements\\\/guidance-fuer-das-geschaeftsjahr-2026-und-aktienrueckkauf\\\/\"]}]},{\"@type\":\"ImageObject\",\"inLanguage\":\"de\",\"@id\":\"https:\\\/\\\/www.allgeier.com\\\/de\\\/investor-relations\\\/adhoc-announcements\\\/guidance-fuer-das-geschaeftsjahr-2026-und-aktienrueckkauf\\\/#primaryimage\",\"url\":\"https:\\\/\\\/eqs-cockpit.com\\\/cgi-bin\\\/fncls.ssp?fn=show_t_gif&amp;application_id=2248476&amp;application_name=news&amp;site_id=airport_aws~~~7cc68db1-74de-43c8-af69-2ae0a97efdc3\",\"contentUrl\":\"https:\\\/\\\/eqs-cockpit.com\\\/cgi-bin\\\/fncls.ssp?fn=show_t_gif&amp;application_id=2248476&amp;application_name=news&amp;site_id=airport_aws~~~7cc68db1-74de-43c8-af69-2ae0a97efdc3\"},{\"@type\":\"BreadcrumbList\",\"@id\":\"https:\\\/\\\/www.allgeier.com\\\/de\\\/investor-relations\\\/adhoc-announcements\\\/guidance-fuer-das-geschaeftsjahr-2026-und-aktienrueckkauf\\\/#breadcrumb\",\"itemListElement\":[{\"@type\":\"ListItem\",\"position\":1,\"name\":\"Home\",\"item\":\"https:\\\/\\\/www.allgeier.com\\\/de\\\/\"},{\"@type\":\"ListItem\",\"position\":2,\"name\":\"Investor Relations\",\"item\":\"https:\\\/\\\/www.allgeier.com\\\/de\\\/investor-relations\\\/\"},{\"@type\":\"ListItem\",\"position\":3,\"name\":\"Ad hoc-Mitteilungen\",\"item\":\"https:\\\/\\\/www.allgeier.com\\\/de\\\/investor-relations\\\/adhoc-announcements\\\/\"},{\"@type\":\"ListItem\",\"position\":4,\"name\":\"Allgeier SE: Guidance f\u00fcr das Gesch\u00e4ftsjahr 2026 und Aktienr\u00fcckkauf\"}]},{\"@type\":\"WebSite\",\"@id\":\"https:\\\/\\\/www.allgeier.com\\\/de\\\/#website\",\"url\":\"https:\\\/\\\/www.allgeier.com\\\/de\\\/\",\"name\":\"Allgeier SE\",\"description\":\"Software &amp; IT Services for digital transformation\",\"potentialAction\":[{\"@type\":\"SearchAction\",\"target\":{\"@type\":\"EntryPoint\",\"urlTemplate\":\"https:\\\/\\\/www.allgeier.com\\\/de\\\/?s={search_term_string}\"},\"query-input\":{\"@type\":\"PropertyValueSpecification\",\"valueRequired\":true,\"valueName\":\"search_term_string\"}}],\"inLanguage\":\"de\"}]}<\/script>\n<!-- \/ Yoast SEO plugin. -->","yoast_head_json":{"title":"Allgeier SE: Guidance f\u00fcr das Gesch\u00e4ftsjahr 2026 und Aktienr\u00fcckkauf - Allgeier SE","robots":{"index":"index","follow":"follow","max-snippet":"max-snippet:-1","max-image-preview":"max-image-preview:large","max-video-preview":"max-video-preview:-1"},"canonical":"https:\/\/www.allgeier.com\/de\/investor-relations\/adhoc-announcements\/guidance-fuer-das-geschaeftsjahr-2026-und-aktienrueckkauf\/","og_locale":"de_DE","og_type":"article","og_title":"Allgeier SE: Guidance f\u00fcr das Gesch\u00e4ftsjahr 2026 und Aktienr\u00fcckkauf - Allgeier SE","og_description":"ALLGEIER SE \/ Schlagwort(e): Prognose\/Aktienr\u00fcckkauf Allgeier SE: Guidance f\u00fcr das Gesch\u00e4ftsjahr 2026 und Aktienr\u00fcckkauf 18.12.2025 \/ 14:32 CET\/CEST Ver\u00f6ffentlichung einer Insiderinformation nach Artikel 17 der Verordnung (EU) Nr. 596\/2014, \u00fcbermittelt durch EQS News &#8211; ein Service der EQS Group. F\u00fcr den Inhalt der Mitteilung ist der Emittent \/ Herausgeber verantwortlich. M\u00fcnchen, 18.12.2025 \u2013 Der Vorstand &hellip;","og_url":"https:\/\/www.allgeier.com\/de\/investor-relations\/adhoc-announcements\/guidance-fuer-das-geschaeftsjahr-2026-und-aktienrueckkauf\/","og_site_name":"Allgeier SE","article_modified_time":"2026-01-13T14:39:53+00:00","og_image":[{"url":"https:\/\/eqs-cockpit.com\/cgi-bin\/fncls.ssp?fn=show_t_gif&amp;application_id=2248476&amp;application_name=news&amp;site_id=airport_aws~~~7cc68db1-74de-43c8-af69-2ae0a97efdc3","type":"","width":"","height":""}],"twitter_card":"summary_large_image","twitter_misc":{"Gesch\u00e4tzte Lesezeit":"5\u00a0Minuten"},"schema":{"@context":"https:\/\/schema.org","@graph":[{"@type":"WebPage","@id":"https:\/\/www.allgeier.com\/de\/investor-relations\/adhoc-announcements\/guidance-fuer-das-geschaeftsjahr-2026-und-aktienrueckkauf\/","url":"https:\/\/www.allgeier.com\/de\/investor-relations\/adhoc-announcements\/guidance-fuer-das-geschaeftsjahr-2026-und-aktienrueckkauf\/","name":"Allgeier SE: Guidance f\u00fcr das Gesch\u00e4ftsjahr 2026 und Aktienr\u00fcckkauf - Allgeier SE","isPartOf":{"@id":"https:\/\/www.allgeier.com\/de\/#website"},"primaryImageOfPage":{"@id":"https:\/\/www.allgeier.com\/de\/investor-relations\/adhoc-announcements\/guidance-fuer-das-geschaeftsjahr-2026-und-aktienrueckkauf\/#primaryimage"},"image":{"@id":"https:\/\/www.allgeier.com\/de\/investor-relations\/adhoc-announcements\/guidance-fuer-das-geschaeftsjahr-2026-und-aktienrueckkauf\/#primaryimage"},"thumbnailUrl":"https:\/\/eqs-cockpit.com\/cgi-bin\/fncls.ssp?fn=show_t_gif&amp;application_id=2248476&amp;application_name=news&amp;site_id=airport_aws~~~7cc68db1-74de-43c8-af69-2ae0a97efdc3","datePublished":"2025-12-18T13:32:03+00:00","dateModified":"2026-01-13T14:39:53+00:00","breadcrumb":{"@id":"https:\/\/www.allgeier.com\/de\/investor-relations\/adhoc-announcements\/guidance-fuer-das-geschaeftsjahr-2026-und-aktienrueckkauf\/#breadcrumb"},"inLanguage":"de","potentialAction":[{"@type":"ReadAction","target":["https:\/\/www.allgeier.com\/de\/investor-relations\/adhoc-announcements\/guidance-fuer-das-geschaeftsjahr-2026-und-aktienrueckkauf\/"]}]},{"@type":"ImageObject","inLanguage":"de","@id":"https:\/\/www.allgeier.com\/de\/investor-relations\/adhoc-announcements\/guidance-fuer-das-geschaeftsjahr-2026-und-aktienrueckkauf\/#primaryimage","url":"https:\/\/eqs-cockpit.com\/cgi-bin\/fncls.ssp?fn=show_t_gif&amp;application_id=2248476&amp;application_name=news&amp;site_id=airport_aws~~~7cc68db1-74de-43c8-af69-2ae0a97efdc3","contentUrl":"https:\/\/eqs-cockpit.com\/cgi-bin\/fncls.ssp?fn=show_t_gif&amp;application_id=2248476&amp;application_name=news&amp;site_id=airport_aws~~~7cc68db1-74de-43c8-af69-2ae0a97efdc3"},{"@type":"BreadcrumbList","@id":"https:\/\/www.allgeier.com\/de\/investor-relations\/adhoc-announcements\/guidance-fuer-das-geschaeftsjahr-2026-und-aktienrueckkauf\/#breadcrumb","itemListElement":[{"@type":"ListItem","position":1,"name":"Home","item":"https:\/\/www.allgeier.com\/de\/"},{"@type":"ListItem","position":2,"name":"Investor Relations","item":"https:\/\/www.allgeier.com\/de\/investor-relations\/"},{"@type":"ListItem","position":3,"name":"Ad hoc-Mitteilungen","item":"https:\/\/www.allgeier.com\/de\/investor-relations\/adhoc-announcements\/"},{"@type":"ListItem","position":4,"name":"Allgeier SE: Guidance f\u00fcr das Gesch\u00e4ftsjahr 2026 und Aktienr\u00fcckkauf"}]},{"@type":"WebSite","@id":"https:\/\/www.allgeier.com\/de\/#website","url":"https:\/\/www.allgeier.com\/de\/","name":"Allgeier SE","description":"Software &amp; IT Services for digital transformation","potentialAction":[{"@type":"SearchAction","target":{"@type":"EntryPoint","urlTemplate":"https:\/\/www.allgeier.com\/de\/?s={search_term_string}"},"query-input":{"@type":"PropertyValueSpecification","valueRequired":true,"valueName":"search_term_string"}}],"inLanguage":"de"}]}},"_links":{"self":[{"href":"https:\/\/www.allgeier.com\/de\/wp-json\/wp\/v2\/pages\/7460","targetHints":{"allow":["GET"]}}],"collection":[{"href":"https:\/\/www.allgeier.com\/de\/wp-json\/wp\/v2\/pages"}],"about":[{"href":"https:\/\/www.allgeier.com\/de\/wp-json\/wp\/v2\/types\/page"}],"author":[{"embeddable":true,"href":"https:\/\/www.allgeier.com\/de\/wp-json\/wp\/v2\/users\/1"}],"replies":[{"embeddable":true,"href":"https:\/\/www.allgeier.com\/de\/wp-json\/wp\/v2\/comments?post=7460"}],"version-history":[{"count":0,"href":"https:\/\/www.allgeier.com\/de\/wp-json\/wp\/v2\/pages\/7460\/revisions"}],"up":[{"embeddable":true,"href":"https:\/\/www.allgeier.com\/de\/wp-json\/wp\/v2\/pages\/1155"}],"wp:attachment":[{"href":"https:\/\/www.allgeier.com\/de\/wp-json\/wp\/v2\/media?parent=7460"}],"wp:term":[{"taxonomy":"category","embeddable":true,"href":"https:\/\/www.allgeier.com\/de\/wp-json\/wp\/v2\/categories?post=7460"},{"taxonomy":"post_tag","embeddable":true,"href":"https:\/\/www.allgeier.com\/de\/wp-json\/wp\/v2\/tags?post=7460"}],"curies":[{"name":"wp","href":"https:\/\/api.w.org\/{rel}","templated":true}]}}